{"id":17,"date":"2022-06-26T15:36:04","date_gmt":"2022-06-26T13:36:04","guid":{"rendered":"https:\/\/www.reichsamt.info\/amtswegweiser\/?page_id=17"},"modified":"2022-06-29T17:37:51","modified_gmt":"2022-06-29T15:37:51","slug":"deutsches-kaiserreich-deutsches-reich-ewiger-bund-1871-1918-ab-2008-bis-heute","status":"publish","type":"page","link":"https:\/\/www.reichsamt.info\/amtswegweiser\/deutsches-kaiserreich-deutsches-reich-ewiger-bund-1871-1918-ab-2008-bis-heute\/","title":{"rendered":"Deutsches Kaiserreich &#8211; Deutsches Reich &#8211; Ewiger Bund 1871-1918 ab 2008 bis heute"},"content":{"rendered":"<div id=\"bodyContent\">\n<div id=\"mw-content-text\" dir=\"ltr\" lang=\"de\">\n<div>\n<table style=\"width: 57.7944%;\">\n<tbody>\n<tr>\n<td style=\"width: 98.5401%;\" colspan=\"2\" align=\"center\"><strong>Deutsches Reich<\/strong><br \/>\n<em><strong>Deutsches Kaiserreich<\/strong><\/em><br \/>\n<strong>1871\u20131918<\/strong><\/td>\n<\/tr>\n<tr>\n<td style=\"width: 98.5401%;\" colspan=\"2\" align=\"center\">\n<table border=\"0\" width=\"100%\" cellspacing=\"0\" cellpadding=\"2\">\n<tbody>\n<tr>\n<td align=\"center\" width=\"50%\"><a title=\"Nationalflagge des Deutschen Reiches: Schwarz-Wei\u00df-Rot\" href=\"https:\/\/de.wikipedia.org\/wiki\/Datei:Flag_of_the_German_Empire.svg\"><img loading=\"lazy\" decoding=\"async\" src=\"https:\/\/upload.wikimedia.org\/wikipedia\/commons\/thumb\/e\/ec\/Flag_of_the_German_Empire.svg\/150px-Flag_of_the_German_Empire.svg.png\" srcset=\"\/\/upload.wikimedia.org\/wikipedia\/commons\/thumb\/e\/ec\/Flag_of_the_German_Empire.svg\/225px-Flag_of_the_German_Empire.svg.png 1.5x, \/\/upload.wikimedia.org\/wikipedia\/commons\/thumb\/e\/ec\/Flag_of_the_German_Empire.svg\/300px-Flag_of_the_German_Empire.svg.png 2x\" alt=\"Nationalflagge des Deutschen Reiches: Schwarz-Wei\u00df-Rot\" width=\"150\" height=\"100\" data-file-width=\"900\" data-file-height=\"600\" \/><\/a><\/td>\n<td align=\"center\" width=\"50%\"><a href=\"https:\/\/de.wikipedia.org\/wiki\/Datei:Wappen_Deutsches_Reich_-_Reichsadler_1889.svg\"><img loading=\"lazy\" decoding=\"async\" src=\"https:\/\/upload.wikimedia.org\/wikipedia\/commons\/thumb\/d\/da\/Wappen_Deutsches_Reich_-_Reichsadler_1889.svg\/100px-Wappen_Deutsches_Reich_-_Reichsadler_1889.svg.png\" srcset=\"\/\/upload.wikimedia.org\/wikipedia\/commons\/thumb\/d\/da\/Wappen_Deutsches_Reich_-_Reichsadler_1889.svg\/150px-Wappen_Deutsches_Reich_-_Reichsadler_1889.svg.png 1.5x, \/\/upload.wikimedia.org\/wikipedia\/commons\/thumb\/d\/da\/Wappen_Deutsches_Reich_-_Reichsadler_1889.svg\/200px-Wappen_Deutsches_Reich_-_Reichsadler_1889.svg.png 2x\" alt=\"Wappen Deutsches Reich - Reichsadler 1889.svg\" width=\"100\" height=\"124\" data-file-width=\"1286\" data-file-height=\"1600\" \/><\/a><\/td>\n<\/tr>\n<tr>\n<td align=\"center\"><a title=\"Schwarz-Wei\u00df-Rot\" href=\"https:\/\/de.wikipedia.org\/wiki\/Schwarz-Wei%C3%9F-Rot\">Flagge<\/a><\/td>\n<td align=\"center\"><a title=\"Bundeswappen Deutschlands\" href=\"https:\/\/de.wikipedia.org\/wiki\/Bundeswappen_Deutschlands#Norddeutscher_Bund_und_Deutsches_Kaiserreich_(1867\u20131918)\">Wappen<\/a><\/td>\n<\/tr>\n<\/tbody>\n<\/table>\n<\/td>\n<\/tr>\n<tr>\n<td style=\"width: 98.5401%;\" colspan=\"2\" align=\"center\">\n<table border=\"0\" width=\"100%\" cellspacing=\"0\" cellpadding=\"2\">\n<tbody>\n<tr>\n<td align=\"left\" width=\"33%\"><a title=\"Norddeutscher Bund\" href=\"https:\/\/de.wikipedia.org\/wiki\/Norddeutscher_Bund\">\u2190<\/a> <a title=\"Norddeutscher Bund\" href=\"https:\/\/de.wikipedia.org\/wiki\/Norddeutscher_Bund\"><img loading=\"lazy\" decoding=\"async\" src=\"https:\/\/upload.wikimedia.org\/wikipedia\/commons\/thumb\/e\/ec\/Flag_of_the_German_Empire.svg\/20px-Flag_of_the_German_Empire.svg.png\" srcset=\"\/\/upload.wikimedia.org\/wikipedia\/commons\/thumb\/e\/ec\/Flag_of_the_German_Empire.svg\/30px-Flag_of_the_German_Empire.svg.png 1.5x, \/\/upload.wikimedia.org\/wikipedia\/commons\/thumb\/e\/ec\/Flag_of_the_German_Empire.svg\/40px-Flag_of_the_German_Empire.svg.png 2x\" alt=\"Flag of the German Empire.svg\" width=\"20\" height=\"13\" data-file-width=\"900\" data-file-height=\"600\" \/><\/a><\/td>\n<td align=\"center\" width=\"34%\"><strong>Navigation<\/strong><\/td>\n<td align=\"right\" width=\"33%\">\u00a0<a title=\"Weimarer Republik\" href=\"https:\/\/de.wikipedia.org\/wiki\/Weimarer_Republik\">\u2192<\/a><\/td>\n<\/tr>\n<\/tbody>\n<\/table>\n<\/td>\n<\/tr>\n<tr>\n<td style=\"width: 30.6569%;\"><strong><a title=\"Verfassung\" href=\"https:\/\/de.wikipedia.org\/wiki\/Verfassung\">Verfassung<\/a><\/strong><\/td>\n<td style=\"width: 67.8832%;\"><a title=\"Bismarcksche Reichsverfassung\" href=\"https:\/\/de.wikipedia.org\/wiki\/Bismarcksche_Reichsverfassung\">Verfassung des Deutschen Reichs vom 16. April 1871<\/a><\/td>\n<\/tr>\n<tr>\n<td style=\"width: 30.6569%;\"><strong><a title=\"Amtssprache\" href=\"https:\/\/de.wikipedia.org\/wiki\/Amtssprache\">Amtssprache<\/a><\/strong><\/td>\n<td style=\"width: 67.8832%;\"><a title=\"Deutsche Sprache\" href=\"https:\/\/de.wikipedia.org\/wiki\/Deutsche_Sprache\">Deutsch<\/a><\/td>\n<\/tr>\n<tr>\n<td style=\"width: 30.6569%;\"><strong><a title=\"Hauptstadt\" href=\"https:\/\/de.wikipedia.org\/wiki\/Hauptstadt\">Hauptstadt<\/a><\/strong><\/td>\n<td style=\"width: 67.8832%;\"><a title=\"Berlin\" href=\"https:\/\/de.wikipedia.org\/wiki\/Berlin\">Berlin<\/a><\/td>\n<\/tr>\n<tr>\n<td style=\"width: 30.6569%;\"><strong><a title=\"Staatsform\" href=\"https:\/\/de.wikipedia.org\/wiki\/Staatsform\">Staatsform<\/a><\/strong><\/td>\n<td style=\"width: 67.8832%;\"><a title=\"Bundesstaat (F\u00f6deraler Staat)\" href=\"https:\/\/de.wikipedia.org\/wiki\/Bundesstaat_(F%C3%B6deraler_Staat)\">f\u00f6derale<\/a> <a title=\"Erbmonarchie\" href=\"https:\/\/de.wikipedia.org\/wiki\/Erbmonarchie\">Erbmonarchie bis 1918<\/a><\/td>\n<\/tr>\n<tr>\n<td style=\"width: 30.6569%;\"><strong><a title=\"Regierungssystem\" href=\"https:\/\/de.wikipedia.org\/wiki\/Regierungssystem\">Regierungssystem<\/a><\/strong><br \/>\n\u2013 1871 bis 1918<br \/>\n\u2013 1918<br \/>\n\u2013 2008<\/td>\n<td style=\"width: 67.8832%;\">Monarchie Norddeutscher Bund<br \/>\n<a title=\"Konstitutionelle Monarchie\" href=\"https:\/\/de.wikipedia.org\/wiki\/Konstitutionelle_Monarchie\">konstitutionelle Monarchie<\/a><br \/>\n<a title=\"Parlamentarische Monarchie\" href=\"https:\/\/de.wikipedia.org\/wiki\/Parlamentarische_Monarchie\">parlamentarische Monarchie<\/a><br \/>\nNeuaufbau des Deutschen Reiches \/ Bundesrath<\/td>\n<\/tr>\n<tr>\n<td style=\"width: 30.6569%;\"><strong><a title=\"Staatsoberhaupt\" href=\"https:\/\/de.wikipedia.org\/wiki\/Staatsoberhaupt\">Staatsoberhaupt<\/a><\/strong><br \/>\n\u2013 1871 bis 1888<br \/>\n\u2013 1888<br \/>\n\u2013 1888 bis 1918<br \/>\n\u2013 2011 bis heute<\/td>\n<td style=\"width: 67.8832%;\"><a title=\"Deutscher Kaiser\" href=\"https:\/\/de.wikipedia.org\/wiki\/Deutscher_Kaiser\">Deutscher\u00a0Kaiser,\u00a0K\u00f6nig\u00a0von\u00a0Preu\u00dfen<\/a><br \/>\n<a title=\"Wilhelm I. (Deutsches Reich)\" href=\"https:\/\/de.wikipedia.org\/wiki\/Wilhelm_I._(Deutsches_Reich)\">Wilhelm I.<\/a><br \/>\n<a title=\"Friedrich III. (Deutsches Reich)\" href=\"https:\/\/de.wikipedia.org\/wiki\/Friedrich_III._(Deutsches_Reich)\">Friedrich III.<\/a><br \/>\n<a title=\"Wilhelm II. (Deutsches Reich)\" href=\"https:\/\/de.wikipedia.org\/wiki\/Wilhelm_II._(Deutsches_Reich)\">Wilhelm II.<\/a><br \/>\nPr\u00e4sidialsenat<\/td>\n<\/tr>\n<tr>\n<td style=\"width: 30.6569%;\"><strong><a title=\"Regierungschef\" href=\"https:\/\/de.wikipedia.org\/wiki\/Regierungschef\">Regierungschef<\/a><\/strong><br \/>\n\u2013 1871 bis 1890<br \/>\n\u2013 1890 bis 1894<br \/>\n\u2013 1894 bis 1900<br \/>\n\u2013 1900 bis 1909<br \/>\n\u2013 1909 bis 1917<br \/>\n\u2013 1917<br \/>\n\u2013 1917 bis 1918<br \/>\n\u2013 1918<br \/>\n\u2013 2011<\/td>\n<td style=\"width: 67.8832%;\"><a title=\"Reichskanzler\" href=\"https:\/\/de.wikipedia.org\/wiki\/Reichskanzler\">Reichskanzler<\/a><br \/>\n<a title=\"Otto von Bismarck\" href=\"https:\/\/de.wikipedia.org\/wiki\/Otto_von_Bismarck\">F\u00fcrst Otto von Bismarck<\/a><br \/>\n<a title=\"Leo von Caprivi\" href=\"https:\/\/de.wikipedia.org\/wiki\/Leo_von_Caprivi\">Graf Leo von Caprivi<\/a><br \/>\n<a title=\"Chlodwig zu Hohenlohe-Schillingsf\u00fcrst\" href=\"https:\/\/de.wikipedia.org\/wiki\/Chlodwig_zu_Hohenlohe-Schillingsf%C3%BCrst\">Chlodwig zu Hohenlohe-Schillingsf\u00fcrst<\/a><br \/>\n<a title=\"Bernhard von B\u00fclow\" href=\"https:\/\/de.wikipedia.org\/wiki\/Bernhard_von_B%C3%BClow\">F\u00fcrst Bernhard von B\u00fclow<\/a><br \/>\n<a title=\"Theobald von Bethmann Hollweg\" href=\"https:\/\/de.wikipedia.org\/wiki\/Theobald_von_Bethmann_Hollweg\">Theobald von Bethmann Hollweg<\/a><br \/>\n<a title=\"Georg Michaelis\" href=\"https:\/\/de.wikipedia.org\/wiki\/Georg_Michaelis\">Georg Michaelis<\/a><br \/>\n<a title=\"Georg von Hertling\" href=\"https:\/\/de.wikipedia.org\/wiki\/Georg_von_Hertling\">Graf Georg von Hertling<\/a><br \/>\n<a title=\"Max von Baden\" href=\"https:\/\/de.wikipedia.org\/wiki\/Max_von_Baden\">Prinz Max von Baden<\/a><br \/>\nErhard Lorenz (Staatssekret\u00e4r des Innern)<\/td>\n<\/tr>\n<tr>\n<td style=\"width: 30.6569%;\" valign=\"top\"><strong><a title=\"Staatsgebiet\" href=\"https:\/\/de.wikipedia.org\/wiki\/Staatsgebiet\">Fl\u00e4che<\/a><\/strong><br \/>\n\u2013 1910<\/td>\n<td style=\"width: 67.8832%;\" valign=\"top\">540.858\u00a0km\u00b2<\/td>\n<\/tr>\n<tr>\n<td style=\"width: 30.6569%;\" valign=\"top\"><strong><a title=\"Einwohnerzahl\" href=\"https:\/\/de.wikipedia.org\/wiki\/Einwohnerzahl\">Einwohnerzahl<\/a><\/strong><br \/>\n\u2013 1871 (1. Dez.)<br \/>\n\u2013 1890 (1. Dez.)<br \/>\n\u2013 1910 (1. Dez.)<\/td>\n<td style=\"width: 67.8832%;\" valign=\"top\">41.058.792<br \/>\n49.428.470<br \/>\n64.925.993<\/td>\n<\/tr>\n<tr>\n<td style=\"width: 30.6569%;\"><strong><a title=\"Bev\u00f6lkerungsdichte\" href=\"https:\/\/de.wikipedia.org\/wiki\/Bev%C3%B6lkerungsdichte\">Bev\u00f6lkerungsdichte<\/a><\/strong><br \/>\n\u2013 1871<br \/>\n\u2013 1890<br \/>\n\u2013 1910<\/td>\n<td style=\"width: 67.8832%;\">76 Einwohner pro km\u00b2<br \/>\n91 Einwohner pro km\u00b2<br \/>\n120 Einwohner pro km\u00b2<\/td>\n<\/tr>\n<tr>\n<td style=\"width: 30.6569%;\"><strong><a title=\"W\u00e4hrung\" href=\"https:\/\/de.wikipedia.org\/wiki\/W%C3%A4hrung\">W\u00e4hrung<\/a><\/strong><\/td>\n<td style=\"width: 67.8832%;\">1 <a title=\"Mark (1871)\" href=\"https:\/\/de.wikipedia.org\/wiki\/Mark_(1871)\">Mark<\/a> = 100 <a title=\"Pfennig\" href=\"https:\/\/de.wikipedia.org\/wiki\/Pfennig\">Pfennig<\/a><\/td>\n<\/tr>\n<tr>\n<td style=\"width: 30.6569%;\"><strong><a title=\"Staatsgr\u00fcndung\" href=\"https:\/\/de.wikipedia.org\/wiki\/Staatsgr%C3%BCndung\">Gr\u00fcndung<\/a><\/strong><br \/>\n\u2013 1. Januar 1871<br \/>\n\u2013 18. Januar 1871<\/td>\n<td style=\"width: 67.8832%;\">&#8211;<br \/>\nInkrafttreten der <a title=\"Verfassung des Deutschen Bundes\" href=\"https:\/\/www.verfassung-deutschland.de\/1918\/\">neuen Verfassung<\/a><br \/>\n<a title=\"Proklamation\" href=\"https:\/\/de.wikipedia.org\/wiki\/Proklamation\">Proklamation<\/a> des Kaisers<\/td>\n<\/tr>\n<tr>\n<td style=\"width: 30.6569%;\"><strong><a title=\"Nationalhymne\" href=\"https:\/\/de.wikipedia.org\/wiki\/Nationalhymne\">Nationalhymne<\/a><br \/>\n&#8211;<br \/>\n<\/strong>\u2013 ab dem 24.09. 2011<\/td>\n<td style=\"width: 67.8832%;\"><em>&#8211;<\/em><br \/>\n<strong>Kaiserhymne:<\/strong> <a title=\"Heil dir im Siegerkranz\" href=\"https:\/\/de.wikipedia.org\/wiki\/Heil_dir_im_Siegerkranz\">Heil dir im Siegerkranz<\/a><br \/>\nDeutschlandlied &#8211; Deutsche Hymne<\/td>\n<\/tr>\n<tr>\n<td style=\"width: 30.6569%;\"><strong><a title=\"Nationalfeiertag\" href=\"https:\/\/de.wikipedia.org\/wiki\/Nationalfeiertag\">Nationalfeiertag<\/a><\/strong><\/td>\n<td style=\"width: 67.8832%;\">inoffiziell am 2. September (<a title=\"Sedantag\" href=\"https:\/\/de.wikipedia.org\/wiki\/Sedantag\">Sedantag<\/a>)<\/td>\n<\/tr>\n<tr>\n<td style=\"width: 30.6569%;\"><strong><a title=\"Zeitzone\" href=\"https:\/\/de.wikipedia.org\/wiki\/Zeitzone\">Zeitzone<\/a><\/strong><br \/>\n\u2013 1871 bis 1893<br \/>\n\u2013 1893 bis 1918<\/td>\n<td style=\"width: 67.8832%;\">&#8211;<br \/>\nkeine einheitliche Zeitzone<br \/>\n<a title=\"Mitteleurop\u00e4ische Zeit\" href=\"https:\/\/de.wikipedia.org\/wiki\/Mitteleurop%C3%A4ische_Zeit\">MEZ<\/a><\/td>\n<\/tr>\n<tr>\n<td style=\"width: 30.6569%;\"><strong><a title=\"Liste der Kfz-Nationalit\u00e4tszeichen\" href=\"https:\/\/de.wikipedia.org\/wiki\/Liste_der_Kfz-Nationalit%C3%A4tszeichen\">Kfz-Kennzeichen<\/a><\/strong><br \/>\n\u2013 1871 bis 1907<br \/>\n\u2013 1907 bis 1918<\/td>\n<td style=\"width: 67.8832%;\">&#8211;<br \/>\nkeine einheitliche Regelung<br \/>\n<a title=\"Kfz-Kennzeichen (Deutschland)\" href=\"https:\/\/de.wikipedia.org\/wiki\/Kfz-Kennzeichen_(Deutschland)#Geschichte\">D<\/a><\/td>\n<\/tr>\n<tr>\n<td style=\"width: 98.5401%;\" colspan=\"2\" align=\"center\"><strong>Karte<\/strong><\/td>\n<\/tr>\n<tr>\n<td style=\"width: 98.5401%;\" colspan=\"2\" align=\"center\">\n<div>\n<div><a title=\"Karte des Deutschen Reichs\" href=\"https:\/\/de.wikipedia.org\/wiki\/Datei:Deutsches_Reich_(1871-1918)-de.svg\"><img loading=\"lazy\" decoding=\"async\" src=\"https:\/\/upload.wikimedia.org\/wikipedia\/commons\/thumb\/d\/d5\/Deutsches_Reich_%281871-1918%29-de.svg\/334px-Deutsches_Reich_%281871-1918%29-de.svg.png\" srcset=\"\/\/upload.wikimedia.org\/wikipedia\/commons\/thumb\/d\/d5\/Deutsches_Reich_%281871-1918%29-de.svg\/501px-Deutsches_Reich_%281871-1918%29-de.svg.png 1.5x, \/\/upload.wikimedia.org\/wikipedia\/commons\/thumb\/d\/d5\/Deutsches_Reich_%281871-1918%29-de.svg\/668px-Deutsches_Reich_%281871-1918%29-de.svg.png 2x\" alt=\"Karte des Deutschen Reichs\" width=\"334\" height=\"309\" data-file-width=\"992\" data-file-height=\"917\" \/><\/a><\/div>\n<\/div>\n<\/td>\n<\/tr>\n<\/tbody>\n<\/table>\n<p style=\"text-align: justify;\"><strong>Deutsches Kaiserreich<\/strong> ist die retrospektive Bezeichnung f\u00fcr die Phase des <a title=\"Deutsches Reich\" href=\"https:\/\/de.wikipedia.org\/wiki\/Deutsches_Reich\">Deutschen Reichs<\/a> von 1871 bis 1918 zur eindeutigen Abgrenzung gegen\u00fcber der Zeit nach 1918. Im Deutschen Kaiserreich war der <a title=\"Deutschland\" href=\"https:\/\/de.wikipedia.org\/wiki\/Deutschland\">deutsche<\/a> <a title=\"Nationalstaat\" href=\"https:\/\/de.wikipedia.org\/wiki\/Nationalstaat\">Nationalstaat<\/a> eine <a title=\"Bundesstaat (F\u00f6deraler Staat)\" href=\"https:\/\/de.wikipedia.org\/wiki\/Bundesstaat_(F%C3%B6deraler_Staat)\">bundesstaatlich<\/a> (oder auch <a title=\"Gliedstaat\" href=\"https:\/\/de.wikipedia.org\/wiki\/Gliedstaat\">gliedstaatlich<\/a>) organisierte <a title=\"Konstitutionelle Monarchie\" href=\"https:\/\/de.wikipedia.org\/wiki\/Konstitutionelle_Monarchie\">konstitutionelle Monarchie<\/a>.<a href=\"https:\/\/de.wikipedia.org\/wiki\/Deutsches_Kaiserreich#cite_note-1\">[1]<\/a><\/p>\n<p style=\"text-align: justify;\">Die <a title=\"Deutsche Reichsgr\u00fcndung\" href=\"https:\/\/de.wikipedia.org\/wiki\/Deutsche_Reichsgr%C3%BCndung\">deutsche Reichsgr\u00fcndung<\/a> erfolgte mit Beginn der Wirksamkeit der <a title=\"Verfassung des Deutschen Bundes\" href=\"https:\/\/de.wikipedia.org\/wiki\/Verfassung_des_Deutschen_Bundes\">neuen Verfassung<\/a> zum 1. Januar 1871.<a href=\"https:\/\/de.wikipedia.org\/wiki\/Deutsches_Kaiserreich#cite_note-2\">[2]<\/a> Sie wurde durch ein wenig spektakul\u00e4res, geheim vorbereitetes milit\u00e4risch-h\u00f6fisches Zeremoniell inszeniert, die <a title=\"Kaiserproklamation\" href=\"https:\/\/de.wikipedia.org\/wiki\/Kaiserproklamation\">Kaiserproklamation<\/a> des <a title=\"K\u00f6nigreich Preu\u00dfen\" href=\"https:\/\/de.wikipedia.org\/wiki\/K%C3%B6nigreich_Preu%C3%9Fen\">preu\u00dfischen K\u00f6nigs<\/a> <a title=\"Wilhelm I. (Deutsches Reich)\" href=\"https:\/\/de.wikipedia.org\/wiki\/Wilhelm_I._(Deutsches_Reich)\">Wilhelm I.<\/a> am 18. Januar 1871 im <a title=\"Spiegelsaal von Versailles\" href=\"https:\/\/de.wikipedia.org\/wiki\/Spiegelsaal_von_Versailles\">Spiegelsaal von Versailles<\/a>.<a href=\"https:\/\/de.wikipedia.org\/wiki\/Deutsches_Kaiserreich#cite_note-3\">[3]<\/a> W\u00e4hrenddessen befand sich das Kaiserreich noch im <a title=\"Deutsch-Franz\u00f6sischer Krieg\" href=\"https:\/\/de.wikipedia.org\/wiki\/Deutsch-Franz%C3%B6sischer_Krieg\">Deutsch-Franz\u00f6sischen Krieg<\/a>. Auf <a title=\"Kleindeutsche L\u00f6sung\" href=\"https:\/\/de.wikipedia.org\/wiki\/Kleindeutsche_L%C3%B6sung\">kleindeutscher<\/a> Grundlage und unter der Herrschaft der preu\u00dfischen <a title=\"Hohenzollern\" href=\"https:\/\/de.wikipedia.org\/wiki\/Hohenzollern\">Hohenzollern<\/a> war damit erstmals ein deutscher <a title=\"Nationalstaat\" href=\"https:\/\/de.wikipedia.org\/wiki\/Nationalstaat\">Nationalstaat<\/a> entstanden. <a title=\"Amtssitz\" href=\"https:\/\/de.wikipedia.org\/wiki\/Amtssitz\">Hauptresidenz<\/a> des deutschen Kaisers und preu\u00dfischen K\u00f6nigs war das <a title=\"Berliner Schloss\" href=\"https:\/\/de.wikipedia.org\/wiki\/Berliner_Schloss\">Berliner Schloss<\/a>.<\/p>\n<p style=\"text-align: justify;\">W\u00e4hrend der Zeit des Kaiserreichs war <a title=\"Deutsches Reich\" href=\"https:\/\/de.wikipedia.org\/wiki\/Deutsches_Reich\">Deutschland<\/a> wirtschafts- und sozialgeschichtlich gepr\u00e4gt durch die <a title=\"Hochindustrialisierung in Deutschland\" href=\"https:\/\/de.wikipedia.org\/wiki\/Hochindustrialisierung_in_Deutschland\">Hochindustrialisierung<\/a>. \u00d6konomisch und sozial-strukturell begann es sich besonders ab den letzten Jahrzehnten des 19. Jahrhunderts vom <a title=\"Agrarstaat\" href=\"https:\/\/de.wikipedia.org\/wiki\/Agrarstaat\">Agrar-<\/a> zum <a title=\"Industriestaat\" href=\"https:\/\/de.wikipedia.org\/wiki\/Industriestaat\">Industrieland<\/a> zu wandeln. Auch der Dienstleistungssektor gewann mit dem Ausbau des Handels und des Bankwesens wachsende Bedeutung. Das auch durch die franz\u00f6sischen Kriegsreparationen nach 1871 verursachte Wirtschaftswachstum wurde durch den sogenannten <a title=\"Gr\u00fcnderkrach\" href=\"https:\/\/de.wikipedia.org\/wiki\/Gr%C3%BCnderkrach\">Gr\u00fcnderkrach<\/a> von 1873 und die ihm folgende langj\u00e4hrige Konjunkturkrise zeitweilig gebremst. Trotz erheblicher politischer Folgen \u00e4nderte dies nichts an der strukturellen Entwicklung hin zum Industriestaat.<\/p>\n<p style=\"text-align: justify;\">Kennzeichnend f\u00fcr den gesellschaftlichen Wandel war eine stark international orientierte Reformbewegung, in deren Verlauf die \u201esoziale Frage\u201c mit Armutsskandalisierung und -bek\u00e4mpfung vorangetrieben wurde, aber auch demokratische Reformen und Frauenrechte forciert wurden.<a href=\"https:\/\/de.wikipedia.org\/wiki\/Deutsches_Kaiserreich#cite_note-4\">[4]<\/a> Strukturelle Grundlage dieser Ver\u00e4nderungen waren neben der Massenpolitisierung ein rapides <a title=\"Bev\u00f6lkerungsentwicklung\" href=\"https:\/\/de.wikipedia.org\/wiki\/Bev%C3%B6lkerungsentwicklung\">Bev\u00f6lkerungswachstum<\/a>, <a title=\"Binnenwanderung\" href=\"https:\/\/de.wikipedia.org\/wiki\/Binnenwanderung\">Binnenwanderung<\/a> und <a title=\"Urbanisierung\" href=\"https:\/\/de.wikipedia.org\/wiki\/Urbanisierung\">Urbanisierung<\/a>. Die Gesellschaftsstruktur wurde durch die Zunahme der st\u00e4dtischen Arbeiterbev\u00f6lkerung und \u2013 vor allem in den Jahren ab etwa 1890 \u2013 auch des neuen Mittelstandes aus Technikern, Angestellten sowie kleinen und mittleren Beamten wesentlich ver\u00e4ndert. Dagegen ging die wirtschaftliche Bedeutung des Handwerks und der Landwirtschaft \u2013 bezogen auf deren Beitr\u00e4ge zum <a title=\"Volkseinkommen\" href=\"https:\/\/de.wikipedia.org\/wiki\/Volkseinkommen\">Volkseinkommen<\/a> \u2013 eher zur\u00fcck.<\/p>\n<p style=\"text-align: justify;\">Die innen- und au\u00dfenpolitische Entwicklung wurde bis 1890 vom ersten und am l\u00e4ngsten amtierenden <a title=\"Reichskanzler\" href=\"https:\/\/de.wikipedia.org\/wiki\/Reichskanzler\">Kanzler<\/a> des Reiches bestimmt, <a title=\"Otto von Bismarck\" href=\"https:\/\/de.wikipedia.org\/wiki\/Otto_von_Bismarck\">Otto von Bismarck<\/a>. Dessen Regierungszeit l\u00e4sst sich in eine relativ <a title=\"Liberalismus\" href=\"https:\/\/de.wikipedia.org\/wiki\/Liberalismus\">liberale<\/a> Phase, gepr\u00e4gt von innenpolitischen Reformen und vom <a title=\"Kulturkampf\" href=\"https:\/\/de.wikipedia.org\/wiki\/Kulturkampf\">Kulturkampf<\/a>, und eine eher konservativ gepr\u00e4gte Zeit nach 1878\/79 einteilen. Als Z\u00e4sur gelten der \u00dcbergang zum Staatsinterventionismus (<a title=\"Schutzzoll\" href=\"https:\/\/de.wikipedia.org\/wiki\/Schutzzoll\">Schutzzoll<\/a>, <a title=\"Sozialversicherung\" href=\"https:\/\/de.wikipedia.org\/wiki\/Sozialversicherung\">Sozialversicherung<\/a>) sowie das <a title=\"Sozialistengesetz\" href=\"https:\/\/de.wikipedia.org\/wiki\/Sozialistengesetz\">Sozialistengesetz<\/a>.<\/p>\n<p style=\"text-align: justify;\">Bismarck versuchte au\u00dfenpolitisch, das Reich durch ein komplexes <a title=\"B\u00fcndnispolitik Otto von Bismarcks\" href=\"https:\/\/de.wikipedia.org\/wiki\/B%C3%BCndnispolitik_Otto_von_Bismarcks\">B\u00fcndnissystem<\/a> abzusichern (z.\u00a0B. <a title=\"Zweibund\" href=\"https:\/\/de.wikipedia.org\/wiki\/Zweibund\">Zweibund<\/a> mit <a title=\"\u00d6sterreich-Ungarn\" href=\"https:\/\/de.wikipedia.org\/wiki\/%C3%96sterreich-Ungarn\">\u00d6sterreich-Ungarn<\/a> 1879). Ab 1884 begann der \u2013 sp\u00e4ter intensivierte \u2013 Einstieg in den \u00fcberseeischen <a title=\"Deutscher Imperialismus\" href=\"https:\/\/de.wikipedia.org\/wiki\/Deutscher_Imperialismus\">Imperialismus<\/a>. Es folgten internationale Interessenkonflikte mit anderen Kolonialm\u00e4chten, insbesondere der Weltmacht <a title=\"Vereinigtes K\u00f6nigreich Gro\u00dfbritannien und Irland\" href=\"https:\/\/de.wikipedia.org\/wiki\/Vereinigtes_K%C3%B6nigreich_Gro%C3%9Fbritannien_und_Irland\">Gro\u00dfbritannien<\/a>.<\/p>\n<p style=\"text-align: justify;\">Die Phase nach der \u00c4ra Bismarck wird oft als <a title=\"Wilhelminismus\" href=\"https:\/\/de.wikipedia.org\/wiki\/Wilhelminismus\">Wilhelminisches Zeitalter<\/a> bezeichnet, weil Kaiser Wilhelm II. (ab 1888) nach der Entlassung Bismarcks pers\u00f6nlich in erheblichem Umfang Einfluss auf die Tagespolitik aus\u00fcbte. Allerdings spielten daneben auch andere, teilweise konkurrierende Akteure eine wichtige Rolle. Sie beeinflussten die Entscheidungen des Kaisers und lie\u00dfen sie oft widerspr\u00fcchlich und unberechenbar erscheinen.<\/p>\n<p style=\"text-align: justify;\">Durch den Aufstieg von Massenverb\u00e4nden und -parteien sowie die wachsende Bedeutung der Presse gewann zudem die <a title=\"\u00d6ffentliche Meinung\" href=\"https:\/\/de.wikipedia.org\/wiki\/%C3%96ffentliche_Meinung\">\u00f6ffentliche Meinung<\/a> an Gewicht. Nicht zuletzt darum versuchte die Regierung mit einer imperialistischen Weltpolitik, einer antisozialdemokratischen Sammlungspolitik und einer popul\u00e4ren Flottenr\u00fcstung (siehe <a title=\"Flottengesetze\" href=\"https:\/\/de.wikipedia.org\/wiki\/Flottengesetze\">Flottengesetze<\/a>) ihren R\u00fcckhalt in der Bev\u00f6lkerung zu erh\u00f6hen. Au\u00dfenpolitisch f\u00fchrte Wilhelms Weltmachtstreben jedoch in die Isolation; durch diese Politik hat das Reich dazu beigetragen, die Gefahren eines gro\u00dfen Krieges zu erh\u00f6hen. Als dieser <a title=\"Erster Weltkrieg\" href=\"https:\/\/de.wikipedia.org\/wiki\/Erster_Weltkrieg\">Erste Weltkrieg<\/a><a href=\"https:\/\/de.wikipedia.org\/wiki\/Deutsches_Kaiserreich#cite_note-5\">[5]<\/a> schlie\u00dflich 1914 ausgel\u00f6st wurde, war das Reich in einen <a title=\"Mehrfrontenkrieg\" href=\"https:\/\/de.wikipedia.org\/wiki\/Mehrfrontenkrieg\">Mehrfrontenkrieg<\/a> verwickelt. Auch in der Innenpolitik gewann das Milit\u00e4r an Einfluss. Mit der zunehmenden Anzahl von Kriegstoten an den Fronten und der sozialen Not in der Heimat (gef\u00f6rdert durch <a title=\"Seeblockade\" href=\"https:\/\/de.wikipedia.org\/wiki\/Seeblockade#Wichtige_Seeblockaden_im_Ersten_Weltkrieg\">alliierte Seeblockaden<\/a>) begann die Monarchie an R\u00fcckhalt zu verlieren.<\/p>\n<p style=\"text-align: justify;\">Erst gegen Kriegsende kam es zu den <a title=\"Oktoberreformen\" href=\"https:\/\/de.wikipedia.org\/wiki\/Oktoberreformen\">Oktoberreformen<\/a> 1918, die unter anderem bestimmten, dass der Reichskanzler das Vertrauen des <a title=\"Reichstag (Deutsches Kaiserreich)\" href=\"https:\/\/de.wikipedia.org\/wiki\/Reichstag_(Deutsches_Kaiserreich)\">Reichstages<\/a> haben musste. Schon bald darauf wurde in der <a title=\"Novemberrevolution\" href=\"https:\/\/de.wikipedia.org\/wiki\/Novemberrevolution\">Novemberrevolution<\/a> die <a title=\"Ausrufung der Republik in Deutschland\" href=\"https:\/\/de.wikipedia.org\/wiki\/Ausrufung_der_Republik_in_Deutschland\">Republik ausgerufen<\/a>, und die <a title=\"Weimarer Nationalversammlung\" href=\"https:\/\/de.wikipedia.org\/wiki\/Weimarer_Nationalversammlung\">verfassunggebende Nationalversammlung in Weimar<\/a> konstituierte das Reich 1919 als <a title=\"Repr\u00e4sentative Demokratie\" href=\"https:\/\/de.wikipedia.org\/wiki\/Repr%C3%A4sentative_Demokratie#Parlamentarische_Demokratie\">parlamentarische Demokratie<\/a>. Das heutige Deutschland ist v\u00f6lkerrechtlich mit dem Deutschen Reich des Jahres 1871 identisch, auch wenn sich <a title=\"Regierungssystem\" href=\"https:\/\/de.wikipedia.org\/wiki\/Regierungssystem\">Regierungsform<\/a> und <a title=\"Staatsgebiet\" href=\"https:\/\/de.wikipedia.org\/wiki\/Staatsgebiet\">Verwaltungsgebiet<\/a> seither mehrmals ge\u00e4ndert haben.<\/p>\n<div id=\"toc\" role=\"navigation\" aria-labelledby=\"mw-toc-heading\">\n<div dir=\"ltr\" lang=\"de\">\n<h2 id=\"mw-toc-heading\">Inhaltsverzeichnis<\/h2>\n<\/div>\n<ul>\n<li><a href=\"https:\/\/de.wikipedia.org\/wiki\/Deutsches_Kaiserreich#Vorgeschichte\">1 Vorgeschichte<\/a><\/li>\n<li><a href=\"https:\/\/de.wikipedia.org\/wiki\/Deutsches_Kaiserreich#Reichsgr\u00fcndung\">2 Reichsgr\u00fcndung<\/a><\/li>\n<li><a href=\"https:\/\/de.wikipedia.org\/wiki\/Deutsches_Kaiserreich#Struktur_des_Reiches\">3 Struktur des Reiches<\/a>\n<ul>\n<li><a href=\"https:\/\/de.wikipedia.org\/wiki\/Deutsches_Kaiserreich#Gebietsgliederung\">3.1 Gebietsgliederung<\/a><\/li>\n<li><a href=\"https:\/\/de.wikipedia.org\/wiki\/Deutsches_Kaiserreich#Geografisch-politische_Lage_in_Mitteleuropa\">3.2 Geografisch-politische Lage in Mitteleuropa<\/a><\/li>\n<li><a href=\"https:\/\/de.wikipedia.org\/wiki\/Deutsches_Kaiserreich#Symbole_des_Reiches\">3.3 Symbole des Reiches<\/a><\/li>\n<li><a href=\"https:\/\/de.wikipedia.org\/wiki\/Deutsches_Kaiserreich#Verfassung\">3.4 Verfassung<\/a><\/li>\n<li><a href=\"https:\/\/de.wikipedia.org\/wiki\/Deutsches_Kaiserreich#Machtzentren_des_Reiches\">3.5 Machtzentren des Reiches<\/a>\n<ul>\n<li><a href=\"https:\/\/de.wikipedia.org\/wiki\/Deutsches_Kaiserreich#B\u00fcrokratie_und_Verwaltung\">3.5.1 B\u00fcrokratie und Verwaltung<\/a><\/li>\n<li><a href=\"https:\/\/de.wikipedia.org\/wiki\/Deutsches_Kaiserreich#Monarchie_und_Hof\">3.5.2 Monarchie und Hof<\/a><\/li>\n<li><a href=\"https:\/\/de.wikipedia.org\/wiki\/Deutsches_Kaiserreich#Milit\u00e4r\">3.5.3 Milit\u00e4r<\/a><\/li>\n<\/ul>\n<\/li>\n<li><a href=\"https:\/\/de.wikipedia.org\/wiki\/Deutsches_Kaiserreich#Bev\u00f6lkerung,_Wirtschaft_und_Gesellschaft\">3.6 Bev\u00f6lkerung, Wirtschaft und Gesellschaft<\/a><\/li>\n<li><a href=\"https:\/\/de.wikipedia.org\/wiki\/Deutsches_Kaiserreich#St\u00e4dte\">3.7 St\u00e4dte<\/a><\/li>\n<li><a href=\"https:\/\/de.wikipedia.org\/wiki\/Deutsches_Kaiserreich#Konfessionen_und_nationale_Minderheiten\">3.8 Konfessionen und nationale Minderheiten<\/a>\n<ul>\n<li><a href=\"https:\/\/de.wikipedia.org\/wiki\/Deutsches_Kaiserreich#Konfessionen_und_Kirchen_im_Kaiserreich\">3.8.1 Konfessionen und Kirchen im Kaiserreich<\/a><\/li>\n<li><a href=\"https:\/\/de.wikipedia.org\/wiki\/Deutsches_Kaiserreich#Judentum_und_Antisemitismus\">3.8.2 Judentum und Antisemitismus<\/a><\/li>\n<li><a href=\"https:\/\/de.wikipedia.org\/wiki\/Deutsches_Kaiserreich#Nationale_Minderheiten\">3.8.3 Nationale Minderheiten<\/a><\/li>\n<\/ul>\n<\/li>\n<li><a href=\"https:\/\/de.wikipedia.org\/wiki\/Deutsches_Kaiserreich#Wandel_und_Entwicklung_der_politischen_Kultur\">3.9 Wandel und Entwicklung der politischen Kultur<\/a>\n<ul>\n<li><a href=\"https:\/\/de.wikipedia.org\/wiki\/Deutsches_Kaiserreich#Entstehung_der_politischen_Lager\">3.9.1 Entstehung der politischen Lager<\/a><\/li>\n<li><a href=\"https:\/\/de.wikipedia.org\/wiki\/Deutsches_Kaiserreich#Massenorganisationen\">3.9.2 Massenorganisationen<\/a><\/li>\n<li><a href=\"https:\/\/de.wikipedia.org\/wiki\/Deutsches_Kaiserreich#Nationalismus_im_Wandel\">3.9.3 Nationalismus im Wandel<\/a><\/li>\n<\/ul>\n<\/li>\n<\/ul>\n<\/li>\n<li><a href=\"https:\/\/de.wikipedia.org\/wiki\/Deutsches_Kaiserreich#\u00c4ra_Bismarck\">4 \u00c4ra Bismarck<\/a>\n<ul>\n<li><a href=\"https:\/\/de.wikipedia.org\/wiki\/Deutsches_Kaiserreich#Liberale_\u00c4ra_bis_1878\">4.1 Liberale \u00c4ra bis 1878<\/a>\n<ul>\n<li><a href=\"https:\/\/de.wikipedia.org\/wiki\/Deutsches_Kaiserreich#Innen-_und_rechtspolitische_Reformen\">4.1.1 Innen- und rechtspolitische Reformen<\/a><\/li>\n<li><a href=\"https:\/\/de.wikipedia.org\/wiki\/Deutsches_Kaiserreich#Kulturkampf\">4.1.2 Kulturkampf<\/a><\/li>\n<li><a href=\"https:\/\/de.wikipedia.org\/wiki\/Deutsches_Kaiserreich#Grenzen_der_Zusammenarbeit\">4.1.3 Grenzen der Zusammenarbeit<\/a><\/li>\n<\/ul>\n<\/li>\n<li><a href=\"https:\/\/de.wikipedia.org\/wiki\/Deutsches_Kaiserreich#Gr\u00fcnderjahre_und_Gr\u00fcnderkrise_1873\">4.2 Gr\u00fcnderjahre und Gr\u00fcnderkrise 1873<\/a><\/li>\n<li><a href=\"https:\/\/de.wikipedia.org\/wiki\/Deutsches_Kaiserreich#Politik_nach_der_Wende_von_1878\/79\">4.3 Politik nach der Wende von 1878\/79<\/a>\n<ul>\n<li><a href=\"https:\/\/de.wikipedia.org\/wiki\/Deutsches_Kaiserreich#Sozialistengesetz\">4.3.1 Sozialistengesetz<\/a><\/li>\n<li><a href=\"https:\/\/de.wikipedia.org\/wiki\/Deutsches_Kaiserreich#\u00dcbergang_zur_Schutzzollpolitik\">4.3.2 \u00dcbergang zur Schutzzollpolitik<\/a><\/li>\n<li><a href=\"https:\/\/de.wikipedia.org\/wiki\/Deutsches_Kaiserreich#Einf\u00fchrung_der_Sozialversicherung\">4.3.3 Einf\u00fchrung der Sozialversicherung<\/a><\/li>\n<li><a href=\"https:\/\/de.wikipedia.org\/wiki\/Deutsches_Kaiserreich#Grenzen_des_Systems_Bismarck\">4.3.4 Grenzen des Systems Bismarck<\/a><\/li>\n<li><a href=\"https:\/\/de.wikipedia.org\/wiki\/Deutsches_Kaiserreich#Kartellparteien_und_konservative_Mehrheit\">4.3.5 Kartellparteien und konservative Mehrheit<\/a><\/li>\n<\/ul>\n<\/li>\n<li><a href=\"https:\/\/de.wikipedia.org\/wiki\/Deutsches_Kaiserreich#B\u00fcndnisse_und_Au\u00dfenpolitik\">4.4 B\u00fcndnisse und Au\u00dfenpolitik<\/a>\n<ul>\n<li><a href=\"https:\/\/de.wikipedia.org\/wiki\/Deutsches_Kaiserreich#B\u00fcndnissysteme_bis_Anfang_der_1880er_Jahre\">4.4.1 B\u00fcndnissysteme bis Anfang der 1880er Jahre<\/a><\/li>\n<li><a href=\"https:\/\/de.wikipedia.org\/wiki\/Deutsches_Kaiserreich#Beginn_des_deutschen_Imperialismus\">4.4.2 Beginn des deutschen Imperialismus<\/a><\/li>\n<li><a href=\"https:\/\/de.wikipedia.org\/wiki\/Deutsches_Kaiserreich#Au\u00dfenpolitische_Doppelkrise_1885\/1886\">4.4.3 Au\u00dfenpolitische Doppelkrise 1885\/1886<\/a><\/li>\n<\/ul>\n<\/li>\n<\/ul>\n<\/li>\n<li><a href=\"https:\/\/de.wikipedia.org\/wiki\/Deutsches_Kaiserreich#Dreikaiserjahr_1888\">5 Dreikaiserjahr 1888<\/a><\/li>\n<li><a href=\"https:\/\/de.wikipedia.org\/wiki\/Deutsches_Kaiserreich#Wilhelminisches_Reich\">6 Wilhelminisches Reich<\/a>\n<ul>\n<li><a href=\"https:\/\/de.wikipedia.org\/wiki\/Deutsches_Kaiserreich#Ende_der_\u00c4ra_Bismarck_1890\">6.1 Ende der \u00c4ra Bismarck 1890<\/a><\/li>\n<li><a href=\"https:\/\/de.wikipedia.org\/wiki\/Deutsches_Kaiserreich#\u201eDer_neue_Kurs\u201c_und_die_Amtszeit_von_Leo_von_Caprivi\">6.2 \u201eDer neue Kurs\u201c und die Amtszeit von Leo von Caprivi<\/a><\/li>\n<li><a href=\"https:\/\/de.wikipedia.org\/wiki\/Deutsches_Kaiserreich#Kanzler_des_\u00dcbergangs_und_\u201epers\u00f6nliches_Regiment\u201c\">6.3 Kanzler des \u00dcbergangs und \u201epers\u00f6nliches Regiment\u201c<\/a><\/li>\n<li><a href=\"https:\/\/de.wikipedia.org\/wiki\/Deutsches_Kaiserreich#\u00c4ra_von_B\u00fclow\">6.4 \u00c4ra von B\u00fclow<\/a>\n<ul>\n<li><a href=\"https:\/\/de.wikipedia.org\/wiki\/Deutsches_Kaiserreich#Sammlungspolitik\">6.4.1 Sammlungspolitik<\/a><\/li>\n<li><a href=\"https:\/\/de.wikipedia.org\/wiki\/Deutsches_Kaiserreich#Flottenpolitik\">6.4.2 Flottenpolitik<\/a><\/li>\n<li><a href=\"https:\/\/de.wikipedia.org\/wiki\/Deutsches_Kaiserreich#Der_Weg_zur_Weltpolitik\">6.4.3 Der Weg zur Weltpolitik<\/a><\/li>\n<li><a href=\"https:\/\/de.wikipedia.org\/wiki\/Deutsches_Kaiserreich#Innenpolitik_nach_der_Jahrhundertwende\">6.4.4 Innenpolitik nach der Jahrhundertwende<\/a><\/li>\n<li><a href=\"https:\/\/de.wikipedia.org\/wiki\/Deutsches_Kaiserreich#B\u00fclowblock\">6.4.5 B\u00fclowblock<\/a><\/li>\n<\/ul>\n<\/li>\n<li><a href=\"https:\/\/de.wikipedia.org\/wiki\/Deutsches_Kaiserreich#Vorabend_des_Ersten_Weltkrieges\">6.5 Vorabend des Ersten Weltkrieges<\/a>\n<ul>\n<li><a href=\"https:\/\/de.wikipedia.org\/wiki\/Deutsches_Kaiserreich#Parteienkonstellation\">6.5.1 Parteienkonstellation<\/a><\/li>\n<li><a href=\"https:\/\/de.wikipedia.org\/wiki\/Deutsches_Kaiserreich#Anf\u00e4nge_der_Regierung_Bethmann_Hollweg\">6.5.2 Anf\u00e4nge der Regierung Bethmann Hollweg<\/a><\/li>\n<li><a href=\"https:\/\/de.wikipedia.org\/wiki\/Deutsches_Kaiserreich#Die_politische_Entwicklung_nach_der_Reichstagswahl_von_1912\">6.5.3 Die politische Entwicklung nach der Reichstagswahl von 1912<\/a><\/li>\n<li><a href=\"https:\/\/de.wikipedia.org\/wiki\/Deutsches_Kaiserreich#Au\u00dfenpolitik\">6.5.4 Au\u00dfenpolitik<\/a>\n<ul>\n<li><a href=\"https:\/\/de.wikipedia.org\/wiki\/Deutsches_Kaiserreich#Folgen_der_Bosnienkrise\">6.5.4.1 Folgen der Bosnienkrise<\/a><\/li>\n<li><a href=\"https:\/\/de.wikipedia.org\/wiki\/Deutsches_Kaiserreich#Panthersprung_nach_Agadir\">6.5.4.2 Panthersprung nach Agadir<\/a><\/li>\n<li><a href=\"https:\/\/de.wikipedia.org\/wiki\/Deutsches_Kaiserreich#Balkankriege\">6.5.4.3 Balkankriege<\/a><\/li>\n<\/ul>\n<\/li>\n<\/ul>\n<\/li>\n<\/ul>\n<\/li>\n<li><a href=\"https:\/\/de.wikipedia.org\/wiki\/Deutsches_Kaiserreich#Erster_Weltkrieg\">7 Erster Weltkrieg<\/a>\n<ul>\n<li><a href=\"https:\/\/de.wikipedia.org\/wiki\/Deutsches_Kaiserreich#Julikrise_1914\">7.1 Julikrise 1914<\/a><\/li>\n<li><a href=\"https:\/\/de.wikipedia.org\/wiki\/Deutsches_Kaiserreich#Kriegsverlauf\">7.2 Kriegsverlauf<\/a><\/li>\n<li><a href=\"https:\/\/de.wikipedia.org\/wiki\/Deutsches_Kaiserreich#Innere_Entwicklung_w\u00e4hrend_des_Krieges\">7.3 Innere Entwicklung w\u00e4hrend des Krieges<\/a>\n<ul>\n<li><a href=\"https:\/\/de.wikipedia.org\/wiki\/Deutsches_Kaiserreich#Soziale_und_wirtschaftliche_Entwicklung\">7.3.1 Soziale und wirtschaftliche Entwicklung<\/a><\/li>\n<li><a href=\"https:\/\/de.wikipedia.org\/wiki\/Deutsches_Kaiserreich#Burgfriede_und_nationale_Begeisterung\">7.3.2 Burgfriede und nationale Begeisterung<\/a><\/li>\n<li><a href=\"https:\/\/de.wikipedia.org\/wiki\/Deutsches_Kaiserreich#Die_neue_Oberste_Heeresleitung_und_das_Hilfsdienstgesetz\">7.3.3 Die neue Oberste Heeresleitung und das Hilfsdienstgesetz<\/a><\/li>\n<li><a href=\"https:\/\/de.wikipedia.org\/wiki\/Deutsches_Kaiserreich#Friedensresolution_und_innenpolitische_Radikalisierung\">7.3.4 Friedensresolution und innenpolitische Radikalisierung<\/a><\/li>\n<li><a href=\"https:\/\/de.wikipedia.org\/wiki\/Deutsches_Kaiserreich#Oktoberreformen_und_Ende_der_Monarchie_1918\">7.3.5 Oktoberreformen und Ende der Monarchie 1918<\/a><\/li>\n<\/ul>\n<\/li>\n<\/ul>\n<\/li>\n<li><a href=\"https:\/\/de.wikipedia.org\/wiki\/Deutsches_Kaiserreich#Das_Kaiserreich_in_der_Historiografie\">8 Das Kaiserreich in der Historiografie<\/a><\/li>\n<li><a href=\"https:\/\/de.wikipedia.org\/wiki\/Deutsches_Kaiserreich#Siehe_auch\">9 Siehe auch<\/a><\/li>\n<li><a href=\"https:\/\/de.wikipedia.org\/wiki\/Deutsches_Kaiserreich#Literatur\">10 Literatur<\/a><\/li>\n<li><a href=\"https:\/\/de.wikipedia.org\/wiki\/Deutsches_Kaiserreich#Weblinks\">11 Weblinks<\/a><\/li>\n<li><a href=\"https:\/\/de.wikipedia.org\/wiki\/Deutsches_Kaiserreich#Einzelnachweise\">12 Einzelnachweise<\/a><\/li>\n<\/ul>\n<\/div>\n<h2><span id=\"Vorgeschichte\">Vorgeschichte<\/span><\/h2>\n<\/div>\n<\/div>\n<\/div>\n<p style=\"text-align: justify;\">Die deutsche Geschichte des 19. Jahrhunderts war bis zur Nationalstaatsgr\u00fcndung gepr\u00e4gt von vielfachen politischen und territorialen Ver\u00e4nderungen, die nach dem Ende des <a title=\"Heiliges R\u00f6misches Reich\" href=\"https:\/\/de.wikipedia.org\/wiki\/Heiliges_R%C3%B6misches_Reich\">Heiligen R\u00f6mischen Reiches Deutscher Nation<\/a> ab 1806 in eine neue Phase eingetreten waren. Das <em>Alte Reich<\/em>, ein von den <a title=\"R\u00f6misch-deutscher Kaiser\" href=\"https:\/\/de.wikipedia.org\/wiki\/R%C3%B6misch-deutscher_Kaiser\">r\u00f6misch-deutschen Kaisern<\/a> gef\u00fchrtes <a title=\"Supranationalit\u00e4t\" href=\"https:\/\/de.wikipedia.org\/wiki\/Supranationalit%C3%A4t\">vor- und \u00fcbernationales<\/a> Gebilde \u2013 seit Mitte des 18. Jahrhunderts zunehmend gepr\u00e4gt von den Interessengegens\u00e4tzen seiner beiden Gro\u00dfm\u00e4chte <a title=\"Habsburgermonarchie\" href=\"https:\/\/de.wikipedia.org\/wiki\/Habsburgermonarchie#Habsburgische_L\u00e4nder\">\u00d6sterreich<\/a> und dem aufstrebenden <a title=\"Preu\u00dfen\" href=\"https:\/\/de.wikipedia.org\/wiki\/Preu%C3%9Fen\">Preu\u00dfen<\/a> \u2013, zerbrach durch die <a title=\"Koalitionskriege\" href=\"https:\/\/de.wikipedia.org\/wiki\/Koalitionskriege\">Napoleonischen Kriege<\/a> und die von Frankreich initiierte Gr\u00fcndung des <a title=\"Rheinbund\" href=\"https:\/\/de.wikipedia.org\/wiki\/Rheinbund\">Rheinbundes<\/a>.<\/p>\n<p style=\"text-align: justify;\">Die Ideen der <a title=\"Franz\u00f6sische Revolution\" href=\"https:\/\/de.wikipedia.org\/wiki\/Franz%C3%B6sische_Revolution\">Franz\u00f6sischen Revolution<\/a> zwischen 1789 und 1799 und die gegen die nachfolgende <a title=\"Hegemonie\" href=\"https:\/\/de.wikipedia.org\/wiki\/Hegemonie\">Hegemonialpolitik<\/a> <a title=\"Napoleon Bonaparte\" href=\"https:\/\/de.wikipedia.org\/wiki\/Napoleon_Bonaparte\">Napoleon Bonapartes<\/a> gerichteten <a title=\"Befreiungskriege\" href=\"https:\/\/de.wikipedia.org\/wiki\/Befreiungskriege\">Befreiungskriege<\/a> f\u00fchrten in nahezu ganz <a title=\"Europa\" href=\"https:\/\/de.wikipedia.org\/wiki\/Europa\">Europa<\/a>, einschlie\u00dflich des deutschen Sprachraums, zu <a title=\"Nationalstaat\" href=\"https:\/\/de.wikipedia.org\/wiki\/Nationalstaat\">Nationalstaatsbewegungen<\/a> mit der Vorstellung der <a title=\"Nation\" href=\"https:\/\/de.wikipedia.org\/wiki\/Nation\">Nation<\/a> als Grundlage der Staatenbildung. Als <a title=\"Gro\u00dfdeutsche L\u00f6sung\" href=\"https:\/\/de.wikipedia.org\/wiki\/Gro%C3%9Fdeutsche_L%C3%B6sung\">gro\u00dfdeutsche L\u00f6sung<\/a> wurde dabei ein einheitliches Reich unter Einbeziehung der deutschen Siedlungsgebiete des <a title=\"Kaisertum \u00d6sterreich\" href=\"https:\/\/de.wikipedia.org\/wiki\/Kaisertum_%C3%96sterreich\">Kaisertums \u00d6sterreich<\/a>, Preu\u00dfens und <a title=\"D\u00e4nemark\" href=\"https:\/\/de.wikipedia.org\/wiki\/D%C3%A4nemark\">D\u00e4nemarks<\/a> bezeichnet, als <a title=\"Kleindeutsche L\u00f6sung\" href=\"https:\/\/de.wikipedia.org\/wiki\/Kleindeutsche_L%C3%B6sung\">kleindeutsche L\u00f6sung<\/a> ein <a title=\"Deutsches Reich\" href=\"https:\/\/de.wikipedia.org\/wiki\/Deutsches_Reich\">Deutsches Reich<\/a> entsprechend ohne \u00d6sterreich unter preu\u00dfischer F\u00fchrung.<\/p>\n<p style=\"text-align: justify;\">Nach dem Sieg der gegen Frankreich stehenden M\u00e4chte Europas (ihnen voran Gro\u00dfbritannien, Preu\u00dfen, Russland und \u00d6sterreich) \u00fcber die Armeen Napoleons hatten die deutschen F\u00fcrsten jedoch kein Interesse an einer zentralen Macht, die ihre eigene Herrschaft begrenzen w\u00fcrde. Auf dem <a title=\"Wiener Kongress\" href=\"https:\/\/de.wikipedia.org\/wiki\/Wiener_Kongress\">Wiener Kongress<\/a> wurde 1815 daher lediglich der <a title=\"Deutscher Bund\" href=\"https:\/\/de.wikipedia.org\/wiki\/Deutscher_Bund\">Deutsche Bund<\/a> gegr\u00fcndet, ein lockerer Zusammenschluss jener Gebiete, die vor 1806 zum Heiligen R\u00f6mischen Reich Deutscher Nation geh\u00f6rt hatten. Die dem Wiener Kongress folgende, in der sp\u00e4teren Geschichtsschreibung als <a title=\"Vorm\u00e4rz\" href=\"https:\/\/de.wikipedia.org\/wiki\/Vorm%C3%A4rz\">Vorm\u00e4rz<\/a> bezeichnete \u00c4ra war gepr\u00e4gt von der <a title=\"Restauration (Geschichte)\" href=\"https:\/\/de.wikipedia.org\/wiki\/Restauration_(Geschichte)\">Restaurationspolitik<\/a>, die \u00fcberstaatlich vom \u00f6sterreichischen Staatskanzler <a title=\"Klemens Wenzel Lothar von Metternich\" href=\"https:\/\/de.wikipedia.org\/wiki\/Klemens_Wenzel_Lothar_von_Metternich\">Clemens Wenzel F\u00fcrst von Metternich<\/a> dominiert war. Im Rahmen der sogenannten <a title=\"Heilige Allianz\" href=\"https:\/\/de.wikipedia.org\/wiki\/Heilige_Allianz\">Heiligen Allianz<\/a>, einem zun\u00e4chst zwischen <a title=\"Kaisertum \u00d6sterreich\" href=\"https:\/\/de.wikipedia.org\/wiki\/Kaisertum_%C3%96sterreich\">\u00d6sterreich<\/a>, <a title=\"K\u00f6nigreich Preu\u00dfen\" href=\"https:\/\/de.wikipedia.org\/wiki\/K%C3%B6nigreich_Preu%C3%9Fen\">Preu\u00dfen<\/a> und <a title=\"Russisches Kaiserreich\" href=\"https:\/\/de.wikipedia.org\/wiki\/Russisches_Kaiserreich\">Russland<\/a> geschlossenen B\u00fcndnis, sollte die Restauration innenpolitisch und zwischenstaatlich die Machtverh\u00e4ltnisse des <a title=\"Ancien R\u00e9gime\" href=\"https:\/\/de.wikipedia.org\/wiki\/Ancien_R%C3%A9gime\">Ancien R\u00e9gime<\/a> in Europa wiederherstellen, wie sie vor der Franz\u00f6sischen Revolution von 1789 geherrscht hatten.<\/p>\n<div>\n<div>\n<p><a href=\"https:\/\/de.wikipedia.org\/wiki\/Datei:Maerz1848_berlin.jpg\"><img loading=\"lazy\" decoding=\"async\" src=\"https:\/\/upload.wikimedia.org\/wikipedia\/commons\/thumb\/b\/b7\/Maerz1848_berlin.jpg\/220px-Maerz1848_berlin.jpg\" srcset=\"\/\/upload.wikimedia.org\/wikipedia\/commons\/thumb\/b\/b7\/Maerz1848_berlin.jpg\/330px-Maerz1848_berlin.jpg 1.5x, \/\/upload.wikimedia.org\/wikipedia\/commons\/thumb\/b\/b7\/Maerz1848_berlin.jpg\/440px-Maerz1848_berlin.jpg 2x\" alt=\"\" width=\"220\" height=\"172\" data-file-width=\"900\" data-file-height=\"705\" \/><\/a><\/p>\n<div>\n<div><\/div>\n<\/div>\n<\/div>\n<\/div>\n<div>\n<div>\n<div style=\"text-align: justify;\">Jubelnde Revolution\u00e4re nach Barrikadenk\u00e4mpfen am 18. M\u00e4rz 1848 in Berlin (Kreidelithographie eines unbekannten K\u00fcnstlers)<\/div>\n<\/div>\n<\/div>\n<p style=\"text-align: justify;\">Nationalstaatliche und b\u00fcrgerlich-demokratische Bewegungen standen der Restaurationspolitik entgegen. Sie f\u00fchrten zu zahlreichen <a title=\"Europ\u00e4ische Revolutionen 1848\/1849\" href=\"https:\/\/de.wikipedia.org\/wiki\/Europ%C3%A4ische_Revolutionen_1848\/1849\">Erhebungen in weiten Teilen Mitteleuropas<\/a>, zu denen schlie\u00dflich auch die <a title=\"Deutsche Revolution 1848\/1849\" href=\"https:\/\/de.wikipedia.org\/wiki\/Deutsche_Revolution_1848\/1849\">M\u00e4rzrevolution<\/a> von 1848 in den deutschen Staaten z\u00e4hlt. Abgeordnete des durch die Revolution neu entstandenen ersten gesamtdeutschen, demokratisch gew\u00e4hlten Parlaments, der <a title=\"Frankfurter Nationalversammlung\" href=\"https:\/\/de.wikipedia.org\/wiki\/Frankfurter_Nationalversammlung\">Frankfurter Nationalversammlung<\/a>, boten nach der Verabschiedung der <a title=\"Paulskirchenverfassung\" href=\"https:\/\/de.wikipedia.org\/wiki\/Paulskirchenverfassung\">Paulskirchenverfassung<\/a> dem preu\u00dfischen K\u00f6nig <a title=\"Friedrich Wilhelm IV.\" href=\"https:\/\/de.wikipedia.org\/wiki\/Friedrich_Wilhelm_IV.\">Friedrich Wilhelm IV.<\/a> im Rahmen der kleindeutschen L\u00f6sung die deutsche Kaiserkrone an. Weil dieser aber mit Berufung auf sein \u201e<a title=\"Gottesgnadentum\" href=\"https:\/\/de.wikipedia.org\/wiki\/Gottesgnadentum\">Gottesgnadentum<\/a>\u201c ablehnte, scheiterte der Versuch, den Gro\u00dfteil der deutschen Staaten auf konstitutioneller Basis zu vereinigen.<\/p>\n<p style=\"text-align: justify;\">Der Deutsche Bund bestand nach der letztlich gewaltsamen Niederschlagung der revolution\u00e4ren Bewegung von 1848\/49 noch bis 1866 fort. Nach einem Jahrzehnt der politischen Reaktion (<a title=\"Reaktions\u00e4ra\" href=\"https:\/\/de.wikipedia.org\/wiki\/Reaktions%C3%A4ra\">Reaktions\u00e4ra<\/a>), in dem demokratische und liberale Bestrebungen erneut unterdr\u00fcckt wurden, bildeten sich ab Beginn der 1860er Jahre in den deutschen Staaten die ersten <a title=\"Politische Partei\" href=\"https:\/\/de.wikipedia.org\/wiki\/Politische_Partei\">politischen Parteien<\/a> im heutigen Sinn. Das Verh\u00e4ltnis von \u00d6sterreich und Preu\u00dfen war in den 1850er-Jahren von Zusammenarbeit gepr\u00e4gt, danach wieder von Rivalit\u00e4t. Unterschiedliche Vorstellungen zeigten sich etwa beim <a title=\"Frankfurter F\u00fcrstentag\" href=\"https:\/\/de.wikipedia.org\/wiki\/Frankfurter_F%C3%BCrstentag\">Frankfurter F\u00fcrstentag<\/a> 1863: \u00d6sterreich und die Mittelstaaten wie Bayern wollten den Deutschen Bund als Staatenbund ausbauen, w\u00e4hrend Preu\u00dfen eine bundesstaatliche L\u00f6sung bevorzugte. Im <a title=\"Deutsch-D\u00e4nischer Krieg\" href=\"https:\/\/de.wikipedia.org\/wiki\/Deutsch-D%C3%A4nischer_Krieg\">Deutsch-D\u00e4nischen Krieg<\/a> 1864 arbeiteten die beiden Gro\u00dfm\u00e4chte wieder zusammen, zerstritten sich dann aber \u00fcber die Beute <a title=\"Schleswig-Holstein\" href=\"https:\/\/de.wikipedia.org\/wiki\/Schleswig-Holstein\">Schleswig-Holstein<\/a>.<\/p>\n<p style=\"text-align: justify;\">Durch preu\u00dfische Provokation (dem Einmarsch ins \u00f6sterreichisch verwaltete Holstein) wurde 1866 der <a title=\"Deutscher Krieg\" href=\"https:\/\/de.wikipedia.org\/wiki\/Deutscher_Krieg\">Deutsche Krieg<\/a> Preu\u00dfens gegen \u00d6sterreich ausgel\u00f6st, in dem die Armeen Preu\u00dfens und einiger norddeutscher Staaten gemeinsam mit Italien gegen die Truppen \u00d6sterreichs k\u00e4mpften, das mit den s\u00fcddeutschen Staaten, unter anderen <a title=\"Gro\u00dfherzogtum Baden\" href=\"https:\/\/de.wikipedia.org\/wiki\/Gro%C3%9Fherzogtum_Baden\">Baden<\/a>, <a title=\"K\u00f6nigreich Bayern\" href=\"https:\/\/de.wikipedia.org\/wiki\/K%C3%B6nigreich_Bayern\">Bayern<\/a>, <a title=\"Gro\u00dfherzogtum Hessen\" href=\"https:\/\/de.wikipedia.org\/wiki\/Gro%C3%9Fherzogtum_Hessen\">Hessen<\/a> und <a title=\"K\u00f6nigreich W\u00fcrttemberg\" href=\"https:\/\/de.wikipedia.org\/wiki\/K%C3%B6nigreich_W%C3%BCrttemberg\">W\u00fcrttemberg<\/a>, verb\u00fcndet war. Nach der Niederlage musste \u00d6sterreich die <a title=\"Aufl\u00f6sung des Deutschen Bundes\" href=\"https:\/\/de.wikipedia.org\/wiki\/Aufl%C3%B6sung_des_Deutschen_Bundes\">Aufl\u00f6sung des Deutschen Bundes<\/a> anerkennen und hinnehmen, dass Preu\u00dfen mit den Staaten n\u00f6rdlich der <a title=\"Mainlinie (Politik)\" href=\"https:\/\/de.wikipedia.org\/wiki\/Mainlinie_(Politik)\">Mainlinie<\/a> den <a title=\"Norddeutscher Bund\" href=\"https:\/\/de.wikipedia.org\/wiki\/Norddeutscher_Bund\">Norddeutschen Bund<\/a> als zun\u00e4chst <a title=\"Milit\u00e4rb\u00fcndnis\" href=\"https:\/\/de.wikipedia.org\/wiki\/Milit%C3%A4rb%C3%BCndnis\">milit\u00e4risches B\u00fcndnis<\/a> gr\u00fcndete. Dieser erhielt <a title=\"Verfassung des Norddeutschen Bundes\" href=\"https:\/\/de.wikipedia.org\/wiki\/Verfassung_des_Norddeutschen_Bundes\">1867 eine bundesstaatliche Verfassung<\/a>. Die zuvor mit \u00d6sterreich alliierten s\u00fcddeutschen Staaten schlossen <a title=\"Schutz- und Trutzb\u00fcndnisse 1866\" href=\"https:\/\/de.wikipedia.org\/wiki\/Schutz-_und_Trutzb%C3%BCndnisse_1866\">Schutz- und Trutzb\u00fcndnisse<\/a> mit Preu\u00dfen ab.<\/p>\n<div>\n<div>\n<p><a href=\"https:\/\/de.wikipedia.org\/wiki\/Datei:BismarckundNapoleonIII.jpg\"><img loading=\"lazy\" decoding=\"async\" src=\"https:\/\/upload.wikimedia.org\/wikipedia\/commons\/thumb\/c\/cf\/BismarckundNapoleonIII.jpg\/220px-BismarckundNapoleonIII.jpg\" srcset=\"\/\/upload.wikimedia.org\/wikipedia\/commons\/thumb\/c\/cf\/BismarckundNapoleonIII.jpg\/330px-BismarckundNapoleonIII.jpg 1.5x, \/\/upload.wikimedia.org\/wikipedia\/commons\/thumb\/c\/cf\/BismarckundNapoleonIII.jpg\/440px-BismarckundNapoleonIII.jpg 2x\" alt=\"\" width=\"220\" height=\"153\" data-file-width=\"1516\" data-file-height=\"1053\" \/><\/a><\/p>\n<div>\n<div><\/div>\n<\/div>\n<\/div>\n<\/div>\n<div>\n<div>\n<div style=\"text-align: justify;\">Otto von Bismarck und Frankreichs Kaiser Napoleon III. nach der Schlacht bei Sedan (nach einem Gem\u00e4lde von <a title=\"Wilhelm Camphausen\" href=\"https:\/\/de.wikipedia.org\/wiki\/Wilhelm_Camphausen\">Wilhelm Camphausen<\/a> von 1878)<\/div>\n<\/div>\n<\/div>\n<p style=\"text-align: justify;\">Ausgel\u00f6st durch einen diplomatischen Streit <a title=\"Spanische Thronfolge 1868\u20131870\" href=\"https:\/\/de.wikipedia.org\/wiki\/Spanische_Thronfolge_1868%E2%80%931870\">um die spanische Erbfolge<\/a> begann 1870 der <a title=\"Deutsch-Franz\u00f6sischer Krieg\" href=\"https:\/\/de.wikipedia.org\/wiki\/Deutsch-Franz%C3%B6sischer_Krieg\">Deutsch-Franz\u00f6sische Krieg<\/a>. Die Kriegserkl\u00e4rung kam von franz\u00f6sischer Seite, nachdem der preu\u00dfische Ministerpr\u00e4sident <a title=\"Otto von Bismarck\" href=\"https:\/\/de.wikipedia.org\/wiki\/Otto_von_Bismarck\">Bismarck<\/a> Frankreich politisch blo\u00dfgestellt hatte. Die s\u00fcddeutschen Staaten nahmen am Krieg teil und traten zum 1. Januar 1871 dem Norddeutschen Bund bei. Die drei Kriege zwischen 1864 und 1871 werden auch als <a title=\"Deutsche Einigungskriege\" href=\"https:\/\/de.wikipedia.org\/wiki\/Deutsche_Einigungskriege\">deutsche Einigungskriege<\/a> bezeichnet.<\/p>\n<h2><span id=\"Reichsgr.C3.BCndung\"> <\/span><span id=\"Reichsgr\u00fcndung\">Reichsgr\u00fcndung<\/span><\/h2>\n<div role=\"navigation\"><span title=\"siehe\" role=\"presentation\" aria-hidden=\"true\">\u2192 <\/span><em>Hauptartikel: <a title=\"Deutsche Reichsgr\u00fcndung\" href=\"https:\/\/de.wikipedia.org\/wiki\/Deutsche_Reichsgr%C3%BCndung\">Deutsche Reichsgr\u00fcndung<\/a><\/em><\/div>\n<div>\n<div>\n<p><a href=\"https:\/\/de.wikipedia.org\/wiki\/Datei:Wernerprokla.jpg\"><img loading=\"lazy\" decoding=\"async\" src=\"https:\/\/upload.wikimedia.org\/wikipedia\/commons\/thumb\/1\/17\/Wernerprokla.jpg\/220px-Wernerprokla.jpg\" srcset=\"\/\/upload.wikimedia.org\/wikipedia\/commons\/thumb\/1\/17\/Wernerprokla.jpg\/330px-Wernerprokla.jpg 1.5x, \/\/upload.wikimedia.org\/wikipedia\/commons\/thumb\/1\/17\/Wernerprokla.jpg\/440px-Wernerprokla.jpg 2x\" alt=\"\" width=\"220\" height=\"163\" data-file-width=\"1482\" data-file-height=\"1097\" \/><\/a><\/p>\n<div>\n<div><\/div>\n<\/div>\n<\/div>\n<\/div>\n<div>\n<div>\n<div><em><a title=\"Die Proklamierung des deutschen Kaiserreiches (18. Januar 1871)\" href=\"https:\/\/de.wikipedia.org\/wiki\/Die_Proklamierung_des_deutschen_Kaiserreiches_(18._Januar_1871)#Dritte_Fassung_1885\">Die Proklamierung des deutschen Kaiserreiches (18. Januar 1871)<\/a><\/em>, \u00d6lgem\u00e4lde von <a title=\"Anton von Werner\" href=\"https:\/\/de.wikipedia.org\/wiki\/Anton_von_Werner\">Anton von Werner<\/a>, 1885<\/div>\n<\/div>\n<\/div>\n<p style=\"text-align: justify;\">Nach dem deutschen Sieg bei <a title=\"Schlacht von Sedan\" href=\"https:\/\/de.wikipedia.org\/wiki\/Schlacht_von_Sedan\">Sedan<\/a> und der Gefangennahme des franz\u00f6sischen Kaisers <a title=\"Napoleon III.\" href=\"https:\/\/de.wikipedia.org\/wiki\/Napoleon_III.\">Napoleon III.<\/a> (beides am 2. September 1870) war der Weg f\u00fcr die Reichsgr\u00fcndung frei. Bismarck begann mit den s\u00fcddeutschen Staaten zu verhandeln. Dies bedeutete den Beitritt Bayerns, W\u00fcrttembergs und Badens zum Norddeutschen Bund durch die im November 1870 vereinbarte Gr\u00fcndung eines neuen \u201eDeutschen Bundes\u201c.<a href=\"https:\/\/de.wikipedia.org\/wiki\/Deutsches_Kaiserreich#cite_note-6\">[6]<\/a> Andere Pl\u00e4ne wie der eines Doppelbundes, wie ihn etwa <a title=\"K\u00f6nigreich Bayern\" href=\"https:\/\/de.wikipedia.org\/wiki\/K%C3%B6nigreich_Bayern\">Bayern<\/a> vorgeschlagen hatten, waren nunmehr chancenlos. Die bismarcksche L\u00f6sung garantierte zum einen eine Dominanz Preu\u00dfens auch im neuen, sogenannten <em>zweiten Deutschen Reich<\/em>. Zum anderen bedeutete der gest\u00e4rkte monarchische <a title=\"F\u00f6deralismus\" href=\"https:\/\/de.wikipedia.org\/wiki\/F%C3%B6deralismus\">F\u00f6deralismus<\/a> eine Barriere gegen Tendenzen zur <a title=\"Parlamentarisierung\" href=\"https:\/\/de.wikipedia.org\/wiki\/Parlamentarisierung\">Parlamentarisierung<\/a>.<\/p>\n<p style=\"text-align: justify;\">In der deutschen \u00d6ffentlichkeit wurden Forderungen nach einer <a title=\"Annexion\" href=\"https:\/\/de.wikipedia.org\/wiki\/Annexion\">Annexion<\/a> des <a title=\"Elsass\" href=\"https:\/\/de.wikipedia.org\/wiki\/Elsass\">Elsass<\/a> und Teilen <a title=\"Lothringen\" href=\"https:\/\/de.wikipedia.org\/wiki\/Lothringen\">Lothringens<\/a> erhoben, und Bismarck machte sich diese Forderungen zu eigen. Dies verl\u00e4ngerte den Krieg, war ein Grund f\u00fcr die Verst\u00e4rkung der \u201e<a title=\"Deutsch-franz\u00f6sische Erbfeindschaft\" href=\"https:\/\/de.wikipedia.org\/wiki\/Deutsch-franz%C3%B6sische_Erbfeindschaft\">deutsch-franz\u00f6sischen Erbfeindschaft<\/a>\u201c (siehe auch franz\u00f6sischer <a title=\"Revanchismus\" href=\"https:\/\/de.wikipedia.org\/wiki\/Revanchismus\">Revanchismus<\/a>) und gab der nationalen Begeisterung in Deutschland weiteren Auftrieb. Letztere erleichterte Bismarck die Verhandlungen mit den s\u00fcddeutschen Staaten, die in den <a title=\"Novembervertr\u00e4ge\" href=\"https:\/\/de.wikipedia.org\/wiki\/Novembervertr%C3%A4ge\">Novembervertr\u00e4gen<\/a> m\u00fcndeten.<\/p>\n<div>\n<div>\n<p><a href=\"https:\/\/de.wikipedia.org\/wiki\/Datei:Berlin_Nationaldenkmal_Kaiser_Wilhelm_mit_Schloss_1900.jpg\"><img loading=\"lazy\" decoding=\"async\" src=\"https:\/\/upload.wikimedia.org\/wikipedia\/commons\/thumb\/4\/4f\/Berlin_Nationaldenkmal_Kaiser_Wilhelm_mit_Schloss_1900.jpg\/220px-Berlin_Nationaldenkmal_Kaiser_Wilhelm_mit_Schloss_1900.jpg\" srcset=\"\/\/upload.wikimedia.org\/wikipedia\/commons\/thumb\/4\/4f\/Berlin_Nationaldenkmal_Kaiser_Wilhelm_mit_Schloss_1900.jpg\/330px-Berlin_Nationaldenkmal_Kaiser_Wilhelm_mit_Schloss_1900.jpg 1.5x, \/\/upload.wikimedia.org\/wikipedia\/commons\/thumb\/4\/4f\/Berlin_Nationaldenkmal_Kaiser_Wilhelm_mit_Schloss_1900.jpg\/440px-Berlin_Nationaldenkmal_Kaiser_Wilhelm_mit_Schloss_1900.jpg 2x\" alt=\"\" width=\"220\" height=\"143\" data-file-width=\"3308\" data-file-height=\"2156\" \/><\/a><\/p>\n<div>\n<div><\/div>\n<\/div>\n<\/div>\n<\/div>\n<div>\n<div>\n<div>Kaiserliche Hauptresidenz <a title=\"Berliner Stadtschloss\" href=\"https:\/\/de.wikipedia.org\/wiki\/Berliner_Stadtschloss\">Berliner Stadtschloss<\/a> und <a title=\"Kaiser-Wilhelm-Nationaldenkmal\" href=\"https:\/\/de.wikipedia.org\/wiki\/Kaiser-Wilhelm-Nationaldenkmal\">Nationaldenkmal<\/a> um 1900<\/div>\n<\/div>\n<\/div>\n<p style=\"text-align: justify;\">Gleichwohl musste er Zugest\u00e4ndnisse machen, die sogenannten <a title=\"Reservatrechte (Deutsches Kaiserreich)\" href=\"https:\/\/de.wikipedia.org\/wiki\/Reservatrechte_(Deutsches_Kaiserreich)\">Reservatrechte<\/a>. So behielt Bayern in Friedenszeiten eine eigene Armee (<a title=\"Bayerische Armee\" href=\"https:\/\/de.wikipedia.org\/wiki\/Bayerische_Armee\">Bayerische Armee<\/a>). \u00dcberdies hielt es genauso wie W\u00fcrttemberg an einem eigenen <a title=\"Postwesen\" href=\"https:\/\/de.wikipedia.org\/wiki\/Postwesen\">Postwesen<\/a> fest. Die s\u00fcddeutschen Staaten insgesamt behielten ihre staatlichen Eisenbahnen (<a title=\"K\u00f6niglich Bayerische Staatseisenbahnen\" href=\"https:\/\/de.wikipedia.org\/wiki\/K%C3%B6niglich_Bayerische_Staatseisenbahnen\">K\u00f6niglich Bayerische Staatseisenbahnen<\/a>, <a title=\"K\u00f6niglich W\u00fcrttembergische Staats-Eisenbahnen\" href=\"https:\/\/de.wikipedia.org\/wiki\/K%C3%B6niglich_W%C3%BCrttembergische_Staats-Eisenbahnen\">K\u00f6niglich W\u00fcrttembergische Staats-Eisenbahnen<\/a>, <a title=\"Gro\u00dfherzoglich Badische Staatseisenbahnen\" href=\"https:\/\/de.wikipedia.org\/wiki\/Gro%C3%9Fherzoglich_Badische_Staatseisenbahnen\">Gro\u00dfherzoglich Badische Staatseisenbahnen<\/a>, <a title=\"Gro\u00dfherzoglich Hessische Staatseisenbahnen\" href=\"https:\/\/de.wikipedia.org\/wiki\/Gro%C3%9Fherzoglich_Hessische_Staatseisenbahnen\">Gro\u00dfherzoglich Hessische Staatseisenbahnen<\/a>). In der Au\u00dfenpolitik pochten sie erfolgreich auf eigene <a title=\"Diplomatie\" href=\"https:\/\/de.wikipedia.org\/wiki\/Diplomatie\">diplomatische Beziehungen<\/a>.<\/p>\n<p style=\"text-align: justify;\">Der preu\u00dfische K\u00f6nig, Inhaber des <a title=\"Bundespr\u00e4sidium\" href=\"https:\/\/de.wikipedia.org\/wiki\/Bundespr%C3%A4sidium\">Bundespr\u00e4sidiums<\/a>, erhielt den zus\u00e4tzlichen Titel \u201e<a title=\"Deutscher Kaiser\" href=\"https:\/\/de.wikipedia.org\/wiki\/Deutscher_Kaiser\">Deutscher Kaiser<\/a>\u201c. Diese Benennung war <a title=\"Staatsrecht (Deutschland)\" href=\"https:\/\/de.wikipedia.org\/wiki\/Staatsrecht_(Deutschland)\">staatsrechtlich<\/a> von untergeordneter, symbolisch jedoch von erheblicher Bedeutung \u2013 die Erinnerung an das Alte Reich erleichterte die Identifikation mit dem neuen Staat. Um die monarchische <a title=\"Legitimit\u00e4t\" href=\"https:\/\/de.wikipedia.org\/wiki\/Legitimit%C3%A4t\">Legitimit\u00e4t<\/a> des <a title=\"Nationalstaat\" href=\"https:\/\/de.wikipedia.org\/wiki\/Nationalstaat\">Nationalstaats<\/a> zu betonen, war es Bismarck wichtig, dass K\u00f6nig <a title=\"Ludwig II. (Bayern)\" href=\"https:\/\/de.wikipedia.org\/wiki\/Ludwig_II._(Bayern)\">Ludwig II.<\/a> als Monarch des gr\u00f6\u00dften Beitrittslandes K\u00f6nig <a title=\"Wilhelm I. (Deutsches Reich)\" href=\"https:\/\/de.wikipedia.org\/wiki\/Wilhelm_I._(Deutsches_Reich)\">Wilhelm I.<\/a> die Kaiserkrone antragen sollte.<a href=\"https:\/\/de.wikipedia.org\/wiki\/Deutsches_Kaiserreich#cite_note-7\">[7]<\/a> Nach Verabredungen \u00fcber Aufbesserungen seiner Privatkasse erkl\u00e4rte sich der widerstrebende, aber politisch isolierte bayerische K\u00f6nig zu diesem Schritt bereit und schlug in dem von Bismarck vorformulierten <a title=\"Kaiserbrief\" href=\"https:\/\/de.wikipedia.org\/wiki\/Kaiserbrief\">Kaiserbrief<\/a> vom 30. November 1870 K\u00f6nig Wilhelm zum deutschen Kaiser vor. Die geheimen j\u00e4hrlichen Zuwendungen, die Bismarck aus dem <a title=\"Welfenfonds\" href=\"https:\/\/de.wikipedia.org\/wiki\/Welfenfonds\">Welfenfonds<\/a> f\u00fcr Ludwig abzweigte, summierten sich auf 4 bis 5 Millionen Mark. Bezeichnend f\u00fcr den Charakter des neuen Reiches war, dass die Vertreter des <a title=\"Reichstag (Norddeutscher Bund)\" href=\"https:\/\/de.wikipedia.org\/wiki\/Reichstag_(Norddeutscher_Bund)\">Norddeutschen Reichstages<\/a> warten mussten, bis die <a title=\"Deutsche Bundesf\u00fcrsten\" href=\"https:\/\/de.wikipedia.org\/wiki\/Deutsche_Bundesf%C3%BCrsten\">Bundesf\u00fcrsten<\/a> ihre Zustimmung zur Kaiserw\u00fcrde erkl\u00e4rt hatten. Erst danach durften die Abgeordneten den K\u00f6nig um eine Annahme der <a title=\"Kaiserkrone\" href=\"https:\/\/de.wikipedia.org\/wiki\/Kaiserkrone\">Kaiserkrone<\/a> bitten. Dies stand im deutlichen Kontrast zur <a title=\"Kaiserdeputation\" href=\"https:\/\/de.wikipedia.org\/wiki\/Kaiserdeputation\">Kaiserdeputation<\/a> von 1849.<\/p>\n<p style=\"text-align: justify;\">K\u00f6nig Wilhelm selbst, der \u2013 nicht zu Unrecht \u2013 f\u00fcrchtete, dass der neue Titel die preu\u00dfische K\u00f6nigsw\u00fcrde \u00fcberdecken werde, blieb lange ablehnend. Wenn \u00fcberhaupt, verlangte er den Titel eines \u201eKaisers von Deutschland\u201c. Bismarck warnte, dass die s\u00fcddeutschen Monarchen dies kaum akzeptieren w\u00fcrden. Au\u00dferdem lautete der verfassungsm\u00e4\u00dfige Titel seit dem 1. Januar bereits \u201eDeutscher Kaiser\u201c. Wilhelm lie\u00df es dann bei der Kaiserproklamation am 18. Januar geschehen, dass der badische Gro\u00dfherzog ein Hoch auf \u201eKaiser Wilhelm\u201c ausrief.<\/p>\n<p style=\"text-align: justify;\">Am 3. M\u00e4rz 1871 kam es dann zu den <a title=\"Reichstagswahl 1871\" href=\"https:\/\/de.wikipedia.org\/wiki\/Reichstagswahl_1871\">ersten Reichstagswahlen<\/a>. Die erste konstituierende Reichstagssitzung fand am 21. M\u00e4rz im <a title=\"Preu\u00dfisches Abgeordnetenhaus\" href=\"https:\/\/de.wikipedia.org\/wiki\/Preu%C3%9Fisches_Abgeordnetenhaus\">Preu\u00dfischen Abgeordnetenhaus<\/a> in <a title=\"Berlin\" href=\"https:\/\/de.wikipedia.org\/wiki\/Berlin\">Berlin<\/a> statt, das zur <a title=\"Reichshauptstadt\" href=\"https:\/\/de.wikipedia.org\/wiki\/Reichshauptstadt\">Reichshauptstadt<\/a> erkl\u00e4rt wurde. Danach wurde die Verfassung vom 1. Januar 1871 \u00fcberarbeitet und am 16. April verabschiedet<a href=\"https:\/\/de.wikipedia.org\/wiki\/Deutsches_Kaiserreich#cite_note-8\">[8]<\/a>; sie ist normalerweise gemeint, wenn von der <a title=\"Bismarcksche Reichsverfassung\" href=\"https:\/\/de.wikipedia.org\/wiki\/Bismarcksche_Reichsverfassung\">&#8222;Bismarckschen Reichsverfassung&#8220;<\/a> die Rede ist.<\/p>\n<p style=\"text-align: justify;\">Der <a title=\"Friede von Frankfurt\" href=\"https:\/\/de.wikipedia.org\/wiki\/Friede_von_Frankfurt\">Friede von Frankfurt<\/a> beendete offiziell den Deutsch-Franz\u00f6sischen Krieg. Die Unterzeichnung fand am 10. Mai statt. Das <a title=\"Deutsches M\u00fcnzgesetz\" href=\"https:\/\/de.wikipedia.org\/wiki\/Deutsches_M%C3%BCnzgesetz\">Reichsm\u00fcnzgesetz<\/a> vereinheitlichte die deutschen W\u00e4hrungen, die <a title=\"Mark (1871)\" href=\"https:\/\/de.wikipedia.org\/wiki\/Mark_(1871)\">Mark<\/a> wurde 1876 als einheitliches W\u00e4hrung im Reich eingef\u00fchrt und ersetzte die <a title=\"Mark (1871)\" href=\"https:\/\/de.wikipedia.org\/wiki\/Mark_(1871)#Geschichte\">bisherigen Zahlungsmittel der Einzelstaaten<\/a>. Die neue <a title=\"Mark (1871)\" href=\"https:\/\/de.wikipedia.org\/wiki\/Mark_(1871)\">Mark<\/a>-W\u00e4hrung basierte auf dem <a title=\"Goldstandard\" href=\"https:\/\/de.wikipedia.org\/wiki\/Goldstandard\">Goldstandard<\/a>.<\/p>\n<h2 style=\"text-align: justify;\"><span id=\"Struktur_des_Reiches\">Struktur des Reiches<\/span><\/h2>\n<h3 style=\"text-align: justify;\"><span id=\"Gebietsgliederung\"><span id=\"Gliederung_des_Deutschen_Reiches\"> <\/span> Gebietsgliederung<\/span><\/h3>\n<p style=\"text-align: justify;\">Dem Kaiserreich geh\u00f6rten 25 <a title=\"Gliedstaat\" href=\"https:\/\/de.wikipedia.org\/wiki\/Gliedstaat\">Bundesstaaten<\/a> <em>(Bundesglieder)<\/em> \u2013 darunter die drei republikanisch verfassten <a title=\"Hansest\u00e4dte\" href=\"https:\/\/de.wikipedia.org\/wiki\/Hansest%C3%A4dte\">Hansest\u00e4dte<\/a> <a title=\"Hamburg\" href=\"https:\/\/de.wikipedia.org\/wiki\/Hamburg\">Hamburg<\/a>, <a title=\"Freie Hansestadt Bremen\" href=\"https:\/\/de.wikipedia.org\/wiki\/Freie_Hansestadt_Bremen\">Bremen<\/a> und <a title=\"L\u00fcbeck\" href=\"https:\/\/de.wikipedia.org\/wiki\/L%C3%BCbeck\">L\u00fcbeck<\/a> \u2013 sowie das <a title=\"Reichsland Elsa\u00df-Lothringen\" href=\"https:\/\/de.wikipedia.org\/wiki\/Reichsland_Elsa%C3%9F-Lothringen\">Reichsland Elsa\u00df-Lothringen<\/a> an.<\/p>\n<table>\n<caption>Gliederung des deutschen Kaiserreichs 1871\u20131918<a href=\"https:\/\/de.wikipedia.org\/wiki\/Deutsches_Kaiserreich#cite_note-9\">[9]<\/a><\/caption>\n<thead>\n<tr>\n<th tabindex=\"0\" title=\"Aufsteigend sortieren\" role=\"columnheader button\">Bundesstaat<\/th>\n<th tabindex=\"0\" title=\"Aufsteigend sortieren\" role=\"columnheader button\">Staatsform<\/th>\n<th tabindex=\"0\" title=\"Aufsteigend sortieren\" role=\"columnheader button\">Hauptstadt<\/th>\n<th tabindex=\"0\" title=\"Aufsteigend sortieren\" role=\"columnheader button\" width=\"12 em\">Fl\u00e4che in km\u00b2 (1910)<\/th>\n<th tabindex=\"0\" title=\"Aufsteigend sortieren\" role=\"columnheader button\" width=\"12 em\">Einwohner (1871)<a href=\"https:\/\/de.wikipedia.org\/wiki\/Deutsches_Kaiserreich#cite_note-10\">[10]<\/a><\/th>\n<th tabindex=\"0\" title=\"Aufsteigend sortieren\" role=\"columnheader button\" width=\"12 em\">Einwohner (1900)<a href=\"https:\/\/de.wikipedia.org\/wiki\/Deutsches_Kaiserreich#cite_note-11\">[11]<\/a><\/th>\n<th tabindex=\"0\" title=\"Aufsteigend sortieren\" role=\"columnheader button\" width=\"12 em\">Einwohner (1910)<\/th>\n<\/tr>\n<\/thead>\n<tbody>\n<tr>\n<td><a title=\"K\u00f6nigreich Preu\u00dfen\" href=\"https:\/\/de.wikipedia.org\/wiki\/K%C3%B6nigreich_Preu%C3%9Fen\">K\u00f6nigreich Preu\u00dfen<\/a><\/td>\n<td><a title=\"Monarchie\" href=\"https:\/\/de.wikipedia.org\/wiki\/Monarchie\">Monarchie<\/a><\/td>\n<td><a title=\"Berlin\" href=\"https:\/\/de.wikipedia.org\/wiki\/Berlin\">Berlin<\/a><\/td>\n<td align=\"right\">348.780<\/td>\n<td align=\"right\">24.691.085<\/td>\n<td align=\"right\">34.472.509<\/td>\n<td align=\"right\">40.165.219<\/td>\n<\/tr>\n<tr>\n<td><a title=\"K\u00f6nigreich Bayern\" href=\"https:\/\/de.wikipedia.org\/wiki\/K%C3%B6nigreich_Bayern\">K\u00f6nigreich Bayern<\/a><\/td>\n<td><a title=\"Monarchie\" href=\"https:\/\/de.wikipedia.org\/wiki\/Monarchie\">Monarchie<\/a><\/td>\n<td><a title=\"M\u00fcnchen\" href=\"https:\/\/de.wikipedia.org\/wiki\/M%C3%BCnchen\">M\u00fcnchen<\/a><\/td>\n<td align=\"right\">75.870<\/td>\n<td align=\"right\">4.863.450<\/td>\n<td align=\"right\">6.524.372<\/td>\n<td align=\"right\">6.887.291<\/td>\n<\/tr>\n<tr>\n<td><a title=\"K\u00f6nigreich W\u00fcrttemberg\" href=\"https:\/\/de.wikipedia.org\/wiki\/K%C3%B6nigreich_W%C3%BCrttemberg\">K\u00f6nigreich W\u00fcrttemberg<\/a><\/td>\n<td><a title=\"Monarchie\" href=\"https:\/\/de.wikipedia.org\/wiki\/Monarchie\">Monarchie<\/a><\/td>\n<td><a title=\"Stuttgart\" href=\"https:\/\/de.wikipedia.org\/wiki\/Stuttgart\">Stuttgart<\/a><\/td>\n<td align=\"right\">19.507<\/td>\n<td align=\"right\">1.818.539<\/td>\n<td align=\"right\">2.169.480<\/td>\n<td align=\"right\">2.437.574<\/td>\n<\/tr>\n<tr>\n<td><a title=\"K\u00f6nigreich Sachsen\" href=\"https:\/\/de.wikipedia.org\/wiki\/K%C3%B6nigreich_Sachsen\">K\u00f6nigreich Sachsen<\/a><\/td>\n<td><a title=\"Monarchie\" href=\"https:\/\/de.wikipedia.org\/wiki\/Monarchie\">Monarchie<\/a><\/td>\n<td><a title=\"Dresden\" href=\"https:\/\/de.wikipedia.org\/wiki\/Dresden\">Dresden<\/a><\/td>\n<td align=\"right\">14.993<\/td>\n<td align=\"right\">2.556.244<\/td>\n<td align=\"right\">4.202.216<\/td>\n<td align=\"right\">4.806.661<\/td>\n<\/tr>\n<tr>\n<td><a title=\"Gro\u00dfherzogtum Baden\" href=\"https:\/\/de.wikipedia.org\/wiki\/Gro%C3%9Fherzogtum_Baden\">Gro\u00dfherzogtum Baden<\/a><\/td>\n<td><a title=\"Monarchie\" href=\"https:\/\/de.wikipedia.org\/wiki\/Monarchie\">Monarchie<\/a><\/td>\n<td><a title=\"Karlsruhe\" href=\"https:\/\/de.wikipedia.org\/wiki\/Karlsruhe\">Karlsruhe<\/a><\/td>\n<td align=\"right\">15.070<\/td>\n<td align=\"right\">1.461.562<\/td>\n<td align=\"right\">1.867.944<\/td>\n<td align=\"right\">2.142.833<\/td>\n<\/tr>\n<tr>\n<td><a title=\"Gro\u00dfherzogtum Mecklenburg-Schwerin\" href=\"https:\/\/de.wikipedia.org\/wiki\/Gro%C3%9Fherzogtum_Mecklenburg-Schwerin\">Gro\u00dfherzogtum Mecklenburg-Schwerin<\/a><\/td>\n<td><a title=\"Monarchie\" href=\"https:\/\/de.wikipedia.org\/wiki\/Monarchie\">Monarchie<\/a><\/td>\n<td><a title=\"Schwerin\" href=\"https:\/\/de.wikipedia.org\/wiki\/Schwerin\">Schwerin<\/a><\/td>\n<td align=\"right\">13.127<\/td>\n<td align=\"right\">557.707<\/td>\n<td align=\"right\">607.770<\/td>\n<td align=\"right\">639.958<\/td>\n<\/tr>\n<tr>\n<td><a title=\"Gro\u00dfherzogtum Hessen\" href=\"https:\/\/de.wikipedia.org\/wiki\/Gro%C3%9Fherzogtum_Hessen\">Gro\u00dfherzogtum Hessen<\/a><\/td>\n<td><a title=\"Monarchie\" href=\"https:\/\/de.wikipedia.org\/wiki\/Monarchie\">Monarchie<\/a><\/td>\n<td><a title=\"Darmstadt\" href=\"https:\/\/de.wikipedia.org\/wiki\/Darmstadt\">Darmstadt<\/a><\/td>\n<td align=\"right\">7.688<\/td>\n<td align=\"right\">852.894<\/td>\n<td align=\"right\">1.119.893<\/td>\n<td align=\"right\">1.282.051<\/td>\n<\/tr>\n<tr>\n<td><a title=\"Gro\u00dfherzogtum Oldenburg\" href=\"https:\/\/de.wikipedia.org\/wiki\/Gro%C3%9Fherzogtum_Oldenburg\">Gro\u00dfherzogtum Oldenburg<\/a><\/td>\n<td><a title=\"Monarchie\" href=\"https:\/\/de.wikipedia.org\/wiki\/Monarchie\">Monarchie<\/a><\/td>\n<td><a title=\"Oldenburg (Oldb)\" href=\"https:\/\/de.wikipedia.org\/wiki\/Oldenburg_(Oldb)\">Oldenburg<\/a><\/td>\n<td align=\"right\">6.429<\/td>\n<td align=\"right\">314.591<\/td>\n<td align=\"right\">399.180<\/td>\n<td align=\"right\">483.042<\/td>\n<\/tr>\n<tr>\n<td><a title=\"Gro\u00dfherzogtum Sachsen-Weimar-Eisenach\" href=\"https:\/\/de.wikipedia.org\/wiki\/Gro%C3%9Fherzogtum_Sachsen-Weimar-Eisenach\">Gro\u00dfherzogtum Sachsen-Weimar-Eisenach<\/a><\/td>\n<td><a title=\"Monarchie\" href=\"https:\/\/de.wikipedia.org\/wiki\/Monarchie\">Monarchie<\/a><\/td>\n<td><a title=\"Weimar\" href=\"https:\/\/de.wikipedia.org\/wiki\/Weimar\">Weimar<\/a><\/td>\n<td align=\"right\">3.610<\/td>\n<td align=\"right\">286.183<\/td>\n<td align=\"right\">362.873<\/td>\n<td align=\"right\">417.149<\/td>\n<\/tr>\n<tr>\n<td><a title=\"Gro\u00dfherzogtum Mecklenburg-Strelitz\" href=\"https:\/\/de.wikipedia.org\/wiki\/Gro%C3%9Fherzogtum_Mecklenburg-Strelitz\">Gro\u00dfherzogtum Mecklenburg-Strelitz<\/a><\/td>\n<td><a title=\"Monarchie\" href=\"https:\/\/de.wikipedia.org\/wiki\/Monarchie\">Monarchie<\/a><\/td>\n<td><a title=\"Neustrelitz\" href=\"https:\/\/de.wikipedia.org\/wiki\/Neustrelitz\">Neustrelitz<\/a><\/td>\n<td align=\"right\">2.929<\/td>\n<td align=\"right\">96.982<\/td>\n<td align=\"right\">102.602<\/td>\n<td align=\"right\">106.442<\/td>\n<\/tr>\n<tr>\n<td><a title=\"Herzogtum Braunschweig\" href=\"https:\/\/de.wikipedia.org\/wiki\/Herzogtum_Braunschweig\">Herzogtum Braunschweig<\/a><\/td>\n<td><a title=\"Monarchie\" href=\"https:\/\/de.wikipedia.org\/wiki\/Monarchie\">Monarchie<\/a><\/td>\n<td><a title=\"Braunschweig\" href=\"https:\/\/de.wikipedia.org\/wiki\/Braunschweig\">Braunschweig<\/a><\/td>\n<td align=\"right\">3.672<\/td>\n<td align=\"right\">312.170<\/td>\n<td align=\"right\">464.333<\/td>\n<td align=\"right\">494.339<\/td>\n<\/tr>\n<tr>\n<td><a title=\"Herzogtum Sachsen-Meiningen\" href=\"https:\/\/de.wikipedia.org\/wiki\/Herzogtum_Sachsen-Meiningen\">Herzogtum Sachsen-Meiningen<\/a><\/td>\n<td><a title=\"Monarchie\" href=\"https:\/\/de.wikipedia.org\/wiki\/Monarchie\">Monarchie<\/a><\/td>\n<td><a title=\"Meiningen\" href=\"https:\/\/de.wikipedia.org\/wiki\/Meiningen\">Meiningen<\/a><\/td>\n<td align=\"right\">2.468<\/td>\n<td align=\"right\">187.957<\/td>\n<td align=\"right\">250.731<\/td>\n<td align=\"right\">278.762<\/td>\n<\/tr>\n<tr>\n<td><a title=\"Herzogtum Anhalt\" href=\"https:\/\/de.wikipedia.org\/wiki\/Herzogtum_Anhalt\">Herzogtum Anhalt<\/a><\/td>\n<td><a title=\"Monarchie\" href=\"https:\/\/de.wikipedia.org\/wiki\/Monarchie\">Monarchie<\/a><\/td>\n<td><a title=\"Dessau\" href=\"https:\/\/de.wikipedia.org\/wiki\/Dessau\">Dessau<\/a><\/td>\n<td align=\"right\">2.299<\/td>\n<td align=\"right\">203.437<\/td>\n<td align=\"right\">316.085<\/td>\n<td align=\"right\">331.128<\/td>\n<\/tr>\n<tr>\n<td><a title=\"Herzogtum Sachsen-Coburg und Gotha\" href=\"https:\/\/de.wikipedia.org\/wiki\/Herzogtum_Sachsen-Coburg_und_Gotha\">Herzogtum Sachsen-Coburg und Gotha<\/a><\/td>\n<td><a title=\"Monarchie\" href=\"https:\/\/de.wikipedia.org\/wiki\/Monarchie\">Monarchie<\/a><\/td>\n<td><a title=\"Coburg\" href=\"https:\/\/de.wikipedia.org\/wiki\/Coburg\">Coburg<\/a>\/<a title=\"Gotha\" href=\"https:\/\/de.wikipedia.org\/wiki\/Gotha\">Gotha<\/a><\/td>\n<td align=\"right\">1.977<\/td>\n<td align=\"right\">174.339<\/td>\n<td align=\"right\">229.550<\/td>\n<td align=\"right\">257.177<\/td>\n<\/tr>\n<tr>\n<td><a title=\"Herzogtum Sachsen-Altenburg\" href=\"https:\/\/de.wikipedia.org\/wiki\/Herzogtum_Sachsen-Altenburg\">Herzogtum Sachsen-Altenburg<\/a><\/td>\n<td><a title=\"Monarchie\" href=\"https:\/\/de.wikipedia.org\/wiki\/Monarchie\">Monarchie<\/a><\/td>\n<td><a title=\"Altenburg\" href=\"https:\/\/de.wikipedia.org\/wiki\/Altenburg\">Altenburg<\/a><\/td>\n<td align=\"right\">1.324<\/td>\n<td align=\"right\">142.122<\/td>\n<td align=\"right\">194.914<\/td>\n<td align=\"right\">216.128<\/td>\n<\/tr>\n<tr>\n<td><a title=\"F\u00fcrstentum Lippe\" href=\"https:\/\/de.wikipedia.org\/wiki\/F%C3%BCrstentum_Lippe\">F\u00fcrstentum Lippe<\/a><\/td>\n<td><a title=\"Monarchie\" href=\"https:\/\/de.wikipedia.org\/wiki\/Monarchie\">Monarchie<\/a><\/td>\n<td><a title=\"Detmold\" href=\"https:\/\/de.wikipedia.org\/wiki\/Detmold\">Detmold<\/a><\/td>\n<td align=\"right\">1.215<\/td>\n<td align=\"right\">111.135<\/td>\n<td align=\"right\">138.952<\/td>\n<td align=\"right\">150.937<\/td>\n<\/tr>\n<tr>\n<td><a title=\"F\u00fcrstentum Waldeck\" href=\"https:\/\/de.wikipedia.org\/wiki\/F%C3%BCrstentum_Waldeck\">F\u00fcrstentum Waldeck<\/a><\/td>\n<td><a title=\"Monarchie\" href=\"https:\/\/de.wikipedia.org\/wiki\/Monarchie\">Monarchie<\/a><\/td>\n<td><a title=\"Arolsen\" href=\"https:\/\/de.wikipedia.org\/wiki\/Arolsen\">Arolsen<\/a><\/td>\n<td align=\"right\">1.121<\/td>\n<td align=\"right\">56.224<\/td>\n<td align=\"right\">57.918<\/td>\n<td align=\"right\">61.707<\/td>\n<\/tr>\n<tr>\n<td><a title=\"F\u00fcrstentum Schwarzburg-Rudolstadt\" href=\"https:\/\/de.wikipedia.org\/wiki\/F%C3%BCrstentum_Schwarzburg-Rudolstadt\">F\u00fcrstentum Schwarzburg-Rudolstadt<\/a><\/td>\n<td><a title=\"Monarchie\" href=\"https:\/\/de.wikipedia.org\/wiki\/Monarchie\">Monarchie<\/a><\/td>\n<td><a title=\"Rudolstadt\" href=\"https:\/\/de.wikipedia.org\/wiki\/Rudolstadt\">Rudolstadt<\/a><\/td>\n<td align=\"right\">941<\/td>\n<td align=\"right\">75.523<\/td>\n<td align=\"right\">93.059<\/td>\n<td align=\"right\">100.702<\/td>\n<\/tr>\n<tr>\n<td><a title=\"F\u00fcrstentum Schwarzburg-Sondershausen\" href=\"https:\/\/de.wikipedia.org\/wiki\/F%C3%BCrstentum_Schwarzburg-Sondershausen\">F\u00fcrstentum Schwarzburg-Sondershausen<\/a><\/td>\n<td><a title=\"Monarchie\" href=\"https:\/\/de.wikipedia.org\/wiki\/Monarchie\">Monarchie<\/a><\/td>\n<td><a title=\"Sondershausen\" href=\"https:\/\/de.wikipedia.org\/wiki\/Sondershausen\">Sondershausen<\/a><\/td>\n<td align=\"right\">862<\/td>\n<td align=\"right\">67.191<\/td>\n<td align=\"right\">80.898<\/td>\n<td align=\"right\">89.917<\/td>\n<\/tr>\n<tr>\n<td><a title=\"F\u00fcrstentum Reu\u00df j\u00fcngere Linie\" href=\"https:\/\/de.wikipedia.org\/wiki\/F%C3%BCrstentum_Reu%C3%9F_j%C3%BCngere_Linie\">F\u00fcrstentum Reu\u00df j\u00fcngere Linie<\/a><\/td>\n<td><a title=\"Monarchie\" href=\"https:\/\/de.wikipedia.org\/wiki\/Monarchie\">Monarchie<\/a><\/td>\n<td><a title=\"Gera\" href=\"https:\/\/de.wikipedia.org\/wiki\/Gera\">Gera<\/a><\/td>\n<td align=\"right\">827<\/td>\n<td align=\"right\">89.032<\/td>\n<td align=\"right\">139.210<\/td>\n<td align=\"right\">152.752<\/td>\n<\/tr>\n<tr>\n<td><a title=\"F\u00fcrstentum Schaumburg-Lippe\" href=\"https:\/\/de.wikipedia.org\/wiki\/F%C3%BCrstentum_Schaumburg-Lippe\">F\u00fcrstentum Schaumburg-Lippe<\/a><\/td>\n<td><a title=\"Monarchie\" href=\"https:\/\/de.wikipedia.org\/wiki\/Monarchie\">Monarchie<\/a><\/td>\n<td><a title=\"B\u00fcckeburg\" href=\"https:\/\/de.wikipedia.org\/wiki\/B%C3%BCckeburg\">B\u00fcckeburg<\/a><\/td>\n<td align=\"right\">340<\/td>\n<td align=\"right\">32.059<\/td>\n<td align=\"right\">43.132<\/td>\n<td align=\"right\">46.652<\/td>\n<\/tr>\n<tr>\n<td><a title=\"F\u00fcrstentum Reu\u00df \u00e4lterer Linie\" href=\"https:\/\/de.wikipedia.org\/wiki\/F%C3%BCrstentum_Reu%C3%9F_%C3%A4lterer_Linie\">F\u00fcrstentum Reu\u00df \u00e4lterer Linie<\/a><\/td>\n<td><a title=\"Monarchie\" href=\"https:\/\/de.wikipedia.org\/wiki\/Monarchie\">Monarchie<\/a><\/td>\n<td><a title=\"Greiz\" href=\"https:\/\/de.wikipedia.org\/wiki\/Greiz\">Greiz<\/a><\/td>\n<td align=\"right\">316<\/td>\n<td align=\"right\">45.094<\/td>\n<td align=\"right\">68.396<\/td>\n<td align=\"right\">72.769<\/td>\n<\/tr>\n<tr>\n<td><a title=\"Freie und Hansestadt Hamburg\" href=\"https:\/\/de.wikipedia.org\/wiki\/Freie_und_Hansestadt_Hamburg\">Freie und Hansestadt Hamburg<\/a><\/td>\n<td><a title=\"Republik\" href=\"https:\/\/de.wikipedia.org\/wiki\/Republik\">Republik<\/a><\/td>\n<td>Hamburg<\/td>\n<td align=\"right\">414<\/td>\n<td align=\"right\">338.974<\/td>\n<td align=\"right\">768.349<\/td>\n<td align=\"right\">1.014.664<\/td>\n<\/tr>\n<tr>\n<td><a title=\"Freie und Hansestadt L\u00fcbeck\" href=\"https:\/\/de.wikipedia.org\/wiki\/Freie_und_Hansestadt_L%C3%BCbeck\">Freie und Hansestadt L\u00fcbeck<\/a><\/td>\n<td><a title=\"Republik\" href=\"https:\/\/de.wikipedia.org\/wiki\/Republik\">Republik<\/a><\/td>\n<td>L\u00fcbeck<\/td>\n<td align=\"right\">298<\/td>\n<td align=\"right\">52.158<\/td>\n<td align=\"right\">96.775<\/td>\n<td align=\"right\">116.599<\/td>\n<\/tr>\n<tr>\n<td><a title=\"Freie Hansestadt Bremen\" href=\"https:\/\/de.wikipedia.org\/wiki\/Freie_Hansestadt_Bremen\">Freie Hansestadt Bremen<\/a><\/td>\n<td><a title=\"Republik\" href=\"https:\/\/de.wikipedia.org\/wiki\/Republik\">Republik<\/a><\/td>\n<td>Bremen<\/td>\n<td align=\"right\">256<\/td>\n<td align=\"right\">122.402<\/td>\n<td align=\"right\">224.882<\/td>\n<td align=\"right\">299.526<\/td>\n<\/tr>\n<tr>\n<td><a title=\"Reichsland Elsa\u00df-Lothringen\" href=\"https:\/\/de.wikipedia.org\/wiki\/Reichsland_Elsa%C3%9F-Lothringen\">Reichsland Elsa\u00df-Lothringen<\/a><\/td>\n<td><a title=\"Monarchie\" href=\"https:\/\/de.wikipedia.org\/wiki\/Monarchie\">Monarchie<\/a><\/td>\n<td><a title=\"Stra\u00dfburg\" href=\"https:\/\/de.wikipedia.org\/wiki\/Stra%C3%9Fburg\">Stra\u00dfburg<\/a><\/td>\n<td align=\"right\">14.522<\/td>\n<td align=\"right\">1.549.738<\/td>\n<td align=\"right\">1.719.470<\/td>\n<td align=\"right\">1.874.014<\/td>\n<\/tr>\n<tr>\n<td bgcolor=\"ffffec\"><strong>Deutsches Reich<\/strong><\/td>\n<td bgcolor=\"ffffec\"><strong>Monarchie<\/strong><\/td>\n<td bgcolor=\"ffffec\"><strong>Berlin<\/strong><\/td>\n<td align=\"right\" bgcolor=\"ffffec\"><strong>540.858<\/strong><\/td>\n<td align=\"right\" bgcolor=\"ffffec\"><strong>41.058.792<\/strong><\/td>\n<td align=\"right\" bgcolor=\"ffffec\"><strong>56.367.178<\/strong><\/td>\n<td align=\"right\" bgcolor=\"ffffec\"><strong>64.925.993<\/strong><\/td>\n<\/tr>\n<\/tbody>\n<tfoot><\/tfoot>\n<\/table>\n<div>\n<p><a href=\"https:\/\/de.wikipedia.org\/wiki\/Datei:Deutsches_Reich_(Karte).svg\"><img loading=\"lazy\" decoding=\"async\" src=\"https:\/\/upload.wikimedia.org\/wikipedia\/commons\/thumb\/a\/a0\/Deutsches_Reich_%28Karte%29.svg\/600px-Deutsches_Reich_%28Karte%29.svg.png\" srcset=\"\/\/upload.wikimedia.org\/wikipedia\/commons\/thumb\/a\/a0\/Deutsches_Reich_%28Karte%29.svg\/900px-Deutsches_Reich_%28Karte%29.svg.png 1.5x, \/\/upload.wikimedia.org\/wikipedia\/commons\/thumb\/a\/a0\/Deutsches_Reich_%28Karte%29.svg\/1200px-Deutsches_Reich_%28Karte%29.svg.png 2x\" alt=\"Deutsches Reich (Karte).svg\" width=\"600\" height=\"503\" data-file-width=\"650\" data-file-height=\"545\" \/><\/a><\/p>\n<div>\n<div><a href=\"https:\/\/de.wikipedia.org\/wiki\/Datei:Coat_of_arms_of_Lower_Saxony.svg\"><img loading=\"lazy\" decoding=\"async\" src=\"https:\/\/upload.wikimedia.org\/wikipedia\/commons\/thumb\/0\/0b\/Coat_of_arms_of_Lower_Saxony.svg\/15px-Coat_of_arms_of_Lower_Saxony.svg.png\" srcset=\"\/\/upload.wikimedia.org\/wikipedia\/commons\/thumb\/0\/0b\/Coat_of_arms_of_Lower_Saxony.svg\/23px-Coat_of_arms_of_Lower_Saxony.svg.png 1.5x, \/\/upload.wikimedia.org\/wikipedia\/commons\/thumb\/0\/0b\/Coat_of_arms_of_Lower_Saxony.svg\/30px-Coat_of_arms_of_Lower_Saxony.svg.png 2x\" alt=\"Coat of arms of Lower Saxony.svg\" width=\"15\" height=\"17\" data-file-width=\"593\" data-file-height=\"680\" \/><\/a> <strong><a title=\"Provinz Hannover\" href=\"https:\/\/de.wikipedia.org\/wiki\/Provinz_Hannover\">Hannover<\/a><\/strong><\/div>\n<div><a href=\"https:\/\/de.wikipedia.org\/wiki\/Datei:Bremen_Wappen(Mittel).svg\"><img loading=\"lazy\" decoding=\"async\" src=\"https:\/\/upload.wikimedia.org\/wikipedia\/commons\/thumb\/6\/64\/Bremen_Wappen%28Mittel%29.svg\/15px-Bremen_Wappen%28Mittel%29.svg.png\" srcset=\"\/\/upload.wikimedia.org\/wikipedia\/commons\/thumb\/6\/64\/Bremen_Wappen%28Mittel%29.svg\/23px-Bremen_Wappen%28Mittel%29.svg.png 1.5x, \/\/upload.wikimedia.org\/wikipedia\/commons\/thumb\/6\/64\/Bremen_Wappen%28Mittel%29.svg\/30px-Bremen_Wappen%28Mittel%29.svg.png 2x\" alt=\"Bremen Wappen(Mittel).svg\" width=\"15\" height=\"22\" data-file-width=\"286\" data-file-height=\"417\" \/><\/a> <strong><a title=\"Freie Hansestadt Bremen\" href=\"https:\/\/de.wikipedia.org\/wiki\/Freie_Hansestadt_Bremen\">Bremen<\/a><\/strong><\/div>\n<div><a href=\"https:\/\/de.wikipedia.org\/wiki\/Datei:Wappen_L%C3%BCbeck.svg\"><img loading=\"lazy\" decoding=\"async\" src=\"https:\/\/upload.wikimedia.org\/wikipedia\/commons\/thumb\/b\/b0\/Wappen_L%C3%BCbeck.svg\/15px-Wappen_L%C3%BCbeck.svg.png\" srcset=\"\/\/upload.wikimedia.org\/wikipedia\/commons\/thumb\/b\/b0\/Wappen_L%C3%BCbeck.svg\/23px-Wappen_L%C3%BCbeck.svg.png 1.5x, \/\/upload.wikimedia.org\/wikipedia\/commons\/thumb\/b\/b0\/Wappen_L%C3%BCbeck.svg\/30px-Wappen_L%C3%BCbeck.svg.png 2x\" alt=\"Wappen L\u00fcbeck.svg\" width=\"15\" height=\"18\" data-file-width=\"592\" data-file-height=\"717\" \/><\/a> <strong> <a title=\"L\u00fcbeck\" href=\"https:\/\/de.wikipedia.org\/wiki\/L%C3%BCbeck\">L\u00fcbeck<\/a><\/strong><\/div>\n<div><a href=\"https:\/\/de.wikipedia.org\/wiki\/Datei:DEU_Hamburg_COA.svg\"><img loading=\"lazy\" decoding=\"async\" src=\"https:\/\/upload.wikimedia.org\/wikipedia\/commons\/thumb\/5\/5d\/DEU_Hamburg_COA.svg\/15px-DEU_Hamburg_COA.svg.png\" srcset=\"\/\/upload.wikimedia.org\/wikipedia\/commons\/thumb\/5\/5d\/DEU_Hamburg_COA.svg\/23px-DEU_Hamburg_COA.svg.png 1.5x, \/\/upload.wikimedia.org\/wikipedia\/commons\/thumb\/5\/5d\/DEU_Hamburg_COA.svg\/30px-DEU_Hamburg_COA.svg.png 2x\" alt=\"DEU Hamburg COA.svg\" width=\"15\" height=\"21\" data-file-width=\"225\" data-file-height=\"315\" \/><\/a> <strong> <a title=\"Hamburg\" href=\"https:\/\/de.wikipedia.org\/wiki\/Hamburg\">Hamburg<\/a><\/strong><\/div>\n<div><a href=\"https:\/\/de.wikipedia.org\/wiki\/Datei:Armoiries_Mecklembourg-Schwerin.svg\"><img loading=\"lazy\" decoding=\"async\" src=\"https:\/\/upload.wikimedia.org\/wikipedia\/commons\/thumb\/7\/79\/Armoiries_Mecklembourg-Schwerin.svg\/15px-Armoiries_Mecklembourg-Schwerin.svg.png\" srcset=\"\/\/upload.wikimedia.org\/wikipedia\/commons\/thumb\/7\/79\/Armoiries_Mecklembourg-Schwerin.svg\/23px-Armoiries_Mecklembourg-Schwerin.svg.png 1.5x, \/\/upload.wikimedia.org\/wikipedia\/commons\/thumb\/7\/79\/Armoiries_Mecklembourg-Schwerin.svg\/30px-Armoiries_Mecklembourg-Schwerin.svg.png 2x\" alt=\"Armoiries Mecklembourg-Schwerin.svg\" width=\"15\" height=\"17\" data-file-width=\"600\" data-file-height=\"660\" \/><\/a> <strong><a title=\"Gro\u00dfherzogtum Mecklenburg-Schwerin\" href=\"https:\/\/de.wikipedia.org\/wiki\/Gro%C3%9Fherzogtum_Mecklenburg-Schwerin\">Mecklenburg-Schwerin<\/a><\/strong><\/div>\n<div><a href=\"https:\/\/de.wikipedia.org\/wiki\/Datei:DEU_Landkreis_Mecklenburg-Strelitz_COA.svg\"><img loading=\"lazy\" decoding=\"async\" src=\"https:\/\/upload.wikimedia.org\/wikipedia\/commons\/thumb\/9\/9f\/DEU_Landkreis_Mecklenburg-Strelitz_COA.svg\/15px-DEU_Landkreis_Mecklenburg-Strelitz_COA.svg.png\" srcset=\"\/\/upload.wikimedia.org\/wikipedia\/commons\/thumb\/9\/9f\/DEU_Landkreis_Mecklenburg-Strelitz_COA.svg\/23px-DEU_Landkreis_Mecklenburg-Strelitz_COA.svg.png 1.5x, \/\/upload.wikimedia.org\/wikipedia\/commons\/thumb\/9\/9f\/DEU_Landkreis_Mecklenburg-Strelitz_COA.svg\/30px-DEU_Landkreis_Mecklenburg-Strelitz_COA.svg.png 2x\" alt=\"DEU Landkreis Mecklenburg-Strelitz COA.svg\" width=\"15\" height=\"18\" data-file-width=\"512\" data-file-height=\"612\" \/><\/a> <strong><a title=\"Gro\u00dfherzogtum Mecklenburg-Strelitz\" href=\"https:\/\/de.wikipedia.org\/wiki\/Gro%C3%9Fherzogtum_Mecklenburg-Strelitz\">Mecklenburg-Strelitz<\/a><\/strong><\/div>\n<div><a href=\"https:\/\/de.wikipedia.org\/wiki\/Datei:Wappen_Pommern.svg\"><img loading=\"lazy\" decoding=\"async\" src=\"https:\/\/upload.wikimedia.org\/wikipedia\/commons\/thumb\/0\/08\/Wappen_Pommern.svg\/15px-Wappen_Pommern.svg.png\" srcset=\"\/\/upload.wikimedia.org\/wikipedia\/commons\/thumb\/0\/08\/Wappen_Pommern.svg\/23px-Wappen_Pommern.svg.png 1.5x, \/\/upload.wikimedia.org\/wikipedia\/commons\/thumb\/0\/08\/Wappen_Pommern.svg\/30px-Wappen_Pommern.svg.png 2x\" alt=\"Wappen Pommern.svg\" width=\"15\" height=\"16\" data-file-width=\"675\" data-file-height=\"706\" \/><\/a> <strong><a title=\"Provinz Pommern\" href=\"https:\/\/de.wikipedia.org\/wiki\/Provinz_Pommern\">Pommern<\/a><\/strong><\/div>\n<div><a href=\"https:\/\/de.wikipedia.org\/wiki\/Datei:Wappen_ostpreussen.png\"><img loading=\"lazy\" decoding=\"async\" src=\"https:\/\/upload.wikimedia.org\/wikipedia\/commons\/thumb\/5\/58\/Wappen_ostpreussen.png\/15px-Wappen_ostpreussen.png\" srcset=\"\/\/upload.wikimedia.org\/wikipedia\/commons\/thumb\/5\/58\/Wappen_ostpreussen.png\/23px-Wappen_ostpreussen.png 1.5x, \/\/upload.wikimedia.org\/wikipedia\/commons\/thumb\/5\/58\/Wappen_ostpreussen.png\/30px-Wappen_ostpreussen.png 2x\" alt=\"Wappen ostpreussen.png\" width=\"15\" height=\"17\" data-file-width=\"340\" data-file-height=\"385\" \/><\/a> <strong><a title=\"Ostpreu\u00dfen\" href=\"https:\/\/de.wikipedia.org\/wiki\/Ostpreu%C3%9Fen\">Ostpreu\u00dfen<\/a><\/strong><\/div>\n<div><a href=\"https:\/\/de.wikipedia.org\/wiki\/Datei:Wappen_Preu%C3%9Fische_Provinzen_-_Westpreu%C3%9Fen.png\"><img loading=\"lazy\" decoding=\"async\" src=\"https:\/\/upload.wikimedia.org\/wikipedia\/commons\/thumb\/e\/e8\/Wappen_Preu%C3%9Fische_Provinzen_-_Westpreu%C3%9Fen.png\/15px-Wappen_Preu%C3%9Fische_Provinzen_-_Westpreu%C3%9Fen.png\" srcset=\"\/\/upload.wikimedia.org\/wikipedia\/commons\/thumb\/e\/e8\/Wappen_Preu%C3%9Fische_Provinzen_-_Westpreu%C3%9Fen.png\/23px-Wappen_Preu%C3%9Fische_Provinzen_-_Westpreu%C3%9Fen.png 1.5x, \/\/upload.wikimedia.org\/wikipedia\/commons\/thumb\/e\/e8\/Wappen_Preu%C3%9Fische_Provinzen_-_Westpreu%C3%9Fen.png\/30px-Wappen_Preu%C3%9Fische_Provinzen_-_Westpreu%C3%9Fen.png 2x\" alt=\"Wappen Preu\u00dfische Provinzen - Westpreu\u00dfen.png\" width=\"15\" height=\"18\" data-file-width=\"658\" data-file-height=\"805\" \/><\/a> <strong><a title=\"Westpreu\u00dfen\" href=\"https:\/\/de.wikipedia.org\/wiki\/Westpreu%C3%9Fen\">Westpreu\u00dfen<\/a><\/strong><\/div>\n<div><a href=\"https:\/\/de.wikipedia.org\/wiki\/Datei:Flagge_Preu%C3%9Fen_-_Provinz_Posen.svg\"><img loading=\"lazy\" decoding=\"async\" src=\"https:\/\/upload.wikimedia.org\/wikipedia\/commons\/thumb\/6\/67\/Flagge_Preu%C3%9Fen_-_Provinz_Posen.svg\/15px-Flagge_Preu%C3%9Fen_-_Provinz_Posen.svg.png\" srcset=\"\/\/upload.wikimedia.org\/wikipedia\/commons\/thumb\/6\/67\/Flagge_Preu%C3%9Fen_-_Provinz_Posen.svg\/23px-Flagge_Preu%C3%9Fen_-_Provinz_Posen.svg.png 1.5x, \/\/upload.wikimedia.org\/wikipedia\/commons\/thumb\/6\/67\/Flagge_Preu%C3%9Fen_-_Provinz_Posen.svg\/30px-Flagge_Preu%C3%9Fen_-_Provinz_Posen.svg.png 2x\" alt=\"Flagge Preu\u00dfen - Provinz Posen.svg\" width=\"15\" height=\"10\" data-file-width=\"600\" data-file-height=\"400\" \/><\/a> <strong><a title=\"Provinz Posen\" href=\"https:\/\/de.wikipedia.org\/wiki\/Provinz_Posen\">Posen<\/a><\/strong><\/div>\n<div><a href=\"https:\/\/de.wikipedia.org\/wiki\/Datei:Wappen_schlesien.png\"><img loading=\"lazy\" decoding=\"async\" src=\"https:\/\/upload.wikimedia.org\/wikipedia\/commons\/thumb\/7\/7d\/Wappen_schlesien.png\/15px-Wappen_schlesien.png\" srcset=\"\/\/upload.wikimedia.org\/wikipedia\/commons\/thumb\/7\/7d\/Wappen_schlesien.png\/23px-Wappen_schlesien.png 1.5x, \/\/upload.wikimedia.org\/wikipedia\/commons\/thumb\/7\/7d\/Wappen_schlesien.png\/30px-Wappen_schlesien.png 2x\" alt=\"Wappen schlesien.png\" width=\"15\" height=\"17\" data-file-width=\"337\" data-file-height=\"390\" \/><\/a> <strong><a title=\"Provinz Schlesien\" href=\"https:\/\/de.wikipedia.org\/wiki\/Provinz_Schlesien\">Schlesien<\/a><\/strong><\/div>\n<div><a href=\"https:\/\/de.wikipedia.org\/wiki\/Datei:Wappen_Provinz_Sachsen.svg\"><img loading=\"lazy\" decoding=\"async\" src=\"https:\/\/upload.wikimedia.org\/wikipedia\/commons\/thumb\/6\/63\/Wappen_Provinz_Sachsen.svg\/15px-Wappen_Provinz_Sachsen.svg.png\" srcset=\"\/\/upload.wikimedia.org\/wikipedia\/commons\/thumb\/6\/63\/Wappen_Provinz_Sachsen.svg\/23px-Wappen_Provinz_Sachsen.svg.png 1.5x, \/\/upload.wikimedia.org\/wikipedia\/commons\/thumb\/6\/63\/Wappen_Provinz_Sachsen.svg\/30px-Wappen_Provinz_Sachsen.svg.png 2x\" alt=\"Wappen Provinz Sachsen.svg\" width=\"15\" height=\"20\" data-file-width=\"596\" data-file-height=\"800\" \/><\/a> <strong><a title=\"Provinz Sachsen\" href=\"https:\/\/de.wikipedia.org\/wiki\/Provinz_Sachsen\">Sachsen<\/a><\/strong><\/div>\n<div><a href=\"https:\/\/de.wikipedia.org\/wiki\/Datei:Wappen_Deutsches_Reich_-_Herzogtum_Braunschweig_(Grosses).png\"><img loading=\"lazy\" decoding=\"async\" src=\"https:\/\/upload.wikimedia.org\/wikipedia\/commons\/thumb\/6\/64\/Wappen_Deutsches_Reich_-_Herzogtum_Braunschweig_%28Grosses%29.png\/15px-Wappen_Deutsches_Reich_-_Herzogtum_Braunschweig_%28Grosses%29.png\" srcset=\"\/\/upload.wikimedia.org\/wikipedia\/commons\/thumb\/6\/64\/Wappen_Deutsches_Reich_-_Herzogtum_Braunschweig_%28Grosses%29.png\/23px-Wappen_Deutsches_Reich_-_Herzogtum_Braunschweig_%28Grosses%29.png 1.5x, \/\/upload.wikimedia.org\/wikipedia\/commons\/thumb\/6\/64\/Wappen_Deutsches_Reich_-_Herzogtum_Braunschweig_%28Grosses%29.png\/30px-Wappen_Deutsches_Reich_-_Herzogtum_Braunschweig_%28Grosses%29.png 2x\" alt=\"Wappen Deutsches Reich - Herzogtum Braunschweig (Grosses).png\" width=\"15\" height=\"20\" data-file-width=\"777\" data-file-height=\"1033\" \/><\/a> <strong><a title=\"Herzogtum Braunschweig\" href=\"https:\/\/de.wikipedia.org\/wiki\/Herzogtum_Braunschweig\">Braunschweig<\/a><\/strong><\/div>\n<div><a href=\"https:\/\/de.wikipedia.org\/wiki\/Datei:Waldeck-0.PNG\"><img loading=\"lazy\" decoding=\"async\" src=\"https:\/\/upload.wikimedia.org\/wikipedia\/commons\/thumb\/a\/a1\/Waldeck-0.PNG\/15px-Waldeck-0.PNG\" srcset=\"\/\/upload.wikimedia.org\/wikipedia\/commons\/thumb\/a\/a1\/Waldeck-0.PNG\/23px-Waldeck-0.PNG 1.5x, \/\/upload.wikimedia.org\/wikipedia\/commons\/thumb\/a\/a1\/Waldeck-0.PNG\/30px-Waldeck-0.PNG 2x\" alt=\"Waldeck-0.PNG\" width=\"15\" height=\"18\" data-file-width=\"593\" data-file-height=\"711\" \/><\/a> <strong><a title=\"Waldeck\" href=\"https:\/\/de.wikipedia.org\/wiki\/Waldeck\">Waldeck<\/a><\/strong><\/div>\n<div><a href=\"https:\/\/de.wikipedia.org\/wiki\/Datei:DEU_Anhalt_1924-1945_COA.svg\"><img loading=\"lazy\" decoding=\"async\" src=\"https:\/\/upload.wikimedia.org\/wikipedia\/commons\/thumb\/1\/1b\/DEU_Anhalt_1924-1945_COA.svg\/15px-DEU_Anhalt_1924-1945_COA.svg.png\" srcset=\"\/\/upload.wikimedia.org\/wikipedia\/commons\/thumb\/1\/1b\/DEU_Anhalt_1924-1945_COA.svg\/23px-DEU_Anhalt_1924-1945_COA.svg.png 1.5x, \/\/upload.wikimedia.org\/wikipedia\/commons\/thumb\/1\/1b\/DEU_Anhalt_1924-1945_COA.svg\/30px-DEU_Anhalt_1924-1945_COA.svg.png 2x\" alt=\"DEU Anhalt 1924-1945 COA.svg\" width=\"15\" height=\"21\" data-file-width=\"412\" data-file-height=\"574\" \/><\/a> <strong><a title=\"Anhalt\" href=\"https:\/\/de.wikipedia.org\/wiki\/Anhalt\">Anhalt<\/a><\/strong><\/div>\n<div><a href=\"https:\/\/de.wikipedia.org\/wiki\/Datei:Coat_of_arms_of_Saxony.svg\"><img loading=\"lazy\" decoding=\"async\" src=\"https:\/\/upload.wikimedia.org\/wikipedia\/commons\/thumb\/5\/5f\/Coat_of_arms_of_Saxony.svg\/15px-Coat_of_arms_of_Saxony.svg.png\" srcset=\"\/\/upload.wikimedia.org\/wikipedia\/commons\/thumb\/5\/5f\/Coat_of_arms_of_Saxony.svg\/23px-Coat_of_arms_of_Saxony.svg.png 1.5x, \/\/upload.wikimedia.org\/wikipedia\/commons\/thumb\/5\/5f\/Coat_of_arms_of_Saxony.svg\/30px-Coat_of_arms_of_Saxony.svg.png 2x\" alt=\"Coat of arms of Saxony.svg\" width=\"15\" height=\"17\" data-file-width=\"512\" data-file-height=\"576\" \/><\/a> <strong><a title=\"K\u00f6nigreich Sachsen\" href=\"https:\/\/de.wikipedia.org\/wiki\/K%C3%B6nigreich_Sachsen\">Sachsen<\/a><\/strong><\/div>\n<div><a href=\"https:\/\/de.wikipedia.org\/wiki\/Datei:Brandenburg_Wappen.svg\"><img loading=\"lazy\" decoding=\"async\" src=\"https:\/\/upload.wikimedia.org\/wikipedia\/commons\/thumb\/4\/45\/Brandenburg_Wappen.svg\/15px-Brandenburg_Wappen.svg.png\" srcset=\"\/\/upload.wikimedia.org\/wikipedia\/commons\/thumb\/4\/45\/Brandenburg_Wappen.svg\/23px-Brandenburg_Wappen.svg.png 1.5x, \/\/upload.wikimedia.org\/wikipedia\/commons\/thumb\/4\/45\/Brandenburg_Wappen.svg\/30px-Brandenburg_Wappen.svg.png 2x\" alt=\"Brandenburg Wappen.svg\" width=\"15\" height=\"18\" data-file-width=\"512\" data-file-height=\"611\" \/><\/a> <strong><a title=\"Provinz Brandenburg\" href=\"https:\/\/de.wikipedia.org\/wiki\/Provinz_Brandenburg\">Brandenburg<\/a><\/strong><\/div>\n<div><a href=\"https:\/\/de.wikipedia.org\/wiki\/Datei:Blason_Duch%C3%A9_de_Saxe-Altenbourg_(Grandes_Armes).svg\"><img loading=\"lazy\" decoding=\"async\" src=\"https:\/\/upload.wikimedia.org\/wikipedia\/commons\/thumb\/6\/65\/Blason_Duch%C3%A9_de_Saxe-Altenbourg_%28Grandes_Armes%29.svg\/15px-Blason_Duch%C3%A9_de_Saxe-Altenbourg_%28Grandes_Armes%29.svg.png\" srcset=\"\/\/upload.wikimedia.org\/wikipedia\/commons\/thumb\/6\/65\/Blason_Duch%C3%A9_de_Saxe-Altenbourg_%28Grandes_Armes%29.svg\/23px-Blason_Duch%C3%A9_de_Saxe-Altenbourg_%28Grandes_Armes%29.svg.png 1.5x, \/\/upload.wikimedia.org\/wikipedia\/commons\/thumb\/6\/65\/Blason_Duch%C3%A9_de_Saxe-Altenbourg_%28Grandes_Armes%29.svg\/30px-Blason_Duch%C3%A9_de_Saxe-Altenbourg_%28Grandes_Armes%29.svg.png 2x\" alt=\"Blason Duch\u00e9 de Saxe-Altenbourg (Grandes Armes).svg\" width=\"15\" height=\"17\" data-file-width=\"600\" data-file-height=\"660\" \/><\/a> <strong><a title=\"Th\u00fcringische Staaten\" href=\"https:\/\/de.wikipedia.org\/wiki\/Th%C3%BCringische_Staaten\">Th\u00fcringen<\/a><\/strong><\/div>\n<div><a href=\"https:\/\/de.wikipedia.org\/wiki\/Datei:Wappen-HD_(1902-1918).svg\"><img loading=\"lazy\" decoding=\"async\" src=\"https:\/\/upload.wikimedia.org\/wikipedia\/commons\/thumb\/3\/3d\/Wappen-HD_%281902-1918%29.svg\/15px-Wappen-HD_%281902-1918%29.svg.png\" srcset=\"\/\/upload.wikimedia.org\/wikipedia\/commons\/thumb\/3\/3d\/Wappen-HD_%281902-1918%29.svg\/23px-Wappen-HD_%281902-1918%29.svg.png 1.5x, \/\/upload.wikimedia.org\/wikipedia\/commons\/thumb\/3\/3d\/Wappen-HD_%281902-1918%29.svg\/30px-Wappen-HD_%281902-1918%29.svg.png 2x\" alt=\"Wappen-HD (1902-1918).svg\" width=\"15\" height=\"21\" data-file-width=\"340\" data-file-height=\"482\" \/><\/a> <strong><a title=\"Gro\u00dfherzogtum Hessen\" href=\"https:\/\/de.wikipedia.org\/wiki\/Gro%C3%9Fherzogtum_Hessen\">Hessen<\/a><\/strong><\/div>\n<div><a href=\"https:\/\/de.wikipedia.org\/wiki\/Datei:DEU_Hessen-Nassau_1892-1944_COA.svg\"><img loading=\"lazy\" decoding=\"async\" src=\"https:\/\/upload.wikimedia.org\/wikipedia\/commons\/thumb\/9\/99\/DEU_Hessen-Nassau_1892-1944_COA.svg\/15px-DEU_Hessen-Nassau_1892-1944_COA.svg.png\" srcset=\"\/\/upload.wikimedia.org\/wikipedia\/commons\/thumb\/9\/99\/DEU_Hessen-Nassau_1892-1944_COA.svg\/23px-DEU_Hessen-Nassau_1892-1944_COA.svg.png 1.5x, \/\/upload.wikimedia.org\/wikipedia\/commons\/thumb\/9\/99\/DEU_Hessen-Nassau_1892-1944_COA.svg\/30px-DEU_Hessen-Nassau_1892-1944_COA.svg.png 2x\" alt=\"DEU Hessen-Nassau 1892-1944 COA.svg\" width=\"15\" height=\"14\" data-file-width=\"522\" data-file-height=\"502\" \/><\/a> <strong><a title=\"Hessen-Nassau\" href=\"https:\/\/de.wikipedia.org\/wiki\/Hessen-Nassau\">Hessen-Nassau<\/a><\/strong><\/div>\n<div><a href=\"https:\/\/de.wikipedia.org\/wiki\/Datei:Wappen_F%C3%BCrstentum_Birkenfeld.svg\"><img loading=\"lazy\" decoding=\"async\" src=\"https:\/\/upload.wikimedia.org\/wikipedia\/commons\/thumb\/f\/f0\/Wappen_F%C3%BCrstentum_Birkenfeld.svg\/15px-Wappen_F%C3%BCrstentum_Birkenfeld.svg.png\" srcset=\"\/\/upload.wikimedia.org\/wikipedia\/commons\/thumb\/f\/f0\/Wappen_F%C3%BCrstentum_Birkenfeld.svg\/23px-Wappen_F%C3%BCrstentum_Birkenfeld.svg.png 1.5x, \/\/upload.wikimedia.org\/wikipedia\/commons\/thumb\/f\/f0\/Wappen_F%C3%BCrstentum_Birkenfeld.svg\/30px-Wappen_F%C3%BCrstentum_Birkenfeld.svg.png 2x\" alt=\"Wappen F\u00fcrstentum Birkenfeld.svg\" width=\"15\" height=\"18\" data-file-width=\"389\" data-file-height=\"472\" \/><\/a> <strong><a title=\"F\u00fcrstentum Birkenfeld\" href=\"https:\/\/de.wikipedia.org\/wiki\/F%C3%BCrstentum_Birkenfeld\">Birkenfeld<\/a><\/strong><\/div>\n<div><a href=\"https:\/\/de.wikipedia.org\/wiki\/Datei:Wappen_Land_Oldenburg.svg\"><img loading=\"lazy\" decoding=\"async\" src=\"https:\/\/upload.wikimedia.org\/wikipedia\/commons\/thumb\/f\/f1\/Wappen_Land_Oldenburg.svg\/15px-Wappen_Land_Oldenburg.svg.png\" srcset=\"\/\/upload.wikimedia.org\/wikipedia\/commons\/thumb\/f\/f1\/Wappen_Land_Oldenburg.svg\/23px-Wappen_Land_Oldenburg.svg.png 1.5x, \/\/upload.wikimedia.org\/wikipedia\/commons\/thumb\/f\/f1\/Wappen_Land_Oldenburg.svg\/30px-Wappen_Land_Oldenburg.svg.png 2x\" alt=\"Wappen Land Oldenburg.svg\" width=\"15\" height=\"18\" data-file-width=\"389\" data-file-height=\"472\" \/><\/a> <strong><a title=\"Gro\u00dfherzogtum Oldenburg\" href=\"https:\/\/de.wikipedia.org\/wiki\/Gro%C3%9Fherzogtum_Oldenburg\">Oldenburg<\/a><\/strong><\/div>\n<div><a href=\"https:\/\/de.wikipedia.org\/wiki\/Datei:Wappen_Provinz_Westfalen.png\"><img loading=\"lazy\" decoding=\"async\" src=\"https:\/\/upload.wikimedia.org\/wikipedia\/commons\/thumb\/b\/b8\/Wappen_Provinz_Westfalen.png\/15px-Wappen_Provinz_Westfalen.png\" srcset=\"\/\/upload.wikimedia.org\/wikipedia\/commons\/thumb\/b\/b8\/Wappen_Provinz_Westfalen.png\/23px-Wappen_Provinz_Westfalen.png 1.5x, \/\/upload.wikimedia.org\/wikipedia\/commons\/thumb\/b\/b8\/Wappen_Provinz_Westfalen.png\/30px-Wappen_Provinz_Westfalen.png 2x\" alt=\"Wappen Provinz Westfalen.png\" width=\"15\" height=\"16\" data-file-width=\"277\" data-file-height=\"300\" \/><\/a> <strong><a title=\"Provinz Westfalen\" href=\"https:\/\/de.wikipedia.org\/wiki\/Provinz_Westfalen\">Westfalen<\/a><\/strong><\/div>\n<div><a href=\"https:\/\/de.wikipedia.org\/wiki\/Datei:Wappen_Rheinpfalz.svg\"><img loading=\"lazy\" decoding=\"async\" src=\"https:\/\/upload.wikimedia.org\/wikipedia\/commons\/thumb\/8\/85\/Wappen_Rheinpfalz.svg\/15px-Wappen_Rheinpfalz.svg.png\" srcset=\"\/\/upload.wikimedia.org\/wikipedia\/commons\/thumb\/8\/85\/Wappen_Rheinpfalz.svg\/23px-Wappen_Rheinpfalz.svg.png 1.5x, \/\/upload.wikimedia.org\/wikipedia\/commons\/thumb\/8\/85\/Wappen_Rheinpfalz.svg\/30px-Wappen_Rheinpfalz.svg.png 2x\" alt=\"Wappen Rheinpfalz.svg\" width=\"15\" height=\"20\" data-file-width=\"720\" data-file-height=\"942\" \/><\/a> <strong><a title=\"Rheinkreis\" href=\"https:\/\/de.wikipedia.org\/wiki\/Rheinkreis\">Pfalz<\/a><\/strong><\/div>\n<div><a href=\"https:\/\/de.wikipedia.org\/wiki\/Datei:COA_Landschaftsverband_Rheinland.svg\"><img loading=\"lazy\" decoding=\"async\" src=\"https:\/\/upload.wikimedia.org\/wikipedia\/commons\/thumb\/3\/3d\/COA_Landschaftsverband_Rheinland.svg\/15px-COA_Landschaftsverband_Rheinland.svg.png\" srcset=\"\/\/upload.wikimedia.org\/wikipedia\/commons\/thumb\/3\/3d\/COA_Landschaftsverband_Rheinland.svg\/23px-COA_Landschaftsverband_Rheinland.svg.png 1.5x, \/\/upload.wikimedia.org\/wikipedia\/commons\/thumb\/3\/3d\/COA_Landschaftsverband_Rheinland.svg\/30px-COA_Landschaftsverband_Rheinland.svg.png 2x\" alt=\"COA Landschaftsverband Rheinland.svg\" width=\"15\" height=\"16\" data-file-width=\"437\" data-file-height=\"480\" \/><\/a> <strong><a title=\"Rheinprovinz\" href=\"https:\/\/de.wikipedia.org\/wiki\/Rheinprovinz\">Rheinland<\/a><\/strong><\/div>\n<div><a href=\"https:\/\/de.wikipedia.org\/wiki\/Datei:Coat_of_arms_of_Baden.svg\"><img loading=\"lazy\" decoding=\"async\" src=\"https:\/\/upload.wikimedia.org\/wikipedia\/commons\/thumb\/2\/23\/Coat_of_arms_of_Baden.svg\/15px-Coat_of_arms_of_Baden.svg.png\" srcset=\"\/\/upload.wikimedia.org\/wikipedia\/commons\/thumb\/2\/23\/Coat_of_arms_of_Baden.svg\/23px-Coat_of_arms_of_Baden.svg.png 1.5x, \/\/upload.wikimedia.org\/wikipedia\/commons\/thumb\/2\/23\/Coat_of_arms_of_Baden.svg\/30px-Coat_of_arms_of_Baden.svg.png 2x\" alt=\"Coat of arms of Baden.svg\" width=\"15\" height=\"18\" data-file-width=\"500\" data-file-height=\"600\" \/><\/a> <strong><a title=\"Gro\u00dfherzogtum Baden\" href=\"https:\/\/de.wikipedia.org\/wiki\/Gro%C3%9Fherzogtum_Baden\">Baden<\/a><\/strong><\/div>\n<div><a href=\"https:\/\/de.wikipedia.org\/wiki\/Datei:Armoiries_royaume_de_Wurtemberg.svg\"><img loading=\"lazy\" decoding=\"async\" src=\"https:\/\/upload.wikimedia.org\/wikipedia\/commons\/thumb\/5\/5d\/Armoiries_royaume_de_Wurtemberg.svg\/15px-Armoiries_royaume_de_Wurtemberg.svg.png\" srcset=\"\/\/upload.wikimedia.org\/wikipedia\/commons\/thumb\/5\/5d\/Armoiries_royaume_de_Wurtemberg.svg\/23px-Armoiries_royaume_de_Wurtemberg.svg.png 1.5x, \/\/upload.wikimedia.org\/wikipedia\/commons\/thumb\/5\/5d\/Armoiries_royaume_de_Wurtemberg.svg\/30px-Armoiries_royaume_de_Wurtemberg.svg.png 2x\" alt=\"Armoiries royaume de Wurtemberg.svg\" width=\"15\" height=\"17\" data-file-width=\"600\" data-file-height=\"660\" \/><\/a> <strong><a title=\"K\u00f6nigreich W\u00fcrttemberg\" href=\"https:\/\/de.wikipedia.org\/wiki\/K%C3%B6nigreich_W%C3%BCrttemberg\">W\u00fcrttemberg<\/a><\/strong><\/div>\n<div><a href=\"https:\/\/de.wikipedia.org\/wiki\/Datei:Bayern_Wappen.svg\"><img loading=\"lazy\" decoding=\"async\" src=\"https:\/\/upload.wikimedia.org\/wikipedia\/commons\/thumb\/d\/d2\/Bayern_Wappen.svg\/15px-Bayern_Wappen.svg.png\" srcset=\"\/\/upload.wikimedia.org\/wikipedia\/commons\/thumb\/d\/d2\/Bayern_Wappen.svg\/23px-Bayern_Wappen.svg.png 1.5x, \/\/upload.wikimedia.org\/wikipedia\/commons\/thumb\/d\/d2\/Bayern_Wappen.svg\/30px-Bayern_Wappen.svg.png 2x\" alt=\"Bayern Wappen.svg\" width=\"15\" height=\"20\" data-file-width=\"292\" data-file-height=\"390\" \/><\/a> <strong><a title=\"K\u00f6nigreich Bayern\" href=\"https:\/\/de.wikipedia.org\/wiki\/K%C3%B6nigreich_Bayern\">Bayern<\/a><\/strong><\/div>\n<div><a href=\"https:\/\/de.wikipedia.org\/wiki\/Datei:Hohenzollern_Haus_Wappen.svg\"><img loading=\"lazy\" decoding=\"async\" src=\"https:\/\/upload.wikimedia.org\/wikipedia\/commons\/thumb\/5\/5f\/Hohenzollern_Haus_Wappen.svg\/15px-Hohenzollern_Haus_Wappen.svg.png\" srcset=\"\/\/upload.wikimedia.org\/wikipedia\/commons\/thumb\/5\/5f\/Hohenzollern_Haus_Wappen.svg\/23px-Hohenzollern_Haus_Wappen.svg.png 1.5x, \/\/upload.wikimedia.org\/wikipedia\/commons\/thumb\/5\/5f\/Hohenzollern_Haus_Wappen.svg\/30px-Hohenzollern_Haus_Wappen.svg.png 2x\" alt=\"Hohenzollern Haus Wappen.svg\" width=\"15\" height=\"17\" data-file-width=\"600\" data-file-height=\"660\" \/><\/a> <strong><a title=\"Hohenzollernsche Lande\" href=\"https:\/\/de.wikipedia.org\/wiki\/Hohenzollernsche_Lande\">Hohenzollern<\/a><\/strong><\/div>\n<div><a href=\"https:\/\/de.wikipedia.org\/wiki\/Datei:DEU_Schleswig-Holstein_COA.svg\"><img loading=\"lazy\" decoding=\"async\" src=\"https:\/\/upload.wikimedia.org\/wikipedia\/commons\/thumb\/0\/02\/DEU_Schleswig-Holstein_COA.svg\/15px-DEU_Schleswig-Holstein_COA.svg.png\" srcset=\"\/\/upload.wikimedia.org\/wikipedia\/commons\/thumb\/0\/02\/DEU_Schleswig-Holstein_COA.svg\/23px-DEU_Schleswig-Holstein_COA.svg.png 1.5x, \/\/upload.wikimedia.org\/wikipedia\/commons\/thumb\/0\/02\/DEU_Schleswig-Holstein_COA.svg\/30px-DEU_Schleswig-Holstein_COA.svg.png 2x\" alt=\"DEU Schleswig-Holstein COA.svg\" width=\"15\" height=\"17\" data-file-width=\"402\" data-file-height=\"462\" \/><\/a> <strong><a title=\"Provinz Schleswig-Holstein\" href=\"https:\/\/de.wikipedia.org\/wiki\/Provinz_Schleswig-Holstein\">Schleswig-Holstein<\/a><\/strong><\/div>\n<div><a href=\"https:\/\/de.wikipedia.org\/wiki\/Datei:Wappen_Deutsches_Reich_-_Elsass-Lothringen_(Klein).svg\"><img loading=\"lazy\" decoding=\"async\" src=\"https:\/\/upload.wikimedia.org\/wikipedia\/commons\/thumb\/9\/92\/Wappen_Deutsches_Reich_-_Elsass-Lothringen_%28Klein%29.svg\/15px-Wappen_Deutsches_Reich_-_Elsass-Lothringen_%28Klein%29.svg.png\" srcset=\"\/\/upload.wikimedia.org\/wikipedia\/commons\/thumb\/9\/92\/Wappen_Deutsches_Reich_-_Elsass-Lothringen_%28Klein%29.svg\/23px-Wappen_Deutsches_Reich_-_Elsass-Lothringen_%28Klein%29.svg.png 1.5x, \/\/upload.wikimedia.org\/wikipedia\/commons\/thumb\/9\/92\/Wappen_Deutsches_Reich_-_Elsass-Lothringen_%28Klein%29.svg\/30px-Wappen_Deutsches_Reich_-_Elsass-Lothringen_%28Klein%29.svg.png 2x\" alt=\"Wappen Deutsches Reich - Elsass-Lothringen (Klein).svg\" width=\"15\" height=\"22\" data-file-width=\"553\" data-file-height=\"800\" \/><\/a> <strong><a title=\"Reichsland Elsa\u00df-Lothringen\" href=\"https:\/\/de.wikipedia.org\/wiki\/Reichsland_Elsa%C3%9F-Lothringen\">Elsa\u00df-<br \/>\nLothringen<\/a><\/strong><\/div>\n<div><a href=\"https:\/\/de.wikipedia.org\/wiki\/Datei:Kreiswappen_des_Kreises_Lippe.svg\"><img loading=\"lazy\" decoding=\"async\" src=\"https:\/\/upload.wikimedia.org\/wikipedia\/commons\/thumb\/a\/a9\/Kreiswappen_des_Kreises_Lippe.svg\/15px-Kreiswappen_des_Kreises_Lippe.svg.png\" srcset=\"\/\/upload.wikimedia.org\/wikipedia\/commons\/thumb\/a\/a9\/Kreiswappen_des_Kreises_Lippe.svg\/23px-Kreiswappen_des_Kreises_Lippe.svg.png 1.5x, \/\/upload.wikimedia.org\/wikipedia\/commons\/thumb\/a\/a9\/Kreiswappen_des_Kreises_Lippe.svg\/30px-Kreiswappen_des_Kreises_Lippe.svg.png 2x\" alt=\"Kreiswappen des Kreises Lippe.svg\" width=\"15\" height=\"16\" data-file-width=\"512\" data-file-height=\"553\" \/><\/a> <strong><a title=\"F\u00fcrstentum Lippe\" href=\"https:\/\/de.wikipedia.org\/wiki\/F%C3%BCrstentum_Lippe\">Lippe<\/a><\/strong><\/div>\n<div><a href=\"https:\/\/de.wikipedia.org\/wiki\/Datei:Coa_Germany_State_Schaumburg-Lippe.svg\"><img loading=\"lazy\" decoding=\"async\" src=\"https:\/\/upload.wikimedia.org\/wikipedia\/commons\/thumb\/8\/80\/Coa_Germany_State_Schaumburg-Lippe.svg\/15px-Coa_Germany_State_Schaumburg-Lippe.svg.png\" srcset=\"\/\/upload.wikimedia.org\/wikipedia\/commons\/thumb\/8\/80\/Coa_Germany_State_Schaumburg-Lippe.svg\/23px-Coa_Germany_State_Schaumburg-Lippe.svg.png 1.5x, \/\/upload.wikimedia.org\/wikipedia\/commons\/thumb\/8\/80\/Coa_Germany_State_Schaumburg-Lippe.svg\/30px-Coa_Germany_State_Schaumburg-Lippe.svg.png 2x\" alt=\"Coa Germany State Schaumburg-Lippe.svg\" width=\"15\" height=\"15\" data-file-width=\"400\" data-file-height=\"410\" \/><\/a> <strong><a title=\"Schaumburg-Lippe\" href=\"https:\/\/de.wikipedia.org\/wiki\/Schaumburg-Lippe\">Schaumburg-Lippe<\/a><\/strong><\/div>\n<\/div>\n<\/div>\n<div>\n<div>\n<p><a href=\"https:\/\/de.wikipedia.org\/wiki\/Datei:Karte_Deutsches_Reich,_Verwaltungsgliederung_1900-01-01.png\"><img loading=\"lazy\" decoding=\"async\" src=\"https:\/\/upload.wikimedia.org\/wikipedia\/commons\/thumb\/1\/17\/Karte_Deutsches_Reich%2C_Verwaltungsgliederung_1900-01-01.png\/400px-Karte_Deutsches_Reich%2C_Verwaltungsgliederung_1900-01-01.png\" srcset=\"\/\/upload.wikimedia.org\/wikipedia\/commons\/thumb\/1\/17\/Karte_Deutsches_Reich%2C_Verwaltungsgliederung_1900-01-01.png\/600px-Karte_Deutsches_Reich%2C_Verwaltungsgliederung_1900-01-01.png 1.5x, \/\/upload.wikimedia.org\/wikipedia\/commons\/thumb\/1\/17\/Karte_Deutsches_Reich%2C_Verwaltungsgliederung_1900-01-01.png\/800px-Karte_Deutsches_Reich%2C_Verwaltungsgliederung_1900-01-01.png 2x\" alt=\"\" width=\"400\" height=\"531\" data-file-width=\"5013\" data-file-height=\"6654\" \/><\/a><\/p>\n<div>\n<div><\/div>\n<\/div>\n<\/div>\n<\/div>\n<div>\n<div>\n<div>Verwaltungsgliederung (1. Januar 1900)<\/div>\n<\/div>\n<\/div>\n<div><\/div>\n<h3><span id=\"Geografisch-politische_Lage_in_Mitteleuropa\">Geografisch-politische Lage in Mitteleuropa<\/span><\/h3>\n<p>Das Kaiserreich hatte acht Nachbarstaaten:<\/p>\n<p style=\"text-align: justify;\">Im Norden grenzte es an <a title=\"D\u00e4nemark\" href=\"https:\/\/de.wikipedia.org\/wiki\/D%C3%A4nemark\">D\u00e4nemark<\/a> (77 Kilometer), im Nordosten und Osten an das <a title=\"Russisches Kaiserreich\" href=\"https:\/\/de.wikipedia.org\/wiki\/Russisches_Kaiserreich\">Russische Reich<\/a> (1.322 Kilometer), im S\u00fcdosten und S\u00fcden an <a title=\"\u00d6sterreich-Ungarn\" href=\"https:\/\/de.wikipedia.org\/wiki\/%C3%96sterreich-Ungarn\">\u00d6sterreich-Ungarn<\/a> (2.388 Kilometer), im S\u00fcden an die <a title=\"Schweiz\" href=\"https:\/\/de.wikipedia.org\/wiki\/Schweiz\">Schweiz<\/a> (385 Kilometer), im S\u00fcdwesten an <a title=\"Frankreich\" href=\"https:\/\/de.wikipedia.org\/wiki\/Frankreich\">Frankreich<\/a> (392 Kilometer), im Westen an <a title=\"Luxemburg\" href=\"https:\/\/de.wikipedia.org\/wiki\/Luxemburg\">Luxemburg<\/a> (219 Kilometer) und <a title=\"Belgien\" href=\"https:\/\/de.wikipedia.org\/wiki\/Belgien\">Belgien<\/a> (84 Kilometer) und im Nordwesten an die <a title=\"Niederlande\" href=\"https:\/\/de.wikipedia.org\/wiki\/Niederlande\">Niederlande<\/a> (567 Kilometer).<\/p>\n<p style=\"text-align: justify;\">Die Grenzl\u00e4nge betrug insgesamt 5.434 Kilometer (ohne Grenze im <a title=\"Bodensee\" href=\"https:\/\/de.wikipedia.org\/wiki\/Bodensee\">Bodensee<\/a>).<\/p>\n<p style=\"text-align: justify;\">Diese Position wurde in der deutschen Debatte um die vermeintliche \u201eNat\u00fcrlichkeit\u201c von historisch bedingten Grenzen und R\u00e4umen einer Nation seit Beginn des 19. Jahrhunderts als \u201eMittellage\u201c in Europa gekennzeichnet.<a href=\"https:\/\/de.wikipedia.org\/wiki\/Deutsches_Kaiserreich#cite_note-12\">[12]<\/a> Diese Diskussion hielt auch w\u00e4hrend des Kaiserreichs an<a href=\"https:\/\/de.wikipedia.org\/wiki\/Deutsches_Kaiserreich#cite_note-13\">[13]<\/a> und findet bis heute<a href=\"https:\/\/de.wikipedia.org\/wiki\/Deutsches_Kaiserreich#cite_note-14\">[14]<\/a> Vertreter wie den Publizisten <a title=\"Joachim Fest\" href=\"https:\/\/de.wikipedia.org\/wiki\/Joachim_Fest\">Joachim Fest<\/a>:<\/p>\n<div>\n<div>\n<blockquote><p>\u201eDeutschlands Schicksal ist die Mittellage in Europa. Entweder wird es von allen Nachbarn bedroht oder es bedroht alle Nachbarn.\u201c<\/p><\/blockquote>\n<\/div>\n<\/div>\n<h3><span id=\"Symbole_des_Reiches\">Symbole des Reiches<\/span><\/h3>\n<div>\n<p><a href=\"https:\/\/de.wikipedia.org\/wiki\/Datei:Wappen_und_Flaggen_des_Deutschen_Reichs_und_der_Preu%C3%9Fischen_Provinzen.png\"><img loading=\"lazy\" decoding=\"async\" src=\"https:\/\/upload.wikimedia.org\/wikipedia\/commons\/thumb\/1\/1d\/Wappen_und_Flaggen_des_Deutschen_Reichs_und_der_Preu%C3%9Fischen_Provinzen.png\/220px-Wappen_und_Flaggen_des_Deutschen_Reichs_und_der_Preu%C3%9Fischen_Provinzen.png\" srcset=\"\/\/upload.wikimedia.org\/wikipedia\/commons\/thumb\/1\/1d\/Wappen_und_Flaggen_des_Deutschen_Reichs_und_der_Preu%C3%9Fischen_Provinzen.png\/330px-Wappen_und_Flaggen_des_Deutschen_Reichs_und_der_Preu%C3%9Fischen_Provinzen.png 1.5x, \/\/upload.wikimedia.org\/wikipedia\/commons\/thumb\/1\/1d\/Wappen_und_Flaggen_des_Deutschen_Reichs_und_der_Preu%C3%9Fischen_Provinzen.png\/440px-Wappen_und_Flaggen_des_Deutschen_Reichs_und_der_Preu%C3%9Fischen_Provinzen.png 2x\" alt=\"\" width=\"220\" height=\"213\" data-file-width=\"2702\" data-file-height=\"2618\" \/><\/a><\/p>\n<div>\n<div><\/div>\n<\/div>\n<\/div>\n<div>\n<div>\n<div>Wappen und Flaggen im Jahr 1900<\/div>\n<\/div>\n<\/div>\n<p style=\"text-align: justify;\">Das Deutsche Reich hatte keine offizielle <a title=\"Nationalhymne\" href=\"https:\/\/de.wikipedia.org\/wiki\/Nationalhymne\">Nationalhymne<\/a>. Als Ersatz galten die Lieder <em><a title=\"Heil dir im Siegerkranz\" href=\"https:\/\/de.wikipedia.org\/wiki\/Heil_dir_im_Siegerkranz\">Heil dir im Siegerkranz<\/a><\/em>, dessen Melodie mit der <a title=\"God Save the Queen\" href=\"https:\/\/de.wikipedia.org\/wiki\/God_Save_the_Queen\">britischen Nationalhymne<\/a> identisch ist, sowie <em><a title=\"Die Wacht am Rhein\" href=\"https:\/\/de.wikipedia.org\/wiki\/Die_Wacht_am_Rhein\">Die Wacht am Rhein<\/a><\/em> und <em><a title=\"Lied der Deutschen\" href=\"https:\/\/de.wikipedia.org\/wiki\/Lied_der_Deutschen\">das Lied der Deutschen<\/a><\/em>.<a href=\"https:\/\/de.wikipedia.org\/wiki\/Deutsches_Kaiserreich#cite_note-15\">[15]<\/a><\/p>\n<p style=\"text-align: justify;\">Nach Art.\u00a055 RV waren <a title=\"Schwarz-Wei\u00df-Rot\" href=\"https:\/\/de.wikipedia.org\/wiki\/Schwarz-Wei%C3%9F-Rot\">Schwarz-Wei\u00df-Rot<\/a> die Farben der <a title=\"Seekriegsflagge\" href=\"https:\/\/de.wikipedia.org\/wiki\/Seekriegsflagge\">Marineflagge<\/a> und der <a title=\"Handelsflagge\" href=\"https:\/\/de.wikipedia.org\/wiki\/Handelsflagge\">Kauffahrteiflagge<\/a>. Sie stammen noch aus der Zeit des Norddeutschen Bundes. Die Farben setzen sich aus den Farben Preu\u00dfens (<a title=\"Schwarz-Wei\u00df-Rot\" href=\"https:\/\/de.wikipedia.org\/wiki\/Schwarz-Wei%C3%9F-Rot#Wei\u00df-Schwarz\">schwarz und wei\u00df<\/a>) und denen der <a title=\"Hanseflagge\" href=\"https:\/\/de.wikipedia.org\/wiki\/Hanseflagge\">Freien und Hansest\u00e4dte<\/a> (wei\u00df \u00fcber rot) zusammen. Erst 1892 wurde <em>durch Allerh\u00f6chsten Erla\u00df<\/em> Schwarz-Wei\u00df-Rot zur <a title=\"Nationalflagge\" href=\"https:\/\/de.wikipedia.org\/wiki\/Nationalflagge\">Nationalflagge<\/a> bestimmt.<\/p>\n<h3><span id=\"Verfassung\">Verfassung<\/span><\/h3>\n<div role=\"navigation\"><span title=\"siehe\" role=\"presentation\" aria-hidden=\"true\">\u2192 <\/span><em>Hauptartikel: <a title=\"Bismarcksche Reichsverfassung\" href=\"https:\/\/de.wikipedia.org\/wiki\/Bismarcksche_Reichsverfassung\">Bismarcksche Reichsverfassung<\/a><\/em><\/div>\n<p style=\"text-align: justify;\">Die <a title=\"Bismarcksche Reichsverfassung\" href=\"https:\/\/de.wikipedia.org\/wiki\/Bismarcksche_Reichsverfassung\">Verfassung des Deutschen Reiches vom 16. April 1871<\/a> ging aus der 1866 ausgearbeiteten <a title=\"Norddeutsche Bundesverfassung\" href=\"https:\/\/de.wikipedia.org\/wiki\/Norddeutsche_Bundesverfassung\">Verfassung des Norddeutschen Bundes<\/a> hervor; <a title=\"Otto von Bismarck\" href=\"https:\/\/de.wikipedia.org\/wiki\/Otto_von_Bismarck\">Otto von Bismarck<\/a> hatte sie ma\u00dfgeblich gepr\u00e4gt und auf sich zugeschnitten. Sie war zum einen ein <a title=\"Staatsorganisationsrecht\" href=\"https:\/\/de.wikipedia.org\/wiki\/Staatsorganisationsrecht\">Organisationsstatut<\/a>, welches die Kompetenzen der <a title=\"Organ (Recht)\" href=\"https:\/\/de.wikipedia.org\/wiki\/Organ_(Recht)\">Staatsorgane<\/a>, durch die das Reich handelte, und sonstiger Einrichtungen des Reiches gegenseitig nach innen abgrenzte. Sie legte andererseits die Zust\u00e4ndigkeit des Reiches gegen\u00fcber den Bundesstaaten fest. Hier folgte sie dem Prinzip der begrenzten Einzelerm\u00e4chtigung. Das Reich durfte nur f\u00fcr diejenigen Angelegenheiten t\u00e4tig werden, die dem Reich in der Verfassung ausdr\u00fccklich als Zust\u00e4ndigkeit zugewiesen wurden. Im \u00dcbrigen waren die Bundesstaaten zust\u00e4ndig.<\/p>\n<div>\n<div>\n<p><a href=\"https:\/\/de.wikipedia.org\/w\/index.php?title=Datei:Verfassung1871.jpg&amp;filetimestamp=20060615164816&amp;\"><img loading=\"lazy\" decoding=\"async\" src=\"https:\/\/upload.wikimedia.org\/wikipedia\/de\/thumb\/9\/92\/Verfassung1871.jpg\/220px-Verfassung1871.jpg\" srcset=\"\/\/upload.wikimedia.org\/wikipedia\/de\/thumb\/9\/92\/Verfassung1871.jpg\/330px-Verfassung1871.jpg 1.5x, \/\/upload.wikimedia.org\/wikipedia\/de\/thumb\/9\/92\/Verfassung1871.jpg\/440px-Verfassung1871.jpg 2x\" alt=\"\" width=\"220\" height=\"149\" data-file-width=\"1226\" data-file-height=\"829\" \/><\/a><\/p>\n<div>\n<div><\/div>\n<\/div>\n<\/div>\n<\/div>\n<div>\n<div>\n<div style=\"text-align: justify;\">Vereinfachte graphische Darstellung der Reichsverfassung, so gab es keine \u201eReichsregierung\u201c mit verantwortlichen Ministern im Wortsinn, sondern nur eine \u201eReichsleitung\u201c aus dem Reichskanzler untergeordneten Staatssekret\u00e4ren<\/div>\n<\/div>\n<\/div>\n<p style=\"text-align: justify;\">Die <a title=\"Verfassung\" href=\"https:\/\/de.wikipedia.org\/wiki\/Verfassung\">Reichsverfassung<\/a> verf\u00fcgt \u00fcber keinen <a title=\"Grundrechte (Deutschland)\" href=\"https:\/\/de.wikipedia.org\/wiki\/Grundrechte_(Deutschland)\">Grundrechtsteil<\/a>, der die Beziehung zwischen Untertan (B\u00fcrger) und Staat mit Verfassungsrang rechtlich n\u00e4her ausgestaltet h\u00e4tte. Lediglich ein Benachteiligungsverbot auf Grund der <a title=\"Staatsb\u00fcrgerschaft\" href=\"https:\/\/de.wikipedia.org\/wiki\/Staatsb%C3%BCrgerschaft\">Staatsb\u00fcrgerschaft<\/a> eines Bundesstaates (Inl\u00e4ndergleichbehandlung) war normiert. Der fehlende Grundrechtsteil musste sich nicht zwangsl\u00e4ufig nachteilig auswirken. Weil die Bundesstaaten in der Regel die Reichsgesetze vollzogen, wurden nur sie rechtseingreifend gegen\u00fcber dem B\u00fcrger t\u00e4tig. Ma\u00dfgeblich war daher, ob und welche <a title=\"Grundrecht\" href=\"https:\/\/de.wikipedia.org\/wiki\/Grundrecht\">Grundrechte<\/a> die Landesverfassungen vorsahen. So enthielt beispielsweise die f\u00fcr den <a title=\"K\u00f6nigreich Preu\u00dfen\" href=\"https:\/\/de.wikipedia.org\/wiki\/K%C3%B6nigreich_Preu%C3%9Fen\">Preu\u00dfischen Staat<\/a> geltende <a title=\"Preu\u00dfische Verfassung (1848\/1850)\" href=\"https:\/\/de.wikipedia.org\/wiki\/Preu%C3%9Fische_Verfassung_(1848\/1850)\">Verfassung vom 31. Januar 1850<\/a> einen Grundrechtskatalog.<\/p>\n<p style=\"text-align: justify;\">Nach seiner Verfassung war das Deutsche Reich ein \u201eewiger Bund\u201c der Bundesf\u00fcrsten. Dem entsprach, dass das Deutsche Reich ein <a title=\"Bundesstaat (F\u00f6deraler Staat)\" href=\"https:\/\/de.wikipedia.org\/wiki\/Bundesstaat_(F%C3%B6deraler_Staat)\">Bundesstaat<\/a> war. Seine <a title=\"Gliedstaat\" href=\"https:\/\/de.wikipedia.org\/wiki\/Gliedstaat\">Gliedstaaten<\/a> hatten ausgepr\u00e4gte Eigenzust\u00e4ndigkeiten, wobei ihnen zus\u00e4tzlich \u00fcber den <a title=\"Bundesrat (Deutsches Reich)\" href=\"https:\/\/de.wikipedia.org\/wiki\/Bundesrat_(Deutsches_Reich)\">Bundesrat<\/a> eine bedeutende Gestaltungsfunktion auf Reichsebene zufiel. Der Bundesrat war von Verfassungs wegen als der eigentliche Souver\u00e4n des Reiches gedacht. Seine Kompetenzen waren dabei sowohl legislativer wie auch exekutiver Art. Realpolitisch blieb seine Bedeutung als eigenst\u00e4ndiges Machtzentrum aus verschiedenen Gr\u00fcnden allerdings beschr\u00e4nkt. Ein Aspekt war, dass Preu\u00dfen als gr\u00f6\u00dfter Bundesstaat zwar nur \u00fcber 17 von 58 Stimmen verf\u00fcgte, sich die nord- und mitteldeutschen Kleinstaaten aber fast immer dem preu\u00dfischen Votum anschlossen.<a href=\"https:\/\/de.wikipedia.org\/wiki\/Deutsches_Kaiserreich#cite_note-16\">[16]<\/a><\/p>\n<p style=\"text-align: justify;\">Der K\u00f6nig von Preu\u00dfen bildete das Pr\u00e4sidium des Bundes und trug den Titel eines Deutschen Kaisers. Dem Kaiser standen beachtliche Kompetenzen zu, die weit \u00fcber das hinausgingen, was die Bezeichnung <em>Pr\u00e4sidium des Bundes<\/em> vermuten lie\u00df. Er ernannte und entlie\u00df den Reichskanzler und die Reichsbeamten (insbesondere die Staatssekret\u00e4re). Er bestimmte mit dem Reichskanzler, der in der Regel auch noch preu\u00dfischer Ministerpr\u00e4sident und preu\u00dfischer Au\u00dfenminister war, die Au\u00dfenpolitik des Reiches. Der Kaiser f\u00fchrte den Oberbefehl \u00fcber die <a title=\"Kaiserliche Marine\" href=\"https:\/\/de.wikipedia.org\/wiki\/Kaiserliche_Marine\">Kriegsmarine<\/a> und \u00fcber das <a title=\"Deutsches Heer (Deutsches Kaiserreich)\" href=\"https:\/\/de.wikipedia.org\/wiki\/Deutsches_Heer_(Deutsches_Kaiserreich)\">deutsche Heer<\/a> (\u00fcber das <a title=\"Bayerische Armee\" href=\"https:\/\/de.wikipedia.org\/wiki\/Bayerische_Armee\">bayerische Heer<\/a> nur in Kriegszeiten). Insbesondere sah die Verfassung vor, dass der Kaiser, falls erforderlich, mittels des Heeres die innere Sicherheit wiederherstellen konnte. Diese Konzentration der Kommandogewalt wurde oftmals in der Innenpolitik als Druckmittel eingesetzt. Die s\u00fcddeutschen K\u00f6nigreiche <a title=\"K\u00f6nigreich W\u00fcrttemberg\" href=\"https:\/\/de.wikipedia.org\/wiki\/K%C3%B6nigreich_W%C3%BCrttemberg\">W\u00fcrttemberg<\/a> und <a title=\"K\u00f6nigreich Bayern\" href=\"https:\/\/de.wikipedia.org\/wiki\/K%C3%B6nigreich_Bayern\">Bayern<\/a> behielten sich bei den Verfassungsverhandlungen <a title=\"Reservatrechte (Deutsches Kaiserreich)\" href=\"https:\/\/de.wikipedia.org\/wiki\/Reservatrechte_(Deutsches_Kaiserreich)\">Reservatrechte<\/a> vor. Allerdings war die Macht weder des preu\u00dfischen K\u00f6nigs noch des deutschen Kaisers absolut, sondern sie standen in der Tradition des deutschen <a title=\"Konstitutionalismus\" href=\"https:\/\/de.wikipedia.org\/wiki\/Konstitutionalismus\">Konstitutionalismus<\/a> des 19. Jahrhunderts wenn auch mit Elementen, die au\u00dferhalb der Verfassung standen.<a href=\"https:\/\/de.wikipedia.org\/wiki\/Deutsches_Kaiserreich#cite_note-17\">[17]<\/a><\/p>\n<p style=\"text-align: justify;\">Der <a title=\"Reichskanzler\" href=\"https:\/\/de.wikipedia.org\/wiki\/Reichskanzler\">Reichskanzler<\/a> war in diesem Machtgef\u00fcge der dem Kaiser verantwortliche Reichsminister, dem die Staatssekret\u00e4re unterstanden. Er hatte den Vorsitz des Bundesrates inne, stand der Reichsverwaltung vor und war in der Regel zugleich preu\u00dfischer Ministerpr\u00e4sident und Au\u00dfenminister. Das demokratische Defizit dieser Verfassung lag vor allem in der fehlenden parlamentarischen Verantwortlichkeit des Reichskanzlers begr\u00fcndet, den der Reichstag weder w\u00e4hlen noch st\u00fcrzen konnte. Erst im Oktober 1918 wurde die parlamentarische Verantwortlichkeit des Reichskanzlers im Rahmen der <a title=\"Oktoberverfassung\" href=\"https:\/\/de.wikipedia.org\/wiki\/Oktoberverfassung\">Oktoberverfassung<\/a> eingef\u00fchrt.<\/p>\n<p style=\"text-align: justify;\">Das eigentliche Gegengewicht zu den verb\u00fcndeten Regierungen, dem Bundesrat und zur <em>Reichsleitung<\/em> bildete der <a title=\"Reichstag (Deutsches Kaiserreich)\" href=\"https:\/\/de.wikipedia.org\/wiki\/Reichstag_(Deutsches_Kaiserreich)\">Reichstag<\/a>. Das <a title=\"Wahlrecht im Norddeutschen Bund und im Deutschen Kaiserreich\" href=\"https:\/\/de.wikipedia.org\/wiki\/Wahlrecht_im_Norddeutschen_Bund_und_im_Deutschen_Kaiserreich\">Wahlrecht<\/a> sah eine allgemeine und gleiche Wahl f\u00fcr M\u00e4nner ab 25 Jahren vor (in Form des Mehrheitswahlrechts). Im Grundsatz war die Wahl geheim, wenn auch nicht unbedingt in der Praxis. Dies war im Vergleich mit anderen europ\u00e4ischen Staaten, aber auch mit dem <a title=\"Wahlrecht in den deutschen Einzelstaaten bis 1918\" href=\"https:\/\/de.wikipedia.org\/wiki\/Wahlrecht_in_den_deutschen_Einzelstaaten_bis_1918\">Wahlrecht in vielen Bundesstaaten<\/a>, ein besonderer demokratischer Zug der Reichsverfassung.<\/p>\n<p style=\"text-align: justify;\">Die <a title=\"Legislaturperiode\" href=\"https:\/\/de.wikipedia.org\/wiki\/Legislaturperiode\">Legislaturperiode<\/a> des Reichstages dauerte anfangs drei Jahre, nach 1888 f\u00fcnf Jahre. Der Bundesrat konnte mit Zustimmung des Kaisers das Parlament jederzeit aufl\u00f6sen und Neuwahlen ausschreiben; in der Realit\u00e4t ging die Initiative zur Aufl\u00f6sung vom Kanzler aus. Die Abgeordneten erhielten als Gegengewicht zum <a title=\"Allgemeines Wahlrecht\" href=\"https:\/\/de.wikipedia.org\/wiki\/Allgemeines_Wahlrecht\">allgemeinen Wahlrecht<\/a> keine Di\u00e4ten. Die Abgeordneten hatten ein freies Mandat und waren nach dem Verfassungstext nicht an die Auftr\u00e4ge der W\u00e4hler gebunden. Tats\u00e4chlich gab es in den ersten Legislaturperioden zahlreiche \u201ewilde Abgeordnete\u201c. In der Praxis setzte sich freilich rasch die Fraktionsbildung weiter durch.<\/p>\n<p style=\"text-align: justify;\">Der Reichstag war neben dem Bundesrat gleichberechtigtes Organ bei der Verabschiedung von Gesetzen. Dieses zentrale Parlamentsrecht war im Zeitalter des <a title=\"Rechtspositivismus\" href=\"https:\/\/de.wikipedia.org\/wiki\/Rechtspositivismus\">Rechtspositivismus<\/a> von wachsender Bedeutung, beruhte das Regierungshandeln doch im Kern auf Gesetzen. Verordnungen der Regierung spielten nach der Entwicklung der Lehre vom <a title=\"Gesetzesvorbehalt\" href=\"https:\/\/de.wikipedia.org\/wiki\/Gesetzesvorbehalt\">Gesetzesvorbehalt<\/a> nur noch nach parlamentarischer Erm\u00e4chtigung eine Rolle. Verwaltungsrichtlinien kam nur verwaltungsinterne Wirkung zu. Die zweite Kernkompetenz des Parlaments war die Verabschiedung des Haushalts in Form eines Gesetzes. Die Haushaltsdebatte entwickelte sich rasch zur Generaldebatte \u00fcber das gesamte Handeln der Regierung. Allerdings war die Entscheidungsm\u00f6glichkeit \u00fcber den Milit\u00e4retat, der den Hauptausgabeposten des Reiches bildete, begrenzt. Bis 1874 war der Etat ohnehin festgelegt und sp\u00e4ter sorgten die <a title=\"Septennat (Deutsches Kaiserreich)\" href=\"https:\/\/de.wikipedia.org\/wiki\/Septennat_(Deutsches_Kaiserreich)\">Septennate<\/a> und sp\u00e4ter die Quinquennate f\u00fcr eine Begrenzung der Parlamentsrechte in diesem Bereich.<a href=\"https:\/\/de.wikipedia.org\/wiki\/Deutsches_Kaiserreich#cite_note-18\">[18]<\/a> Die Gesetzesinitiative, also das Recht, m\u00f6gliche neue Gesetze vorzuschlagen, hatte der Reichstag ebenso wie der Reichskanzler.<\/p>\n<p style=\"text-align: justify;\">Damit war die politische Leitung des Reiches auf die Zusammenarbeit mit dem Reichstag angewiesen. Anders als die Verfassungspr\u00e4ambel es vermuten lie\u00df, war das Reich mitnichten ein \u201eF\u00fcrstenbund\u201c. Vielmehr stellte die Verfassung einen Kompromiss zwischen den nationalen und demokratischen Forderungen des aufstrebenden Wirtschafts- und Bildungsb\u00fcrgertums und den dynastischen Herrschaftsstrukturen dar (<a title=\"Konstitutionelle Monarchie\" href=\"https:\/\/de.wikipedia.org\/wiki\/Konstitutionelle_Monarchie\">konstitutionelle Monarchie<\/a>), beziehungsweise einen Kompromiss zwischen dem unitarischen Prinzip, das von Kaiser und Reichstag verk\u00f6rpert wurde, und dem f\u00f6deralistischen Prinzip mit dem Bundesrat als Vertretung der Gliedstaaten.<\/p>\n<h3><span id=\"Machtzentren_des_Reiches\">Machtzentren des Reiches<\/span><\/h3>\n<p style=\"text-align: justify;\">Die Verfassungsordnung war ein wichtiger Rahmen f\u00fcr die tats\u00e4chliche Herrschaftsordnung. Tats\u00e4chlich waren die in der Bismarckschen Reichsverfassung verankerten Institutionen wie der Reichstag oder der Kanzler f\u00fcr das politische System von zentraler Bedeutung. Dar\u00fcber hinaus gab es weitere Machtzentren, die von der geschriebenen Verfassung nur teilweise abgebildet wurden.<\/p>\n<h4 style=\"text-align: justify;\"><span id=\"B.C3.BCrokratie_und_Verwaltung\"> <\/span><span id=\"B\u00fcrokratie_und_Verwaltung\">B\u00fcrokratie und Verwaltung<\/span><\/h4>\n<p style=\"text-align: justify;\">So gut wie keine Erw\u00e4hnung fand in der Verfassung etwa die B\u00fcrokratie. Bei allen innenpolitischen Konflikten sorgte der b\u00fcrokratische Apparat f\u00fcr Kontinuit\u00e4t. Gleichzeitig mussten die politischen Entscheidungstr\u00e4ger \u2013 auch Reichskanzler und Kaiser \u2013 mit dem Eigengewicht der h\u00f6heren Beamten rechnen. Allerdings hatte das Reich selbst zu Anfang nur einen bescheidenen Apparat und war lange Zeit auf die Zuarbeit der preu\u00dfischen Ministerien angewiesen.<\/p>\n<p style=\"text-align: justify;\">Neben dem Reichskanzler gab es keine regelrechte Reichsregierung. Anstelle von Ministern gab es lediglich eine Reihe von dem Kanzler unterstellten Staatssekret\u00e4ren, die <a title=\"Reichsamt\" href=\"https:\/\/de.wikipedia.org\/wiki\/Reichsamt\">Reichs\u00e4mtern<\/a> vorsa\u00dfen. So entstanden im Laufe der Zeit neben dem <a title=\"Reichskanzlei\" href=\"https:\/\/de.wikipedia.org\/wiki\/Reichskanzlei\">Reichskanzleramt<\/a>, ein <a title=\"Reichseisenbahnamt\" href=\"https:\/\/de.wikipedia.org\/wiki\/Reichseisenbahnamt\">Reichseisenbahnamt<\/a>, ein <a title=\"Reichspostamt\" href=\"https:\/\/de.wikipedia.org\/wiki\/Reichspostamt\">Reichspostamt<\/a>, ein <a title=\"Reichsjustizamt\" href=\"https:\/\/de.wikipedia.org\/wiki\/Reichsjustizamt\">Reichsjustizamt<\/a>, ein <a title=\"Reichsschatzamt\" href=\"https:\/\/de.wikipedia.org\/wiki\/Reichsschatzamt\">Reichsschatzamt<\/a>, ein <a title=\"Ministerium f\u00fcr Elsa\u00df-Lothringen\" href=\"https:\/\/de.wikipedia.org\/wiki\/Ministerium_f%C3%BCr_Elsa%C3%9F-Lothringen\">Ministerium f\u00fcr Elsa\u00df-Lothringen<\/a>, das <a title=\"Ausw\u00e4rtiges Amt\" href=\"https:\/\/de.wikipedia.org\/wiki\/Ausw%C3%A4rtiges_Amt\">Ausw\u00e4rtige Amt<\/a>, <a title=\"Reichsamt des Innern\" href=\"https:\/\/de.wikipedia.org\/wiki\/Reichsamt_des_Innern\">Reichsamt des Innern<\/a>, ein <a title=\"Reichsmarineamt\" href=\"https:\/\/de.wikipedia.org\/wiki\/Reichsmarineamt\">Reichsmarineamt<\/a> und schlie\u00dflich ein <a title=\"Reichskolonialamt\" href=\"https:\/\/de.wikipedia.org\/wiki\/Reichskolonialamt\">Reichskolonialamt<\/a>. Die verwaltungsm\u00e4\u00dfige Abh\u00e4ngigkeit von Preu\u00dfen verringerte sich zwar mit dem personellen Ausbau der Reichsverwaltung. Bis zum Schluss aber war die organisatorische Verbindung zwischen Preu\u00dfen und dem Reich von gro\u00dfer Bedeutung.<\/p>\n<p style=\"text-align: justify;\">In den h\u00f6heren Positionen auch der h\u00f6heren Reichsverwaltung waren Protestanten ebenso wie Angeh\u00f6rige des Adels \u00fcberrepr\u00e4sentiert. So geh\u00f6rten von insgesamt 31 <a title=\"Staatssekret\u00e4r\" href=\"https:\/\/de.wikipedia.org\/wiki\/Staatssekret%C3%A4r\">Reichsstaatssekret\u00e4ren<\/a> zw\u00f6lf dem Adel an und 1909 waren 71\u00a0% evangelischer Konfession. Politisch allerdings waren diese anfangs noch vergleichsweise liberal ausgerichtet. Erst eine langfristige Nachwuchspolitik sorgte auf l\u00e4ngere Sicht f\u00fcr eine konservative Ausrichtung der h\u00f6heren Beamtenschaft.<a href=\"https:\/\/de.wikipedia.org\/wiki\/Deutsches_Kaiserreich#cite_note-19\">[19]<\/a><\/p>\n<h4><span id=\"Monarchie_und_Hof\">Monarchie und Hof<\/span><\/h4>\n<div>\n<p><a href=\"https:\/\/de.wikipedia.org\/wiki\/Datei:Adolph_Menzel_-_Das_Ballsouper_-_Google_Art_Project.jpg\"><img loading=\"lazy\" decoding=\"async\" src=\"https:\/\/upload.wikimedia.org\/wikipedia\/commons\/thumb\/e\/e7\/Adolph_Menzel_-_Das_Ballsouper_-_Google_Art_Project.jpg\/220px-Adolph_Menzel_-_Das_Ballsouper_-_Google_Art_Project.jpg\" srcset=\"\/\/upload.wikimedia.org\/wikipedia\/commons\/thumb\/e\/e7\/Adolph_Menzel_-_Das_Ballsouper_-_Google_Art_Project.jpg\/330px-Adolph_Menzel_-_Das_Ballsouper_-_Google_Art_Project.jpg 1.5x, \/\/upload.wikimedia.org\/wikipedia\/commons\/thumb\/e\/e7\/Adolph_Menzel_-_Das_Ballsouper_-_Google_Art_Project.jpg\/440px-Adolph_Menzel_-_Das_Ballsouper_-_Google_Art_Project.jpg 2x\" alt=\"\" width=\"220\" height=\"173\" data-file-width=\"3543\" data-file-height=\"2785\" \/><\/a><\/p>\n<div>\n<div><\/div>\n<\/div>\n<\/div>\n<div>\n<div>\n<div><a title=\"Adolph Menzel\" href=\"https:\/\/de.wikipedia.org\/wiki\/Adolph_Menzel\">Adolph Menzel<\/a>: <em>Das Ballsouper<\/em>, 1878<\/div>\n<\/div>\n<\/div>\n<p style=\"text-align: justify;\">Die Verfassung garantierte dem Kaiser einen erheblichen Handlungsspielraum. F\u00fcr die Entscheidungen der Monarchen spielten die verschiedenen kaiserlichen Beratungsgremien wie das <a title=\"Geheimes Zivilkabinett\" href=\"https:\/\/de.wikipedia.org\/wiki\/Geheimes_Zivilkabinett\">Zivil-<\/a>, <a title=\"Milit\u00e4rkabinett\" href=\"https:\/\/de.wikipedia.org\/wiki\/Milit%C3%A4rkabinett\">Milit\u00e4r-<\/a> und <a title=\"Marinekabinett\" href=\"https:\/\/de.wikipedia.org\/wiki\/Marinekabinett\">Marinekabinett<\/a> wichtige Rollen. Hinzu kamen der Hof und die engen pers\u00f6nlichen Vertrauten der Kaiser. Bereits mit Wilhelm I. nahm der Monarch erheblichen Einfluss auf die Personalpolitik, ohne in der Regel in die Tagesgesch\u00e4fte einzugreifen. Vor allem unter Kaiser Wilhelm II. mit seinem Anspruch eines \u201e<a title=\"Pers\u00f6nliches Regiment\" href=\"https:\/\/de.wikipedia.org\/wiki\/Pers%C3%B6nliches_Regiment\">pers\u00f6nlichen Regiments<\/a>\u201c<a href=\"https:\/\/de.wikipedia.org\/wiki\/Deutsches_Kaiserreich#cite_note-20\">[20]<\/a> war diese Ebene eines der zentralen Machtzentren des Reiches.<\/p>\n<p style=\"text-align: justify;\">Kaum zu untersch\u00e4tzen ist auch der Wandel des Kaisers von einem Pr\u00e4sidium des Bundes zu einem Reichsmonarchen. Auch au\u00dferhalb Preu\u00dfens wurden nicht mehr nur die Gedenktage der verschiedenen Dynasten, sondern auch <a title=\"Kaisers Geburtstag\" href=\"https:\/\/de.wikipedia.org\/wiki\/Kaisers_Geburtstag\">Kaisers Geburtstag<\/a> gefeiert. Der Kaiser wurde zunehmend zu einem Symbol des Reiches. Die Frage, inwieweit Kaiser Wilhelm II. tats\u00e4chlich ein pers\u00f6nliches Regime durchsetzen konnte, ist freilich in der Geschichtswissenschaft umstritten. Unstrittig ist, dass der kaiserliche Einfluss bis 1897 noch begrenzt war, w\u00e4hrend die Bedeutung des Kaisers bis 1908 deutlich zunahm, um danach wieder an Bedeutung zu verlieren. Dazu beigetragen hat die <a title=\"Harden-Eulenburg-Aff\u00e4re\" href=\"https:\/\/de.wikipedia.org\/wiki\/Harden-Eulenburg-Aff%C3%A4re\">Aff\u00e4re<\/a> um den Vertrauten des Kaisers <a title=\"Philipp zu Eulenburg\" href=\"https:\/\/de.wikipedia.org\/wiki\/Philipp_zu_Eulenburg\">Philipp zu Eulenburg<\/a>. Diese und die anschlie\u00dfende <a title=\"Daily-Telegraph-Aff\u00e4re\" href=\"https:\/\/de.wikipedia.org\/wiki\/Daily-Telegraph-Aff%C3%A4re\">Daily-Telegraph-Aff\u00e4re<\/a> haben mit dazu gef\u00fchrt, das Ansehen des Kaisers \u2013 nicht aber der Monarchie als Institution \u2013 in der \u00d6ffentlichkeit zu verringern.<a href=\"https:\/\/de.wikipedia.org\/wiki\/Deutsches_Kaiserreich#cite_note-21\">[21]<\/a><\/p>\n<h4><span id=\"Milit.C3.A4r\"> <\/span><span id=\"Milit\u00e4r\">Milit\u00e4r<\/span><\/h4>\n<div>\n<p><a href=\"https:\/\/de.wikipedia.org\/wiki\/Datei:Kaiser_und_Gener%C3%A4le.jpg\"><img loading=\"lazy\" decoding=\"async\" src=\"https:\/\/upload.wikimedia.org\/wikipedia\/commons\/thumb\/d\/d0\/Kaiser_und_Gener%C3%A4le.jpg\/220px-Kaiser_und_Gener%C3%A4le.jpg\" srcset=\"\/\/upload.wikimedia.org\/wikipedia\/commons\/thumb\/d\/d0\/Kaiser_und_Gener%C3%A4le.jpg\/330px-Kaiser_und_Gener%C3%A4le.jpg 1.5x, \/\/upload.wikimedia.org\/wikipedia\/commons\/thumb\/d\/d0\/Kaiser_und_Gener%C3%A4le.jpg\/440px-Kaiser_und_Gener%C3%A4le.jpg 2x\" alt=\"\" width=\"220\" height=\"328\" data-file-width=\"728\" data-file-height=\"1084\" \/><\/a><\/p>\n<div>\n<div><\/div>\n<\/div>\n<\/div>\n<div>\n<div>\n<div><em><a title=\"Wilhelm II. (Deutsches Reich)\" href=\"https:\/\/de.wikipedia.org\/wiki\/Wilhelm_II._(Deutsches_Reich)\">Kaiser Wilhelm<\/a><\/em> (Mitte) <em>und seine <a title=\"Heerf\u00fchrer\" href=\"https:\/\/de.wikipedia.org\/wiki\/Heerf%C3%BChrer\">Heerf\u00fchrer<\/a><\/em> (Postkarte von 1915):<br \/>\n<a title=\"Alexander von Kluck\" href=\"https:\/\/de.wikipedia.org\/wiki\/Alexander_von_Kluck\">Kluck<\/a>, <a title=\"Otto von Emmich\" href=\"https:\/\/de.wikipedia.org\/wiki\/Otto_von_Emmich\">Emmich<\/a> (Ecken oben links und rechts);<br \/>\n<a title=\"Karl von B\u00fclow\" href=\"https:\/\/de.wikipedia.org\/wiki\/Karl_von_B%C3%BClow\">B\u00fclow<\/a>, <a title=\"Rupprecht von Bayern\" href=\"https:\/\/de.wikipedia.org\/wiki\/Rupprecht_von_Bayern\">Kronprinz\u00a0Rupprecht<\/a>, <a title=\"Wilhelm von Preu\u00dfen (1882\u20131951)\" href=\"https:\/\/de.wikipedia.org\/wiki\/Wilhelm_von_Preu%C3%9Fen_(1882%E2%80%931951)\">Kronprinz\u00a0Wilhelm<\/a>, <a title=\"Albrecht Herzog von W\u00fcrttemberg\" href=\"https:\/\/de.wikipedia.org\/wiki\/Albrecht_Herzog_von_W%C3%BCrttemberg\">Herzog\u00a0Albrecht<\/a>, <a title=\"Josias von Heeringen\" href=\"https:\/\/de.wikipedia.org\/wiki\/Josias_von_Heeringen\">Heeringen<\/a> (1.\u00a0Reihe);<br \/>\n<a title=\"Hermann von Fran\u00e7ois\" href=\"https:\/\/de.wikipedia.org\/wiki\/Hermann_von_Fran%C3%A7ois\">Fran\u00e7ois<\/a>, <a title=\"Hans von Beseler\" href=\"https:\/\/de.wikipedia.org\/wiki\/Hans_von_Beseler\">Beseler<\/a>, <a title=\"Paul von Hindenburg\" href=\"https:\/\/de.wikipedia.org\/wiki\/Paul_von_Hindenburg\">Hindenburg<\/a>, <a title=\"Hermann von Stein\" href=\"https:\/\/de.wikipedia.org\/wiki\/Hermann_von_Stein\">Stein<\/a> (2.\u00a0Reihe);<br \/>\n<a title=\"Alfred von Tirpitz\" href=\"https:\/\/de.wikipedia.org\/wiki\/Alfred_von_Tirpitz\">Tirpitz<\/a>, <a title=\"Heinrich von Preu\u00dfen (1862\u20131929)\" href=\"https:\/\/de.wikipedia.org\/wiki\/Heinrich_von_Preu%C3%9Fen_(1862%E2%80%931929)\">Prinz\u00a0Heinrich<\/a> (3.\u00a0Reihe);<br \/>\n<a title=\"Ewald von Lochow\" href=\"https:\/\/de.wikipedia.org\/wiki\/Ewald_von_Lochow\">Lochow<\/a>, <a title=\"Gottlieb von Haeseler (Generalfeldmarschall)\" href=\"https:\/\/de.wikipedia.org\/wiki\/Gottlieb_von_Haeseler_(Generalfeldmarschall)\">Haeseler<\/a>, <a title=\"Remus von Woyrsch\" href=\"https:\/\/de.wikipedia.org\/wiki\/Remus_von_Woyrsch\">Woyrsch<\/a>, <a title=\"Karl von Einem\" href=\"https:\/\/de.wikipedia.org\/wiki\/Karl_von_Einem\">Einem<\/a> (4.\u00a0Reihe);<br \/>\n<a title=\"August von Mackensen\" href=\"https:\/\/de.wikipedia.org\/wiki\/August_von_Mackensen\">Mackensen<\/a>, <a title=\"Erich Ludendorff\" href=\"https:\/\/de.wikipedia.org\/wiki\/Erich_Ludendorff\">Ludendorff<\/a>, <a title=\"Erich von Falkenhayn\" href=\"https:\/\/de.wikipedia.org\/wiki\/Erich_von_Falkenhayn\">Falkenhayn<\/a>, <a title=\"Johann von Zwehl\" href=\"https:\/\/de.wikipedia.org\/wiki\/Johann_von_Zwehl\">Zwehl<\/a> (5.\u00a0Reihe)<\/div>\n<\/div>\n<\/div>\n<div role=\"navigation\"><span title=\"siehe\" role=\"presentation\" aria-hidden=\"true\">\u2192 <\/span><em>Hauptartikel: <a title=\"Deutsches Heer (Deutsches Kaiserreich)\" href=\"https:\/\/de.wikipedia.org\/wiki\/Deutsches_Heer_(Deutsches_Kaiserreich)\">Deutsches Heer (Deutsches Kaiserreich)<\/a>\u00a0und <a title=\"Kaiserliche Marine\" href=\"https:\/\/de.wikipedia.org\/wiki\/Kaiserliche_Marine\">Kaiserliche Marine<\/a><\/em><\/div>\n<p style=\"text-align: justify;\">Das Heer und die Marine blieben, abgesehen von der Bewilligung der n\u00f6tigen Finanzmittel, nach der Verfassung weitgehend der Verf\u00fcgungsgewalt des preu\u00dfischen K\u00f6nigs beziehungsweise des Kaisers unterstellt. Die Grenzen der absolutistisch anmutenden \u201eKommandogewalt\u201c waren dabei kaum definiert. Es blieb daher eine der zentralen St\u00fctzen der Monarchie. Unterhalb des \u201eobersten Kriegsherrn\u201c existierten mit dem <a title=\"Milit\u00e4rkabinett\" href=\"https:\/\/de.wikipedia.org\/wiki\/Milit%C3%A4rkabinett\">Milit\u00e4rkabinett<\/a>, dem <a title=\"Preu\u00dfisches Kriegsministerium\" href=\"https:\/\/de.wikipedia.org\/wiki\/Preu%C3%9Fisches_Kriegsministerium\">preu\u00dfischen Kriegsministerium<\/a> und dem Generalstab drei Institutionen, die zeitweise untereinander um Kompetenzen stritten. Insbesondere der Generalstab bereits unter <a title=\"Helmuth Karl Bernhard von Moltke\" href=\"https:\/\/de.wikipedia.org\/wiki\/Helmuth_Karl_Bernhard_von_Moltke\">Helmuth Karl Bernhard von Moltke<\/a> und sp\u00e4ter <a title=\"Alfred von Waldersee\" href=\"https:\/\/de.wikipedia.org\/wiki\/Alfred_von_Waldersee\">Alfred von Waldersee<\/a> versuchte Einfluss auch auf politische Entscheidungen zu nehmen. Dasselbe gilt f\u00fcr <a title=\"Alfred von Tirpitz\" href=\"https:\/\/de.wikipedia.org\/wiki\/Alfred_von_Tirpitz\">Alfred von Tirpitz<\/a> in Marinefragen.<a href=\"https:\/\/de.wikipedia.org\/wiki\/Deutsches_Kaiserreich#cite_note-22\">[22]<\/a><\/p>\n<p style=\"text-align: justify;\">Die Armee richtete sich nicht nur gegen \u00e4u\u00dfere Feinde, sondern sollte nach dem Willen der milit\u00e4rischen F\u00fchrung auch im Innern etwa bei <a title=\"Streik\" href=\"https:\/\/de.wikipedia.org\/wiki\/Streik\">Streiks<\/a> zum Einsatz kommen.<a href=\"https:\/\/de.wikipedia.org\/wiki\/Deutsches_Kaiserreich#cite_note-23\">[23]<\/a> In der Praxis wurde die Armee zwar bei den gro\u00dfen Streiks kaum eingesetzt. Dennoch bildete die Armee als Drohpotential einen nicht zu untersch\u00e4tzenden innenpolitischen Machtfaktor.<\/p>\n<p style=\"text-align: justify;\">Die enge Verbundenheit mit der Monarchie spiegelte sich zun\u00e4chst noch im stark adelig gepr\u00e4gten <a title=\"Offizierskorps\" href=\"https:\/\/de.wikipedia.org\/wiki\/Offizierskorps\">Offizierskorps<\/a> wider. Auch sp\u00e4ter behielt der Adel eine starke Stellung unter den F\u00fchrungsr\u00e4ngen, allerdings drang im mittleren Bereich mit der Vergr\u00f6\u00dferung der Armee und der Flotte der b\u00fcrgerliche Anteil st\u00e4rker vor. Die entsprechende Auswahl und die innere Sozialisation im Milit\u00e4r sorgten allerdings daf\u00fcr, dass auch das Selbstverst\u00e4ndnis dieser Gruppe sich kaum von dem ihrer adeligen Kameraden unterschied.<a href=\"https:\/\/de.wikipedia.org\/wiki\/Deutsches_Kaiserreich#cite_note-24\">[24]<\/a><\/p>\n<p style=\"text-align: justify;\">Der <a title=\"Militarismus in Deutschland\" href=\"https:\/\/de.wikipedia.org\/wiki\/Militarismus_in_Deutschland\">Militarismus in Deutschland<\/a> verst\u00e4rkte sich. Zwischen 1848 und den 1860er Jahren hat die Gesellschaft das Milit\u00e4r eher mit Misstrauen betrachtet. Dies \u00e4nderte sich nach den Siegen von 1864 bis 1871 fundamental. Das Milit\u00e4r wurde zu einem zentralen Element des entstehenden Reichs<a title=\"Patriotismus\" href=\"https:\/\/de.wikipedia.org\/wiki\/Patriotismus\">patriotismus<\/a>. Kritik am Milit\u00e4r galt als unpatriotisch. Dennoch unterst\u00fctzten die Parteien eine Vergr\u00f6\u00dferung der Armee nicht unbegrenzt. So erreichte das Milit\u00e4r erst 1890 mit einer Friedenspr\u00e4senzst\u00e4rke von fast 490.000 Mann seine von der Verfassung vorgegebene St\u00e4rke von einem Prozent der Bev\u00f6lkerung. In den folgenden Jahren wurden die Landstreitkr\u00e4fte weiter verst\u00e4rkt. Zwischen 1898 und 1911 forderte die kostspielige Flottenr\u00fcstung Einschr\u00e4nkungen beim Landheer. In dieser Zeit hatte sich der Generalstab selbst gegen einen Ausbau der Truppenst\u00e4rke gewandt, weil er eine Verst\u00e4rkung des b\u00fcrgerlichen zu Lasten des adeligen Elements im Offizierskorps bef\u00fcrchtete. Im Jahr 1905 entstand mit dem <a title=\"Schlieffen-Plan\" href=\"https:\/\/de.wikipedia.org\/wiki\/Schlieffen-Plan\">Schlieffen-Plan<\/a> das Konzept f\u00fcr einen m\u00f6glichen <a title=\"Zweifrontenkrieg\" href=\"https:\/\/de.wikipedia.org\/wiki\/Zweifrontenkrieg\">Zweifrontenkrieg<\/a> gegen Frankreich und Russland unter Ber\u00fccksichtigung einer Teilnahme Englands auf Seiten der Gegner. Nach 1911 wurde die Aufr\u00fcstung intensiv vorangetrieben. Die f\u00fcr die Durchf\u00fchrung des Schlieffenplanes notwendige Truppenst\u00e4rke wurde dabei letztlich nicht erreicht.<\/p>\n<p style=\"text-align: justify;\">Das Heer gewann w\u00e4hrend des Kaiserreichs eine sehr starke gesellschaftlich pr\u00e4gende Bedeutung. Das Offizierskorps galt in weiten Teilen der Bev\u00f6lkerung als \u201eErster Stand im Staate.\u201c Dessen Weltbild war dabei gepr\u00e4gt von der Treue zur Monarchie und der Verteidigung der K\u00f6nigsrechte, es war konservativ, antisozialistisch und grunds\u00e4tzlich antiparlamentarisch gepr\u00e4gt.<a href=\"https:\/\/de.wikipedia.org\/wiki\/Deutsches_Kaiserreich#cite_note-25\">[25]<\/a> Der milit\u00e4rische Verhaltens- und Ehrenkodex<a href=\"https:\/\/de.wikipedia.org\/wiki\/Deutsches_Kaiserreich#cite_note-26\">[26]<\/a> reichte weit in die Gesellschaft hinein. Auch f\u00fcr viele B\u00fcrger wurde der Status eines <a title=\"Reserveoffizier\" href=\"https:\/\/de.wikipedia.org\/wiki\/Reserveoffizier\">Reserveoffiziers<\/a> nunmehr zu einem erstrebenswerten Ziel.<\/p>\n<p style=\"text-align: justify;\">Von Bedeutung war das Milit\u00e4r zweifellos auch f\u00fcr die innere Nationsbildung. Der gemeinsame Dienst f\u00f6rderte die Integration der katholischen Bev\u00f6lkerung in das protestantisch dominierte Reich. Selbst die Arbeiter blieben gegen\u00fcber der Ausstrahlung des Milit\u00e4rs nicht immun. Dabei kam dem mindestens zwei Jahre (bei der Kavallerie drei Jahre) dauernden <a title=\"Wehrdienst\" href=\"https:\/\/de.wikipedia.org\/wiki\/Wehrdienst\">Wehrdienst<\/a> als sogenannter \u201eSchule der Nation\u201c eine pr\u00e4gende Rolle zu. Wegen des \u00dcberangebots an Wehrpflichtigen in Deutschland leistete allerdings nur gut die H\u00e4lfte eines Jahrgangs aktiven Milit\u00e4rdienst. Wehrpflichtige mit h\u00f6herer Schulbildung \u2013 fast ausschlie\u00dflich Angeh\u00f6rige der Mittel- und Oberschicht \u2013 hatten das Privileg, als <a title=\"Einj\u00e4hrig-Freiwilliger\" href=\"https:\/\/de.wikipedia.org\/wiki\/Einj%C3%A4hrig-Freiwilliger\">Einj\u00e4hrig-Freiwilliger<\/a> verk\u00fcrzten Milit\u00e4rdienst zu leisten.<\/p>\n<p style=\"text-align: justify;\"><a title=\"Heinrich Mann\" href=\"https:\/\/de.wikipedia.org\/wiki\/Heinrich_Mann\">Heinrich Manns<\/a> <em><a title=\"Der Untertan\" href=\"https:\/\/de.wikipedia.org\/wiki\/Der_Untertan\">Untertan<\/a><\/em>, der <em><a title=\"Hauptmann von K\u00f6penick\" href=\"https:\/\/de.wikipedia.org\/wiki\/Hauptmann_von_K%C3%B6penick\">Hauptmann von K\u00f6penick<\/a><\/em> oder die <a title=\"Zabern-Aff\u00e4re\" href=\"https:\/\/de.wikipedia.org\/wiki\/Zabern-Aff%C3%A4re\">Zabern-Aff\u00e4re<\/a> spiegeln die Bedeutung des <a title=\"Militarismus\" href=\"https:\/\/de.wikipedia.org\/wiki\/Militarismus\">Militarismus<\/a> in der deutschen Gesellschaft wider. \u00dcberall im Reich wurden die neuen Kriegervereine zu Tr\u00e4gern einer militaristischen Weltanschauung. Welche Breitenwirkung diese entfalteten, zeigt die Mitgliederzahl von 2,9 Millionen im <a title=\"Kyffh\u00e4userbund\" href=\"https:\/\/de.wikipedia.org\/wiki\/Kyffh%C3%A4userbund\">Kyffh\u00e4userbund<\/a> (1913). Der Bund war damit die st\u00e4rkste Massenorganisation des Reiches. Die vom Staat gef\u00f6rderten Vereine sollten die milit\u00e4rische, nationale und monarchische Gesinnung pflegen und die Mitglieder gegen\u00fcber der Sozialdemokratie immunisieren.<a href=\"https:\/\/de.wikipedia.org\/wiki\/Deutsches_Kaiserreich#cite_note-27\">[27]<\/a><\/p>\n<h3><span id=\"Bev\u00f6lkerung,_Wirtschaft_und_Gesellschaft\">Bev\u00f6lkerung, Wirtschaft und Gesellschaft<\/span><\/h3>\n<div role=\"navigation\"><span title=\"siehe\" role=\"presentation\" aria-hidden=\"true\">\u2192 <\/span><em>Hauptartikel: <a title=\"Hochindustrialisierung in Deutschland\" href=\"https:\/\/de.wikipedia.org\/wiki\/Hochindustrialisierung_in_Deutschland\">Hochindustrialisierung in Deutschland<\/a><\/em><\/div>\n<div>\n<div>\n<p><a href=\"https:\/\/de.wikipedia.org\/wiki\/Datei:Deutsches_Reich_Bev%C3%B6lkerungsdichte.jpg\"><img loading=\"lazy\" decoding=\"async\" src=\"https:\/\/upload.wikimedia.org\/wikipedia\/commons\/thumb\/e\/e1\/Deutsches_Reich_Bev%C3%B6lkerungsdichte.jpg\/220px-Deutsches_Reich_Bev%C3%B6lkerungsdichte.jpg\" srcset=\"\/\/upload.wikimedia.org\/wikipedia\/commons\/thumb\/e\/e1\/Deutsches_Reich_Bev%C3%B6lkerungsdichte.jpg\/330px-Deutsches_Reich_Bev%C3%B6lkerungsdichte.jpg 1.5x, \/\/upload.wikimedia.org\/wikipedia\/commons\/thumb\/e\/e1\/Deutsches_Reich_Bev%C3%B6lkerungsdichte.jpg\/440px-Deutsches_Reich_Bev%C3%B6lkerungsdichte.jpg 2x\" alt=\"\" width=\"220\" height=\"172\" data-file-width=\"2388\" data-file-height=\"1862\" \/><\/a><\/p>\n<div>\n<div><\/div>\n<\/div>\n<\/div>\n<\/div>\n<div>\n<div>\n<div>Bev\u00f6lkerungsdichte des Deutschen Reiches<\/div>\n<\/div>\n<\/div>\n<p style=\"text-align: justify;\">In die Zeit des Kaiserreichs fielen fundamentale demografische, wirtschaftliche und soziale Ver\u00e4nderungen, die in einem erheblichen Ma\u00df auch Kultur und Politik beeinflussten. Ein Kennzeichen daf\u00fcr war das enorme <a title=\"Bev\u00f6lkerungswachstum\" href=\"https:\/\/de.wikipedia.org\/wiki\/Bev%C3%B6lkerungswachstum\">Bev\u00f6lkerungswachstum<\/a>. Im Jahr 1871 lebten im Reich 41 Mio. Einwohner, 1890 waren es \u00fcber 49 Mio. und 1910 fast 65 Mio. Einwohner. Nicht zuletzt durch <a title=\"Binnenwanderung\" href=\"https:\/\/de.wikipedia.org\/wiki\/Binnenwanderung\">Binnenwanderungen<\/a> \u2013 zun\u00e4chst aus der Umgebung, sp\u00e4ter auch durch Fernwanderungen etwa aus den agrarischen preu\u00dfischen Ostgebieten nach Berlin oder Westdeutschland \u2013 wuchs die Stadtbev\u00f6lkerung, insbesondere die Gro\u00dfstadtbev\u00f6lkerung, stark an. Lebten 1871 noch 64\u00a0% der Bev\u00f6lkerung in Gemeinden mit weniger als 2000 Einwohnern und nur 5\u00a0% in Gro\u00dfst\u00e4dten mit mehr als 100.000 Einwohnern, gab es bereits 1890 einen Gleichstand zwischen Stadt- und Landbewohnern. Im Jahr 1910 lebten nur noch 40\u00a0% in Gemeinden mit weniger als 2000 Einwohnern und 21,3\u00a0% in Gro\u00dfst\u00e4dten. Damit verbunden war auch eine Ver\u00e4nderung der Lebensweisen. So unterschied sich das Leben etwa in den <a title=\"Mietskaserne\" href=\"https:\/\/de.wikipedia.org\/wiki\/Mietskaserne\">Mietskasernen<\/a> von Berlin grundlegend vom Leben auf dem Dorf.<\/p>\n<div style=\"text-align: justify;\">\n<div>\n<p><a href=\"https:\/\/de.wikipedia.org\/wiki\/Datei:Deutsches_Reich_Bergwerke.jpg\"><img loading=\"lazy\" decoding=\"async\" src=\"https:\/\/upload.wikimedia.org\/wikipedia\/commons\/thumb\/b\/b7\/Deutsches_Reich_Bergwerke.jpg\/220px-Deutsches_Reich_Bergwerke.jpg\" srcset=\"\/\/upload.wikimedia.org\/wikipedia\/commons\/thumb\/b\/b7\/Deutsches_Reich_Bergwerke.jpg\/330px-Deutsches_Reich_Bergwerke.jpg 1.5x, \/\/upload.wikimedia.org\/wikipedia\/commons\/thumb\/b\/b7\/Deutsches_Reich_Bergwerke.jpg\/440px-Deutsches_Reich_Bergwerke.jpg 2x\" alt=\"\" width=\"220\" height=\"170\" data-file-width=\"2452\" data-file-height=\"1896\" \/><\/a><\/p>\n<div>\n<div><\/div>\n<\/div>\n<\/div>\n<\/div>\n<div style=\"text-align: justify;\">\n<div>\n<div>Industrie, Bergwerke und H\u00fctten<\/div>\n<\/div>\n<\/div>\n<p style=\"text-align: justify;\">Dieser Wandel war nur m\u00f6glich, weil es einige Voraussetzungen daf\u00fcr gab:<\/p>\n<ul style=\"text-align: justify;\">\n<li>die Wirtschaft konnte gen\u00fcgend Arbeitspl\u00e4tze zur Verf\u00fcgung stellen<\/li>\n<li>das Bankwesen und insbesondere die gro\u00dfen Universalbanken hatten sich weiterentwickelt und waren gewachsen<a href=\"https:\/\/de.wikipedia.org\/wiki\/Deutsches_Kaiserreich#cite_note-28\">[28]<\/a><\/li>\n<li>Verkehrswesen und Logistik hatten Fortschritte gemacht (siehe auch <a title=\"Geschichte der Eisenbahn in Deutschland\" href=\"https:\/\/de.wikipedia.org\/wiki\/Geschichte_der_Eisenbahn_in_Deutschland\">Geschichte der Eisenbahn in Deutschland<\/a>): zum Beispiel transportierte die <a title=\"Preu\u00dfische Ostbahn\" href=\"https:\/\/de.wikipedia.org\/wiki\/Preu%C3%9Fische_Ostbahn\">Preu\u00dfische Ostbahn<\/a> ein Vielfaches der beim Bau prognostizierten Menge von G\u00fctern \u2013 darunter gro\u00dfe Mengen Lebensmittel \u2013 vom Land in Ballungsr\u00e4ume.<a href=\"https:\/\/de.wikipedia.org\/wiki\/Deutsches_Kaiserreich#cite_note-29\">[29]<\/a><\/li>\n<\/ul>\n<p style=\"text-align: justify;\">In diese Zeit f\u00e4llt der \u00dcbergang Deutschlands von einem landwirtschaftlich gepr\u00e4gten Land zu einem modernen Industriestaat (\u2192 <a title=\"Hochindustrialisierung in Deutschland\" href=\"https:\/\/de.wikipedia.org\/wiki\/Hochindustrialisierung_in_Deutschland\">Hochindustrialisierung in Deutschland<\/a>). Dabei dominierten zu Beginn des Reiches der Eisenbahnbau und die <a title=\"Schwerindustrie\" href=\"https:\/\/de.wikipedia.org\/wiki\/Schwerindustrie\">Schwerindustrie<\/a>; sp\u00e4ter kamen als neue Leitsektoren die chemische Industrie und die Elektroindustrie hinzu. 1873 hatten der Anteil des prim\u00e4ren Sektors am Nettoinlandsprodukt bei 37,9\u00a0% und das der <a title=\"Industrie\" href=\"https:\/\/de.wikipedia.org\/wiki\/Industrie\">Industrie<\/a> bei 31,7\u00a0% gelegen. 1889 war der Gleichstand erreicht; 1895 kam die Landwirtschaft nur noch auf 32\u00a0%, der sekund\u00e4re Sektor dagegen auf 36\u00a0%. Diese Ver\u00e4nderung spiegelte sich auch in der Entwicklung der Besch\u00e4ftigungsverh\u00e4ltnisse wider. Lag die Relation der landwirtschaftlich Berufst\u00e4tigen gegen\u00fcber denen in Industrie, Verkehr und Dienstleistungssektor 1871 noch bei 8,5 zu 5,3 Millionen, betrug das Verh\u00e4ltnis 1880 9,6 zu 7,5 Millionen und 1890 9,6 zu 10 Millionen. Im Jahr 1910 z\u00e4hlte man 10,5 Millionen Besch\u00e4ftigte in der Landwirtschaft, hingegen in Industrie, Verkehr und Dienstleistungsberufen 13 Millionen Arbeitnehmer.<\/p>\n<div style=\"text-align: justify;\">\n<div>\n<p><a href=\"https:\/\/de.wikipedia.org\/wiki\/Datei:Deutsches_Reich_Landwirtschaft.jpg\"><img loading=\"lazy\" decoding=\"async\" src=\"https:\/\/upload.wikimedia.org\/wikipedia\/commons\/thumb\/e\/e0\/Deutsches_Reich_Landwirtschaft.jpg\/220px-Deutsches_Reich_Landwirtschaft.jpg\" srcset=\"\/\/upload.wikimedia.org\/wikipedia\/commons\/thumb\/e\/e0\/Deutsches_Reich_Landwirtschaft.jpg\/330px-Deutsches_Reich_Landwirtschaft.jpg 1.5x, \/\/upload.wikimedia.org\/wikipedia\/commons\/thumb\/e\/e0\/Deutsches_Reich_Landwirtschaft.jpg\/440px-Deutsches_Reich_Landwirtschaft.jpg 2x\" alt=\"\" width=\"220\" height=\"164\" data-file-width=\"2550\" data-file-height=\"1902\" \/><\/a><\/p>\n<div>\n<div><\/div>\n<\/div>\n<\/div>\n<\/div>\n<div style=\"text-align: justify;\">\n<div>\n<div>Landwirtschaft<\/div>\n<\/div>\n<\/div>\n<table>\n<caption>Erwerbst\u00e4tige und Angeh\u00f6rige in\u00a0% der Gesamtbev\u00f6lkerung<a href=\"https:\/\/de.wikipedia.org\/wiki\/Deutsches_Kaiserreich#cite_note-30\">[30]<\/a><\/caption>\n<thead>\n<tr>\n<th tabindex=\"0\" title=\"Aufsteigend sortieren\" role=\"columnheader button\">Wirtschaftssektor<\/th>\n<th tabindex=\"0\" title=\"Aufsteigend sortieren\" role=\"columnheader button\">1882<\/th>\n<th tabindex=\"0\" title=\"Aufsteigend sortieren\" role=\"columnheader button\">1895<\/th>\n<th tabindex=\"0\" title=\"Aufsteigend sortieren\" role=\"columnheader button\">1907<\/th>\n<\/tr>\n<\/thead>\n<tbody>\n<tr>\n<td>Landwirtschaft<\/td>\n<td align=\"right\">41,6<\/td>\n<td align=\"right\">35,0<\/td>\n<td align=\"right\">28,4<\/td>\n<\/tr>\n<tr>\n<td>Industrie\/Handwerk<\/td>\n<td align=\"right\">34,8<\/td>\n<td align=\"right\">38,5<\/td>\n<td align=\"right\">42,2<\/td>\n<\/tr>\n<tr>\n<td>Handel\/Verkehr<\/td>\n<td align=\"right\">9,4<\/td>\n<td align=\"right\">11,0<\/td>\n<td align=\"right\">12,9<\/td>\n<\/tr>\n<tr>\n<td>H\u00e4usliche Dienste<\/td>\n<td align=\"right\">5,0<\/td>\n<td align=\"right\">4,3<\/td>\n<td align=\"right\">3,3<\/td>\n<\/tr>\n<tr>\n<td>\u00d6ffentl. Dienst\/freie Berufe<\/td>\n<td align=\"right\">4,6<\/td>\n<td align=\"right\">5,1<\/td>\n<td align=\"right\">5,2<\/td>\n<\/tr>\n<tr>\n<td>Berufslose\/Rentner<\/td>\n<td align=\"right\">4,7<\/td>\n<td align=\"right\">6,1<\/td>\n<td align=\"right\">8,1<\/td>\n<\/tr>\n<\/tbody>\n<tfoot><\/tfoot>\n<\/table>\n<p style=\"text-align: justify;\"><a title=\"Sozialgeschichte\" href=\"https:\/\/de.wikipedia.org\/wiki\/Sozialgeschichte\">Sozialgeschichtlich<\/a> war das Kaiserreich vor allem gepr\u00e4gt vom Aufstieg der Arbeiterschaft. Dabei entwickelten die unterschiedlichen Herkunftsgruppen aus Ungelernten, Angelernten und gelernten Arbeitern bei allen weiterbestehenden Unterschieden durch die gemeinsamen Erfahrungen am Arbeitsplatz und in den Wohnquartieren tendenziell ein spezifisches Selbstverst\u00e4ndnis der Arbeiterbev\u00f6lkerung.<a href=\"https:\/\/de.wikipedia.org\/wiki\/Deutsches_Kaiserreich#cite_note-31\">[31]<\/a> Mit der Entstehung von Gro\u00dfbetrieben, neuen staatlichen Dienstleistungen und der Zunahme von Handel und Verkehr nahm daneben die Zahl der Angestellten sowie der kleineren und mittleren Beamten zu. Diese achteten auf soziale Distanz zu den Arbeitern, auch wenn sich ihre \u00f6konomische Lage von der der Industriearbeiter wenig unterschied.<\/p>\n<p style=\"text-align: justify;\">Zu den stagnierenden Teilen der Gesellschaft geh\u00f6rte der alte st\u00e4dtische Mittelstand. Handwerker f\u00fchlten sich oft von der Industrie in ihrer Existenz bedroht. Die Realit\u00e4t war allerdings unterschiedlich: Es gab \u00fcberbesetzte traditionelle Handwerksberufe; andererseits profitierten Bau- und das Nahrungsmittelhandwerke von der wachsenden Bev\u00f6lkerung und der Stadtentwicklung. Viele Berufe passten sich an Entwicklungen an, zum Beispiel stellten die Schuhmacher keine Schuhe mehr her, sondern reparierten sie nur noch.<\/p>\n<p style=\"text-align: justify;\">Es gelang dem B\u00fcrgertum, seine kulturellen Normen weitgehend durchzusetzen, wobei das Wirtschaftsb\u00fcrgertum (einschlie\u00dflich der gro\u00dfen <a title=\"Industrieller\" href=\"https:\/\/de.wikipedia.org\/wiki\/Industrieller\">Industriellen<\/a>) \u00f6konomisch f\u00fchrend war und die Bildungsb\u00fcrger Deutschland zu einem Zentrum der Wissenschaft und Forschung machten.<a href=\"https:\/\/de.wikipedia.org\/wiki\/Deutsches_Kaiserreich#cite_note-32\">[32]<\/a> Gleichwohl blieb der politische Einfluss des B\u00fcrgertums begrenzt, zum Beispiel durch die Eigenarten des politischen Systems und durch den Aufstieg der Arbeiter und der neuen Mittelschichten.<\/p>\n<p style=\"text-align: justify;\">Wirtschaftlich war die Existenz des Grund besitzenden Adels vor allem in <a title=\"Ostelbien\" href=\"https:\/\/de.wikipedia.org\/wiki\/Ostelbien\">Ostelbien<\/a> durch die zunehmende internationale Verflechtung des Agrarmarktes bedroht. Die Forderung des Adels und der landwirtschaftlichen Interessenverb\u00e4nde nach staatlicher Hilfe wurde ein Merkmal der Innenpolitik w\u00e4hrend der Kaiserzeit. Gleichzeitig sorgte die preu\u00dfische Verfassung daf\u00fcr, dass der Adel im gr\u00f6\u00dften Staat des Reiches zahlreiche Sonderrechte behielt. Auch konnte der Adel in Milit\u00e4r, Diplomatie und B\u00fcrokratie seinen Einfluss bewahren.<a href=\"https:\/\/de.wikipedia.org\/wiki\/Deutsches_Kaiserreich#cite_note-33\">[33]<\/a><\/p>\n<h3 style=\"text-align: justify;\"><span id=\"St.C3.A4dte\"> <\/span><span id=\"St\u00e4dte\">St\u00e4dte<\/span><\/h3>\n<p style=\"text-align: justify;\">Die gr\u00f6\u00dften St\u00e4dte des Kaiserreichs waren:<\/p>\n<ul style=\"text-align: justify;\">\n<li><a title=\"Liste der gr\u00f6\u00dften deutschen St\u00e4dte\" href=\"https:\/\/de.wikipedia.org\/wiki\/Liste_der_gr%C3%B6%C3%9Ften_deutschen_St%C3%A4dte#Die_gr\u00f6\u00dften_deutschen_St\u00e4dte_1880\">Liste von 1880<\/a><\/li>\n<li><a title=\"Liste der gr\u00f6\u00dften deutschen St\u00e4dte\" href=\"https:\/\/de.wikipedia.org\/wiki\/Liste_der_gr%C3%B6%C3%9Ften_deutschen_St%C3%A4dte#Die_gr\u00f6\u00dften_deutschen_St\u00e4dte_1910\">Liste von 1910<\/a><\/li>\n<\/ul>\n<h3 style=\"text-align: justify;\"><span id=\"Konfessionen_und_nationale_Minderheiten\">Konfessionen und nationale Minderheiten<\/span><\/h3>\n<p style=\"text-align: justify;\">Weniger stark ver\u00e4ndert als Wirtschaft und Gesellschaft haben sich in dieser Zeit die konfessionellen Unterschiede. Aber auch sie waren f\u00fcr die Gesamtgeschichte des Reiches bedeutend. Gleiches gilt f\u00fcr den Widerspruch zwischen dem Anspruch, Nationalstaat zu sein, und dem Vorhandensein von zahlenm\u00e4\u00dfig nicht unbedeutenden nationalen Minderheiten.<\/p>\n<h4 style=\"text-align: justify;\"><span id=\"Konfessionen_und_Kirchen_im_Kaiserreich\">Konfessionen und Kirchen im Kaiserreich<\/span><\/h4>\n<div style=\"text-align: justify;\">\n<p><a href=\"https:\/\/de.wikipedia.org\/wiki\/Datei:Verbreitung_der_Konfessionen_im_deutschen_Reich.jpg\"><img loading=\"lazy\" decoding=\"async\" src=\"https:\/\/upload.wikimedia.org\/wikipedia\/commons\/thumb\/0\/05\/Verbreitung_der_Konfessionen_im_deutschen_Reich.jpg\/220px-Verbreitung_der_Konfessionen_im_deutschen_Reich.jpg\" srcset=\"\/\/upload.wikimedia.org\/wikipedia\/commons\/thumb\/0\/05\/Verbreitung_der_Konfessionen_im_deutschen_Reich.jpg\/330px-Verbreitung_der_Konfessionen_im_deutschen_Reich.jpg 1.5x, \/\/upload.wikimedia.org\/wikipedia\/commons\/thumb\/0\/05\/Verbreitung_der_Konfessionen_im_deutschen_Reich.jpg\/440px-Verbreitung_der_Konfessionen_im_deutschen_Reich.jpg 2x\" alt=\"\" width=\"220\" height=\"177\" data-file-width=\"3160\" data-file-height=\"2547\" \/><\/a><\/p>\n<div>\n<div><\/div>\n<\/div>\n<\/div>\n<div style=\"text-align: justify;\">\n<div>\n<div>Konfessionskarte (evangelisch\/katholisch) des Deutschen Reiches (ca. 1890)<\/div>\n<\/div>\n<\/div>\n<div style=\"text-align: justify;\">\n<div>\n<p><a href=\"https:\/\/de.wikipedia.org\/wiki\/Datei:Verbreitung_der_Juden_im_deutschen_Reich.jpg\"><img loading=\"lazy\" decoding=\"async\" src=\"https:\/\/upload.wikimedia.org\/wikipedia\/commons\/thumb\/2\/23\/Verbreitung_der_Juden_im_deutschen_Reich.jpg\/220px-Verbreitung_der_Juden_im_deutschen_Reich.jpg\" srcset=\"\/\/upload.wikimedia.org\/wikipedia\/commons\/thumb\/2\/23\/Verbreitung_der_Juden_im_deutschen_Reich.jpg\/330px-Verbreitung_der_Juden_im_deutschen_Reich.jpg 1.5x, \/\/upload.wikimedia.org\/wikipedia\/commons\/thumb\/2\/23\/Verbreitung_der_Juden_im_deutschen_Reich.jpg\/440px-Verbreitung_der_Juden_im_deutschen_Reich.jpg 2x\" alt=\"\" width=\"220\" height=\"160\" data-file-width=\"3513\" data-file-height=\"2554\" \/><\/a><\/p>\n<div>\n<div><\/div>\n<\/div>\n<\/div>\n<\/div>\n<div style=\"text-align: justify;\">\n<div>\n<div>Verbreitung der israelitischen Religion im Deutschen Reich (ca. 1890)<\/div>\n<\/div>\n<\/div>\n<div style=\"text-align: justify;\">\n<div>\n<p><a href=\"https:\/\/de.wikipedia.org\/wiki\/Datei:Meyers_b4_s0817a.jpg\"><img loading=\"lazy\" decoding=\"async\" src=\"https:\/\/upload.wikimedia.org\/wikipedia\/commons\/thumb\/8\/87\/Meyers_b4_s0817a.jpg\/220px-Meyers_b4_s0817a.jpg\" srcset=\"\/\/upload.wikimedia.org\/wikipedia\/commons\/thumb\/8\/87\/Meyers_b4_s0817a.jpg\/330px-Meyers_b4_s0817a.jpg 1.5x, \/\/upload.wikimedia.org\/wikipedia\/commons\/thumb\/8\/87\/Meyers_b4_s0817a.jpg\/440px-Meyers_b4_s0817a.jpg 2x\" alt=\"\" width=\"220\" height=\"185\" data-file-width=\"2048\" data-file-height=\"1724\" \/><\/a><\/p>\n<div>\n<div><\/div>\n<\/div>\n<\/div>\n<\/div>\n<div style=\"text-align: justify;\">\n<div>\n<div>Konfessionskarte nach Meyers Konversationslexikon, ca. 1885<\/div>\n<\/div>\n<\/div>\n<p style=\"text-align: justify;\">An der allgemeinen Konfessionsverteilung der <a title=\"Fr\u00fche Neuzeit\" href=\"https:\/\/de.wikipedia.org\/wiki\/Fr%C3%BChe_Neuzeit\">Fr\u00fchen Neuzeit<\/a> \u00e4nderte sich grunds\u00e4tzlich kaum etwas. Weiterhin gab es fast rein katholische Gebiete (<a title=\"Niederbayern\" href=\"https:\/\/de.wikipedia.org\/wiki\/Niederbayern\">Nieder-<\/a> und <a title=\"Oberbayern\" href=\"https:\/\/de.wikipedia.org\/wiki\/Oberbayern\">Oberbayern<\/a>, n\u00f6rdliches <a title=\"Westfalen\" href=\"https:\/\/de.wikipedia.org\/wiki\/Westfalen\">Westfalen<\/a>, <a title=\"Oberschlesien\" href=\"https:\/\/de.wikipedia.org\/wiki\/Oberschlesien\">Oberschlesien<\/a> und andere) und fast rein protestantische (Schleswig-Holstein, Pommern, Sachsen etc.). Die konfessionellen Vorurteile und Vorbehalte, insbesondere gegen\u00fcber gemischt konfessionellen Ehen, waren daher weiterhin erheblich. Nach und nach kam es durch Binnenwanderung zu einer allm\u00e4hlichen konfessionellen Durchmischung. In den \u00f6stlichen Reichsgebieten kam h\u00e4ufig auch ein nationaler Gegensatz hinzu, da dort weitgehend die Gleichung <em>protestantisch = deutsch, katholisch = polnisch<\/em> galt. In den Zuwanderungsgebieten etwa im <a title=\"Ruhrgebiet\" href=\"https:\/\/de.wikipedia.org\/wiki\/Ruhrgebiet\">Ruhrgebiet<\/a> und Westfalen oder in einigen Gro\u00dfst\u00e4dten kam es zum Teil zu erheblichen konfessionellen Verschiebungen (insbesondere im katholischen Westfalen durch protestantische Zuwanderer aus den Ostprovinzen).<\/p>\n<p style=\"text-align: justify;\">Politisch hatte die Konfessionsverteilung erhebliche Folgen. In den katholisch dominierten Gebieten gelang es der <a title=\"Zentrumspartei\" href=\"https:\/\/de.wikipedia.org\/wiki\/Zentrumspartei\">Zentrumspartei<\/a>, die \u00fcberwiegende Mehrzahl der W\u00e4hler f\u00fcr sich zu gewinnen. So gelang es den <a title=\"Sozialdemokratische Partei Deutschlands\" href=\"https:\/\/de.wikipedia.org\/wiki\/Sozialdemokratische_Partei_Deutschlands\">Sozialdemokraten<\/a> und ihren <a title=\"Freie Gewerkschaften (Deutschland)\" href=\"https:\/\/de.wikipedia.org\/wiki\/Freie_Gewerkschaften_(Deutschland)\">Gewerkschaften<\/a> kaum, in den katholischen Teilen des Ruhrgebiets Fu\u00df zu fassen. Erst mit der zunehmenden <a title=\"S\u00e4kularisierung\" href=\"https:\/\/de.wikipedia.org\/wiki\/S%C3%A4kularisierung\">S\u00e4kularisierung<\/a> in den letzten Jahrzehnten des Kaiserreichs begann sich dies zu \u00e4ndern.<a href=\"https:\/\/de.wikipedia.org\/wiki\/Deutsches_Kaiserreich#cite_note-34\">[34]<\/a><\/p>\n<table>\n<caption>Religionsbekenntnisse im Deutschen Reich 1880<\/caption>\n<thead>\n<tr>\n<th tabindex=\"0\" title=\"Aufsteigend sortieren\" role=\"columnheader button\" rowspan=\"2\">Gebiet<\/th>\n<th colspan=\"2\">Protestanten<\/th>\n<th colspan=\"2\">Katholiken<\/th>\n<th colspan=\"2\">Sonst. Christen<\/th>\n<th colspan=\"2\">Juden<\/th>\n<th colspan=\"2\">Andere<\/th>\n<\/tr>\n<tr>\n<th tabindex=\"0\" title=\"Aufsteigend sortieren\" role=\"columnheader button\">Zahl<\/th>\n<th tabindex=\"0\" title=\"Aufsteigend sortieren\" role=\"columnheader button\">%<\/th>\n<th tabindex=\"0\" title=\"Aufsteigend sortieren\" role=\"columnheader button\">Zahl<\/th>\n<th tabindex=\"0\" title=\"Aufsteigend sortieren\" role=\"columnheader button\">%<\/th>\n<th tabindex=\"0\" title=\"Aufsteigend sortieren\" role=\"columnheader button\">Zahl<\/th>\n<th tabindex=\"0\" title=\"Aufsteigend sortieren\" role=\"columnheader button\">%<\/th>\n<th tabindex=\"0\" title=\"Aufsteigend sortieren\" role=\"columnheader button\">Zahl<\/th>\n<th tabindex=\"0\" title=\"Aufsteigend sortieren\" role=\"columnheader button\">%<\/th>\n<th tabindex=\"0\" title=\"Aufsteigend sortieren\" role=\"columnheader button\">Zahl<\/th>\n<th tabindex=\"0\" title=\"Aufsteigend sortieren\" role=\"columnheader button\">%<\/th>\n<\/tr>\n<\/thead>\n<tbody>\n<tr>\n<td>Deutsches Reich<\/td>\n<td>28.331.152<\/td>\n<td>62,63<\/td>\n<td>16.232.651<\/td>\n<td>35,89<\/td>\n<td>78.031<\/td>\n<td>0,17<\/td>\n<td>561.612<\/td>\n<td>1,24<\/td>\n<td>30.615<\/td>\n<td>0,07<\/td>\n<\/tr>\n<tr>\n<td>Preu\u00dfen<\/td>\n<td>17.633.279<\/td>\n<td>64,64<\/td>\n<td>9.206.283<\/td>\n<td>33,75<\/td>\n<td>52.225<\/td>\n<td>0,19<\/td>\n<td>363.790<\/td>\n<td>1,33<\/td>\n<td>23.534<\/td>\n<td>0,09<\/td>\n<\/tr>\n<tr>\n<td>Bayern<\/td>\n<td>1.477.952<\/td>\n<td>27,97<\/td>\n<td>3.748.253<\/td>\n<td>70,93<\/td>\n<td>5.017<\/td>\n<td>0,09<\/td>\n<td>53.526<\/td>\n<td>1,01<\/td>\n<td>30<\/td>\n<td>0,00<\/td>\n<\/tr>\n<tr>\n<td>Sachsen<\/td>\n<td>2.886.806<\/td>\n<td>97,11<\/td>\n<td>74.333<\/td>\n<td>2,50<\/td>\n<td>4.809<\/td>\n<td>0,16<\/td>\n<td>6.518<\/td>\n<td>0,22<\/td>\n<td>339<\/td>\n<td>0,01<\/td>\n<\/tr>\n<tr>\n<td>W\u00fcrttemberg<\/td>\n<td>1.364.580<\/td>\n<td>69,23<\/td>\n<td>590.290<\/td>\n<td>29,95<\/td>\n<td>2.817<\/td>\n<td>0,14<\/td>\n<td>13.331<\/td>\n<td>0,68<\/td>\n<td>100<\/td>\n<td>0,01<\/td>\n<\/tr>\n<tr>\n<td>Baden<\/td>\n<td>547.461<\/td>\n<td>34,86<\/td>\n<td>993.109<\/td>\n<td>63,25<\/td>\n<td>2.280<\/td>\n<td>0,15<\/td>\n<td>27.278<\/td>\n<td>1,74<\/td>\n<td>126<\/td>\n<td>0,01<\/td>\n<\/tr>\n<tr>\n<td>Elsa\u00df-Lothringen<\/td>\n<td>305.315<\/td>\n<td>19,49<\/td>\n<td>1.218.513<\/td>\n<td>77,78<\/td>\n<td>3.053<\/td>\n<td>0,19<\/td>\n<td>39.278<\/td>\n<td>2,51<\/td>\n<td>511<\/td>\n<td>0,03<\/td>\n<\/tr>\n<\/tbody>\n<tfoot><\/tfoot>\n<\/table>\n<h4 style=\"text-align: justify;\"><span id=\"Judentum_und_Antisemitismus\">Judentum und Antisemitismus<\/span><\/h4>\n<div style=\"text-align: justify;\" role=\"navigation\"><span title=\"siehe\" role=\"presentation\" aria-hidden=\"true\">\u2192 <\/span><em>Hauptartikel: <a title=\"Juden in Deutschland\" href=\"https:\/\/de.wikipedia.org\/wiki\/Juden_in_Deutschland\">Juden in Deutschland<\/a><\/em><\/div>\n<p style=\"text-align: justify;\">Neben anderen Konfessionen gab es eine j\u00fcdische Gemeinde im Deutschen Kaiserreich. Ihr prozentualer Anteil lag 1871 bei etwas \u00fcber einem Prozent der Gesamtbev\u00f6lkerung. Durch eine geringere Geburtenzahl und dem zunehmenden Anteil christlich-j\u00fcdischer Ehen, bei denen die Kinder meist christlich erzogen wurden, nahm ihr Anteil allm\u00e4hlich ab. Die j\u00fcdische Bev\u00f6lkerung konzentrierte sich in den gr\u00f6\u00dferen St\u00e4dten. Um 1910 lebten ein Drittel aller <a title=\"Deutsche Juden\" href=\"https:\/\/de.wikipedia.org\/wiki\/Deutsche_Juden\">deutschen Juden<\/a> in der Stadt Berlin mit Umlandgemeinden, wo ihr Bev\u00f6lkerungsanteil etwa 5\u00a0% betrug. Zentren j\u00fcdischen Lebens waren neben Berlin Frankfurt am Main (10\u00a0%), Breslau (5,5\u00a0%), <a title=\"K\u00f6nigsberg (Preu\u00dfen)\" href=\"https:\/\/de.wikipedia.org\/wiki\/K%C3%B6nigsberg_(Preu%C3%9Fen)\">K\u00f6nigsberg (Preu\u00dfen)<\/a> und Hamburg (3,2\u00a0%).<a href=\"https:\/\/de.wikipedia.org\/wiki\/Deutsches_Kaiserreich#cite_note-35\">[35]<\/a> Aber es gab auch l\u00e4ndliche Regionen mit \u00fcberdurchschnittlichem j\u00fcdischen Bev\u00f6lkerungsanteil: im Osten die <a title=\"Provinz Posen\" href=\"https:\/\/de.wikipedia.org\/wiki\/Provinz_Posen\">Provinz Posen<\/a>, <a title=\"Westpreu\u00dfen\" href=\"https:\/\/de.wikipedia.org\/wiki\/Westpreu%C3%9Fen\">Westpreu\u00dfen<\/a> und <a title=\"Oberschlesien\" href=\"https:\/\/de.wikipedia.org\/wiki\/Oberschlesien\">Oberschlesien<\/a>, im S\u00fcdwesten das <a title=\"Gro\u00dfherzogtum Hessen\" href=\"https:\/\/de.wikipedia.org\/wiki\/Gro%C3%9Fherzogtum_Hessen\">Gro\u00dfherzogtum Hessen<\/a>, <a title=\"Unterfranken\" href=\"https:\/\/de.wikipedia.org\/wiki\/Unterfranken\">Unterfranken<\/a>, die <a title=\"Pfalz (Bayern)\" href=\"https:\/\/de.wikipedia.org\/wiki\/Pfalz_(Bayern)\">Pfalz (Bayern)<\/a> und <a title=\"Elsa\u00df-Lothringen\" href=\"https:\/\/de.wikipedia.org\/wiki\/Elsa%C3%9F-Lothringen\">Elsa\u00df-Lothringen<\/a>.<\/p>\n<p style=\"text-align: justify;\">In den Ostprovinzen mit gemischt deutscher und polnischer Bev\u00f6lkerung bekannten sich die Juden \u00fcberwiegend zum Deutschtum. Unter den <a title=\"Ostjiddisch\" href=\"https:\/\/de.wikipedia.org\/wiki\/Ostjiddisch\">Ostjiddisch<\/a> sprechenden Juden war die Tendenz zur Assimilation in die deutsche Gesellschaft lange Zeit stark ausgepr\u00e4gt. Der <a title=\"Zionismus\" href=\"https:\/\/de.wikipedia.org\/wiki\/Zionismus\">Zionismus<\/a>, der eine nationale Heimst\u00e4tte f\u00fcr die Juden in Pal\u00e4stina zu begr\u00fcnden suchte, wurde von der ganz \u00fcberwiegenden Mehrheit der deutschen Juden abgelehnt.<\/p>\n<p style=\"text-align: justify;\">1893 wurde der <em><a title=\"Central-Verein deutscher Staatsb\u00fcrger j\u00fcdischen Glaubens\" href=\"https:\/\/de.wikipedia.org\/wiki\/Central-Verein_deutscher_Staatsb%C3%BCrger_j%C3%BCdischen_Glaubens\">Central-Verein deutscher Staatsb\u00fcrger j\u00fcdischen Glaubens<\/a><\/em> gegr\u00fcndet, und der Name des Vereins war Programm. Der <em>Central-Verein<\/em> machte sich die Bek\u00e4mpfung des Antisemitismus zur Aufgabe, lehnte aber alle Vorstellungen von den Juden als einem Volk oder eigenen Rasse ab, sondern betrachtete die deutschen Juden gewisserma\u00dfen als einen der deutschen St\u00e4mme. Insgesamt waren die Juden im Bereich von Wirtschaft, Kultur, Wissenschaft und den akademischen Berufen au\u00dferordentlich erfolgreich. Nach der Statistik von 1910 lag der j\u00fcdische Bev\u00f6lkerungsanteil bei 0,95\u00a0% (615.000 von 64.926.000). Davon waren 60.000 (ca. 10\u00a0%) nicht-deutscher Staatsangeh\u00f6rigkeit (meist Fl\u00fcchtlinge aus Polen, Ukraine und Russland) und 555.000 deutscher Herkunft. Dem gegen\u00fcber waren 4,28\u00a0% der Staatsanw\u00e4lte und Richter, 6,01\u00a0% der \u00c4rzte, 14,67\u00a0% der Anw\u00e4lte und Notare im Deutschen Kaiserreich j\u00fcdischen Glaubens.<a href=\"https:\/\/de.wikipedia.org\/wiki\/Deutsches_Kaiserreich#cite_note-36\">[36]<\/a> \u00dcberproportional viele prominente Musiker und Virtuosen waren j\u00fcdischer Abstammung. Besonders deutlich war der j\u00fcdische Beitrag in Gro\u00dfst\u00e4dten, insbesondere in <a title=\"J\u00fcdisches Leben in Berlin\" href=\"https:\/\/de.wikipedia.org\/wiki\/J%C3%BCdisches_Leben_in_Berlin\">Berlin<\/a>. Damit leisteten die deutschen Juden einen herausragenden Beitrag zum weltweiten Kulturleben.<\/p>\n<p style=\"text-align: justify;\">Trotzdem konnte der <a title=\"Antisemitismus (bis 1945)\" href=\"https:\/\/de.wikipedia.org\/wiki\/Antisemitismus_(bis_1945)\">Antisemitismus<\/a> aus unterschiedlichen Gr\u00fcnden gerade im sp\u00e4teren Kaiserreich unter <a title=\"Kaiser Wilhelm II.\" href=\"https:\/\/de.wikipedia.org\/wiki\/Kaiser_Wilhelm_II.\">Kaiser Wilhelm II.<\/a> administrativ, gesellschaftlich und politisch Fu\u00df fassen.<a href=\"https:\/\/de.wikipedia.org\/wiki\/Deutsches_Kaiserreich#cite_note-37\">[37]<\/a> Bestimmte Berufe waren den Juden praktisch verschlossen. So war es f\u00fcr einen Juden unm\u00f6glich, Offizier zu werden (was eine schwerwiegende Einschr\u00e4nkung darstellte, da der Offiziersstand zu den angesehensten Berufen des Kaiserreichs geh\u00f6rte). Beispielhaft \u00e4u\u00dferte der preu\u00dfische Kriegsminister <a title=\"Karl von Einem\" href=\"https:\/\/de.wikipedia.org\/wiki\/Karl_von_Einem\">Karl von Einem<\/a> 1907, dass \u201eein Eindringen j\u00fcdischer Elemente in das aktive Offizierskorps nicht nur f\u00fcr sch\u00e4dlich, sondern f\u00fcr direkt verderblich zu erachten sei\u201c.<a href=\"https:\/\/de.wikipedia.org\/wiki\/Deutsches_Kaiserreich#cite_note-38\">[38]<\/a> Der Anteil j\u00fcdischer Universit\u00e4tsprofessoren lag prozentual deutlich unter dem Anteil j\u00fcdischer Privatdozenten, was zum Teil Ausdruck antij\u00fcdischer Vorbehalte bei Lehrstuhlbesetzungen war.<a href=\"https:\/\/de.wikipedia.org\/wiki\/Deutsches_Kaiserreich#cite_note-39\">[39]<\/a> F\u00fchrende Gelehrte \u2013 auch wenn sie die Antisemitenbewegung als primitiv ablehnten \u2013 \u00e4u\u00dferten sich voller Misstrauen gegen\u00fcber dem Eindringen der Juden in die akademischen Berufe und zeichneten das Phantasiegebilde einer m\u00f6glichen Herrschaft der Juden \u00fcber die deutschen Universit\u00e4ten. Juden wurden nie auf einen Lehrstuhl f\u00fcr <a title=\"Germanistik\" href=\"https:\/\/de.wikipedia.org\/wiki\/Germanistik\">deutsche Sprache und Literatur<\/a> oder f\u00fcr <a title=\"Klassische Altertumswissenschaft\" href=\"https:\/\/de.wikipedia.org\/wiki\/Klassische_Altertumswissenschaft\">klassische Altertumswissenschaft und Sprachen<\/a> berufen und bekamen vorwiegend nur in den sich neu entfaltenden mathematisch-naturwissenschaftlichen F\u00e4chern und der Medizin eine Anstellung, wo sie Herausragendes leisteten. Der sp\u00e4tere Nobelpreistr\u00e4ger <a title=\"Richard Willst\u00e4tter\" href=\"https:\/\/de.wikipedia.org\/wiki\/Richard_Willst%C3%A4tter\">Richard Willst\u00e4tter<\/a> bekannte sp\u00e4ter: <em>\u2026 viel tieferen Eindruck, entscheidenden, hat auf mich die Haltung der Fakult\u00e4ten gemacht, n\u00e4mlich die h\u00e4ufigen F\u00e4lle, da\u00df die Berufung j\u00fcdischer Gelehrter bek\u00e4mpft und verhindert wurde, und die Art und Weise in der dies geschah. Die Fakult\u00e4ten lie\u00dfen Ausnahmen zu, gew\u00e4hrten aber keine Gleichberechtigung.<\/em><a href=\"https:\/\/de.wikipedia.org\/wiki\/Deutsches_Kaiserreich#cite_note-40\">[40]<\/a><\/p>\n<p style=\"text-align: justify;\">Trotz des hohen Prozentsatzes j\u00fcdischer Anw\u00e4lte war diesen die h\u00f6here juristische Laufbahn weitgehend verschlossen. Insbesondere <a title=\"Richter\" href=\"https:\/\/de.wikipedia.org\/wiki\/Richter\">Richter\u00e4mter<\/a> wurden nur restriktiv mit Juden besetzt, was damit begr\u00fcndet wurde, dass das Richteramt besonderes Vertrauen voraussetze und man es daher mit R\u00fccksicht auf die Empfindungen der Bev\u00f6lkerung nicht mit Juden besetzen k\u00f6nne, auch k\u00f6nne ein Jude schlecht einem Christen einen Eid abnehmen. Juden war es sehr erschwert oder unm\u00f6glich, ein h\u00f6heres Staatsamt zu erhalten. Einen j\u00fcdischen Minister gab es im Kaiserreich nicht. In Gro\u00dfbritannien konnte ein christlich getaufter Jude \u2013 <a title=\"Benjamin Disraeli\" href=\"https:\/\/de.wikipedia.org\/wiki\/Benjamin_Disraeli\">Benjamin Disraeli<\/a> \u2013 sogar Premierminister werden. Einzelne Personen j\u00fcdischen Glaubens, die in ein h\u00f6heres Staatsamt gelangten, wie etwa der Direktor der Kolonialabteilung des Ausw\u00e4rtigen Amts <a title=\"Bernhard Dernburg\" href=\"https:\/\/de.wikipedia.org\/wiki\/Bernhard_Dernburg\">Bernhard Dernburg<\/a>, blieben Ausnahmen. In den aufbl\u00fchenden Seeb\u00e4dern an Nord- und Ostsee breitete sich der <a title=\"B\u00e4der-Antisemitismus\" href=\"https:\/\/de.wikipedia.org\/wiki\/B%C3%A4der-Antisemitismus\">B\u00e4der-Antisemitismus<\/a> aus. Antisemitische Vorurteile und karikaturhafte Vorstellungen von Juden waren in fast allen Bev\u00f6lkerungsschichten zu finden.<\/p>\n<p style=\"text-align: justify;\">Auch die Haltung der sozialdemokratischen Partei war eine Zeitlang zumindest ambivalent, da dort das Stereotyp des reichen <a title=\"Kapitalistisch\" href=\"https:\/\/de.wikipedia.org\/wiki\/Kapitalistisch\">kapitalistischen<\/a> Juden existierte. Grunds\u00e4tzlich wurde der Antisemitismus von den Sozialdemokraten abgelehnt; der Parteivorsitzende August Bebel verurteilte den Antisemitismus in einem 1893 gehaltenen Grundsatzreferat <em><a title=\"Antisemitismus und Sozialdemokratie\" href=\"https:\/\/de.wikipedia.org\/wiki\/Antisemitismus_und_Sozialdemokratie\">Antisemitismus und Sozialdemokratie<\/a><\/em> als reaktion\u00e4r. Konservative Parteien lieb\u00e4ugelten zeitweilig mit antisemitischen Programmpunkten. So wandte sich die <a title=\"Deutschkonservative Partei\" href=\"https:\/\/de.wikipedia.org\/wiki\/Deutschkonservative_Partei\">Deutschkonservative Partei<\/a> in ihrem <a title=\"Tivoli-Programm (Seite nicht vorhanden)\" href=\"https:\/\/de.wikipedia.org\/w\/index.php?title=Tivoli-Programm&amp;action=edit&amp;redlink=1\">Tivoli-Programm<\/a> von 1892 gegen \u201eden vielfach sich vordr\u00e4ngenden und zersetzenden j\u00fcdischen Einfluss auf unser Volksleben\u201c<a href=\"https:\/\/de.wikipedia.org\/wiki\/Deutsches_Kaiserreich#cite_note-41\">[41]<\/a> und forderte eine <em>christliche Obrigkeit und christliche Lehrer<\/em>. Es gab Bestrebungen, den Juden die im Verlauf des 19. Jahrhunderts erlangte b\u00fcrgerliche Gleichberechtigung wieder zu entziehen. Die <em><a title=\"Antisemitenpetition\" href=\"https:\/\/de.wikipedia.org\/wiki\/Antisemitenpetition\">Antisemitenpetition<\/a><\/em> der \u201e<a title=\"Berliner Bewegung\" href=\"https:\/\/de.wikipedia.org\/wiki\/Berliner_Bewegung\">Berliner Bewegung<\/a>\u201c verlangte 1880\/81 die Zur\u00fccknahme der <a title=\"J\u00fcdische Emanzipation\" href=\"https:\/\/de.wikipedia.org\/wiki\/J%C3%BCdische_Emanzipation\">b\u00fcrgerlichen Gleichstellung der Juden<\/a>, wurde jedoch von der preu\u00dfischen Regierung und den liberalen Parteien im Reichstag zur\u00fcckgewiesen. Immer wieder auftretende antisemitische Regungen und Aktionen auf regionaler Ebene, wie sie beispielsweise in der <a title=\"Konitzer Mordaff\u00e4re\" href=\"https:\/\/de.wikipedia.org\/wiki\/Konitzer_Mordaff%C3%A4re\">Konitzer Mordaff\u00e4re<\/a> 1900\u20131902 zum Ausdruck kamen, wurden durch die Beh\u00f6rden unterdr\u00fcckt. Als Gegenreaktion auf den Antisemitismus wurde von liberalen Gelehrten und Politikern (u.\u00a0a. <a title=\"Theodor Mommsen\" href=\"https:\/\/de.wikipedia.org\/wiki\/Theodor_Mommsen\">Theodor Mommsen<\/a>, <a title=\"Rudolf Virchow\" href=\"https:\/\/de.wikipedia.org\/wiki\/Rudolf_Virchow\">Rudolf Virchow<\/a>, <a title=\"Johann Gustav Droysen\" href=\"https:\/\/de.wikipedia.org\/wiki\/Johann_Gustav_Droysen\">Johann Gustav Droysen<\/a>) 1890 der <em><a title=\"Verein zur Abwehr des Antisemitismus\" href=\"https:\/\/de.wikipedia.org\/wiki\/Verein_zur_Abwehr_des_Antisemitismus\">Verein zur Abwehr des Antisemitismus<\/a><\/em> (\u201eAbwehrverein\u201c) gegr\u00fcndet. Politisch gelang es den Antisemiten nicht, eine einheitliche Partei zu formieren. Der Stimmenanteil der zersplitterten antisemitischen Parteien lag bei allen Reichstagswahlen vor dem Ersten Weltkrieg h\u00f6chstens bei f\u00fcnfeinhalb Prozent. Der politische Antisemitismus verlagerte sich mehr zur Deutschkonservativen Partei, Berufsverb\u00e4nden, Studentenverbindungen und den christlichen Kirchen. Abgesehen von den Liberalen war die deutsche b\u00fcrgerliche Kultur schon lange antisemitisch durchtr\u00e4nkt.<a href=\"https:\/\/de.wikipedia.org\/wiki\/Deutsches_Kaiserreich#cite_note-42\">[42]<\/a><\/p>\n<h4 style=\"text-align: justify;\"><span id=\"Nationale_Minderheiten\">Nationale Minderheiten<\/span><\/h4>\n<table align=\"right\">\n<caption>Muttersprache der Einwohner des Deutschen Reichs<br \/>\n(12. Januar 1900)<a href=\"https:\/\/de.wikipedia.org\/wiki\/Deutsches_Kaiserreich#cite_note-43\">[43]<\/a><\/caption>\n<thead>\n<tr>\n<th tabindex=\"0\" title=\"Aufsteigend sortieren\" role=\"columnheader button\">Muttersprache<\/th>\n<th tabindex=\"0\" title=\"Aufsteigend sortieren\" role=\"columnheader button\">Anzahl<\/th>\n<th tabindex=\"0\" title=\"Aufsteigend sortieren\" role=\"columnheader button\">Anteil<\/th>\n<\/tr>\n<\/thead>\n<tbody>\n<tr>\n<td><a title=\"Deutsche Sprache\" href=\"https:\/\/de.wikipedia.org\/wiki\/Deutsche_Sprache\">Deutsch<\/a><\/td>\n<td>51.883.131<\/td>\n<td>92,05<\/td>\n<\/tr>\n<tr>\n<td><a title=\"Deutsche Sprache\" href=\"https:\/\/de.wikipedia.org\/wiki\/Deutsche_Sprache\">Deutsch<\/a> und eine Fremdsprache<\/td>\n<td>252.918<\/td>\n<td>0,45<\/td>\n<\/tr>\n<tr>\n<td><a title=\"Polnische Sprache\" href=\"https:\/\/de.wikipedia.org\/wiki\/Polnische_Sprache\">Polnisch<\/a><\/td>\n<td>3.086.489<\/td>\n<td>5,48<\/td>\n<\/tr>\n<tr>\n<td><a title=\"Franz\u00f6sische Sprache\" href=\"https:\/\/de.wikipedia.org\/wiki\/Franz%C3%B6sische_Sprache\">Franz\u00f6sisch<\/a><\/td>\n<td>211.679<\/td>\n<td>0,38<\/td>\n<\/tr>\n<tr>\n<td><a title=\"Masurische Sprache\" href=\"https:\/\/de.wikipedia.org\/wiki\/Masurische_Sprache\">Masurisch<\/a><\/td>\n<td>142.049<\/td>\n<td>0,25<\/td>\n<\/tr>\n<tr>\n<td><a title=\"D\u00e4nische Sprache\" href=\"https:\/\/de.wikipedia.org\/wiki\/D%C3%A4nische_Sprache\">D\u00e4nisch<\/a><\/td>\n<td>141.061<\/td>\n<td>0,25<\/td>\n<\/tr>\n<tr>\n<td><a title=\"Litauische Sprache\" href=\"https:\/\/de.wikipedia.org\/wiki\/Litauische_Sprache\">Litauisch<\/a><\/td>\n<td>106.305<\/td>\n<td>0,19<\/td>\n<\/tr>\n<tr>\n<td><a title=\"Kaschubische Sprache\" href=\"https:\/\/de.wikipedia.org\/wiki\/Kaschubische_Sprache\">Kaschubisch<\/a><\/td>\n<td>100.213<\/td>\n<td>0,18<\/td>\n<\/tr>\n<tr>\n<td><a title=\"Sorbische Sprache\" href=\"https:\/\/de.wikipedia.org\/wiki\/Sorbische_Sprache\">Wendisch (Sorbisch)<\/a><\/td>\n<td>93.032<\/td>\n<td>0,16<\/td>\n<\/tr>\n<tr>\n<td><a title=\"Niederl\u00e4ndische Sprache\" href=\"https:\/\/de.wikipedia.org\/wiki\/Niederl%C3%A4ndische_Sprache\">Niederl\u00e4ndisch<\/a><\/td>\n<td>80.361<\/td>\n<td>0,14<\/td>\n<\/tr>\n<tr>\n<td><a title=\"Italienische Sprache\" href=\"https:\/\/de.wikipedia.org\/wiki\/Italienische_Sprache\">Italienisch<\/a><\/td>\n<td>65.930<\/td>\n<td>0,12<\/td>\n<\/tr>\n<tr>\n<td><a title=\"M\u00e4hrische Sprache\" href=\"https:\/\/de.wikipedia.org\/wiki\/M%C3%A4hrische_Sprache\">M\u00e4hrisch<\/a><\/td>\n<td>64.382<\/td>\n<td>0,11<\/td>\n<\/tr>\n<tr>\n<td><a title=\"Tschechische Sprache\" href=\"https:\/\/de.wikipedia.org\/wiki\/Tschechische_Sprache\">Tschechisch<\/a><\/td>\n<td>43.016<\/td>\n<td>0,08<\/td>\n<\/tr>\n<tr>\n<td><a title=\"Friesische Sprachen\" href=\"https:\/\/de.wikipedia.org\/wiki\/Friesische_Sprachen\">Friesisch<\/a><\/td>\n<td>20.677<\/td>\n<td>0,04<\/td>\n<\/tr>\n<tr>\n<td><a title=\"Englische Sprache\" href=\"https:\/\/de.wikipedia.org\/wiki\/Englische_Sprache\">Englisch<\/a><\/td>\n<td>20.217<\/td>\n<td>0,04<\/td>\n<\/tr>\n<tr>\n<td><a title=\"Russische Sprache\" href=\"https:\/\/de.wikipedia.org\/wiki\/Russische_Sprache\">Russisch<\/a><\/td>\n<td>9.617<\/td>\n<td>0,02<\/td>\n<\/tr>\n<tr>\n<td><a title=\"Schwedische Sprache\" href=\"https:\/\/de.wikipedia.org\/wiki\/Schwedische_Sprache\">Schwedisch<\/a><\/td>\n<td>8.998<\/td>\n<td>0,02<\/td>\n<\/tr>\n<tr>\n<td><a title=\"Ungarische Sprache\" href=\"https:\/\/de.wikipedia.org\/wiki\/Ungarische_Sprache\">Ungarisch<\/a><\/td>\n<td>8.158<\/td>\n<td>0,01<\/td>\n<\/tr>\n<tr>\n<td><a title=\"Spanische Sprache\" href=\"https:\/\/de.wikipedia.org\/wiki\/Spanische_Sprache\">Spanisch<\/a><\/td>\n<td>2.059<\/td>\n<td>0,00<\/td>\n<\/tr>\n<tr>\n<td><a title=\"Portugiesische Sprache\" href=\"https:\/\/de.wikipedia.org\/wiki\/Portugiesische_Sprache\">Portugiesisch<\/a><\/td>\n<td>479<\/td>\n<td>0,00<\/td>\n<\/tr>\n<tr>\n<td>andere Fremdsprachen<\/td>\n<td>14.535<\/td>\n<td>0,03<\/td>\n<\/tr>\n<tr>\n<td bgcolor=\"ffffec\"><strong>Einwohner am 1. Dezember 1900<\/strong><\/td>\n<td bgcolor=\"ffffec\"><strong>56.367.187<\/strong><\/td>\n<td bgcolor=\"ffffec\"><strong>100<\/strong><\/td>\n<\/tr>\n<\/tbody>\n<tfoot><\/tfoot>\n<\/table>\n<div style=\"text-align: justify;\">\n<div>\n<p><a href=\"https:\/\/de.wikipedia.org\/wiki\/Datei:Sprachen_Deutsches_Reich_1900.png\"><img loading=\"lazy\" decoding=\"async\" src=\"https:\/\/upload.wikimedia.org\/wikipedia\/commons\/thumb\/8\/85\/Sprachen_Deutsches_Reich_1900.png\/350px-Sprachen_Deutsches_Reich_1900.png\" srcset=\"\/\/upload.wikimedia.org\/wikipedia\/commons\/thumb\/8\/85\/Sprachen_Deutsches_Reich_1900.png\/525px-Sprachen_Deutsches_Reich_1900.png 1.5x, \/\/upload.wikimedia.org\/wikipedia\/commons\/thumb\/8\/85\/Sprachen_Deutsches_Reich_1900.png\/700px-Sprachen_Deutsches_Reich_1900.png 2x\" alt=\"\" width=\"350\" height=\"248\" data-file-width=\"1169\" data-file-height=\"827\" \/><\/a><\/p>\n<div>\n<div><\/div>\n<\/div>\n<\/div>\n<\/div>\n<div style=\"text-align: justify;\">\n<div>\n<div>Muttersprachliche Minderheiten des Deutschen Reiches je <a title=\"Kreis (Gebiet)\" href=\"https:\/\/de.wikipedia.org\/wiki\/Kreis_(Gebiet)\">Kreis<\/a><\/div>\n<\/div>\n<\/div>\n<p style=\"text-align: justify;\">Das Deutsche Reich entwickelte sich zunehmend zu einem einheitlichen <a title=\"Nationalstaat\" href=\"https:\/\/de.wikipedia.org\/wiki\/Nationalstaat\">Nationalstaat<\/a> nach dem Vorbild Frankreichs und Gro\u00dfbritanniens. Dennoch gab es 1880 neben den damals fast 42 Millionen deutschen Muttersprachlern rund 3,25 Millionen Nichtdeutschsprachige, darunter 2,5 Millionen mit polnischer oder tschechischer Sprache, 140.000 <a title=\"Sorben\" href=\"https:\/\/de.wikipedia.org\/wiki\/Sorben\">Sorben<\/a>, 200.000 <a title=\"Kaschuben\" href=\"https:\/\/de.wikipedia.org\/wiki\/Kaschuben\">Kaschuben<\/a>, 150.000 Litauisch-Sprechende, 140.000 D\u00e4nen sowie 280.000 franz\u00f6sische Muttersprachler.<a href=\"https:\/\/de.wikipedia.org\/wiki\/Deutsches_Kaiserreich#cite_note-44\">[44]<\/a> Diese lebten \u00fcberwiegend in der N\u00e4he der Au\u00dfengrenzen des Reiches.<\/p>\n<p style=\"text-align: justify;\">Nicht nur die Regierung, der Kanzler und der Kaiser, sondern auch das national und liberal gesinnte B\u00fcrgertum bef\u00fcrwortete grunds\u00e4tzlich eine Politik der kulturellen und sprachlichen <a title=\"Germanisierung\" href=\"https:\/\/de.wikipedia.org\/wiki\/Germanisierung\">Germanisierung<\/a> zur Bildung einer neu zu definierenden Nation inmitten Europas. Dabei spielte die Schule mit dem konsequenten Einsatz des deutschsprachlichen Unterrichts eine zentrale Rolle.<a href=\"https:\/\/de.wikipedia.org\/wiki\/Deutsches_Kaiserreich#cite_note-45\">[45]<\/a><\/p>\n<p style=\"text-align: justify;\">Im Zusammenhang mit dem Wettstreit der unterschiedlichen Kulturen, aber eben auch dem Wunsch nach einer im Innern wie von au\u00dfen erkennbaren deutschen Nation wurden z.\u00a0B. die polnischen Pfarrer im Teilstaat Preu\u00dfen durch weltliche, deutschsprachige Lehrer ersetzt. Eine Ausnahme bildeten die \u00fcberwiegend franz\u00f6sischsprachigen Gebiete Elsass-Lothringens, wo die franz\u00f6sische Sprache als Schulsprache zugelassen war. Wichtig war die Einf\u00fchrung des Deutschen als Amts- und Gerichtssprache.<\/p>\n<p style=\"text-align: justify;\">War das preu\u00dfische K\u00f6nigreich mit seinen Au\u00dfengrenzen im Osten vor der Reichsgr\u00fcndung gegen\u00fcber seinen nationalen Minderheiten \u00fcberwiegend tolerant gewesen und hatte den Schulunterricht in der Muttersprache ausdr\u00fccklich gef\u00f6rdert, so wich diese Toleranz insbesondere in den polnischsprachigen Gebieten zunehmend einer Politik der kulturellen Nationalisierung. Die polnische Sprache, die vor der Reichsgr\u00fcndung die Unterrichtssprache in \u00fcberwiegend polnischsprachigen Gebieten gewesen war, wurde nach und nach durch die deutsche Unterrichtssprache ersetzt. Nur der katholische Religionsunterricht durfte noch in polnischer Sprache erteilt werden. Als auch dort die deutsche Unterrichtssprache eingef\u00fchrt wurde, kam es zum Teil zu offenem Widerstand, der sich unter anderem in Schulstreiks \u00e4u\u00dferte (1901 <a title=\"Wreschener Schulstreik\" href=\"https:\/\/de.wikipedia.org\/wiki\/Wreschener_Schulstreik\">Wreschener Schulstreik<\/a>), die die preu\u00dfischen Beh\u00f6rden und die Lehrerschaft mit disziplinarischen Ma\u00dfnahmen beantworteten. Von den Sozialdemokraten, den Linksliberalen und dem Zentrum wurden die Ma\u00dfnahmen scharf verurteilt. Im Fall der polnischen Bev\u00f6lkerung kamen sp\u00e4ter auch Ma\u00dfnahmen hinzu, die den polnischen Gro\u00dfgrundbesitz zu Gunsten deutscher Siedler begrenzen sollten. Auch hat die <a title=\"Preu\u00dfische Ansiedlungskommission\" href=\"https:\/\/de.wikipedia.org\/wiki\/Preu%C3%9Fische_Ansiedlungskommission\">Preu\u00dfische Ansiedlungskommission<\/a> mit wenig Erfolg versucht, polnischen Grundbesitz f\u00fcr deutsche Neusiedler zu erwerben.<\/p>\n<p style=\"text-align: justify;\">Dennoch hatte diese Politik nur begrenzten Erfolg oder war, wie Kritiker bemerkten, sogar kontraproduktiv, da sie die Polen, die zuvor mit der toleranten Haltung des preu\u00dfischen Staates recht gut leben konnten, gegen die neue Obrigkeit aufbrachte. Trotz finanzieller Anstrengungen und markiger nationalistischer Reden (\u201eWir gehen hier keinen Schritt zur\u00fcck!\u201c) kam es eher zu einer Zunahme des polnischsprachigen Bev\u00f6lkerungsanteils und R\u00fcckgang des deutschen Bev\u00f6lkerungsanteils beispielsweise in der Provinz Posen und zu einer zunehmenden Entfremdung zwischen Deutschen und Polen. Die Minderheiten versuchten ihre eigene Identit\u00e4t zu bewahren und organisierten sich erfolgreich in Bauernvereinen, gr\u00fcndeten Kreditanstalten und Hilfsorganisationen. Alle Nationalit\u00e4ten waren beispielsweise relativ stabil im Reichstag vertreten und anzahlm\u00e4\u00dfig sogar eher \u00fcberrepr\u00e4sentiert. Selbst die ins Ruhrgebiet ausgewanderten Polen hielten an ihrer Herkunft fest. Dort entstanden starke polnische Gewerkschaften.<a href=\"https:\/\/de.wikipedia.org\/wiki\/Deutsches_Kaiserreich#cite_note-46\">[46]<\/a> Die antipolnischen Ma\u00dfnahmen w\u00e4hrend der Zeit des Kaiserreichs hatten eine unheilvolle Nachwirkung auf das deutsch-polnische Verh\u00e4ltnis im Allgemeinen. Als die <a title=\"Zweite Polnische Republik\" href=\"https:\/\/de.wikipedia.org\/wiki\/Zweite_Polnische_Republik\">Zweite Polnische Republik<\/a> nach dem Ersten Weltkrieg als unabh\u00e4ngiger Staat entstand, kamen der gr\u00f6\u00dfte Teil der ehemaligen Provinzen Posen und Westpreu\u00dfen zu Polen. Die polnische Regierung \u00fcbte nun eine vergleichbar repressive Politik gegen\u00fcber den deutschen Minderheiten in diesen Gebieten aus, letztlich, um diese zu n\u00f6tigen, das Land zu verlassen. Begr\u00fcndet wurde diese Politik mit dem Argument, dass diese Gebiete unter deutscher Herrschaft k\u00fcnstlich \u201egermanisiert\u201c worden seien und nun erneut polonisiert werden m\u00fcssten.<\/p>\n<h3 style=\"text-align: justify;\"><span id=\"Wandel_und_Entwicklung_der_politischen_Kultur\">Wandel und Entwicklung der politischen Kultur<\/span><\/h3>\n<p style=\"text-align: justify;\">Das Kaiserreich war pr\u00e4gend f\u00fcr die <a title=\"Politischen Kultur\" href=\"https:\/\/de.wikipedia.org\/wiki\/Politischen_Kultur\">politische Kultur<\/a> in Deutschland weit \u00fcber das Ende der Monarchie hinaus. Industrialisierung, Urbanisierung sowie die verbesserten Kommunikationsm\u00f6glichkeiten (z.\u00a0B. die Verbreitung der Tageszeitungen bis in die unteren Schichten hinein) und andere Faktoren ver\u00e4nderten auch den Bereich der politischen Kultur. War die Politik zuvor \u00fcberwiegend eine Sache der Eliten und Honoratioren, kam es nunmehr zu einer Fundamentalpolitisierung, an der in unterschiedlicher Weise fast alle sozialen Gruppen einen Anteil hatten. Dazu beigetragen hat zweifellos auch das allgemeine und gleiche M\u00e4nnerwahlrecht (ab dem Alter von 25 Jahren) auf Reichsebene. Ein Indiz daf\u00fcr war die Zunahme der Wahlbeteiligung. Beteiligten sich 1871 nur 51\u00a0% der Wahlberechtigten an den Reichstagswahlen, waren es 1912 84,9\u00a0%.<a href=\"https:\/\/de.wikipedia.org\/wiki\/Deutsches_Kaiserreich#cite_note-47\">[47]<\/a> Als entscheidender Bestandteil der Massenpolitisierung sollte sich die erstarkende Frauenbewegung erweisen, die sich wie in anderen Industriel\u00e4ndern in dieser Zeit formierte, Reformen und vielfach auch das Frauenwahlrecht einforderte.<a href=\"https:\/\/de.wikipedia.org\/wiki\/Deutsches_Kaiserreich#cite_note-48\">[48]<\/a><\/p>\n<h4 style=\"text-align: justify;\"><span id=\"Entstehung_der_politischen_Lager\">Entstehung der politischen Lager<\/span><\/h4>\n<p style=\"text-align: justify;\">In die Reichsgr\u00fcndungszeit f\u00e4llt die Auspr\u00e4gung der verschiedenen politischen Lager. <a title=\"Karl Rohe\" href=\"https:\/\/de.wikipedia.org\/wiki\/Karl_Rohe\">Karl Rohe<\/a> unterscheidet dabei ein sozialistisches, ein katholisches und ein nationales Lager. Andere Autoren unterteilen letzteres noch einmal in ein nationales und ein liberales Lager. Ungeachtet von Parteispaltungen, Zusammenschl\u00fcssen oder \u00e4hnlichen Ereignissen pr\u00e4gten diese Lager bis in die <a title=\"Weimarer Republik\" href=\"https:\/\/de.wikipedia.org\/wiki\/Weimarer_Republik\">Weimarer Republik<\/a> hinein das politische Leben weitgehend mit. Alle diese Grundorientierungen hatte es in der ein oder anderen Weise bereits vor der Gr\u00fcndung des Kaiserreichs gegeben. Allerdings entstand mit der <a title=\"Deutsche Zentrumspartei\" href=\"https:\/\/de.wikipedia.org\/wiki\/Deutsche_Zentrumspartei\">Deutschen Zentrumspartei<\/a> (Zentrum) erstmals eine starke katholische Partei, die ann\u00e4hernd alle sozialen Gruppen von der katholischen Landbev\u00f6lkerung, die Arbeiterschaft bis hin zu B\u00fcrgertum und Adel erreichte. Doch blieb die Parteiorganisation schwach und das Zentrum entwickelte sich nicht zu einer Massenpartei. Ein weiteres Kennzeichen war der Aufstieg der Sozialdemokratie. Insgesamt hatte sich deren Anh\u00e4ngerschaft von 1874 bis 1912 verachtfacht. Von einem Stimmenanteil von etwa 9,4 Prozent (1877) stieg der Stimmenanteil auf 28,9 Prozent (1912).<\/p>\n<p style=\"text-align: justify;\">Dem Aufstieg der Sozialdemokraten stand dabei kein bedeutsamer Abstieg des b\u00fcrgerlichen und des katholischen Lagers gegen\u00fcber. Obwohl das Zentrum seinen Mobilisierungsgrad aus der Kulturkampfzeit nicht vollst\u00e4ndig halten konnte, gelang es dieser Partei, sich auch angesichts einer wachsenden W\u00e4hlerzahl zu behaupten. Bei allen Verwerfungen gelang es auch dem b\u00fcrgerlichen Lager, weiterhin etwa ein Drittel der Wahlberechtigten zu erreichen. Nach der \u00fcberproportionalen Stellung der Nationalliberalen und der Freikonservativen Partei zu Beginn des Kaiserreichs gab es innerhalb dieses Bereichs erhebliche Verschiebungen. Am Ende des Kaiserreichs lagen Linksliberale, Konservative und Nationalliberale mit jeweils etwas mehr als zehn Prozent gleichauf.<\/p>\n<p style=\"text-align: justify;\">Nicht zuletzt auf Grund des <a title=\"Kulturkampf\" href=\"https:\/\/de.wikipedia.org\/wiki\/Kulturkampf\">Kulturkampfes<\/a> und sp\u00e4ter des <a title=\"Sozialistengesetz\" href=\"https:\/\/de.wikipedia.org\/wiki\/Sozialistengesetz\">Sozialistengesetzes<\/a> entwickelten die katholische Bev\u00f6lkerung und die Anh\u00e4nger der Sozialdemokratie einen besonders starken inneren Zusammenhalt. Beg\u00fcnstigt durch weitere Faktoren entstand ein <a title=\"Katholisches Milieu\" href=\"https:\/\/de.wikipedia.org\/wiki\/Katholisches_Milieu\">katholisches<\/a> und sozialdemokratisches Milieu. In deren Umfeld entwickelte sich jeweils ein Organisations- und Vereinswesen, das die Bed\u00fcrfnisse der jeweiligen Gruppe von der \u201eWiege bis zur Bahre\u201c erf\u00fcllte. Im katholischen Milieu war die Entwicklung differenziert. Vor allem in den agrarischen Teilen des katholischen Deutschland banden die Pfarrer, die Kirche sowie die traditionellen gemeindenahen Vereine die Menschen an das Milieu. In den Industriegebieten und St\u00e4dten dagegen entwickelten sich zur Integration der katholischen Arbeiterbev\u00f6lkerung mit dem <a title=\"Volksverein f\u00fcr das katholische Deutschland\" href=\"https:\/\/de.wikipedia.org\/wiki\/Volksverein_f%C3%BCr_das_katholische_Deutschland\">Volksverein f\u00fcr das katholische Deutschland<\/a> und den christlichen Gewerkschaften Organisationen mit Millionen von Mitgliedern.<\/p>\n<p style=\"text-align: justify;\">Im sozialdemokratischen Bereich entwickelten sich nach dem Ende des Sozialistengesetzes nicht nur die <a title=\"Sozialdemokratische Partei Deutschlands\" href=\"https:\/\/de.wikipedia.org\/wiki\/Sozialdemokratische_Partei_Deutschlands\">SPD<\/a> zu einer Massenorganisation. Noch st\u00e4rker stiegen die Mitgliederzahlen der Gewerkschaften an. Au\u00dferdem entstand teilweise auf \u00e4lteren Grundlagen ein weit verzweigtes <a title=\"Arbeiterverein\" href=\"https:\/\/de.wikipedia.org\/wiki\/Arbeiterverein\">Vereinswesen<\/a> der <a title=\"Arbeiterbildungsverein\" href=\"https:\/\/de.wikipedia.org\/wiki\/Arbeiterbildungsverein\">Arbeiterbildungsvereine<\/a>, der Arbeiters\u00e4nger oder der <a title=\"Arbeitersport in Deutschland\" href=\"https:\/\/de.wikipedia.org\/wiki\/Arbeitersport_in_Deutschland\">Arbeitersportvereine<\/a>. Konsumgenossenschaften rundeten dieses Bild ab.<\/p>\n<p style=\"text-align: justify;\">Das Selbstverst\u00e4ndnis und die Lebensweise von Katholiken, von Sozialdemokraten und der protestantischen b\u00fcrgerlichen Gesellschaft fielen deutlich auseinander. Ein Wechsel zwischen ihnen war kaum m\u00f6glich. Der Zusammenhalt wurde durch die jeweilige Sozialisation auch nach dem Ende von Kulturkampf und Sozialistengesetze weiter getragen.<a href=\"https:\/\/de.wikipedia.org\/wiki\/Deutsches_Kaiserreich#cite_note-49\">[49]<\/a><\/p>\n<h4 style=\"text-align: justify;\"><span id=\"Massenorganisationen\">Massenorganisationen<\/span><\/h4>\n<p style=\"text-align: justify;\">Nicht nur im politischen Bereich, sondern auch in fast allen Lebensbereichen entfaltete sich die Massenmobilisierung zur Durchsetzung von Interessen und anderen gesellschaftlichen Zielen.<\/p>\n<div style=\"text-align: justify;\">\n<div>\n<p><a href=\"https:\/\/de.wikipedia.org\/wiki\/Datei:Deutscher_Flottenverein_Postkarte_1902.jpg\"><img loading=\"lazy\" decoding=\"async\" src=\"https:\/\/upload.wikimedia.org\/wikipedia\/commons\/thumb\/7\/79\/Deutscher_Flottenverein_Postkarte_1902.jpg\/220px-Deutscher_Flottenverein_Postkarte_1902.jpg\" srcset=\"\/\/upload.wikimedia.org\/wikipedia\/commons\/thumb\/7\/79\/Deutscher_Flottenverein_Postkarte_1902.jpg\/330px-Deutscher_Flottenverein_Postkarte_1902.jpg 1.5x, \/\/upload.wikimedia.org\/wikipedia\/commons\/thumb\/7\/79\/Deutscher_Flottenverein_Postkarte_1902.jpg\/440px-Deutscher_Flottenverein_Postkarte_1902.jpg 2x\" alt=\"\" width=\"220\" height=\"146\" data-file-width=\"550\" data-file-height=\"364\" \/><\/a><\/p>\n<div>\n<div><\/div>\n<\/div>\n<\/div>\n<\/div>\n<div style=\"text-align: justify;\">\n<div>\n<div>Propagandapostkarte des Flottenvereins<\/div>\n<\/div>\n<\/div>\n<p style=\"text-align: justify;\">Auf der rechten Seite des politischen Spektrums mobilisierten ein \u00fcbersteigerter <a title=\"Nationalismus\" href=\"https:\/\/de.wikipedia.org\/wiki\/Nationalismus\">Nationalismus<\/a> und die Kolonialbewegung Anh\u00e4nger aus verschiedenen sozialen Gruppen. Der <a title=\"Deutscher Flottenverein\" href=\"https:\/\/de.wikipedia.org\/wiki\/Deutscher_Flottenverein\">Deutsche Flottenverein<\/a> st\u00fctzte sich auf 1,2 Millionen Mitglieder. Zumindest zeitweise gelang es auch dem <a title=\"Antisemitismus (bis 1945)\" href=\"https:\/\/de.wikipedia.org\/wiki\/Antisemitismus_(bis_1945)\">Antisemitismus<\/a>, beachtliche Resonanz zu gewinnen. Dazu geh\u00f6rte die <a title=\"Christlich-soziale Partei (Deutsches Kaiserreich)\" href=\"https:\/\/de.wikipedia.org\/wiki\/Christlich-soziale_Partei_(Deutsches_Kaiserreich)\">christlich-soziale Partei<\/a> um den Prediger <a title=\"Adolf Stoecker\" href=\"https:\/\/de.wikipedia.org\/wiki\/Adolf_Stoecker\">Adolf Stoecker<\/a>. Einige wirtschaftliche Interessenorganisationen griffen diese populistischen Forderungen auf, um so ihre eigene Position zu st\u00e4rken. Besonders stark ausgepr\u00e4gt war der Antisemitismus etwa im <a title=\"Deutschnationaler Handlungsgehilfen-Verband\" href=\"https:\/\/de.wikipedia.org\/wiki\/Deutschnationaler_Handlungsgehilfen-Verband\">Deutschnationalen Handlungsgehilfenverband<\/a>. Eng verbunden waren Nationalismus und Antisemitismus im <a title=\"Alldeutscher Verband\" href=\"https:\/\/de.wikipedia.org\/wiki\/Alldeutscher_Verband\">Alldeutschen Verband<\/a>.<\/p>\n<p style=\"text-align: justify;\">Besonders erfolgreich organisierte der <a title=\"Bund der Landwirte\" href=\"https:\/\/de.wikipedia.org\/wiki\/Bund_der_Landwirte\">Bund der Landwirte<\/a> (BdL) auch mit nationalen und antisemitischen Untert\u00f6nen Landwirte aus dem ganzen Reich, wobei die F\u00fchrung jedoch stets bei den ostelbischen <a title=\"Agrarier\" href=\"https:\/\/de.wikipedia.org\/wiki\/Agrarier\">Agrariern<\/a> lag. Er st\u00fctzte sich dabei auf eine gut ausgebaute Organisation mit Millionen von Mitgliedern. Der Unterst\u00fctzung des Bundes verdankten eine gro\u00dfe Zahl von Reichs- und Landtagsabgeordneten ihr Mandat. Diese waren daher auch inhaltlich dem BdL verpflichtet. Weniger erfolgreich in dieser Hinsicht waren die Industriellenverb\u00e4nde wie der <a title=\"Centralverband deutscher Industrieller\" href=\"https:\/\/de.wikipedia.org\/wiki\/Centralverband_deutscher_Industrieller\">Centralverband deutscher Industrieller<\/a> (CdI). Aber auch diesem gelang es, durch eine erfolgreiche Lobbyarbeit im Hintergrund etwa in der Schutzzollfrage die Politik zu beeinflussen.<\/p>\n<p style=\"text-align: justify;\">Mit den gro\u00dfen Industrieverb\u00e4nden CdI und dem <a title=\"Bund der Industriellen\" href=\"https:\/\/de.wikipedia.org\/wiki\/Bund_der_Industriellen\">Bund der Industriellen<\/a> verbunden waren die vor allem seit den 1890er Jahren entstehenden <a title=\"Arbeitgeberverband\" href=\"https:\/\/de.wikipedia.org\/wiki\/Arbeitgeberverband\">Arbeitgeberverb\u00e4nde<\/a>, die sich prim\u00e4r gegen die Mitspracheanspr\u00fcche der Gewerkschaften richteten. Neben den gro\u00dfen Interessenverb\u00e4nden gab es zahlreiche weitere wirtschaftlich orientierte Organisationen. Allein im Bereich Industrie, Handwerk, Handel und Gewerbe existierten 1907 500 Verb\u00e4nde mit ca. 2000 angeschlossenen Organisationen.<\/p>\n<div style=\"text-align: justify;\">\n<div>\n<p><a href=\"https:\/\/de.wikipedia.org\/wiki\/Datei:Gewerkschaften1887ff.PNG\"><img loading=\"lazy\" decoding=\"async\" src=\"https:\/\/upload.wikimedia.org\/wikipedia\/commons\/thumb\/a\/ab\/Gewerkschaften1887ff.PNG\/220px-Gewerkschaften1887ff.PNG\" srcset=\"\/\/upload.wikimedia.org\/wikipedia\/commons\/thumb\/a\/ab\/Gewerkschaften1887ff.PNG\/330px-Gewerkschaften1887ff.PNG 1.5x, \/\/upload.wikimedia.org\/wikipedia\/commons\/thumb\/a\/ab\/Gewerkschaften1887ff.PNG\/440px-Gewerkschaften1887ff.PNG 2x\" alt=\"\" width=\"220\" height=\"137\" data-file-width=\"968\" data-file-height=\"602\" \/><\/a><\/p>\n<div>\n<div><\/div>\n<\/div>\n<\/div>\n<\/div>\n<div style=\"text-align: justify;\">\n<div>\n<div>Entwicklung der Gewerkschaften in Deutschland nach ihrer politischen Richtung, 1887\u20131914<\/div>\n<\/div>\n<\/div>\n<p style=\"text-align: justify;\">Ein Aspekt der Verkn\u00fcpfung von Politik und Interessenvertretung in der Arbeiterbev\u00f6lkerung war die Entstehung von <a title=\"Richtungsgewerkschaft\" href=\"https:\/\/de.wikipedia.org\/wiki\/Richtungsgewerkschaft\">Richtungsgewerkschaften<\/a>. Tr\u00e4ger waren der (soziale) Liberalismus, das katholische Milieu und die Sozialdemokratie. Dabei hatten die sogenannten <a title=\"Freie Gewerkschaften (Deutschland)\" href=\"https:\/\/de.wikipedia.org\/wiki\/Freie_Gewerkschaften_(Deutschland)\">freien Gewerkschaften<\/a> im Umfeld der SPD nach dem Ende des Sozialistengesetzes die h\u00f6chsten Mitgliederzahlen. In wichtigen Industriegebieten, wie dem <a title=\"Ruhrgebiet\" href=\"https:\/\/de.wikipedia.org\/wiki\/Ruhrgebiet\">Ruhrgebiet<\/a>, waren die <a title=\"Christliche Gewerkschaften\" href=\"https:\/\/de.wikipedia.org\/wiki\/Christliche_Gewerkschaften\">christlichen Gewerkschaften<\/a> teilweise aber ebenso stark oder sogar st\u00e4rker. Hinzu kamen in diesem Gebiet nach der Jahrhundertwende auch Organisationen der polnischsprechenden Bergarbeiter, sodass die nichtsozialistischen Gewerkschaften in diesem industriellen Kernbereich des Reiches sehr bedeutend waren. Besonders schwer tat sich der linke Fl\u00fcgel des <a title=\"Liberalismus\" href=\"https:\/\/de.wikipedia.org\/wiki\/Liberalismus\">Liberalismus<\/a> mit dieser neuen Form der Politik. Zwar bestanden seit den 1860er Jahren mit den <a title=\"Gewerkvereine\" href=\"https:\/\/de.wikipedia.org\/wiki\/Gewerkvereine\">Hirsch-Dunckerschen Gewerkvereinen<\/a> liberal ausgerichtete Gewerkschaften, ihr Mobilisierungserfolg blieb allerdings vergleichsweise gering.<a href=\"https:\/\/de.wikipedia.org\/wiki\/Deutsches_Kaiserreich#cite_note-50\">[50]<\/a><\/p>\n<h4 style=\"text-align: justify;\"><span id=\"Nationalismus_im_Wandel\">Nationalismus im Wandel<\/span><\/h4>\n<div style=\"text-align: justify;\">\n<p><a href=\"https:\/\/de.wikipedia.org\/wiki\/Datei:Porta_Westfalica_Das_Kaiser_Wilhelm-Denkmal_(um_1895).jpg\"><img loading=\"lazy\" decoding=\"async\" src=\"https:\/\/upload.wikimedia.org\/wikipedia\/commons\/thumb\/9\/93\/Porta_Westfalica_Das_Kaiser_Wilhelm-Denkmal_%28um_1895%29.jpg\/220px-Porta_Westfalica_Das_Kaiser_Wilhelm-Denkmal_%28um_1895%29.jpg\" srcset=\"\/\/upload.wikimedia.org\/wikipedia\/commons\/thumb\/9\/93\/Porta_Westfalica_Das_Kaiser_Wilhelm-Denkmal_%28um_1895%29.jpg\/330px-Porta_Westfalica_Das_Kaiser_Wilhelm-Denkmal_%28um_1895%29.jpg 1.5x, \/\/upload.wikimedia.org\/wikipedia\/commons\/thumb\/9\/93\/Porta_Westfalica_Das_Kaiser_Wilhelm-Denkmal_%28um_1895%29.jpg\/440px-Porta_Westfalica_Das_Kaiser_Wilhelm-Denkmal_%28um_1895%29.jpg 2x\" alt=\"\" width=\"220\" height=\"298\" data-file-width=\"2613\" data-file-height=\"3545\" \/><\/a><\/p>\n<div>\n<div><\/div>\n<\/div>\n<\/div>\n<div style=\"text-align: justify;\">\n<div>\n<div>Kaiser-Wilhelm-Denkmal an der Porta Westfalica um 1895<\/div>\n<\/div>\n<\/div>\n<p style=\"text-align: justify;\">Zwar gab es weiterhin einzelstaatliche und dynastisch gepr\u00e4gte Sonderidentit\u00e4ten. Aber im \u00dcberblick gewann die Identifikation mit der Gesamtnation eine gesellschaftlich pr\u00e4gende Bedeutung. W\u00e4hrend des Kaiserreichs hat sich die Nationalstaatsidee deutlich gewandelt. Der alte <a title=\"Nationalismus\" href=\"https:\/\/de.wikipedia.org\/wiki\/Nationalismus\">Nationalismus<\/a> war bis 1848\/1849 eine auf Ver\u00e4nderung abzielende <a title=\"Opposition (Politik)\" href=\"https:\/\/de.wikipedia.org\/wiki\/Opposition_(Politik)\">Oppositionsbewegung<\/a>, die sich aus den klassisch-<a title=\"Liberalismus\" href=\"https:\/\/de.wikipedia.org\/wiki\/Liberalismus\">liberalen<\/a> Idealen der Franz\u00f6sischen Revolution gespeist und sich gegen die zu der Zeit als <a title=\"Konservativismus\" href=\"https:\/\/de.wikipedia.org\/wiki\/Konservativismus\">konservativ<\/a> geltenden Kr\u00e4fte der <a title=\"Restauration (Geschichte)\" href=\"https:\/\/de.wikipedia.org\/wiki\/Restauration_(Geschichte)\">Restaurations\u00e4ra<\/a> gerichtet hatte. Sp\u00e4testens mit der Reichsgr\u00fcndung begannen sich die Schwerpunkte zu verlagern. Die bisherigen Gegner auf der Rechten \u00fcbernahmen nationale Ideen und Ziele. Der Nationalismus wurde tendenziell konservativ gepr\u00e4gt. Auf l\u00e4ngere Sicht verlor dabei das <a title=\"Demokratie\" href=\"https:\/\/de.wikipedia.org\/wiki\/Demokratie\">demokratische<\/a> Element an Gewicht.<\/p>\n<p style=\"text-align: justify;\">Wichtiger als die \u201eFreiheit\u201c wurde die \u201eEinheit\u201c. Dies f\u00fchrte unter anderem zu einer Wendung gegen die nationalen und kulturellen Minderheiten im Reich, insbesondere gegen die Polen und \u2013 in Verbindung mit dem ab Ende der 1870er Jahre an Bedeutung gewinnenden rassistisch begr\u00fcndeten <a title=\"Geschichte des Antisemitismus seit 1945\" href=\"https:\/\/de.wikipedia.org\/wiki\/Geschichte_des_Antisemitismus_seit_1945\">Antisemitismus<\/a> \u2013 gegen die Juden (\u2192 <a title=\"Berliner Antisemitismusstreit\" href=\"https:\/\/de.wikipedia.org\/wiki\/Berliner_Antisemitismusstreit\">Berliner Antisemitismusstreit<\/a>). In diesen Zusammenhang geh\u00f6ren auch die nationalen Leidenschaften im Kampf gegen den <a title=\"Ultramontanismus\" href=\"https:\/\/de.wikipedia.org\/wiki\/Ultramontanismus\">ultramontanen<\/a> Katholizismus. Im weiteren Verlauf der Reichsgeschichte richtete sich der Nationalismus nicht zuletzt gegen die <a title=\"Sozialdemokratie\" href=\"https:\/\/de.wikipedia.org\/wiki\/Sozialdemokratie\">Sozialdemokratie<\/a>. Deren <a title=\"Internationalismus\" href=\"https:\/\/de.wikipedia.org\/wiki\/Internationalismus\">internationalistische<\/a> und revolution\u00e4re Ideologie schien der politischen Elite und ihren Anh\u00e4ngern ein Beleg f\u00fcr ihre Reichsfeindschaft zu sein. Vor diesem Hintergrund wurden die Sozialisten\/Sozialdemokraten seit Ende des 19. Jahrhunderts noch w\u00e4hrend der <em>\u00c4ra Bismarck<\/em> als \u201e<em><a title=\"Vaterlandslose Gesellen\" href=\"https:\/\/de.wikipedia.org\/wiki\/Vaterlandslose_Gesellen\">vaterlandslose Gesellen<\/a><\/em>\u201c diffamiert, beziehungsweise deren entsprechender Ruf in den damaligen regierungsfreundlichen und kaisertreuen Zeitungen lanciert.<\/p>\n<p style=\"text-align: justify;\">Der Nationalismus im Kaiserreich entfaltete seit der Reichsgr\u00fcndung eine bis dahin unbekannte Breitenwirkung und erfasste im Zusammenwirken mit dem sich ebenfalls verst\u00e4rkenden <a title=\"Militarismus\" href=\"https:\/\/de.wikipedia.org\/wiki\/Militarismus\">Militarismus<\/a> nunmehr auch die kleinb\u00fcrgerlichen und b\u00e4uerlichen Bev\u00f6lkerungsteile. Getragen wurde der Nationalismus von den Turn-, Sch\u00fctzen-, S\u00e4nger- und vor allem den Kriegervereinen. Aber auch Schule, Universit\u00e4t, die (evangelische) Kirche und das Milit\u00e4r haben zur Verbreitung beigetragen. \u201eKaiser und Reich\u201c setzte sich als feststehender Begriff durch. Dagegen hat die Verfassung des Reiches keinen eigenst\u00e4ndigen Symbolwert entwickeln k\u00f6nnen. Von den Institutionen gewannen nur der Reichskanzler und der Reichstag in dieser Hinsicht eine gewisse Bedeutung.<\/p>\n<p style=\"text-align: justify;\">Der Reichstag und die allgemeinen Wahlen wurden zu einem sichtbaren St\u00fcck nationaler Einheit. Mit den Feiern zu den Kaisergeburtstagen, dem Sedanstag<a href=\"https:\/\/de.wikipedia.org\/wiki\/Deutsches_Kaiserreich#cite_note-51\">[51]<\/a> und anderen Gelegenheiten durchdrang das Nationale den Jahreskalender vor allem der b\u00e4uerlichen und b\u00fcrgerlichen Bev\u00f6lkerung. Sichtbar wurde der Nationalismus auch in den zahlreichen Nationaldenkm\u00e4lern wie dem <a title=\"Niederwalddenkmal\" href=\"https:\/\/de.wikipedia.org\/wiki\/Niederwalddenkmal\">Niederwalddenkmal<\/a>, dem <a title=\"Hermannsdenkmal\" href=\"https:\/\/de.wikipedia.org\/wiki\/Hermannsdenkmal\">Hermannsdenkmal<\/a>, sp\u00e4ter den <a title=\"Kaiser-Wilhelm-Denkm\u00e4ler\" href=\"https:\/\/de.wikipedia.org\/wiki\/Kaiser-Wilhelm-Denkm%C3%A4ler\">Kaiser-Wilhelm-Denkm\u00e4lern<\/a> auf dem <a title=\"Deutsches Eck\" href=\"https:\/\/de.wikipedia.org\/wiki\/Deutsches_Eck\">Deutschen Eck<\/a> oder der <a title=\"Kaiser-Wilhelm-Denkmal an der Porta Westfalica\" href=\"https:\/\/de.wikipedia.org\/wiki\/Kaiser-Wilhelm-Denkmal_an_der_Porta_Westfalica\">Porta Westfalica<\/a>, den zahlreichen <a title=\"Bismarckturm\" href=\"https:\/\/de.wikipedia.org\/wiki\/Bismarckturm\">Bismarckt\u00fcrmen<\/a> bis hin zu den lokalen Kriegerdenkmalen.<\/p>\n<p style=\"text-align: justify;\">Auf l\u00e4ngere Sicht konnten sich auch die \u201eReichsfeinde\u201c der Zugkraft des Nationalen nicht entziehen. Auf den <a title=\"Katholikentag\" href=\"https:\/\/de.wikipedia.org\/wiki\/Katholikentag\">Katholikentagen<\/a> wurde seit 1887 nicht nur ein Hoch auf den Papst, sondern auch eins auf den Kaiser ausgebracht. Vor allem nach Kriegsbeginn 1914 zeigte sich, dass auch die Arbeiter vom Nationalismus keineswegs unbeeinflusst blieben.<\/p>\n<p style=\"text-align: justify;\">Vor allem w\u00e4hrend der wilhelminischen Epoche trat neben den halboffiziellen Nationalismus immer st\u00e4rker ein <a title=\"V\u00f6lkische Bewegung\" href=\"https:\/\/de.wikipedia.org\/wiki\/V%C3%B6lkische_Bewegung\">v\u00f6lkischer<\/a> Radikalnationalismus, wie ihn etwa der <a title=\"Alldeutscher Verband\" href=\"https:\/\/de.wikipedia.org\/wiki\/Alldeutscher_Verband\">Alldeutsche Verband<\/a> repr\u00e4sentierte. Er propagierte nicht nur die Schaffung eines gro\u00dfen Kolonialreiches, sondern auch einen von Deutschland beherrschten mitteleurop\u00e4ischen Machtbereich.<a href=\"https:\/\/de.wikipedia.org\/wiki\/Deutsches_Kaiserreich#cite_note-52\">[52]<\/a><\/p>\n<h2 style=\"text-align: justify;\"><span id=\".C3.84ra_Bismarck\"> <\/span><span id=\"\u00c4ra_Bismarck\">\u00c4ra Bismarck<\/span><\/h2>\n<p style=\"text-align: justify;\">Die ersten Jahrzehnte des neuen <a title=\"Kaiserreich\" href=\"https:\/\/de.wikipedia.org\/wiki\/Kaiserreich\">Kaiserreichs<\/a> waren innen- wie au\u00dfenpolitisch in hohem Ma\u00dfe von der Person Bismarcks gepr\u00e4gt. Dabei zerf\u00e4llt die Zeit zwischen 1871 und 1889 deutlich in zwei Phasen: Von 1871 bis 1878\/79 arbeitete Bismarck vornehmlich mit den Liberalen zusammen. In der folgenden Zeit dominierten die Konservativen und das Zentrum.<\/p>\n<h3 style=\"text-align: justify;\"><span id=\"Liberale_.C3.84ra_bis_1878\"> <\/span><span id=\"Liberale_\u00c4ra_bis_1878\">Liberale \u00c4ra bis 1878<\/span><\/h3>\n<p style=\"text-align: justify;\">Angesichts des <a title=\"Preu\u00dfischer Verfassungskonflikt\" href=\"https:\/\/de.wikipedia.org\/wiki\/Preu%C3%9Fischer_Verfassungskonflikt\">Verfassungskonflikts<\/a> der sechziger Jahre in Preu\u00dfen ist es auf den ersten Blick verwunderlich, dass Otto von Bismarck bereits w\u00e4hrend des Bestehens des Norddeutschen Bundes und in den ersten Jahren des Kaiserreichs politisch mit den Liberalen eng zusammenarbeitete. Ein zentraler Grund daf\u00fcr waren die Mehrheitsverh\u00e4ltnisse im Reichstag, in dem die Liberalen eine starke Mehrheit hatten. Die <a title=\"Nationalliberale\" href=\"https:\/\/de.wikipedia.org\/wiki\/Nationalliberale\">Nationalliberalen<\/a> allein hatten <a title=\"Reichstagswahl 1871\" href=\"https:\/\/de.wikipedia.org\/wiki\/Reichstagswahl_1871\">1871<\/a> 125 von 382 Sitzen. Rechnet man die Abgeordneten der <a title=\"Liberale Reichspartei\" href=\"https:\/\/de.wikipedia.org\/wiki\/Liberale_Reichspartei\">Liberalen Reichspartei<\/a> und der <a title=\"Deutsche Fortschrittspartei\" href=\"https:\/\/de.wikipedia.org\/wiki\/Deutsche_Fortschrittspartei\">Fortschrittspartei<\/a> hinzu, hatte der Liberalismus die absolute Mehrheit; diese wurde meist noch durch die <a title=\"Freikonservative Partei\" href=\"https:\/\/de.wikipedia.org\/wiki\/Freikonservative_Partei\">Freikonservativen<\/a> verst\u00e4rkt. Nach der <a title=\"Reichstagswahl 1874\" href=\"https:\/\/de.wikipedia.org\/wiki\/Reichstagswahl_1874\">Reichstagswahl von 1874<\/a> besa\u00dfen die Liberalen allein mit 204 von 397 Abgeordneten die absolute Mehrheit. Gegen sie konnte der Reichskanzler kaum regieren \u2013 und mit den Konservativen h\u00e4tte er bei anderen Mehrheitsverh\u00e4ltnissen wohl auch nicht regieren k\u00f6nnen: Sie verweigerten sich der Politik Bismarcks und das Zentrum fiel sp\u00e4testens mit Beginn des Kulturkampfs als m\u00f6gliches Gegengewicht aus.<\/p>\n<p style=\"text-align: justify;\">Erleichtert wurde die Politik der Reichsgr\u00fcndungsphase durch die boomende Entwicklung vieler Wirtschaftszweige, was zur gesellschaftlichen Akzeptanz liberaler Reformen<a href=\"https:\/\/de.wikipedia.org\/wiki\/Deutsches_Kaiserreich#cite_note-53\">[53]<\/a> beitrug.<\/p>\n<h4 style=\"text-align: justify;\"><span id=\"Innen-_und_rechtspolitische_Reformen\">Innen- und rechtspolitische Reformen<\/span><\/h4>\n<div style=\"text-align: justify;\">\n<p><a href=\"https:\/\/de.wikipedia.org\/wiki\/Datei:Biermann_-_Rudolf_von_Delbr%C3%BCck.jpg\"><img loading=\"lazy\" decoding=\"async\" src=\"https:\/\/upload.wikimedia.org\/wikipedia\/commons\/thumb\/f\/fb\/Biermann_-_Rudolf_von_Delbr%C3%BCck.jpg\/220px-Biermann_-_Rudolf_von_Delbr%C3%BCck.jpg\" srcset=\"\/\/upload.wikimedia.org\/wikipedia\/commons\/thumb\/f\/fb\/Biermann_-_Rudolf_von_Delbr%C3%BCck.jpg\/330px-Biermann_-_Rudolf_von_Delbr%C3%BCck.jpg 1.5x, \/\/upload.wikimedia.org\/wikipedia\/commons\/thumb\/f\/fb\/Biermann_-_Rudolf_von_Delbr%C3%BCck.jpg\/440px-Biermann_-_Rudolf_von_Delbr%C3%BCck.jpg 2x\" alt=\"\" width=\"220\" height=\"298\" data-file-width=\"443\" data-file-height=\"600\" \/><\/a><\/p>\n<div>\n<div><\/div>\n<\/div>\n<\/div>\n<div style=\"text-align: justify;\">\n<div>\n<div>Der Chef des Reichskanzleramtes Rudolph von Delbr\u00fcck, Portr\u00e4t von Gottlieb Biermann (1875)<\/div>\n<\/div>\n<\/div>\n<p style=\"text-align: justify;\">Die eigentlichen Partner Bismarcks waren die Nationalliberalen unter <a title=\"Rudolf von Bennigsen (Politiker)\" href=\"https:\/\/de.wikipedia.org\/wiki\/Rudolf_von_Bennigsen_(Politiker)\">Rudolf von Bennigsen<\/a>. Diese waren zwar in vielen Punkten kompromissbereit, ihnen gelang es aber auch, zentrale liberale Reformvorhaben durchzusetzen. Erleichtert wurde die Zusammenarbeit durch liberale Beamte wie den Chef des Reichskanzleramts <a title=\"Rudolph von Delbr\u00fcck\" href=\"https:\/\/de.wikipedia.org\/wiki\/Rudolph_von_Delbr%C3%BCck\">Rudolph von Delbr\u00fcck<\/a> oder den preu\u00dfischen Finanzminister <a title=\"Otto von Camphausen\" href=\"https:\/\/de.wikipedia.org\/wiki\/Otto_von_Camphausen\">Otto von Camphausen<\/a> sowie den Kultusminister <a title=\"Adalbert Falk\" href=\"https:\/\/de.wikipedia.org\/wiki\/Adalbert_Falk\">Adalbert Falk<\/a>. Der Schwerpunkt der Reformen war die Liberalisierung der Wirtschaft. So wurden in allen Bundesstaaten <a title=\"Gewerbefreiheit\" href=\"https:\/\/de.wikipedia.org\/wiki\/Gewerbefreiheit\">Gewerbefreiheit<\/a> und <a title=\"Freiz\u00fcgigkeit\" href=\"https:\/\/de.wikipedia.org\/wiki\/Freiz%C3%BCgigkeit\">Freiz\u00fcgigkeit<\/a> eingef\u00fchrt, sofern sie noch nicht bestanden. Im Sinne des <a title=\"Freihandel\" href=\"https:\/\/de.wikipedia.org\/wiki\/Freihandel\">Freihandels<\/a> liefen die letzten <a title=\"Schutzzoll\" href=\"https:\/\/de.wikipedia.org\/wiki\/Schutzzoll\">Schutzz\u00f6lle<\/a> f\u00fcr Eisenwaren aus. Ein <a title=\"Markenschutz\" href=\"https:\/\/de.wikipedia.org\/wiki\/Markenschutz\">Marken-<\/a> und <a title=\"Urheberrecht\" href=\"https:\/\/de.wikipedia.org\/wiki\/Urheberrecht\">Urheberschutz<\/a> sowie ein einheitliches <a title=\"Patentgesetz (Deutschland)\" href=\"https:\/\/de.wikipedia.org\/wiki\/Patentgesetz_(Deutschland)\">Patentgesetz<\/a> wurden eingef\u00fchrt. Erleichtert wurde auch die Gr\u00fcndung von Aktiengesellschaften. Au\u00dferdem wurden Ma\u00dfe und Gewichte <a title=\"Normung\" href=\"https:\/\/de.wikipedia.org\/wiki\/Normung\">normiert<\/a> und die W\u00e4hrung vereinheitlicht: 1873 wurde die <a title=\"Mark (1871)\" href=\"https:\/\/de.wikipedia.org\/wiki\/Mark_(1871)#Geschichte\">Mark<\/a> (sp\u00e4ter \u201aGoldmark\u2018 genannt) eingef\u00fchrt. 1875 wurde die <a title=\"Reichsbank\" href=\"https:\/\/de.wikipedia.org\/wiki\/Reichsbank\">Reichsbank<\/a> als zentrale Notenbank gegr\u00fcndet. Ein weiterer Schwerpunkt war der Ausbau des <a title=\"Rechtsstaat\" href=\"https:\/\/de.wikipedia.org\/wiki\/Rechtsstaat\">Rechtsstaates<\/a>, dessen Grundlagen teilweise bis in die Gegenwart Bestand haben. Zu nennen ist das in Grundz\u00fcgen heute noch geltende, wenn auch vielfach novellierte <a title=\"Reichsstrafgesetzbuch\" href=\"https:\/\/de.wikipedia.org\/wiki\/Reichsstrafgesetzbuch\">Reichsstrafgesetzbuch<\/a> von 1871. Dieses \u00e4hnelt stark dem Strafgesetzbuch des Norddeutschen Bundes vom 31. Mai 1870.<\/p>\n<p style=\"text-align: justify;\">Meilensteine waren die Reichsjustizgesetze von 1877, namentlich das <a title=\"Gerichtsverfassungsgesetz\" href=\"https:\/\/de.wikipedia.org\/wiki\/Gerichtsverfassungsgesetz\">Gerichtsverfassungsgesetz<\/a>, die <a title=\"Strafprozessordnung (Deutschland)\" href=\"https:\/\/de.wikipedia.org\/wiki\/Strafprozessordnung_(Deutschland)\">Strafprozessordnung<\/a>, die <a title=\"Zivilprozessordnung (Deutschland)\" href=\"https:\/\/de.wikipedia.org\/wiki\/Zivilprozessordnung_(Deutschland)\">Zivilprozessordnung<\/a>, die ebenfalls inhaltlich ver\u00e4ndert heute noch in Kraft sind, sowie die <a title=\"Insolvenzordnung (Deutschland)\" href=\"https:\/\/de.wikipedia.org\/wiki\/Insolvenzordnung_(Deutschland)\">Konkursordnung<\/a>. Durch das Gerichtsverfassungsgesetz wurde 1878 das <a title=\"Reichsgericht\" href=\"https:\/\/de.wikipedia.org\/wiki\/Reichsgericht\">Reichsgericht<\/a> als h\u00f6chstes deutsches Straf- und Zivilgericht eingef\u00fchrt. Ein einheitlicher oberster deutscher Gerichtshof, der auch das bestehende <a title=\"Reichsoberhandelsgericht\" href=\"https:\/\/de.wikipedia.org\/wiki\/Reichsoberhandelsgericht\">Reichsoberhandelsgericht<\/a> abl\u00f6ste, trug zur rechtlichen Vereinheitlichung des Reiches stark bei. Daneben gelang es der liberalen Mehrheit auch, die Zust\u00e4ndigkeiten des Reichstages in Fragen des Zivilrechts auszuweiten. War das Parlament im Norddeutschen Bund nur f\u00fcr zivilrechtliche Fragen mit wirtschaftlichem Hintergrund zust\u00e4ndig, wurde auf Antrag der nationalliberalen Reichstagsabgeordneten <a title=\"Johannes von Miquel\" href=\"https:\/\/de.wikipedia.org\/wiki\/Johannes_von_Miquel\">Johannes von Miquel<\/a> und <a title=\"Eduard Lasker\" href=\"https:\/\/de.wikipedia.org\/wiki\/Eduard_Lasker\">Eduard Lasker<\/a> die Zust\u00e4ndigkeit 1873 auf das gesamte Zivil- und Prozessrecht ausgeweitet. In der Folge entstand das 1896 beschlossene und am 1. Januar 1900 in Kraft getretene <a title=\"B\u00fcrgerliches Gesetzbuch\" href=\"https:\/\/de.wikipedia.org\/wiki\/B%C3%BCrgerliches_Gesetzbuch\">B\u00fcrgerliche Gesetzbuch<\/a> als bis heute geltende <a title=\"Privatrechtskodifikation\" href=\"https:\/\/de.wikipedia.org\/wiki\/Privatrechtskodifikation\">Privatrechtskodifikation<\/a>.<\/p>\n<p style=\"text-align: justify;\">Allerdings mussten die Liberalen im Bereich der Prozessordnung und der Pressegesetzgebung weitreichende Kompromisse hinnehmen, die von einem Teil der Linksliberalen nicht mitgetragen wurden. Eine Mehrheit kam 1876 nur mit Hilfe der Konservativen zustande. Da auch im <a title=\"Preu\u00dfisches Abgeordnetenhaus\" href=\"https:\/\/de.wikipedia.org\/wiki\/Preu%C3%9Fisches_Abgeordnetenhaus\">preu\u00dfischen Abgeordnetenhaus<\/a> eine liberale bis gem\u00e4\u00dfigt konservative Mehrheit vorhanden war, kam es auch im gr\u00f6\u00dften Bundesstaat zu politischen Reformen. Dazu z\u00e4hlt etwa die <a title=\"Kreisordnung (Preu\u00dfen)\" href=\"https:\/\/de.wikipedia.org\/wiki\/Kreisordnung_(Preu%C3%9Fen)\">preu\u00dfische Kreisordnung<\/a> von 1872, die auch die Reste st\u00e4ndischer Herrschaftsrechte beseitigte. Das drohende Scheitern am Widerstand des <a title=\"Preu\u00dfisches Herrenhaus\" href=\"https:\/\/de.wikipedia.org\/wiki\/Preu%C3%9Fisches_Herrenhaus\">preu\u00dfischen Herrenhauses<\/a> konnte freilich nur durch einen \u201e<a title=\"Pairsschub\" href=\"https:\/\/de.wikipedia.org\/wiki\/Pairsschub\">Pairsschub<\/a>\u201c (also die Ernennung neuer politisch genehmer Mitglieder) gebrochen werden.<a href=\"https:\/\/de.wikipedia.org\/wiki\/Deutsches_Kaiserreich#cite_note-54\">[54]<\/a><\/p>\n<h4 style=\"text-align: justify;\"><span id=\"Kulturkampf\">Kulturkampf<\/span><\/h4>\n<p style=\"text-align: justify;\">Die Zusammenarbeit zwischen Liberalen und Bismarck funktionierte nicht nur bei der Reformpolitik, sondern auch im sogenannten <a title=\"Kulturkampf\" href=\"https:\/\/de.wikipedia.org\/wiki\/Kulturkampf\">Kulturkampf<\/a> gegen die Katholiken und die Zentrumspartei. Die Ursachen lagen strukturell im Gegensatz zwischen dem s\u00e4kularen Staat, der immer mehr Regelungskompetenzen beanspruchte, und einer Amtskirche, die sich im Zeichen des <a title=\"Ultramontanismus\" href=\"https:\/\/de.wikipedia.org\/wiki\/Ultramontanismus\">Ultramontanismus<\/a> der Moderne in allen ihren Auspr\u00e4gungen entgegenstellte (\u201e<a title=\"Antimodernismus\" href=\"https:\/\/de.wikipedia.org\/wiki\/Antimodernismus\">Antimodernismus<\/a>\u201c). Die Enzyklika <em><a title=\"Quanta cura (Pius IX.)\" href=\"https:\/\/de.wikipedia.org\/wiki\/Quanta_cura_(Pius_IX.)\">Quanta Cura<\/a><\/em> von 1864 mit ihrem <em><a title=\"Syllabus errorum\" href=\"https:\/\/de.wikipedia.org\/wiki\/Syllabus_errorum\">Syllabus errorum<\/a><\/em> war eine klare Absage an die Moderne.<a href=\"https:\/\/de.wikipedia.org\/wiki\/Deutsches_Kaiserreich#cite_note-55\">[55]<\/a> F\u00fcr die katholische Kirche repr\u00e4sentierte der Liberalismus als Erbe der <a title=\"Aufkl\u00e4rung\" href=\"https:\/\/de.wikipedia.org\/wiki\/Aufkl%C3%A4rung\">Aufkl\u00e4rung<\/a> und als Tr\u00e4ger der Modernisierung den Gegensatz ihrer eigenen Positionen. F\u00fcr die Liberalen ihrerseits war das Papsttum mit seiner Ablehnung jeglicher Ver\u00e4nderungen ein Relikt des Mittelalters. Bismarck hatte verschiedene Gr\u00fcnde f\u00fcr den Kulturkampf. Zum Beispiel verd\u00e4chtigte er den <a title=\"Klerus\" href=\"https:\/\/de.wikipedia.org\/wiki\/Klerus\">Klerus<\/a>, die polnische Bewegung in den preu\u00dfischen Ostprovinzen zu f\u00f6rdern. Auch er wollte grunds\u00e4tzlich nicht, dass die staatliche Autorit\u00e4t und die Einheit des Reiches durch andere \u00e4ltere M\u00e4chte eingeschr\u00e4nkt werden k\u00f6nnten. Innenpolitisch ging es ihm auch darum, die Liberalen durch die Umlenkung der politischen Debatte von weiteren innenpolitischen Reformvorhaben abzubringen. Die Auseinandersetzung zwischen modernem Staat und ultramontaner Kirche war ein gemeineurop\u00e4isches Ph\u00e4nomen. Auch in deutschen Staaten wie Baden (<a title=\"Badischer Kulturkampf\" href=\"https:\/\/de.wikipedia.org\/wiki\/Badischer_Kulturkampf\">Badischer Kulturkampf<\/a>) und Bayern hatte es bereits in den 1860er Jahren einen Kulturkampf gegeben. Die katholischen Bisch\u00f6fe in Deutschland haben die p\u00e4pstliche Kritik an der Moderne meist nicht offensiv verfolgt, auch gab es seit 1866 keine katholische Fraktion mehr im preu\u00dfischen Abgeordnetenhaus. Vielmehr hat sich der Mainzer Bischof <a title=\"Wilhelm Emmanuel von Ketteler\" href=\"https:\/\/de.wikipedia.org\/wiki\/Wilhelm_Emmanuel_von_Ketteler\">Wilhelm Emmanuel von Ketteler<\/a> 1866 f\u00fcr eine Anerkennung der kleindeutschen L\u00f6sung ausgesprochen.<a href=\"https:\/\/de.wikipedia.org\/wiki\/Deutsches_Kaiserreich#cite_note-56\">[56]<\/a><\/p>\n<div style=\"text-align: justify;\">\n<div>\n<p><a href=\"https:\/\/de.wikipedia.org\/wiki\/Datei:Leo_XIII.gif\"><img loading=\"lazy\" decoding=\"async\" src=\"https:\/\/upload.wikimedia.org\/wikipedia\/commons\/thumb\/c\/cf\/Leo_XIII.gif\/220px-Leo_XIII.gif\" srcset=\"\/\/upload.wikimedia.org\/wikipedia\/commons\/thumb\/c\/cf\/Leo_XIII.gif\/330px-Leo_XIII.gif 1.5x, \/\/upload.wikimedia.org\/wikipedia\/commons\/c\/cf\/Leo_XIII.gif 2x\" alt=\"\" width=\"220\" height=\"315\" data-file-width=\"341\" data-file-height=\"489\" \/><\/a><\/p>\n<div>\n<div><\/div>\n<\/div>\n<\/div>\n<\/div>\n<div style=\"text-align: justify;\">\n<div>\n<div>Karikatur von <a title=\"Wilhelm Scholz (Karikaturist)\" href=\"https:\/\/de.wikipedia.org\/wiki\/Wilhelm_Scholz_(Karikaturist)\">Wilhelm Scholz<\/a> zur Beendigung des <a title=\"Kulturkampf\" href=\"https:\/\/de.wikipedia.org\/wiki\/Kulturkampf\">Kulturkampfes<\/a>. Papst <a title=\"Leo XIII.\" href=\"https:\/\/de.wikipedia.org\/wiki\/Leo_XIII.\">Leo XIII.<\/a> und der Reichskanzler fordern sich gegenseitig zum <a title=\"Fu\u00dfkuss\" href=\"https:\/\/de.wikipedia.org\/wiki\/Fu%C3%9Fkuss\">Fu\u00dfkuss<\/a> auf. Im Hintergrund beobachtet <a title=\"Ludwig Windthorst\" href=\"https:\/\/de.wikipedia.org\/wiki\/Ludwig_Windthorst\">Ludwig Windthorst<\/a>, Vorsitzender der Zentrumspartei, das Geschehen durch den Vorhang. Bildunterschrift: <em>Pontifex: \u201eNun bitte, genieren Sie sich nicht!\u201c Kanzler Bismarck: \u201eBitte gleichfalls!\u201c<\/em> Aus: <em><a title=\"Kladderadatsch\" href=\"https:\/\/de.wikipedia.org\/wiki\/Kladderadatsch\">Kladderadatsch<\/a><\/em>, Nr. 14\/15 (18. M\u00e4rz 1878)<\/div>\n<\/div>\n<\/div>\n<p style=\"text-align: justify;\">In der Anfangsphase ab 1871 ging es Liberalen und Regierung darum, den staatlichen Einfluss zu verst\u00e4rken. Das Strafgesetzbuch wurde um den sogenannten \u201e<a title=\"Kanzelparagraph\" href=\"https:\/\/de.wikipedia.org\/wiki\/Kanzelparagraph\">Kanzelparagraphen<\/a>\u201c erweitert, der die politische Bet\u00e4tigung von Geistlichen einschr\u00e4nken sollte.<a href=\"https:\/\/de.wikipedia.org\/wiki\/Deutsches_Kaiserreich#cite_note-57\">[57]<\/a> Der als ultramontane \u201aSpeerspitze\u2018 geltende <a title=\"Jesuitengesetz\" href=\"https:\/\/de.wikipedia.org\/wiki\/Jesuitengesetz\">Jesuitenorden<\/a> wurde verboten.<a href=\"https:\/\/de.wikipedia.org\/wiki\/Deutsches_Kaiserreich#cite_note-58\">[58]<\/a> Au\u00dferdem wurde in Preu\u00dfen die staatliche <a title=\"Schulaufsicht\" href=\"https:\/\/de.wikipedia.org\/wiki\/Schulaufsicht\">Schulaufsicht<\/a> eingef\u00fchrt.<a href=\"https:\/\/de.wikipedia.org\/wiki\/Deutsches_Kaiserreich#cite_note-59\">[59]<\/a><\/p>\n<p style=\"text-align: justify;\">In einer zweiten Phase etwa ab 1873 griff der Staat nunmehr direkt in den Innenbereich der Kirche ein, indem etwa die Priesterausbildung oder die Besetzung kirchlicher \u00c4mter staatlicher Kontrolle unterworfen wurden. In einem dritten Schritt folgten ab 1874 weitere Gesetze wie die Einf\u00fchrung der <a title=\"Zivilehe\" href=\"https:\/\/de.wikipedia.org\/wiki\/Zivilehe\">Zivilehe<\/a>. Reine Repressionsinstrumente waren ein Expatriierungsgesetz vom Mai 1874, das es erlaubte, den Aufenthalt von unbotm\u00e4\u00dfigen Geistlichen zu beschr\u00e4nken oder sie notfalls auszuweisen. Das sogenannte <a title=\"Brotkorbgesetz\" href=\"https:\/\/de.wikipedia.org\/wiki\/Brotkorbgesetz\">Brotkorbgesetz<\/a> sperrte der Kirche alle staatlichen Zuwendungen. Im Mai wurden alle Klostergemeinschaften aufgel\u00f6st, sofern sie sich nicht ausschlie\u00dflich der Krankenpflege widmeten.<\/p>\n<p style=\"text-align: justify;\">Eine Folge der Kulturkampfgesetze war, dass in der Mitte der 1870er Jahre viele Pfarrstellen vakant waren, keine kirchlichen Handlungen mehr stattfanden, Bisch\u00f6fe verhaftet, abgesetzt oder ausgewiesen waren. Aber die Regierungsma\u00dfnahmen und die Forderungen der Liberalen f\u00fchrten innerhalb des katholischen Deutschlands rasch zu Gegenreaktionen und zu einer breiten politischen Mobilisierung. Die noch vor dem eigentlichen Beginn des Kulturkampfes gegr\u00fcndete Zentrumspartei zog rasch einen Gro\u00dfteil der katholischen W\u00e4hler an sich.<a href=\"https:\/\/de.wikipedia.org\/wiki\/Deutsches_Kaiserreich#cite_note-60\">[60]<\/a><\/p>\n<h4 style=\"text-align: justify;\"><span id=\"Grenzen_der_Zusammenarbeit\">Grenzen der Zusammenarbeit<\/span><\/h4>\n<p style=\"text-align: justify;\">Bismarck und die Liberalen stimmten nicht in allen Punkten \u00fcberein. So scheiterte etwa der Versuch von Nationalliberalen und Fortschrittspartei, die verschiedenen St\u00e4dteordnungen zu vereinheitlichen, auch an der mangelnden Unterst\u00fctzung durch den Reichskanzler. Vorerst am Einspruch Bismarcks war zun\u00e4chst auch eine Finanzreform gescheitert.<a href=\"https:\/\/de.wikipedia.org\/wiki\/Deutsches_Kaiserreich#cite_note-61\">[61]<\/a> Ein Dauerproblem blieb der Milit\u00e4retat. Anfangs konnte man den Konflikt noch vor sich herschieben, aber sp\u00e4testens 1874 stand er wieder an. W\u00e4hrend die Regierung und insbesondere Kriegsminister <a title=\"Albrecht von Roon\" href=\"https:\/\/de.wikipedia.org\/wiki\/Albrecht_von_Roon\">Albrecht von Roon<\/a> eine Dauerbewilligung des Etats (<a title=\"Aeternat\" href=\"https:\/\/de.wikipedia.org\/wiki\/Aeternat\">Aeternat<\/a>) verlangte, beharrten die Liberalen auf einem j\u00e4hrlichen Bewilligungsrecht. Ein Nachgeben h\u00e4tte den Verzicht auf eine Mitgestaltung von etwa achtzig Prozent des Gesamtetats bedeutet. Die Auseinandersetzung endete mit einem Kompromiss \u2013 der Bewilligung f\u00fcr sieben Jahre (<a title=\"Septennat (Deutsches Kaiserreich)\" href=\"https:\/\/de.wikipedia.org\/wiki\/Septennat_(Deutsches_Kaiserreich)\">Septennat<\/a>). Immerhin blieb es bei der Regelung der Milit\u00e4rst\u00e4rke durch Gesetz, allerdings \u00fcber einen recht langen Zeitraum gestreckt. Ferner konnten sich die Liberalen nicht durchsetzen beim Beamtenrecht, beim Milit\u00e4rstrafrecht und mit der Forderung nach Schwurgerichten bei Pressevergehen.<\/p>\n<p style=\"text-align: justify;\">Den Liberalen war es in der ersten H\u00e4lfte der 1870er Jahre durchaus gelungen, in einer Reihe von Politikfeldern ihre Handschrift erkennen zu lassen, allerdings war dies nur durch Kompromisse mit Bismarck m\u00f6glich. Nicht selten war der Machterhalt wichtiger als die Durchsetzung liberaler Prinzipien. Auch intern gab es Kritik etwa an den Ausnahmegesetzen des Kulturkampfes.<a href=\"https:\/\/de.wikipedia.org\/wiki\/Deutsches_Kaiserreich#cite_note-62\">[62]<\/a> Insbesondere gelang es nicht, die Rechte des Parlaments zu st\u00e4rken. Dies f\u00fchrte innerhalb des liberalen Lagers zu Spannungen und zur Entt\u00e4uschung bei einigen W\u00e4hlergruppen. Zudem war mit dem Zentrum eine neue politische Richtung entstanden. Seither konnten die Liberalen nicht mehr beanspruchen, die eigentliche Vertretung des gesamten Volkes zu sein. Bismarck gelang es in den fr\u00fchen 1870er Jahren, die Staatsmacht zu st\u00e4rken. Allerdings f\u00fchrte das B\u00fcndnis mit den Liberalen dazu, dass auch die Regierung Zugest\u00e4ndnisse machen musste und der wirtschaftlichen und gesellschaftlichen Modernisierung Vorschub leistete.<a href=\"https:\/\/de.wikipedia.org\/wiki\/Deutsches_Kaiserreich#cite_note-63\">[63]<\/a><\/p>\n<h3 style=\"text-align: justify;\"><span id=\"Gr.C3.BCnderjahre_und_Gr.C3.BCnderkrise_1873\"> <\/span><span id=\"Gr\u00fcnderjahre_und_Gr\u00fcnderkrise_1873\">Gr\u00fcnderjahre und Gr\u00fcnderkrise 1873<\/span><\/h3>\n<div style=\"text-align: justify;\">\n<p><a href=\"https:\/\/de.wikipedia.org\/wiki\/Datei:Adolph_Menzel_-_Eisenwalzwerk_-_Google_Art_Project.jpg\"><img loading=\"lazy\" decoding=\"async\" src=\"https:\/\/upload.wikimedia.org\/wikipedia\/commons\/thumb\/4\/4a\/Adolph_Menzel_-_Eisenwalzwerk_-_Google_Art_Project.jpg\/220px-Adolph_Menzel_-_Eisenwalzwerk_-_Google_Art_Project.jpg\" srcset=\"\/\/upload.wikimedia.org\/wikipedia\/commons\/thumb\/4\/4a\/Adolph_Menzel_-_Eisenwalzwerk_-_Google_Art_Project.jpg\/330px-Adolph_Menzel_-_Eisenwalzwerk_-_Google_Art_Project.jpg 1.5x, \/\/upload.wikimedia.org\/wikipedia\/commons\/thumb\/4\/4a\/Adolph_Menzel_-_Eisenwalzwerk_-_Google_Art_Project.jpg\/440px-Adolph_Menzel_-_Eisenwalzwerk_-_Google_Art_Project.jpg 2x\" alt=\"\" width=\"220\" height=\"137\" data-file-width=\"3543\" data-file-height=\"2199\" \/><\/a><\/p>\n<div>\n<div><\/div>\n<\/div>\n<\/div>\n<div style=\"text-align: justify;\">\n<div>\n<div><a title=\"Eisenwalzwerk (Moderne Cyklopen)\" href=\"https:\/\/de.wikipedia.org\/wiki\/Eisenwalzwerk_(Moderne_Cyklopen)\">Eisenwalzwerk<\/a> (\u00d6lgem\u00e4lde von <a title=\"Adolph Menzel\" href=\"https:\/\/de.wikipedia.org\/wiki\/Adolph_Menzel\">Adolph Menzel<\/a> 1872\u20131875)<\/div>\n<\/div>\n<\/div>\n<div style=\"text-align: justify;\">\n<div>\n<p><a href=\"https:\/\/de.wikipedia.org\/wiki\/Datei:Zeitler_Familie_2.jpg\"><img loading=\"lazy\" decoding=\"async\" src=\"https:\/\/upload.wikimedia.org\/wikipedia\/commons\/thumb\/7\/7a\/Zeitler_Familie_2.jpg\/220px-Zeitler_Familie_2.jpg\" srcset=\"\/\/upload.wikimedia.org\/wikipedia\/commons\/thumb\/7\/7a\/Zeitler_Familie_2.jpg\/330px-Zeitler_Familie_2.jpg 1.5x, \/\/upload.wikimedia.org\/wikipedia\/commons\/thumb\/7\/7a\/Zeitler_Familie_2.jpg\/440px-Zeitler_Familie_2.jpg 2x\" alt=\"\" width=\"220\" height=\"165\" data-file-width=\"3648\" data-file-height=\"2736\" \/><\/a><\/p>\n<div>\n<div><\/div>\n<\/div>\n<\/div>\n<\/div>\n<div style=\"text-align: justify;\">\n<div>\n<div>Schilderung von Teuerung und Ma\u00dfumstellung auf einem Berliner Grab<\/div>\n<\/div>\n<\/div>\n<p style=\"text-align: justify;\">Schon kurz nach der Reichsgr\u00fcndung erfolgte ein Wirtschaftsaufschwung, die sogenannten <a title=\"Gr\u00fcnderjahre\" href=\"https:\/\/de.wikipedia.org\/wiki\/Gr%C3%BCnderjahre\">Gr\u00fcnderjahre<\/a> begannen. An diese schloss sich mit dem \u201e<a title=\"Gr\u00fcnderkrach\" href=\"https:\/\/de.wikipedia.org\/wiki\/Gr%C3%BCnderkrach\">Gr\u00fcnderkrach<\/a>\u201c eine <a title=\"Depression (Wirtschaft)\" href=\"https:\/\/de.wikipedia.org\/wiki\/Depression_(Wirtschaft)\">wirtschaftliche Depression<\/a> an. Als Ursachen f\u00fcr den Aufschwung gelten mehrere Faktoren: Der Handel innerhalb der Reichsgrenzen wurde stark vereinfacht. Erstmals in der Reichsgeschichte wurde ein einheitlicher <a title=\"Binnenmarkt\" href=\"https:\/\/de.wikipedia.org\/wiki\/Binnenmarkt\">Binnenmarkt<\/a> geschaffen. Die behindernden Landesz\u00f6lle entfielen. Ein einheitliches <a title=\"Metrisches System\" href=\"https:\/\/de.wikipedia.org\/wiki\/Metrisches_System\">metrisches Ma\u00dfsystem<\/a> wurde Ende 1872 eingef\u00fchrt. Eine durch Kriegserfolg und Reichsgr\u00fcndung ausgel\u00f6ste allgemeine Aufbruchstimmung f\u00fchrte zu einem enormen Investitionsanstieg und Bauboom. Die sehr hohen <a title=\"Reparationszahlung\" href=\"https:\/\/de.wikipedia.org\/wiki\/Reparationszahlung\">Reparationszahlungen<\/a> Frankreichs finanzierten ebenfalls ma\u00dfgeblich die Gr\u00fcnderzeit.<\/p>\n<p style=\"text-align: justify;\">Schon 1872 \u00fcbertrumpfte das Deutsche Reich das durch den Krieg geschw\u00e4chte Frankreich als Industriemacht. Von etwa 1873 bis etwa 1879 folgte die sogenannte <a title=\"Gr\u00fcnderkrach\" href=\"https:\/\/de.wikipedia.org\/wiki\/Gr%C3%BCnderkrach\">Gr\u00fcnderkrise<\/a>. Sie wurde allgemein bewusst ab der Berliner <a title=\"B\u00f6rsenkrach\" href=\"https:\/\/de.wikipedia.org\/wiki\/B%C3%B6rsenkrach\">B\u00f6rsenpanik<\/a> im Oktober 1873 (der Wiener B\u00f6rsenkrach am 9. Mai 1873 gilt als ein Vorbote). Zun\u00e4chst fiel die Industrieproduktion leicht; dann stagnierte sie. Die Wirtschaftskrise war eine Folge \u00fcberhitzter Spekulationen, eine Folge von sinkender Nachfrage und von \u00dcberkapazit\u00e4ten, die in den Aufschwungjahren aufgebaut worden waren. Die unterschiedlichen Branchen litten in unterschiedlichen Phasen und unterschiedlich stark unter der Krise. Besonders betroffen waren Montanindustrie, Maschinenbau und Baugewerbe; die Konsumg\u00fcterindustrie litt weniger.<\/p>\n<p style=\"text-align: justify;\">Viele G\u00fcterpreise, Gewinne und L\u00f6hne fielen betr\u00e4chtlich. Die Landwirtschaft geriet Mitte der 1870er Jahre in die Krise. Hier spielten vor allem strukturelle Gr\u00fcnde und das Entstehen eines Weltgetreidemarktes eine Rolle. In direkter Konkurrenz mit <a title=\"Russisches Kaiserreich\" href=\"https:\/\/de.wikipedia.org\/wiki\/Russisches_Kaiserreich\">Russland<\/a> und den <a title=\"Vereinigte Staaten\" href=\"https:\/\/de.wikipedia.org\/wiki\/Vereinigte_Staaten\">USA<\/a> waren deutsche Getreide bald selbst auf dem Binnenmarkt zu teuer.<\/p>\n<p style=\"text-align: justify;\">Eine langfristig wichtige Folge war das Entstehen von Wirtschafts-<a title=\"Interessenverband\" href=\"https:\/\/de.wikipedia.org\/wiki\/Interessenverband\">Interessenverb\u00e4nden<\/a>. Organisationen wie der <em>Verein S\u00fcddeutscher Baumwollindustrieller<\/em>, der <a title=\"Verein Deutscher Eisen- und Stahlindustrieller\" href=\"https:\/\/de.wikipedia.org\/wiki\/Verein_Deutscher_Eisen-_und_Stahlindustrieller\">Verein Deutscher Eisen- und Stahlindustrieller<\/a>, der <a title=\"Verein zur Wahrung der gemeinsamen wirtschaftlichen Interessen in Rheinland und Westfalen\" href=\"https:\/\/de.wikipedia.org\/wiki\/Verein_zur_Wahrung_der_gemeinsamen_wirtschaftlichen_Interessen_in_Rheinland_und_Westfalen\">Verein zur Wahrung der gemeinsamen wirtschaftlichen Interessen in Rheinland und Westfalen<\/a> verlangten vom Staat die Einf\u00fchrung von Schutzz\u00f6llen und gr\u00fcndeten 1876 zur gemeinsamen Interessenvertretung den <a title=\"Centralverband deutscher Industrieller\" href=\"https:\/\/de.wikipedia.org\/wiki\/Centralverband_deutscher_Industrieller\">Centralverband deutscher Industrieller<\/a>. Auch im Bereich der Landwirtschaft begannen schutzz\u00f6llnerische Verb\u00e4nde zu entstehen, auch wenn in Ostelbien zun\u00e4chst die Freih\u00e4ndler dominierend blieben. Die Hinwendung zum Schutzzoll lie\u00df Landwirtschaft und Industrie enger zusammenr\u00fccken.<\/p>\n<p style=\"text-align: justify;\">Die Gr\u00fcnderkrise hatte auch erhebliche Auswirkungen auf die Parteienlandschaft. Der Fortschrittsoptimismus der vergangenen Jahrzehnte wich einer pessimistischen Grundeinstellung. Vor allem das Gedankengut des Liberalismus (\u201elaisser faire, laisser aller\u201c) wurde f\u00fcr den wirtschaftlichen Niedergang verantwortlich gemacht. Die freih\u00e4ndlerischen Liberalen verloren an Gewicht, w\u00e4hrend die Konservativen und das Zentrum gewannen. In dieser Stimmungslage nahm die Bedeutung des modernen <a title=\"Geschichte des Antisemitismus bis 1945\" href=\"https:\/\/de.wikipedia.org\/wiki\/Geschichte_des_Antisemitismus_bis_1945\">Antisemitismus<\/a> zu, da hinter Liberalismus und B\u00f6rsenkapital das internationale Judentum vermutet wurde. Ausdruck fand er zum Beispiel im <a title=\"Berliner Antisemitismusstreit\" href=\"https:\/\/de.wikipedia.org\/wiki\/Berliner_Antisemitismusstreit\">Berliner Antisemitismusstreit<\/a> oder im Entstehen der <a title=\"Christlich-soziale Partei (Deutsches Kaiserreich)\" href=\"https:\/\/de.wikipedia.org\/wiki\/Christlich-soziale_Partei_(Deutsches_Kaiserreich)\">christlich-sozialen Partei<\/a> des Hofpredigers <a title=\"Adolf Stoecker\" href=\"https:\/\/de.wikipedia.org\/wiki\/Adolf_Stoecker\">Adolf Stoecker<\/a>. Die antisemitische Bewegung blieb eine Minderheit; 1881 gelang es ihr, f\u00fcr eine \u201eAntisemitenpetition\u201c 255.000 Unterschriften zu sammeln.<\/p>\n<p style=\"text-align: justify;\">Auf die Regierung wuchs der Druck, <a title=\"Marktregulierung\" href=\"https:\/\/de.wikipedia.org\/wiki\/Marktregulierung\">regulierend<\/a> in M\u00e4rkte einzugreifen, statt wie in Zeiten der Hochkonjunktur auf die Kr\u00e4fte des Marktes zu vertrauen. Der Staat selber sp\u00fcrte die Gr\u00fcnderkrise durch sinkende Steuereinnahmen; das Defizit nahm zu. Der Zwang zu einer umfassenden Finanzreform wurde immer st\u00e4rker. Gegen die Mehrheit der Liberalen war diese Reform allerdings nicht durchzusetzen. Diese wollten ihrerseits die Finanzschwierigkeiten nutzen, um verfassungspolitische Ziele durchzusetzen.<a href=\"https:\/\/de.wikipedia.org\/wiki\/Deutsches_Kaiserreich#cite_note-64\">[64]<\/a><\/p>\n<h3 style=\"text-align: justify;\"><span id=\"Politik_nach_der_Wende_von_1878.2F79\"> <\/span><span id=\"Politik_nach_der_Wende_von_1878\/79\">Politik nach der Wende von 1878\/79<\/span><\/h3>\n<p style=\"text-align: justify;\">Die immer weniger tragf\u00e4hige Zusammenarbeit mit den Liberalen sowie die wirtschaftlichen, sozialen und finanzpolitischen Probleme im Gefolge der Gr\u00fcnderkrise veranlassten Reichskanzler Otto von Bismarck zu einem fundamentalen Politikwechsel. Dieser Wechsel war gekennzeichnet durch das <a title=\"Sozialistengesetz\" href=\"https:\/\/de.wikipedia.org\/wiki\/Sozialistengesetz\">Sozialistengesetz<\/a>, die Abwendung von den Liberalen und die Einf\u00fchrung von Schutzz\u00f6llen. Die Haltung der Nationalliberalen dazu war widerspr\u00fcchlich. Sie trugen zwar einige Ma\u00dfnahmen mit, dennoch standen sie vorerst aber grunds\u00e4tzlich in Opposition zum \u201eSystem Bismarck.\u201c<a href=\"https:\/\/de.wikipedia.org\/wiki\/Deutsches_Kaiserreich#cite_note-65\">[65]<\/a> Diese widerspr\u00fcchliche Haltung zur Politik Bismarcks f\u00fchrte innerhalb der nationalliberalen Partei zu einer tiefen Krise. Zun\u00e4chst spaltete sich 1879 ein rechter Fl\u00fcgel ab. Ein Jahr sp\u00e4ter ging aus dem eher linken Fl\u00fcgel die <a title=\"Liberale Vereinigung\" href=\"https:\/\/de.wikipedia.org\/wiki\/Liberale_Vereinigung\">Liberale Vereinigung<\/a> hervor, die entschieden gegen die konservative Wende anzuk\u00e4mpfen versuchte.<a href=\"https:\/\/de.wikipedia.org\/wiki\/Deutsches_Kaiserreich#cite_note-66\">[66]<\/a> Der politische Wandel von 1878 als B\u00fcndnis von landwirtschaftlichem Gro\u00dfgrundbesitz und Schwerindustrie wurde in der Forschung unter dem Begriff der <a title=\"Innere Reichsgr\u00fcndung\" href=\"https:\/\/de.wikipedia.org\/wiki\/Innere_Reichsgr%C3%BCndung\">Inneren Reichsgr\u00fcndung<\/a> diskutiert.<a href=\"https:\/\/de.wikipedia.org\/wiki\/Deutsches_Kaiserreich#cite_note-67\">[67]<\/a><\/p>\n<h4 style=\"text-align: justify;\"><span id=\"Sozialistengesetz\">Sozialistengesetz<\/span><\/h4>\n<div style=\"text-align: justify;\" role=\"navigation\"><span title=\"siehe\" role=\"presentation\" aria-hidden=\"true\">\u2192 <\/span><em>Hauptartikel: <a title=\"Sozialistengesetz\" href=\"https:\/\/de.wikipedia.org\/wiki\/Sozialistengesetz\">Sozialistengesetz<\/a><\/em><\/div>\n<div style=\"text-align: justify;\">\n<div>\n<p><a href=\"https:\/\/de.wikipedia.org\/wiki\/Datei:Reichsgesetzblatt34_1878.jpg\"><img loading=\"lazy\" decoding=\"async\" src=\"https:\/\/upload.wikimedia.org\/wikipedia\/commons\/thumb\/d\/da\/Reichsgesetzblatt34_1878.jpg\/220px-Reichsgesetzblatt34_1878.jpg\" srcset=\"\/\/upload.wikimedia.org\/wikipedia\/commons\/thumb\/d\/da\/Reichsgesetzblatt34_1878.jpg\/330px-Reichsgesetzblatt34_1878.jpg 1.5x, \/\/upload.wikimedia.org\/wikipedia\/commons\/thumb\/d\/da\/Reichsgesetzblatt34_1878.jpg\/440px-Reichsgesetzblatt34_1878.jpg 2x\" alt=\"\" width=\"220\" height=\"295\" data-file-width=\"1587\" data-file-height=\"2125\" \/><\/a><\/p>\n<div>\n<div><\/div>\n<\/div>\n<\/div>\n<\/div>\n<div style=\"text-align: justify;\">\n<div>\n<div>\u201eGesetz gegen die gemeingef\u00e4hrlichen Bestrebungen der Sozialdemokratie\u201c (Reichsgesetzblatt Nr. 34\/1878)<\/div>\n<\/div>\n<\/div>\n<p style=\"text-align: justify;\">Bismarck nutzte die beiden Attentate auf Kaiser Wilhelm I. im Mai und Juni des Jahres 1878 \u2013 beide kurz vor der <a title=\"Reichstagswahl 1878\" href=\"https:\/\/de.wikipedia.org\/wiki\/Reichstagswahl_1878\">Reichstagswahl am 30. Juli 1878<\/a> \u2013 f\u00fcr eine offen antisozialdemokratische Politik. Die Sozialdemokraten galten sp\u00e4testens seit dem Bekenntnis von <a title=\"August Bebel\" href=\"https:\/\/de.wikipedia.org\/wiki\/August_Bebel\">August Bebel<\/a> und <a title=\"Wilhelm Liebknecht\" href=\"https:\/\/de.wikipedia.org\/wiki\/Wilhelm_Liebknecht\">Wilhelm Liebknecht<\/a> f\u00fcr die <a title=\"Pariser Kommune\" href=\"https:\/\/de.wikipedia.org\/wiki\/Pariser_Kommune\">Pariser Kommune<\/a> als Reichsfeinde. Darin stimmten Regierung und weite Teile des B\u00fcrgertums \u00fcberein. Tats\u00e4chlich schienen sich die Sozialdemokraten im Aufwind zu befinden; sie kamen bei den <a title=\"Reichstagswahl 1877\" href=\"https:\/\/de.wikipedia.org\/wiki\/Reichstagswahl_1877\">Reichstagswahlen von 1877<\/a> auf 9,1\u00a0%. Au\u00dferdem war die Spaltung in <a title=\"Allgemeiner Deutscher Arbeiterverein\" href=\"https:\/\/de.wikipedia.org\/wiki\/Allgemeiner_Deutscher_Arbeiterverein\">ADAV<\/a> und <a title=\"Sozialdemokratische Arbeiterpartei (Deutschland)\" href=\"https:\/\/de.wikipedia.org\/wiki\/Sozialdemokratische_Arbeiterpartei_(Deutschland)\">SDAP<\/a> seit 1875 \u00fcberwunden. Gleichwohl hat eine tats\u00e4chlich \u201erevolution\u00e4re\u201c Gefahr nie bestanden.<a href=\"https:\/\/de.wikipedia.org\/wiki\/Deutsches_Kaiserreich#cite_note-68\">[68]<\/a> Bismarck behielt sich mit dem <a title=\"Sozialistengesetz\" href=\"https:\/\/de.wikipedia.org\/wiki\/Sozialistengesetz\">Sozialistengesetz<\/a> weitgehende Ausnahmeregelungen vor. Im ersten Anlauf scheiterte dieses Ziel allerdings an der Reichstagsmehrheit.<\/p>\n<p style=\"text-align: justify;\">Das zweite Attentat auf den Kaiser im Juni 1878 bot Bismarck die Gelegenheit, den Reichstag aufzul\u00f6sen und Neuwahlen auszuschreiben. Im Wahlkampf tat die Regierung alles, um die Revolutionsfurcht im B\u00fcrgertum und in den Mittelschichten zu sch\u00fcren. Wirkungsvoll verbunden wurden in der konservativen Presse dabei Antisozialismus, Antiliberalismus und antisemitische Untert\u00f6ne. Die Liberalen hatten dagegen einen schweren Stand, zumal sich die Interessenverb\u00e4nde erstmals f\u00fcr eine Schutzzollpolitik und gegen den liberalen Freihandel aussprachen. Die <a title=\"Reichstagswahl 1878\" href=\"https:\/\/de.wikipedia.org\/wiki\/Reichstagswahl_1878\">Wahl<\/a> vom Juli 1878 brachte den Nationalliberalen sowie der Fortschrittspartei erhebliche Verluste, w\u00e4hrend die <a title=\"Freikonservative Partei\" href=\"https:\/\/de.wikipedia.org\/wiki\/Freikonservative_Partei\">Freikonservative Partei<\/a> und die <a title=\"Deutschkonservative Partei\" href=\"https:\/\/de.wikipedia.org\/wiki\/Deutschkonservative_Partei\">Deutschkonservative Partei<\/a> zulegen konnten. Vor allem verloren die Nationalliberalen ihre parlamentarische Schl\u00fcsselstellung an die Zentrumspartei. Dennoch brauchte die Regierung die Nationalliberalen f\u00fcr die Verabschiedung des Sozialistengesetzes, da sich das Zentrum angesichts des Kulturkampfs hier verweigerte. In der nationalliberalen Partei blieb das Vorhaben umstritten. Die Parteimehrheit um Rudolf von Bennigsen war angesichts der Wahlniederlage bereit, dem Gesetz zuzustimmen. Ein kleinerer linker Fl\u00fcgel um Lasker wollte zun\u00e4chst an der Ablehnung festhalten und das Vorgehen als Angriff auf den Rechtsstaat verurteilen; schlie\u00dflich stimmte aber auch dieser Fl\u00fcgel aus Sorge um den Zusammenhalt der Partei dem Gesetz schlie\u00dflich zu, nachdem die Liberalen in den Beratungen einige Milderungen und eine Befristung des Gesetzes auf zwei Jahre durchgesetzt hatten.<a href=\"https:\/\/de.wikipedia.org\/wiki\/Deutsches_Kaiserreich#cite_note-69\">[69]<\/a> Am 19. Oktober 1878 nahm der Deutsche Reichstag das Gesetz mit 221 gegen 149 Stimmen von Seiten des Zentrums, der Fortschrittspartei und der Sozialdemokraten<a href=\"https:\/\/de.wikipedia.org\/wiki\/Deutsches_Kaiserreich#cite_note-70\">[70]<\/a> an.<\/p>\n<p style=\"text-align: justify;\">Das Sozialistengesetz selbst basierte auf der unbewiesenen Behauptung, die Attent\u00e4ter auf den Kaiser seien Sozialdemokraten gewesen. Es erm\u00f6glichte das Verbot von Vereinen, Versammlungen, von Druckschriften und Geldsammlungen. Zuwiderhandlungen konnten mit Geld- oder Gef\u00e4ngnisstrafen belegt werden. Auch konnten Aufenthaltsverbote ausgesprochen oder \u00fcber bestimmte Gebiete der <a title=\"Kleiner Belagerungszustand\" href=\"https:\/\/de.wikipedia.org\/wiki\/Kleiner_Belagerungszustand\">kleine Belagerungszustand<\/a> verh\u00e4ngt werden. Allerdings war das Gesetz befristet und musste daher vom Parlament immer wieder best\u00e4tigt werden. Au\u00dferdem blieben die Arbeit der Parlamentsfraktionen und die Beteiligung an Wahlen (f\u00fcr Einzelpersonen) davon unber\u00fchrt. Das Gesetz erf\u00fcllte sein Ziel auf l\u00e4ngere Sicht nicht. Die Sozialdemokratie blieb als politische Kraft bestehen. Es war mitverantwortlich daf\u00fcr, dass die Anh\u00e4nger der Partei sich in ein politisches Ghetto zur\u00fcckzogen, das sich verfestigte. Als Reaktion auf die Verfolgung schlug die Partei \u00fcberdies sp\u00e4testens seit 1890 einen konsequent marxistischen Kurs ein.<a href=\"https:\/\/de.wikipedia.org\/wiki\/Deutsches_Kaiserreich#cite_note-71\">[71]<\/a><\/p>\n<h4 style=\"text-align: justify;\"><span id=\".C3.9Cbergang_zur_Schutzzollpolitik\"> <\/span><span id=\"\u00dcbergang_zur_Schutzzollpolitik\">\u00dcbergang zur Schutzzollpolitik<\/span><\/h4>\n<div style=\"text-align: justify;\">\n<p><a href=\"https:\/\/de.wikipedia.org\/wiki\/Datei:Rudolf_von_Bennigsen.jpg\"><img loading=\"lazy\" decoding=\"async\" src=\"https:\/\/upload.wikimedia.org\/wikipedia\/commons\/thumb\/a\/ac\/Rudolf_von_Bennigsen.jpg\/220px-Rudolf_von_Bennigsen.jpg\" srcset=\"\/\/upload.wikimedia.org\/wikipedia\/commons\/thumb\/a\/ac\/Rudolf_von_Bennigsen.jpg\/330px-Rudolf_von_Bennigsen.jpg 1.5x, \/\/upload.wikimedia.org\/wikipedia\/commons\/thumb\/a\/ac\/Rudolf_von_Bennigsen.jpg\/440px-Rudolf_von_Bennigsen.jpg 2x\" alt=\"\" width=\"220\" height=\"264\" data-file-width=\"458\" data-file-height=\"550\" \/><\/a><\/p>\n<div>\n<div><\/div>\n<\/div>\n<\/div>\n<div style=\"text-align: justify;\">\n<div>\n<div>Der f\u00fchrende nationalliberale Politiker Rudolf von Bennigsen (Holzstich um 1871)<\/div>\n<\/div>\n<\/div>\n<p style=\"text-align: justify;\">Bereits 1875 hatte Bismarck angek\u00fcndigt, auf eine <a title=\"Schutzzollpolitik\" href=\"https:\/\/de.wikipedia.org\/wiki\/Schutzzollpolitik\">Schutzzollpolitik<\/a> zu setzen, also den Freihandel einzuschr\u00e4nken. Dabei spielten finanzpolitische Erw\u00e4gungen eine gr\u00f6\u00dfere Rolle als ideologische Gr\u00fcnde. Bislang war das Reich auf Zuwendungen der L\u00e4nder (<a title=\"Matrikularbeitrag\" href=\"https:\/\/de.wikipedia.org\/wiki\/Matrikularbeitrag\">Matrikularbeitr\u00e4ge<\/a>) angewiesen gewesen, durch Zolleinnahmen erhoffte sich die Regierung eine Milderung dieser Abh\u00e4ngigkeit. Unterst\u00fctzung erwartete Bismarck daf\u00fcr vom landwirtschaftlich gepr\u00e4gten Zentrum und von den Konservativen sowie vom rechten, industriell gepr\u00e4gten Fl\u00fcgel der Nationalliberalen.<a href=\"https:\/\/de.wikipedia.org\/wiki\/Deutsches_Kaiserreich#cite_note-72\">[72]<\/a><\/p>\n<p style=\"text-align: justify;\">Nach der Verabschiedung des Sozialistengesetzes begann Bismarck ab 1878, die neue Zoll- und Finanzpolitik umzusetzen. Da die liberalen zust\u00e4ndigen Fachminister von Camphausen und <a title=\"Heinrich von Achenbach\" href=\"https:\/\/de.wikipedia.org\/wiki\/Heinrich_von_Achenbach\">Achenbach<\/a> diese Politik nicht mittragen konnten, traten sie zur\u00fcck, wie zuvor schon Delbr\u00fcck. Allerdings stie\u00dfen Bismarcks Vorstellungen in der hohen Beamtenschaft und bei den Finanzministern der L\u00e4nder zun\u00e4chst auf einhellige Ablehnung. Eine wichtige Rolle bei der Aufweichung dieser Position spielen die wirtschaftlichen Interessenverb\u00e4nde und vor allem der Centralverband deutscher Industrieller, denen es gelang, Einfluss auf eine amtliche Denkschrift zu nehmen, die sich f\u00fcr eine <a title=\"Protektionismus\" href=\"https:\/\/de.wikipedia.org\/wiki\/Protektionismus\">protektionistische<\/a> Politik aussprach. Die Verb\u00e4nde warben bei vielen Mitgliedern des Reichstages erfolgreich f\u00fcr diesen Politikwechsel. Quer durch alle b\u00fcrgerlichen Parteien schlossen sich 204 Abgeordnete der konservativen Parteien, fast alle Mitglieder der Zentrumsfraktion und eine Minderheit von 27 nationalliberalen Abgeordneten den Forderungen an. Die Umsetzung des Programms erwies sich als schwierig, da die Nationalliberalen ihre Zustimmung von erheblichen konstitutionellen Zugest\u00e4ndnissen abh\u00e4ngig machten. Dasselbe gilt f\u00fcr die Zentrumspartei. Ihr Preis war die sogenannte \u201e<a title=\"Franckensteinsche Klausel\" href=\"https:\/\/de.wikipedia.org\/wiki\/Franckensteinsche_Klausel\">Franckensteinsche Klausel<\/a>\u201c: die Zolleinnahmen verblieben nicht vollst\u00e4ndig beim Reich, sondern sollten ab einer bestimmten H\u00f6he den L\u00e4ndern zuflie\u00dfen. Bismarck konnte sich zwischen Zentrum und Nationalliberalen entscheiden, musste aber in jedem Fall erhebliche Abstriche von seinem Programm zum \u201eSchutz der nationalen Arbeit\u201c machen. Er entschied sich aus verschiedenen Gr\u00fcnden f\u00fcr das Zentrum. Wohl am bedeutendsten war, dass die Forderungen des Zentrums nicht auf eine weitere <a title=\"Parlamentarisierung\" href=\"https:\/\/de.wikipedia.org\/wiki\/Parlamentarisierung\">Parlamentarisierung<\/a> hinausliefen. Die Reichstagsrede Bismarcks vom Juli 1879 besiegelte das Ende der liberalen \u00c4ra. In ihr erteilte der Reichskanzler dem Ziel eines b\u00fcrgerlich-liberalen, auf Dauer parlamentarisch gepr\u00e4gten Staates eine klare Absage zu Gunsten eines zwar weiterhin konstitutionellen, aber doch klar obrigkeitlich-monarchischen Systems.<a href=\"https:\/\/de.wikipedia.org\/wiki\/Deutsches_Kaiserreich#cite_note-73\">[73]<\/a><\/p>\n<h4 style=\"text-align: justify;\"><span id=\"Einf.C3.BChrung_der_Sozialversicherung\"> <\/span><span id=\"Einf\u00fchrung_der_Sozialversicherung\">Einf\u00fchrung der Sozialversicherung<\/span><\/h4>\n<div style=\"text-align: justify;\" role=\"navigation\"><span title=\"siehe\" role=\"presentation\" aria-hidden=\"true\">\u2192 <\/span><em>Hauptartikel: <a title=\"Geschichte der Sozialversicherung in Deutschland\" href=\"https:\/\/de.wikipedia.org\/wiki\/Geschichte_der_Sozialversicherung_in_Deutschland\">Geschichte der Sozialversicherung in Deutschland<\/a><\/em><\/div>\n<p style=\"text-align: justify;\">Mit der <a title=\"Industrielle Revolution in Deutschland\" href=\"https:\/\/de.wikipedia.org\/wiki\/Industrielle_Revolution_in_Deutschland\">industriellen Revolution<\/a> und dem \u00dcbergang zur <a title=\"Hochindustrialisierung in Deutschland\" href=\"https:\/\/de.wikipedia.org\/wiki\/Hochindustrialisierung_in_Deutschland\">Hochindustrialisierung<\/a> hatte sich der Schwerpunkt der <a title=\"Soziale Frage\" href=\"https:\/\/de.wikipedia.org\/wiki\/Soziale_Frage\">sozialen Frage<\/a> von den <a title=\"Pauperismus\" href=\"https:\/\/de.wikipedia.org\/wiki\/Pauperismus\">pauperisierten<\/a> l\u00e4ndlichen Unterschichten hin zur st\u00e4dtischen Arbeiterbev\u00f6lkerung verlagert. Auf kommunaler Ebene hatte es dazu verschiedene Ans\u00e4tze gegeben, wie etwa das <a title=\"Elberfelder System\" href=\"https:\/\/de.wikipedia.org\/wiki\/Elberfelder_System\">Elberfelder System<\/a> der <a title=\"Armenversorgung\" href=\"https:\/\/de.wikipedia.org\/wiki\/Armenversorgung\">Armenf\u00fcrsorge<\/a>. W\u00e4hrend des Kaiserreichs setzte nun eine neue Form staatlicher Sozialpolitik ein, die gleichzeitig ein wesentlicher Bestandteil der Entstehung des modernen Interventionsstaates war. Innerhalb der b\u00fcrgerlichen Gesellschaft war \u2013 auch aus Furcht vor einer revolution\u00e4ren Arbeiterbewegung \u2013 die Notwendigkeit einer L\u00f6sung der Arbeiterfrage nicht umstritten. Kontrovers diskutiert wurden die Mittel und vor allem die Rolle des Staates. Insbesondere die Liberalen setzten anfangs auf gesellschaftliche L\u00f6sungen, etwa in Form von <a title=\"Selbsthilfeeinrichtung\" href=\"https:\/\/de.wikipedia.org\/wiki\/Selbsthilfeeinrichtung\">Selbsthilfeeinrichtungen<\/a> der Arbeiter. Aus Kreisen der <a title=\"Sozialreform\" href=\"https:\/\/de.wikipedia.org\/wiki\/Sozialreform\">Sozialreformer<\/a>, vor allem aus dem Umfeld des <a title=\"Verein f\u00fcr Socialpolitik\" href=\"https:\/\/de.wikipedia.org\/wiki\/Verein_f%C3%BCr_Socialpolitik\">Vereins f\u00fcr Socialpolitik<\/a>, kamen Forderungen nach st\u00e4rkerem staatlichen Engagement in dieser Frage.<\/p>\n<div style=\"text-align: justify;\">\n<div>\n<p><a href=\"https:\/\/de.wikipedia.org\/wiki\/Datei:Bundesarchiv_Bild_146-1980-091-21,_Schaubild_der_Arbeiterversicherung.jpg\"><img loading=\"lazy\" decoding=\"async\" src=\"https:\/\/upload.wikimedia.org\/wikipedia\/commons\/thumb\/6\/67\/Bundesarchiv_Bild_146-1980-091-21%2C_Schaubild_der_Arbeiterversicherung.jpg\/220px-Bundesarchiv_Bild_146-1980-091-21%2C_Schaubild_der_Arbeiterversicherung.jpg\" srcset=\"\/\/upload.wikimedia.org\/wikipedia\/commons\/thumb\/6\/67\/Bundesarchiv_Bild_146-1980-091-21%2C_Schaubild_der_Arbeiterversicherung.jpg\/330px-Bundesarchiv_Bild_146-1980-091-21%2C_Schaubild_der_Arbeiterversicherung.jpg 1.5x, \/\/upload.wikimedia.org\/wikipedia\/commons\/thumb\/6\/67\/Bundesarchiv_Bild_146-1980-091-21%2C_Schaubild_der_Arbeiterversicherung.jpg\/440px-Bundesarchiv_Bild_146-1980-091-21%2C_Schaubild_der_Arbeiterversicherung.jpg 2x\" alt=\"\" width=\"220\" height=\"300\" data-file-width=\"552\" data-file-height=\"752\" \/><\/a><\/p>\n<div>\n<div><\/div>\n<\/div>\n<\/div>\n<\/div>\n<div style=\"text-align: justify;\">\n<div>\n<div>Zeitgen\u00f6ssisches Schaubild zu den Einnahmen, Ausgaben und Leistungen der Sozialversicherungen zwischen 1885 und 1909<\/div>\n<\/div>\n<\/div>\n<p style=\"text-align: justify;\">Bismarck und die von ihm gef\u00fchrte Reichsregierung hatten lange zwischen beiden Positionen geschwankt, ehe sie sich f\u00fcr eine st\u00e4rker staatliche Intervention entschieden. F\u00fcr diese Entscheidung spielte eine Rolle, dass gesellschaftliche L\u00f6sungsans\u00e4tze, wie sie den Liberalen vorschwebten, in der Praxis der Dynamik der industriellen Entwicklung offenbar nicht gewachsen waren. Hinzu kam ein weiteres Motiv: Bismarck hoffte mit Hilfe einer staatlichen <a title=\"Sozialpolitik\" href=\"https:\/\/de.wikipedia.org\/wiki\/Sozialpolitik\">Sozialpolitik<\/a> die Arbeiter an den Staat zu binden und damit auch der Repressionspolitik des Sozialistengesetzes seine Sch\u00e4rfe zu nehmen. Das urspr\u00fcngliche Konzept der Regierung sah eine staatlich getragene und steuerfinanzierte <a title=\"Zwangsversicherung\" href=\"https:\/\/de.wikipedia.org\/wiki\/Zwangsversicherung\">Zwangsversicherung<\/a> vor.<\/p>\n<p style=\"text-align: justify;\">Der Gesetzgebungsprozess war langwierig. W\u00e4hrend der Beratungen bewirkten Parteien, die Ministerialb\u00fcrokratie und die Interessenverb\u00e4nde erhebliche Modifikationen der urspr\u00fcnglichen Entw\u00fcrfe. Die zentralen Schritte waren die Einf\u00fchrung<\/p>\n<ul style=\"text-align: justify;\">\n<li>der <a title=\"Krankenversicherung in Deutschland\" href=\"https:\/\/de.wikipedia.org\/wiki\/Krankenversicherung_in_Deutschland\">Krankenversicherung<\/a> (1883),<\/li>\n<li>der <a title=\"Gesetzliche Unfallversicherung in Deutschland\" href=\"https:\/\/de.wikipedia.org\/wiki\/Gesetzliche_Unfallversicherung_in_Deutschland\">Unfallversicherung<\/a> (1884) sowie<\/li>\n<li>der <a title=\"Gesetzliche Rentenversicherung (Deutschland)\" href=\"https:\/\/de.wikipedia.org\/wiki\/Gesetzliche_Rentenversicherung_(Deutschland)\">Invalidit\u00e4ts- und Altersversicherung<\/a> (1889).<\/li>\n<\/ul>\n<p style=\"text-align: justify;\">Allen gemeinsam war, dass der direkte staatliche Einfluss entgegen den urspr\u00fcnglichen Pl\u00e4nen begrenzt war. Die Versicherungen waren zwar \u00f6ffentlich-rechtliche Einrichtungen, aber eben nicht staatlich. Au\u00dferdem enthielten sie Elemente der <a title=\"Selbstverwaltung\" href=\"https:\/\/de.wikipedia.org\/wiki\/Selbstverwaltung\">Selbstverwaltung<\/a> und ihre Finanzierung erfolgte nicht prim\u00e4r aus Steuern, sondern aus den Beitr\u00e4gen der Arbeitsmarktparteien beziehungsweise der Unternehmer. Au\u00dferdem folgten sie nicht dem Prinzip des Bedarfs der Betroffenen, sondern waren lohn- und beitragsbezogen.<\/p>\n<p style=\"text-align: justify;\">Die Einf\u00fchrung der Sozialversicherung wird als eine gro\u00dfe Leistung Bismarcks gesehen, auch wenn das Ergebnis schlie\u00dflich nicht ganz so ausfiel wie geplant.<a href=\"https:\/\/de.wikipedia.org\/wiki\/Deutsches_Kaiserreich#cite_note-74\">[74]<\/a> Dies gilt nicht nur f\u00fcr die Struktur der Versicherungen, sondern vor allem f\u00fcr das Ziel, mit ihrer Hilfe die Arbeiter von der Sozialdemokratie fernzuhalten.<a href=\"https:\/\/de.wikipedia.org\/wiki\/Deutsches_Kaiserreich#cite_note-75\">[75]<\/a> Dieses Ziel verfehlte er, auch weil der neu eingerichtete <a title=\"Wohlfahrtsstaat\" href=\"https:\/\/de.wikipedia.org\/wiki\/Wohlfahrtsstaat\">Wohlfahrtsstaat<\/a> die Lohnentwicklung weiterhin dem freien Spiel der <a title=\"Markt\" href=\"https:\/\/de.wikipedia.org\/wiki\/Markt\">Marktgesetze<\/a> \u00fcberlie\u00df. Die Folge waren stagnierende Reall\u00f6hne trotz deutlich steigendem Volkseinkommen, die <a title=\"Soziale Schere\" href=\"https:\/\/de.wikipedia.org\/wiki\/Soziale_Schere\">soziale Schere<\/a> tat sich weiter auf. Der Sozialhistoriker <a title=\"Hans-Ulrich Wehler\" href=\"https:\/\/de.wikipedia.org\/wiki\/Hans-Ulrich_Wehler\">Hans-Ulrich Wehler<\/a> spricht daher von einer \u201eZementierung der Ungleichheit\u201c in Deutschland.<a href=\"https:\/\/de.wikipedia.org\/wiki\/Deutsches_Kaiserreich#cite_note-76\">[76]<\/a><\/p>\n<h4 style=\"text-align: justify;\"><span id=\"Grenzen_des_Systems_Bismarck\">Grenzen des Systems Bismarck<\/span><\/h4>\n<div style=\"text-align: justify;\">\n<p><a href=\"https:\/\/de.wikipedia.org\/wiki\/Datei:Ludwig_windthorst.jpg\"><img loading=\"lazy\" decoding=\"async\" src=\"https:\/\/upload.wikimedia.org\/wikipedia\/commons\/thumb\/7\/7b\/Ludwig_windthorst.jpg\/220px-Ludwig_windthorst.jpg\" srcset=\"\/\/upload.wikimedia.org\/wikipedia\/commons\/thumb\/7\/7b\/Ludwig_windthorst.jpg\/330px-Ludwig_windthorst.jpg 1.5x, \/\/upload.wikimedia.org\/wikipedia\/commons\/thumb\/7\/7b\/Ludwig_windthorst.jpg\/440px-Ludwig_windthorst.jpg 2x\" alt=\"\" width=\"220\" height=\"297\" data-file-width=\"474\" data-file-height=\"640\" \/><\/a><\/p>\n<div>\n<div><\/div>\n<\/div>\n<\/div>\n<div style=\"text-align: justify;\">\n<div>\n<div>Zentrumspolitiker Ludwig Windthorst<\/div>\n<\/div>\n<\/div>\n<p style=\"text-align: justify;\">Ziele der konservativen Wende von 1878\/1879 waren die Blockade einer weiteren Liberalisierung des Reiches und dar\u00fcber hinaus eine Entwicklung im konservativen Sinn. Mit dem ersten Ziel war Bismarck weitgehend erfolgreich, das zweite lie\u00df sich nicht umsetzen, da es im Parlament keine dauerhafte Mehrheit f\u00fcr ein solches Programm gab. Eine konservative Umgr\u00fcndung des Kaiserreichs stie\u00df stets auf den Widerstand des Reichstages. Der Reichskanzler versuchte zwar, eine dauerhafte Mehrheit zustande zu bringen, scheiterte damit allerdings. In den fr\u00fchen 1880er Jahren widersetzte sich im Wesentlichen das Zentrum den Pl\u00e4nen des Reichskanzlers. Solange der Kulturkampf noch nicht ganz beendet war, verfolgte die Partei unter der F\u00fchrung von <a title=\"Ludwig Windthorst\" href=\"https:\/\/de.wikipedia.org\/wiki\/Ludwig_Windthorst\">Ludwig Windthorst<\/a> einen betont konstitutionellen Kurs, der die Rechte des Parlaments sicherte und sich einer engeren Zusammenarbeit mit der Regierung verweigerte. Zwar wurden 1880 ein neues Septennat verabschiedet und das Sozialistengesetz verl\u00e4ngert, andere Gesetzesentw\u00fcrfe der Regierung, etwa f\u00fcr ein Tabakmonopol, scheiterten. Die Probleme versch\u00e4rften sich f\u00fcr die Regierung mit der <a title=\"Reichstagswahl 1881\" href=\"https:\/\/de.wikipedia.org\/wiki\/Reichstagswahl_1881\">Reichstagswahl von 1881<\/a>, als die beiden konservativen Parteien 38 und die Nationalliberalen sogar 52 Mandate im Reichstag einb\u00fc\u00dften. Dagegen gewannen Sozialdemokraten und Zentrum leicht hinzu, w\u00e4hrend die Liberale Vereinigung und die Fortschrittspartei die eigentlichen Wahlgewinner waren. Zusammen gewannen die Linksliberalen 80 Sitze hinzu.<\/p>\n<p style=\"text-align: justify;\">Mit der Schw\u00e4chung der parlamentarischen Unterst\u00fctzung versch\u00e4rfte Bismarck seinen Konfrontationskurs gegen\u00fcber dem Reichstag noch und versuchte, das Gewicht der Regierung im politischen System zu st\u00e4rken. In diesen Zusammenhang geh\u00f6rten \u00dcberlegungen, einen Deutschen Volkswirtschaftsrat aus Vertretern der Interessenverb\u00e4nde als eine Art Nebenparlament zu errichten. \u00c4hnliche Pl\u00e4ne standen hinter der Schaffung von Berufsgenossenschaften als Tr\u00e4ger der Unfallversicherung. Immer wieder wurden auch Ger\u00fcchte \u00fcber die \u00c4nderung des Reichstagswahlrechts und eine Aufhebung der Verfassung lanciert. Mit keinem seiner antiparlamentarischen Vorst\u00f6\u00dfe hatte Bismarck Erfolg. Sie trugen zur weiteren Verh\u00e4rtung der Fronten bei und verst\u00e4rkten in der \u00d6ffentlichkeit den Eindruck, dass es dem Kanzler zunehmend an politischen Konzepten fehle.<a href=\"https:\/\/de.wikipedia.org\/wiki\/Deutsches_Kaiserreich#cite_note-77\">[77]<\/a><\/p>\n<h4 style=\"text-align: justify;\"><span id=\"Kartellparteien_und_konservative_Mehrheit\">Kartellparteien und konservative Mehrheit<\/span><\/h4>\n<table>\n<caption>Mandate im Deutschen Reichstag 1871\u20131887<a href=\"https:\/\/de.wikipedia.org\/wiki\/Deutsches_Kaiserreich#cite_note-78\">[78]<\/a><\/caption>\n<tbody>\n<tr>\n<th><\/th>\n<th><a title=\"Reichstagswahl 1871\" href=\"https:\/\/de.wikipedia.org\/wiki\/Reichstagswahl_1871\">1871<\/a><\/th>\n<th><a title=\"Reichstagswahl 1874\" href=\"https:\/\/de.wikipedia.org\/wiki\/Reichstagswahl_1874\">1874<\/a><\/th>\n<th><a title=\"Reichstagswahl 1877\" href=\"https:\/\/de.wikipedia.org\/wiki\/Reichstagswahl_1877\">1877<\/a><\/th>\n<th><a title=\"Reichstagswahl 1878\" href=\"https:\/\/de.wikipedia.org\/wiki\/Reichstagswahl_1878\">1878<\/a><\/th>\n<th><a title=\"Reichstagswahl 1881\" href=\"https:\/\/de.wikipedia.org\/wiki\/Reichstagswahl_1881\">1881<\/a><\/th>\n<th><a title=\"Reichstagswahl 1884\" href=\"https:\/\/de.wikipedia.org\/wiki\/Reichstagswahl_1884\">1884<\/a><\/th>\n<th><a title=\"Reichstagswahl 1887\" href=\"https:\/\/de.wikipedia.org\/wiki\/Reichstagswahl_1887\">1887<\/a><\/th>\n<\/tr>\n<tr>\n<th>Konservative<\/th>\n<td align=\"right\">57<\/td>\n<td align=\"right\">22<\/td>\n<td align=\"right\">40<\/td>\n<td align=\"right\">59<\/td>\n<td align=\"right\">50<\/td>\n<td align=\"right\">78<\/td>\n<td align=\"right\">80<\/td>\n<\/tr>\n<tr>\n<th>Freikonservative<\/th>\n<td align=\"right\">37<\/td>\n<td align=\"right\">33<\/td>\n<td align=\"right\">38<\/td>\n<td align=\"right\">57<\/td>\n<td align=\"right\">28<\/td>\n<td align=\"right\">28<\/td>\n<td align=\"right\">41<\/td>\n<\/tr>\n<tr>\n<th>Nationalliberale<\/th>\n<td align=\"right\">125<\/td>\n<td align=\"right\">155<\/td>\n<td align=\"right\">128<\/td>\n<td align=\"right\">99<\/td>\n<td align=\"right\">47<\/td>\n<td align=\"right\">51<\/td>\n<td align=\"right\">99<\/td>\n<\/tr>\n<tr>\n<th>Fortschrittspartei<\/th>\n<td align=\"right\">46<\/td>\n<td align=\"right\">49<\/td>\n<td align=\"right\">35<\/td>\n<td align=\"right\">26<\/td>\n<td align=\"right\">60<\/td>\n<td align=\"right\">&#8211;<\/td>\n<td align=\"right\">&#8211;<\/td>\n<\/tr>\n<tr>\n<th>Liberale Vereinigung<\/th>\n<td align=\"right\">&#8211;<\/td>\n<td align=\"right\">&#8211;<\/td>\n<td align=\"right\">&#8211;<\/td>\n<td align=\"right\">&#8211;<\/td>\n<td align=\"right\">46<\/td>\n<td align=\"right\">&#8211;<\/td>\n<td align=\"right\">&#8211;<\/td>\n<\/tr>\n<tr>\n<th>Freisinn<\/th>\n<td align=\"right\">&#8211;<\/td>\n<td align=\"right\">&#8211;<\/td>\n<td align=\"right\">&#8211;<\/td>\n<td align=\"right\">&#8211;<\/td>\n<td align=\"right\">&#8211;<\/td>\n<td align=\"right\">67<\/td>\n<td align=\"right\">32<\/td>\n<\/tr>\n<tr>\n<th>Zentrum<\/th>\n<td align=\"right\">63<\/td>\n<td align=\"right\">91<\/td>\n<td align=\"right\">93<\/td>\n<td align=\"right\">94<\/td>\n<td align=\"right\">100<\/td>\n<td align=\"right\">99<\/td>\n<td align=\"right\">98<\/td>\n<\/tr>\n<tr>\n<th>Sozialdemokraten<\/th>\n<td align=\"right\">2<\/td>\n<td align=\"right\">9<\/td>\n<td align=\"right\">12<\/td>\n<td align=\"right\">9<\/td>\n<td align=\"right\">12<\/td>\n<td align=\"right\">24<\/td>\n<td align=\"right\">11<\/td>\n<\/tr>\n<tr>\n<th>Minderheiten<\/th>\n<td align=\"right\">21<\/td>\n<td align=\"right\">34<\/td>\n<td align=\"right\">34<\/td>\n<td align=\"right\">40<\/td>\n<td align=\"right\">45<\/td>\n<td align=\"right\">43<\/td>\n<td align=\"right\">33<\/td>\n<\/tr>\n<tr>\n<th>Sonstige<\/th>\n<td align=\"right\">31<\/td>\n<td align=\"right\">4<\/td>\n<td align=\"right\">17<\/td>\n<td align=\"right\">13<\/td>\n<td align=\"right\">9<\/td>\n<td align=\"right\">7<\/td>\n<td align=\"right\">3<\/td>\n<\/tr>\n<\/tbody>\n<\/table>\n<p style=\"text-align: justify;\">In der zweiten H\u00e4lfte der 1880er Jahre ver\u00e4nderte sich die politische Situation vor allem durch Verschiebungen im Parteiensystem. Die politische Ausrichtung der Nationalliberalen verlagerte sich nach dem R\u00fccktritt von Bennigsen, dem Aufstieg von <a title=\"Johannes Miquel\" href=\"https:\/\/de.wikipedia.org\/wiki\/Johannes_Miquel\">Johannes Miquel<\/a> und dem wachsenden Einfluss agrarischer Interessen deutlich nach rechts. Die Partei stellte sich mit ihrer Heidelberger Erkl\u00e4rung von 1884 in den wesentlichen Streitfragen hinter den Reichskanzler und grenzte sich gegen\u00fcber den Linksliberalen ab. Dies f\u00fchrte ebenfalls 1884 indirekt zur Fusion der Liberalen Vereinigung mit der Deutschen Fortschrittspartei zur <a title=\"Deutsche Freisinnige Partei\" href=\"https:\/\/de.wikipedia.org\/wiki\/Deutsche_Freisinnige_Partei\">Deutsch-Freisinnigen Partei<\/a>. Der Abbau der Kulturkampfgesetze seit der ersten H\u00e4lfte der 1880er Jahre f\u00fchrte zu einer Minderung der Oppositionshaltung des Zentrums. Nach der <a title=\"Reichstagswahl 1884\" href=\"https:\/\/de.wikipedia.org\/wiki\/Reichstagswahl_1884\">Reichstagswahl von 1884<\/a>, die mit Verlusten der Linksliberalen und deutlichen Gewinnen der konservativen Parteien sowie leichten Zuw\u00e4chsen der Nationalliberalen endete, schien eine Rechtskoalition m\u00f6glich zu werden. Tats\u00e4chlich arbeiteten diese Parteien bei der <a title=\"Germanisierung\" href=\"https:\/\/de.wikipedia.org\/wiki\/Germanisierung\">Germanisierungspolitik<\/a> in den preu\u00dfischen Ostprovinzen zusammen.<\/p>\n<p style=\"text-align: justify;\">Forciert wurde der Plan einer rechten Mehrheit 1886 im Zusammenhang mit einer tiefen au\u00dfenpolitischen Krise. Bismarck verlangte daraufhin die Erh\u00f6hung der Friedenspr\u00e4senzst\u00e4rke des Heeres, was von Zentrum und Freisinn strikt abgelehnt wurde. Die Folge war eine erneute Reichstagsaufl\u00f6sung. Im Wahlkampf tat die Regierung alles, um Linksliberale, Zentrum und Sozialdemokraten als Reichsfeinde abzustempeln. Dar\u00fcber hinaus schlossen Konservative und Nationalliberale ein Wahlb\u00fcndnis \u2013 das sogenannte <a title=\"Kartellparteien\" href=\"https:\/\/de.wikipedia.org\/wiki\/Kartellparteien\">Kartell<\/a>. Die <a title=\"Reichstagswahl 1887\" href=\"https:\/\/de.wikipedia.org\/wiki\/Reichstagswahl_1887\">Wahl von 1887<\/a>, die im Zeichen eines m\u00f6glichen Krieges mit Frankreich stattfand, brachte den Kartellparteien (vor allem den Nationalliberalen) Gewinne, die zu Lasten der Linksliberalen und der Sozialdemokraten gingen. Die Kartellparteien verf\u00fcgten mit 220 von 397 Abgeordneten \u00fcber eine absolute Mehrheit.<\/p>\n<p style=\"text-align: justify;\">Bismarck hatte zwar seither eine starke Mehrheit, gleichzeitig war er aber auch vom Fortbestand der Koalition abh\u00e4ngig. In der ersten Zeit arbeiteten Kartell und Regierung recht reibungslos zusammen. So wurde die umstrittene Milit\u00e4rvorlage ebenso beschlossen wie Gesetze im Interesse der Landwirtschaft. Auch das Sozialistengesetz wurde noch einmal bis 1890 verl\u00e4ngert. Danach nahmen die Spannungen allerdings deutlich zu. So stimmten die Nationalliberalen einem Friedensgesetz zur Beendigung des Kulturkampfs nicht zu, auch weigerte sich ein Teil ihrer Fraktion, die landwirtschaftlichen Schutzz\u00f6lle noch einmal zu erh\u00f6hen. Dies Gesetz kam dann nur mit Hilfe des Zentrums zustande. Auch die Fortsetzung des Sozialistengesetzes, die Kolonialpolitik und die Sozialgesetzgebung stie\u00df bei den Nationalliberalen auf Kritik. Die Sozialgesetze kamen ebenfalls nur mit Hilfe des Zentrums zustande. Im konservativen Lager verst\u00e4rkten sich die Stimmen, die nach einer dauerhaften Zusammenarbeit mit dem Zentrum verlangten.<a href=\"https:\/\/de.wikipedia.org\/wiki\/Deutsches_Kaiserreich#cite_note-79\">[79]<\/a><\/p>\n<h3 style=\"text-align: justify;\"><span id=\"B.C3.BCndnisse_und_Au.C3.9Fenpolitik\"> <\/span><span id=\"B\u00fcndnisse_und_Au\u00dfenpolitik\">B\u00fcndnisse und Au\u00dfenpolitik<\/span><\/h3>\n<p style=\"text-align: justify;\">Das Kaiserreich verdankte sein Entstehen im Krieg gegen Frankreich der wohlwollenden Neutralit\u00e4t von England und Russland. Diese relativ g\u00fcnstige diplomatische Gro\u00dfwetterlage hielt indes nicht an. Das strukturelle Hauptproblem war, dass mit der Gr\u00fcndung des Reiches eine neue Gro\u00dfmacht in Europa entstanden war, die erst ihren Platz im System der M\u00e4chte finden musste. Obwohl Bismarck immer wieder die <a title=\"Saturiertheit\" href=\"https:\/\/de.wikipedia.org\/wiki\/Saturiertheit\">Saturiertheit<\/a> der neuen Nation beteuerte, erschien den \u00fcbrigen Staaten die Politik Deutschlands als nicht recht berechenbar. Insgesamt schien die au\u00dfenpolitische Situation relativ offen. Fixpunkte waren jedoch einerseits der deutsch-franz\u00f6sische Gegensatz und andererseits die Konkurrenz von Gro\u00dfbritannien und Russland (<a title=\"The Great Game\" href=\"https:\/\/de.wikipedia.org\/wiki\/The_Great_Game\">The Great Game<\/a>). Es gab f\u00fcr die deutsche Au\u00dfenpolitik verschiedene theoretische Handlungsoptionen sich in das bestehende Staatensystem zu integrieren. Obwohl sich Bismarck zun\u00e4chst alle Alternativen bis hin zu einem Pr\u00e4ventivkrieg offen hielt, entschied er sich letztlich aber f\u00fcr eine defensive Variante als \u201eehrlicher Makler\u201c zwischen den M\u00e4chten.<\/p>\n<h4 style=\"text-align: justify;\"><span id=\"B.C3.BCndnissysteme_bis_Anfang_der_1880er_Jahre\"> <\/span><span id=\"B\u00fcndnissysteme_bis_Anfang_der_1880er_Jahre\">B\u00fcndnissysteme bis Anfang der 1880er Jahre<\/span><\/h4>\n<p style=\"text-align: justify;\">Am 7. September 1872 kam es zu einem <a title=\"Drei-Kaiser-Treffen\" href=\"https:\/\/de.wikipedia.org\/wiki\/Drei-Kaiser-Treffen#1872\">Dreikaisertreffen<\/a>. Kaiser Wilhelm begr\u00fc\u00dfte in Berlin Kaiser <a title=\"Franz Joseph I.\" href=\"https:\/\/de.wikipedia.org\/wiki\/Franz_Joseph_I.\">Franz Joseph I.<\/a> und <a title=\"Zar\" href=\"https:\/\/de.wikipedia.org\/wiki\/Zar\">Zar<\/a> <a title=\"Alexander II. (Russland)\" href=\"https:\/\/de.wikipedia.org\/wiki\/Alexander_II._(Russland)\">Alexander II.<\/a> Am 22. Oktober 1873 wurde das <a title=\"Dreikaiserabkommen\" href=\"https:\/\/de.wikipedia.org\/wiki\/Dreikaiserabkommen\">Dreikaiserabkommen<\/a> zwischen dem Deutschen Reich, <a title=\"Russisches Kaiserreich\" href=\"https:\/\/de.wikipedia.org\/wiki\/Russisches_Kaiserreich\">Russland<\/a> und <a title=\"\u00d6sterreich-Ungarn\" href=\"https:\/\/de.wikipedia.org\/wiki\/%C3%96sterreich-Ungarn\">\u00d6sterreich-Ungarn<\/a> unterzeichnet. Am Beginn der Au\u00dfenpolitik des neuen Reiches standen damit einerseits ein enges B\u00fcndnis mit \u00d6sterreich-Ungarn und ein gutes Einvernehmen mit Russland.<\/p>\n<p style=\"text-align: justify;\">Die Entscheidung f\u00fcr eine defensive Politik fiel 1875 nach der sogenannten <a title=\"Krieg-in-Sicht-Krise\" href=\"https:\/\/de.wikipedia.org\/wiki\/Krieg-in-Sicht-Krise\">Krieg-in-Sicht-Krise<\/a>, als Russland und Gro\u00dfbritannien deutlich gemacht hatten, einen m\u00f6glichen Pr\u00e4ventivkrieg des Reiches gegen das wieder erstarkte Frankreich nicht hinzunehmen. Dies machte deutlich, dass der Versuch, eine <a title=\"Hegemonie\" href=\"https:\/\/de.wikipedia.org\/wiki\/Hegemonie\">hegemoniale<\/a> Stellung zu erreichen, die Gefahr eines europ\u00e4ischen Krieges in sich trug.<\/p>\n<p style=\"text-align: justify;\">Die Entscheidung f\u00fcr eine Gleichgewichtspolitik wurde zuerst in der <a title=\"Balkankrise\" href=\"https:\/\/de.wikipedia.org\/wiki\/Balkankrise\">Balkankrise<\/a> 1877\/1878 im Zusammenhang mit dem <a title=\"Russisch-Osmanischer Krieg (1877\u20131878)\" href=\"https:\/\/de.wikipedia.org\/wiki\/Russisch-Osmanischer_Krieg_(1877%E2%80%931878)\">Russisch-T\u00fcrkischen Krieg<\/a> deutlich. W\u00e4hrend die \u00fcbrigen Gro\u00dfm\u00e4chte eigene Interessen hatten, versuchte Deutschland als Vermittler aufzutreten. Dabei bestand allerdings die Gefahr, die Unterst\u00fctzung \u00d6sterreich-Ungarns und Russlands zu verlieren. Daher hat Bismarck alles vermieden, um sich zwischen beiden Seiten entscheiden zu m\u00fcssen. Das Ziel war es, eine Konstellation herbeizuf\u00fchren, wie der Kanzler in seinem Kissinger Diktat von 1877 festhalten lie\u00df, <em>in welcher alle M\u00e4chte au\u00dfer Frankreich unser bed\u00fcrfen, und von Koalitionen gegen uns durch ihre Beziehungen zueinander nach M\u00f6glichkeit abgehalten werden<\/em>.<a href=\"https:\/\/de.wikipedia.org\/wiki\/Deutsches_Kaiserreich#cite_note-80\">[80]<\/a><\/p>\n<div style=\"text-align: justify;\">\n<div>\n<p><a href=\"https:\/\/de.wikipedia.org\/wiki\/Datei:Berliner_kongress.jpg\"><img loading=\"lazy\" decoding=\"async\" src=\"https:\/\/upload.wikimedia.org\/wikipedia\/commons\/thumb\/8\/8b\/Berliner_kongress.jpg\/220px-Berliner_kongress.jpg\" srcset=\"\/\/upload.wikimedia.org\/wikipedia\/commons\/thumb\/8\/8b\/Berliner_kongress.jpg\/330px-Berliner_kongress.jpg 1.5x, \/\/upload.wikimedia.org\/wikipedia\/commons\/thumb\/8\/8b\/Berliner_kongress.jpg\/440px-Berliner_kongress.jpg 2x\" alt=\"\" width=\"220\" height=\"111\" data-file-width=\"988\" data-file-height=\"500\" \/><\/a><\/p>\n<div>\n<div><\/div>\n<\/div>\n<\/div>\n<\/div>\n<div style=\"text-align: justify;\">\n<div>\n<div>Berliner Kongress (Gem\u00e4lde von <a title=\"Anton von Werner\" href=\"https:\/\/de.wikipedia.org\/wiki\/Anton_von_Werner\">Anton von Werner<\/a>, 1881, 3,60 \u00d7 6,15 m im <a title=\"Berliner Rathaus\" href=\"https:\/\/de.wikipedia.org\/wiki\/Berliner_Rathaus\">Berliner Rathaus<\/a>)<br \/>\nAbgebildet (v. l. n. r.): <a title=\"Heinrich Karl von Haymerle\" href=\"https:\/\/de.wikipedia.org\/wiki\/Heinrich_Karl_von_Haymerle\">von Haymerle<\/a>, <a title=\"Aloys K\u00e1rolyi\" href=\"https:\/\/de.wikipedia.org\/wiki\/Aloys_K%C3%A1rolyi\">K\u00e1rolyi<\/a>, <a title=\"Edoardo de Launay\" href=\"https:\/\/de.wikipedia.org\/wiki\/Edoardo_de_Launay\">de Launay<\/a>, <a title=\"Alexander Michailowitsch Gortschakow\" href=\"https:\/\/de.wikipedia.org\/wiki\/Alexander_Michailowitsch_Gortschakow\">Gortschakow<\/a>, <a title=\"William Henry Waddington\" href=\"https:\/\/de.wikipedia.org\/wiki\/William_Henry_Waddington\">Waddington<\/a>, <a title=\"Benjamin Disraeli\" href=\"https:\/\/de.wikipedia.org\/wiki\/Benjamin_Disraeli\">Disraeli<\/a>, <a title=\"Joseph Maria von Radowitz (Diplomat)\" href=\"https:\/\/de.wikipedia.org\/wiki\/Joseph_Maria_von_Radowitz_(Diplomat)\">von Radowitz<\/a>, <a title=\"Chlodwig zu Hohenlohe-Schillingsf\u00fcrst\" href=\"https:\/\/de.wikipedia.org\/wiki\/Chlodwig_zu_Hohenlohe-Schillingsf%C3%BCrst\">zu Hohenlohe-Schillingsf\u00fcrst<\/a>, <a title=\"Lodovico Corti (Seite nicht vorhanden)\" href=\"https:\/\/de.wikipedia.org\/w\/index.php?title=Lodovico_Corti&amp;action=edit&amp;redlink=1\">Corti<\/a>, Graf de Moun, d\u2019Oubril, de Saint-Vallier, <a title=\"Paul L. Desprey (Seite nicht vorhanden)\" href=\"https:\/\/de.wikipedia.org\/w\/index.php?title=Paul_L._Desprey&amp;action=edit&amp;redlink=1\">Desprey<\/a>, <a title=\"Gyula Andr\u00e1ssy\" href=\"https:\/\/de.wikipedia.org\/wiki\/Gyula_Andr%C3%A1ssy\">Andr\u00e1ssy<\/a>, <a title=\"Lothar Bucher\" href=\"https:\/\/de.wikipedia.org\/wiki\/Lothar_Bucher\">Bucher<\/a>, <a title=\"Otto von Bismarck\" href=\"https:\/\/de.wikipedia.org\/wiki\/Otto_von_Bismarck\">Otto von Bismarck<\/a>, <a title=\"Friedrich August von Holstein\" href=\"https:\/\/de.wikipedia.org\/wiki\/Friedrich_August_von_Holstein\">von Holstein<\/a>, Busch, <a title=\"Herbert von Bismarck\" href=\"https:\/\/de.wikipedia.org\/wiki\/Herbert_von_Bismarck\">Herbert von Bismarck<\/a>, <a title=\"Pjotr Andrejewitsch Schuwalow\" href=\"https:\/\/de.wikipedia.org\/wiki\/Pjotr_Andrejewitsch_Schuwalow\">Pjotr Andrejewitsch Schuwalow<\/a>, <a title=\"Sadullah Pascha\" href=\"https:\/\/de.wikipedia.org\/wiki\/Sadullah_Pascha\">Sadullah Bey<\/a>, <a title=\"Odo Russell\" href=\"https:\/\/de.wikipedia.org\/wiki\/Odo_Russell\">Russell<\/a>, <a title=\"Bernhard Ernst von B\u00fclow\" href=\"https:\/\/de.wikipedia.org\/wiki\/Bernhard_Ernst_von_B%C3%BClow\">von B\u00fclow<\/a>, <a title=\"Robert Arthur Talbot Gascoyne-Cecil, 3. Marquess of Salisbury\" href=\"https:\/\/de.wikipedia.org\/wiki\/Robert_Arthur_Talbot_Gascoyne-Cecil,_3._Marquess_of_Salisbury\">Salisbury<\/a>, <a title=\"Alexander Carath\u00e9odori\" href=\"https:\/\/de.wikipedia.org\/wiki\/Alexander_Carath%C3%A9odori\">Carath\u00e9odori<\/a> und <a title=\"Mehmed Ali Pascha\" href=\"https:\/\/de.wikipedia.org\/wiki\/Mehmed_Ali_Pascha\">Mehmed Ali Pascha<\/a><\/div>\n<\/div>\n<\/div>\n<p style=\"text-align: justify;\">Zur L\u00f6sung des Interessengegensatzes zwischen Russland und Gro\u00dfbritannien nach dem Russisch-T\u00fcrkischen Krieg fand 1878 der <a title=\"Berliner Kongress\" href=\"https:\/\/de.wikipedia.org\/wiki\/Berliner_Kongress\">Berliner Kongress<\/a> statt. Bismarck bem\u00fchte sich dabei um die Rolle als \u201eehrlicher Makler\u201c und um einen Ausgleich zwischen den Gro\u00dfm\u00e4chten. Dies stand allerdings im Gegensatz zur Hoffnung der russischen Regierung, die sich von dem Kongress eine diplomatische Best\u00e4tigung der erzielten milit\u00e4rischen Erfolge auf dem Balkan erwartet hatte. Insofern wurde das Ergebnis, das gerade \u00d6sterreich mehr Einfluss zugestand, ohne milit\u00e4rische Opfer gebracht zu haben, von Russland als eine diplomatische Niederlage gewertet. Nach dem Kongress verschlechterte sich das Verh\u00e4ltnis des Zarenreichs gegen\u00fcber Deutschland erheblich, sodass ein B\u00fcndnis zwischen diesen beiden Staaten immer schwieriger zu erhalten war.<\/p>\n<p style=\"text-align: justify;\">Bismarck suchte daher noch deutlicher als zuvor ein Zusammengehen mit \u00d6sterreich-Ungarn. Dies gipfelte am 7. Oktober 1879 in dem sogenannten \u201e<a title=\"Zweibund\" href=\"https:\/\/de.wikipedia.org\/wiki\/Zweibund\">Zweibund<\/a>\u201c. Mit dem B\u00fcndnis war die Rolle des Deutschen Reiches als ungebundenem Mittler zwischen den M\u00e4chten beendet. Es begann in der Folge der Aufbau des <a title=\"B\u00fcndnissystem Bismarcks\" href=\"https:\/\/de.wikipedia.org\/wiki\/B%C3%BCndnissystem_Bismarcks\">bismarckschen B\u00fcndnissystems<\/a>, zun\u00e4chst nach Osten, dann nach Westen und S\u00fcden. Im Jahr 1881 erfolgte der Abschluss des <a title=\"Dreikaiserbund\" href=\"https:\/\/de.wikipedia.org\/wiki\/Dreikaiserbund\">Dreikaiserbundes<\/a> mit \u00d6sterreich-Ungarn und Russland. Inhaltlich verpflichteten sich die M\u00e4chte, den <a title=\"Status quo\" href=\"https:\/\/de.wikipedia.org\/wiki\/Status_quo\">Status quo<\/a> auf dem Balkan nur in Absprache zu ver\u00e4ndern und im Kriegsfalle mit einer vierten Macht wohlwollende Neutralit\u00e4t zu wahren. Diese Bestimmung bezog sich in erster Linie auf einen neuen Krieg zwischen Frankreich und Deutschland sowie <a title=\"Vereinigtes K\u00f6nigreich Gro\u00dfbritannien und Irland\" href=\"https:\/\/de.wikipedia.org\/wiki\/Vereinigtes_K%C3%B6nigreich_Gro%C3%9Fbritannien_und_Irland\">Gro\u00dfbritannien<\/a> und Russland. Da die Spannungen zwischen \u00d6sterreich-Ungarn und Russland auf dem Balkan aber bald wieder zunahmen, scheiterte die Dreikaiserpolitik auf l\u00e4ngere Sicht.<\/p>\n<p style=\"text-align: justify;\">Nach S\u00fcden wurde 1882 der Zweibund mit <a title=\"K\u00f6nigreich Italien (1861\u20131946)\" href=\"https:\/\/de.wikipedia.org\/wiki\/K%C3%B6nigreich_Italien_(1861%E2%80%931946)\">Italien<\/a> zum <a title=\"Dreibund\" href=\"https:\/\/de.wikipedia.org\/wiki\/Dreibund\">Dreibund<\/a> erweitert. Hintergrund dieser Erweiterung waren die zunehmenden Spannungen zwischen Frankreich und Italien in Tunesien. Auch der Dreibund war ein Defensivb\u00fcndnis und entlastete zudem noch \u00d6sterreich-Ungarn, da es \u00fcber den Verlauf der Grenze mit Italien immer wieder zu Streitigkeiten gekommen war.<\/p>\n<p style=\"text-align: justify;\">Das Kaiserreich stand daher zu Beginn der 1880er Jahre im Zentrum zweier B\u00fcndnissysteme. Die Aufrechterhaltung war kompliziert, von Widerspr\u00fcchen gekennzeichnet und labil. Auf dieser instabilen Basis gelang f\u00fcr einige Zeit ein Festschreiben des status quo.<a href=\"https:\/\/de.wikipedia.org\/wiki\/Deutsches_Kaiserreich#cite_note-81\">[81]<\/a><\/p>\n<h4 style=\"text-align: justify;\"><span id=\"Beginn_des_deutschen_Imperialismus\">Beginn des deutschen Imperialismus<\/span><\/h4>\n<div style=\"text-align: justify;\" role=\"navigation\"><span title=\"siehe\" role=\"presentation\" aria-hidden=\"true\">\u2192 <\/span><em>Hauptartikel: <a title=\"Deutsche Kolonien und Schutzgebiete\" href=\"https:\/\/de.wikipedia.org\/wiki\/Deutsche_Kolonien_und_Schutzgebiete\">Deutsche Kolonien und Schutzgebiete<\/a><\/em><\/div>\n<div style=\"text-align: justify;\">\n<div>\n<p><a href=\"https:\/\/de.wikipedia.org\/wiki\/Datei:German_colonial_lord.jpg\"><img loading=\"lazy\" decoding=\"async\" src=\"https:\/\/upload.wikimedia.org\/wikipedia\/commons\/thumb\/7\/77\/German_colonial_lord.jpg\/220px-German_colonial_lord.jpg\" srcset=\"\/\/upload.wikimedia.org\/wikipedia\/commons\/thumb\/7\/77\/German_colonial_lord.jpg\/330px-German_colonial_lord.jpg 1.5x, \/\/upload.wikimedia.org\/wikipedia\/commons\/7\/77\/German_colonial_lord.jpg 2x\" alt=\"\" width=\"220\" height=\"166\" data-file-width=\"390\" data-file-height=\"295\" \/><\/a><\/p>\n<div>\n<div><\/div>\n<\/div>\n<\/div>\n<\/div>\n<div style=\"text-align: justify;\">\n<div>\n<div>Deutscher Kolonialherr in Togo (ca. 1885)<\/div>\n<\/div>\n<\/div>\n<p style=\"text-align: justify;\">Bereits Mitte der 1880er Jahre f\u00fchrte die <a title=\"Imperialismus\" href=\"https:\/\/de.wikipedia.org\/wiki\/Imperialismus\">imperialistische<\/a> Expansion der Gro\u00dfm\u00e4chte zu einer neuen Dynamik in den Beziehungen, die das Aufrechterhalten des Gleichgewichts immer schwieriger machte und es schlie\u00dflich aus der Balance warf.<\/p>\n<p style=\"text-align: justify;\">Anfangs wurde die Expansion nach \u00dcbersee von privaten Unternehmern getragen. Zwar kam es bald zu staatlichen Unterst\u00fctzungen, aber diese bewegten sich nach britischem Vorbild noch im Rahmen des Aufbaus eines \u201einformal Empire\u201c (das hei\u00dft die Kontrolle eines Gebiets ohne offizielle staatliche Inbesitznahme). Gr\u00fcnde f\u00fcr ein Engagement in \u00dcbersee waren einerseits das Auftreten einer wirkungsm\u00e4chtigen Kolonialbewegung in Deutschland, die in Kolonien eine M\u00f6glichkeit sah, die Gr\u00fcnderkrise zu \u00fcberwinden und den Bev\u00f6lkerungsanstieg zu bremsen. Aber der Besitz von Kolonien wurde auch als eine nationale Prestigefrage betrachtet. Als Kolonialpropagandisten traten bald Organisationen wie der <a title=\"Deutscher Kolonialverein (1882)\" href=\"https:\/\/de.wikipedia.org\/wiki\/Deutscher_Kolonialverein_(1882)\">Deutsche Kolonialverein<\/a> oder die <a title=\"Gesellschaft f\u00fcr Deutsche Kolonisation\" href=\"https:\/\/de.wikipedia.org\/wiki\/Gesellschaft_f%C3%BCr_Deutsche_Kolonisation\">Gesellschaft f\u00fcr Deutsche Kolonisation<\/a> auf. Beide schlossen sich sp\u00e4ter zur <a title=\"Deutsche Kolonialgesellschaft\" href=\"https:\/\/de.wikipedia.org\/wiki\/Deutsche_Kolonialgesellschaft\">Deutschen Kolonialgesellschaft<\/a> zusammen.<a href=\"https:\/\/de.wikipedia.org\/wiki\/Deutsches_Kaiserreich#cite_note-82\">[82]<\/a><\/p>\n<p style=\"text-align: justify;\">Die Gr\u00fcnde, weshalb Bismarck dem Druck der Kolonialbewegung nachgab und begann, ein formelles Empire zu errichten, sind in der Forschung umstritten. Ein Argument ist, dass der Reichskanzler die Probleme Gro\u00dfbritanniens unter anderem in Afghanistan und im Sudan ausnutzte, um durch eine antienglische Politik die Ann\u00e4herung an Frankreich zu suchen. H\u00f6hepunkt dieser Entwicklung war die Berliner <a title=\"Kongokonferenz\" href=\"https:\/\/de.wikipedia.org\/wiki\/Kongokonferenz\">Kongokonferenz<\/a> 1884\/85, als Deutschland und Frankreich zusammen Englands Mittelafrikapolitik entgegentraten. Andere Interpretationen verweisen vor allem auf innenpolitische Gr\u00fcnde. Der Erwerb von Kolonien sollte danach parteipolitische Erleichterungen f\u00fcr die Regierung bringen und bei den <a title=\"Reichstagswahl 1884\" href=\"https:\/\/de.wikipedia.org\/wiki\/Reichstagswahl_1884\">Reichstagswahlen von 1884<\/a> Stimmen f\u00fcr die der Regierung nahestehenden Parteien bringen. Eine dritte These deutet die Wende als Sozialimperialismus. Danach sollten Kolonien gewisserma\u00dfen die sozialen und wirtschaftlichen Schwierigkeiten \u00fcberdecken und Legitimationsdefizite abbauen. Neuere Forschungen sehen eine Mischung aus verschiedenen Ursachen und betonen zus\u00e4tzlich die Eigendynamik in den sp\u00e4teren Kolonien. Das Jahr 1884 markiert dann den eigentlichen Beginn der deutschen Kolonialpolitik, als im April das sogenannte \u201e<a title=\"L\u00fcderitzland\" href=\"https:\/\/de.wikipedia.org\/wiki\/L%C3%BCderitzland\">L\u00fcderitzland<\/a>\u201c als Keimzelle des sp\u00e4teren <a title=\"Deutsch-S\u00fcdwestafrika\" href=\"https:\/\/de.wikipedia.org\/wiki\/Deutsch-S%C3%BCdwestafrika\">Deutsch-S\u00fcdwestafrika<\/a> unter den Schutz des Deutschen Reichs gestellt wurde. Auch in <a title=\"Deutsch-Ostafrika\" href=\"https:\/\/de.wikipedia.org\/wiki\/Deutsch-Ostafrika\">Deutsch-Ostafrika<\/a>, <a title=\"Togo\" href=\"https:\/\/de.wikipedia.org\/wiki\/Togo\">Togo<\/a>, <a title=\"Kamerun\" href=\"https:\/\/de.wikipedia.org\/wiki\/Kamerun\">Kamerun<\/a> und im Pazifik wich die informelle einer formellen Herrschaft. Zwar blieb die Kolonialpolitik unter Bismarck Episode, die Expansion endete bereits 1885, allerdings war damit ein Anfang f\u00fcr ein weiteres Ausgreifen ebenso wie f\u00fcr Konflikte mit Gro\u00dfbritannien gemacht.<a href=\"https:\/\/de.wikipedia.org\/wiki\/Deutsches_Kaiserreich#cite_note-83\">[83]<\/a><\/p>\n<dl>\n<dt>\u00dcbersicht \u00fcber die deutschen Kolonien (\u201eDeutsche Schutzgebiete\u201c)<\/dt>\n<dd><\/dd>\n<\/dl>\n<div style=\"text-align: justify;\">\n<div>\n<p><a href=\"https:\/\/de.wikipedia.org\/wiki\/Datei:Map_of_the_German_Empire_-_1914.PNG\"><img loading=\"lazy\" decoding=\"async\" src=\"https:\/\/upload.wikimedia.org\/wikipedia\/commons\/thumb\/5\/5b\/Map_of_the_German_Empire_-_1914.PNG\/220px-Map_of_the_German_Empire_-_1914.PNG\" srcset=\"\/\/upload.wikimedia.org\/wikipedia\/commons\/thumb\/5\/5b\/Map_of_the_German_Empire_-_1914.PNG\/330px-Map_of_the_German_Empire_-_1914.PNG 1.5x, \/\/upload.wikimedia.org\/wikipedia\/commons\/thumb\/5\/5b\/Map_of_the_German_Empire_-_1914.PNG\/440px-Map_of_the_German_Empire_-_1914.PNG 2x\" alt=\"\" width=\"220\" height=\"107\" data-file-width=\"1357\" data-file-height=\"663\" \/><\/a><\/p>\n<div>\n<div><\/div>\n<\/div>\n<\/div>\n<\/div>\n<div style=\"text-align: justify;\">\n<div>\n<div>\n<ul>\n<li>Deutsches Kaiserreich<\/li>\n<li>Deutsches Kolonialreich (1914)<\/li>\n<\/ul>\n<\/div>\n<\/div>\n<\/div>\n<div style=\"text-align: justify;\">\n<div>\n<p><a href=\"https:\/\/de.wikipedia.org\/w\/index.php?title=Datei:Karten_-_Togo,_Deutsch-Ostafrika,_Kiautschou,_Deutsch-S%C3%BCdwestafrika,_Kamerun,_Die_deutschen_Besitzungen_im_Stillen_Ozean.jpg&amp;filetimestamp=20100404155413&amp;\"><img loading=\"lazy\" decoding=\"async\" src=\"https:\/\/upload.wikimedia.org\/wikipedia\/de\/thumb\/0\/06\/Karten_-_Togo%2C_Deutsch-Ostafrika%2C_Kiautschou%2C_Deutsch-S%C3%BCdwestafrika%2C_Kamerun%2C_Die_deutschen_Besitzungen_im_Stillen_Ozean.jpg\/220px-Karten_-_Togo%2C_Deutsch-Ostafrika%2C_Kiautschou%2C_Deutsch-S%C3%BCdwestafrika%2C_Kamerun%2C_Die_deutschen_Besitzungen_im_Stillen_Ozean.jpg\" srcset=\"\/\/upload.wikimedia.org\/wikipedia\/de\/thumb\/0\/06\/Karten_-_Togo%2C_Deutsch-Ostafrika%2C_Kiautschou%2C_Deutsch-S%C3%BCdwestafrika%2C_Kamerun%2C_Die_deutschen_Besitzungen_im_Stillen_Ozean.jpg\/330px-Karten_-_Togo%2C_Deutsch-Ostafrika%2C_Kiautschou%2C_Deutsch-S%C3%BCdwestafrika%2C_Kamerun%2C_Die_deutschen_Besitzungen_im_Stillen_Ozean.jpg 1.5x, \/\/upload.wikimedia.org\/wikipedia\/de\/thumb\/0\/06\/Karten_-_Togo%2C_Deutsch-Ostafrika%2C_Kiautschou%2C_Deutsch-S%C3%BCdwestafrika%2C_Kamerun%2C_Die_deutschen_Besitzungen_im_Stillen_Ozean.jpg\/440px-Karten_-_Togo%2C_Deutsch-Ostafrika%2C_Kiautschou%2C_Deutsch-S%C3%BCdwestafrika%2C_Kamerun%2C_Die_deutschen_Besitzungen_im_Stillen_Ozean.jpg 2x\" alt=\"\" width=\"220\" height=\"152\" data-file-width=\"2048\" data-file-height=\"1418\" \/><\/a><\/p>\n<div>\n<div><\/div>\n<\/div>\n<\/div>\n<\/div>\n<div style=\"text-align: justify;\">\n<div>\n<div>Deutsche Kolonien 1910 (zeitgen\u00f6ssische Karten)<\/div>\n<\/div>\n<\/div>\n<ol style=\"text-align: justify;\">\n<li><a title=\"Deutsch-Neuguinea\" href=\"https:\/\/de.wikipedia.org\/wiki\/Deutsch-Neuguinea\">Deutsch-Neuguinea<\/a> seit 1885, erworben durch <a title=\"Otto Finsch\" href=\"https:\/\/de.wikipedia.org\/wiki\/Otto_Finsch\">Otto Finsch<\/a>, im Auftrag der <a title=\"Neuguinea-Kompagnie\" href=\"https:\/\/de.wikipedia.org\/wiki\/Neuguinea-Kompagnie\">Neuguinea-Kompagnie<\/a>; dazu geh\u00f6rte: <a title=\"Kaiser-Wilhelms-Land\" href=\"https:\/\/de.wikipedia.org\/wiki\/Kaiser-Wilhelms-Land\">Kaiser-Wilhelms-Land<\/a> (heute n\u00f6rdliches <a title=\"Papua-Neuguinea\" href=\"https:\/\/de.wikipedia.org\/wiki\/Papua-Neuguinea\">Papua-Neuguinea<\/a>), <a title=\"Bismarck-Archipel\" href=\"https:\/\/de.wikipedia.org\/wiki\/Bismarck-Archipel\">Bismarck-Archipel<\/a> (Papua-Neuguinea), <a title=\"Bougainville\" href=\"https:\/\/de.wikipedia.org\/wiki\/Bougainville\">Bougainville<\/a>-Insel (Papua-Neuguinea), n\u00f6rdliche <a title=\"Salomon-Inseln\" href=\"https:\/\/de.wikipedia.org\/wiki\/Salomon-Inseln\">Salomon-Inseln<\/a> 1885\u20131899 (<a title=\"Salomonen\" href=\"https:\/\/de.wikipedia.org\/wiki\/Salomonen\">Salomonen<\/a> (<a title=\"Choiseul (Insel)\" href=\"https:\/\/de.wikipedia.org\/wiki\/Choiseul_(Insel)\">Choiseul<\/a> und <a title=\"Santa Isabel (Insel)\" href=\"https:\/\/de.wikipedia.org\/wiki\/Santa_Isabel_(Insel)\">Santa Isabel<\/a>)), <a title=\"Marianen\" href=\"https:\/\/de.wikipedia.org\/wiki\/Marianen\">Marianen<\/a> seit 1899, <a title=\"Marshallinseln\" href=\"https:\/\/de.wikipedia.org\/wiki\/Marshallinseln\">Marshallinseln<\/a> seit 1885, <a title=\"Palau\" href=\"https:\/\/de.wikipedia.org\/wiki\/Palau\">Palau<\/a> seit 1899, <a title=\"Karolinen\" href=\"https:\/\/de.wikipedia.org\/wiki\/Karolinen\">Karolinen<\/a> (<a title=\"Mikronesien\" href=\"https:\/\/de.wikipedia.org\/wiki\/Mikronesien\">Mikronesien<\/a>) seit 1899, <a title=\"Nauru\" href=\"https:\/\/de.wikipedia.org\/wiki\/Nauru\">Nauru<\/a> seit 1888<\/li>\n<li><a title=\"Deutsch-Ostafrika\" href=\"https:\/\/de.wikipedia.org\/wiki\/Deutsch-Ostafrika\">Deutsch-Ostafrika<\/a> (heute <a title=\"Tansania\" href=\"https:\/\/de.wikipedia.org\/wiki\/Tansania\">Tansania<\/a>, <a title=\"Ruanda\" href=\"https:\/\/de.wikipedia.org\/wiki\/Ruanda\">Ruanda<\/a>, <a title=\"Burundi\" href=\"https:\/\/de.wikipedia.org\/wiki\/Burundi\">Burundi<\/a>, <a title=\"Mosambik\" href=\"https:\/\/de.wikipedia.org\/wiki\/Mosambik\">Mosambik<\/a>&#8211;<a title=\"Kionga-Dreieck\" href=\"https:\/\/de.wikipedia.org\/wiki\/Kionga-Dreieck\">Kionga-Dreieck<\/a>) seit 1885, erworben durch <a title=\"Carl Peters\" href=\"https:\/\/de.wikipedia.org\/wiki\/Carl_Peters\">Carl Peters<\/a><\/li>\n<li><a title=\"Deutsch-Samoa\" href=\"https:\/\/de.wikipedia.org\/wiki\/Deutsch-Samoa\">Deutsch-Samoa<\/a> seit 1899, heute unabh\u00e4ngiger Staat <a title=\"Samoa\" href=\"https:\/\/de.wikipedia.org\/wiki\/Samoa\">Samoa<\/a><\/li>\n<li><a title=\"Deutsch-Somalik\u00fcste\" href=\"https:\/\/de.wikipedia.org\/wiki\/Deutsch-Somalik%C3%BCste\">Deutsch-Somalik\u00fcste<\/a> (heute Teil von <a title=\"Somalia\" href=\"https:\/\/de.wikipedia.org\/wiki\/Somalia\">Somalia<\/a>) 1885\u20131888, Anspr\u00fcche erworben durch <a title=\"Gustav H\u00f6rnecke (Seite nicht vorhanden)\" href=\"https:\/\/de.wikipedia.org\/w\/index.php?title=Gustav_H%C3%B6rnecke&amp;action=edit&amp;redlink=1\">Gustav H\u00f6rnecke<\/a>, <a title=\"Claus von Anderten (Seite nicht vorhanden)\" href=\"https:\/\/de.wikipedia.org\/w\/index.php?title=Claus_von_Anderten&amp;action=edit&amp;redlink=1\">Claus von Anderten<\/a> und <a title=\"Karl Ludwig J\u00fchlke\" href=\"https:\/\/de.wikipedia.org\/wiki\/Karl_Ludwig_J%C3%BChlke\">Karl Ludwig J\u00fchlke<\/a><\/li>\n<li><a title=\"Deutsch-S\u00fcdwestafrika\" href=\"https:\/\/de.wikipedia.org\/wiki\/Deutsch-S%C3%BCdwestafrika\">Deutsch-S\u00fcdwestafrika<\/a> (heute <a title=\"Namibia\" href=\"https:\/\/de.wikipedia.org\/wiki\/Namibia\">Namibia<\/a>, <a title=\"Botswana\" href=\"https:\/\/de.wikipedia.org\/wiki\/Botswana\">Botswana<\/a>-S\u00fcdrand des Caprivi-Zipfels) seit 1884, erworben durch <a title=\"Franz Adolf Eduard L\u00fcderitz\" href=\"https:\/\/de.wikipedia.org\/wiki\/Franz_Adolf_Eduard_L%C3%BCderitz\">Franz Adolf Eduard L\u00fcderitz<\/a><\/li>\n<li><a title=\"Deutsch-Witu\" href=\"https:\/\/de.wikipedia.org\/wiki\/Deutsch-Witu\">Deutsch-Witu<\/a> (heute s\u00fcdliches <a title=\"Kenia\" href=\"https:\/\/de.wikipedia.org\/wiki\/Kenia\">Kenia<\/a>), 1885\u20131890, erworben durch die <a title=\"Gebr\u00fcder Denhardt\" href=\"https:\/\/de.wikipedia.org\/wiki\/Gebr%C3%BCder_Denhardt\">Gebr\u00fcder Denhardt<\/a> aus <a title=\"Zeitz\" href=\"https:\/\/de.wikipedia.org\/wiki\/Zeitz\">Zeitz<\/a><\/li>\n<li><a title=\"Deutsche Kolonie Kamerun\" href=\"https:\/\/de.wikipedia.org\/wiki\/Deutsche_Kolonie_Kamerun\">Kamerun<\/a> seit 1884, (heute <a title=\"Kamerun\" href=\"https:\/\/de.wikipedia.org\/wiki\/Kamerun\">Kamerun<\/a>, <a title=\"Nigeria\" href=\"https:\/\/de.wikipedia.org\/wiki\/Nigeria\">Nigeria<\/a>-Ostteil, <a title=\"Tschad\" href=\"https:\/\/de.wikipedia.org\/wiki\/Tschad\">Tschad<\/a>-S\u00fcdwestteil, Westteil der <a title=\"Zentralafrikanische Republik\" href=\"https:\/\/de.wikipedia.org\/wiki\/Zentralafrikanische_Republik\">Zentralafrikanischen Republik<\/a>, Nordostteil der <a title=\"Republik Kongo\" href=\"https:\/\/de.wikipedia.org\/wiki\/Republik_Kongo\">Republik Kongo<\/a>, <a title=\"Gabun\" href=\"https:\/\/de.wikipedia.org\/wiki\/Gabun\">Gabun<\/a>-Nordteil) erworben durch <a title=\"Gustav Nachtigal\" href=\"https:\/\/de.wikipedia.org\/wiki\/Gustav_Nachtigal\">Gustav Nachtigal<\/a><\/li>\n<li><a title=\"Kapita\u00ef und Koba\" href=\"https:\/\/de.wikipedia.org\/wiki\/Kapita%C3%AF_und_Koba\">Kapita\u00ef und Koba<\/a> (heute <a title=\"Guinea\" href=\"https:\/\/de.wikipedia.org\/wiki\/Guinea\">Guinea<\/a>) 1884\u20131885, erworben durch <a title=\"Friedrich Colin\" href=\"https:\/\/de.wikipedia.org\/wiki\/Friedrich_Colin\">Friedrich Colin<\/a><\/li>\n<li><a title=\"Kiautschou\" href=\"https:\/\/de.wikipedia.org\/wiki\/Kiautschou\">Kiautschou<\/a> seit 1898 (<a title=\"Kaiserreich China\" href=\"https:\/\/de.wikipedia.org\/wiki\/Kaiserreich_China\">China<\/a>, f\u00fcr 99 Jahre gepachtet)<\/li>\n<li><a title=\"Mahinland\" href=\"https:\/\/de.wikipedia.org\/wiki\/Mahinland\">Mahinland<\/a> (heute <a title=\"Nigeria\" href=\"https:\/\/de.wikipedia.org\/wiki\/Nigeria\">Nigeria<\/a>) M\u00e4rz bis Oktober 1885, erworben durch <a title=\"Gottlieb Leonhard Gaiser\" href=\"https:\/\/de.wikipedia.org\/wiki\/Gottlieb_Leonhard_Gaiser\">Gottlieb Leonhard Gaiser<\/a><\/li>\n<li><a title=\"Deutsche Kolonie Togo\" href=\"https:\/\/de.wikipedia.org\/wiki\/Deutsche_Kolonie_Togo\">Togo<\/a> seit 1884, (heute <a title=\"Togo\" href=\"https:\/\/de.wikipedia.org\/wiki\/Togo\">Togo<\/a>, <a title=\"Ghana\" href=\"https:\/\/de.wikipedia.org\/wiki\/Ghana\">Ghana<\/a>-Westteil) erworben durch <a title=\"Gustav Nachtigal\" href=\"https:\/\/de.wikipedia.org\/wiki\/Gustav_Nachtigal\">Gustav Nachtigal<\/a><\/li>\n<\/ol>\n<h4 style=\"text-align: justify;\"><span id=\"Au.C3.9Fenpolitische_Doppelkrise_1885.2F1886\"> <\/span><span id=\"Au\u00dfenpolitische_Doppelkrise_1885\/1886\">Au\u00dfenpolitische Doppelkrise 1885\/1886<\/span><\/h4>\n<div style=\"text-align: justify;\">\n<p><a href=\"https:\/\/de.wikipedia.org\/wiki\/Datei:Propaganda1888.jpg\"><img loading=\"lazy\" decoding=\"async\" src=\"https:\/\/upload.wikimedia.org\/wikipedia\/commons\/thumb\/c\/c5\/Propaganda1888.jpg\/220px-Propaganda1888.jpg\" srcset=\"\/\/upload.wikimedia.org\/wikipedia\/commons\/thumb\/c\/c5\/Propaganda1888.jpg\/330px-Propaganda1888.jpg 1.5x, \/\/upload.wikimedia.org\/wikipedia\/commons\/thumb\/c\/c5\/Propaganda1888.jpg\/440px-Propaganda1888.jpg 2x\" alt=\"\" width=\"220\" height=\"208\" data-file-width=\"1031\" data-file-height=\"975\" \/><\/a><\/p>\n<div>\n<div><\/div>\n<\/div>\n<\/div>\n<div style=\"text-align: justify;\">\n<div>\n<div>\u201eWir Deutsche f\u00fcrchten Gott, sonst Niemand auf der Welt.\u201c (Zitat einer Rede Bismarcks vor dem Reichstag am 6. Februar 1888; Propagandadruck, zeitgen\u00f6ssische Kreidelithographie)<\/div>\n<\/div>\n<\/div>\n<p style=\"text-align: justify;\">Nicht nur die Hinwendung zu einer imperialistischen Politik in \u00dcbersee, sondern auch zwei Krisenherde in Europa ver\u00e4nderten die deutsche Au\u00dfenpolitik. In Frankreich entstand, ausgehend nicht zuletzt von General <a title=\"Georges Ernest Boulanger\" href=\"https:\/\/de.wikipedia.org\/wiki\/Georges_Ernest_Boulanger\">Georges Ernest Boulanger<\/a>, eine nationalistische Sammlungsbewegung, die f\u00fcr einen Revanchekrieg gegen Deutschland eintrat. Die Gefahr wuchs noch, als Boulanger Kriegsminister wurde. Bismarck spielte diese Bedrohung aus innenpolitischen Gr\u00fcnden bewusst hoch, unter anderem um dazu beizutragen, dass bei den <a title=\"Reichstagswahl 1887\" href=\"https:\/\/de.wikipedia.org\/wiki\/Reichstagswahl_1887\">Reichstagswahlen von 1887<\/a> eine regierungsfreundliche Mehrheit entstehen konnte. Gleichzeitig diente die Versch\u00e4rfung des Tons gegen\u00fcber Frankreich der \u00dcberdeckung der au\u00dfenpolitischen Schwierigkeiten in Ost- und S\u00fcdosteuropa. Dort hatte die <a title=\"Bulgarische Krise\" href=\"https:\/\/de.wikipedia.org\/wiki\/Bulgarische_Krise\">Bulgarische Krise<\/a> zur Versch\u00e4rfung der Gegens\u00e4tze zwischen \u00d6sterreich-Ungarn und Russland und zum faktischen Zerbrechen des Dreikaiserbundes gef\u00fchrt. Auch Deutschlands Verh\u00e4ltnis zu Russland verschlechterte sich nicht zuletzt wegen der Schutzzollpolitik. Bei der deutschen Regierung wuchs die Sorge um einen Zweifrontenkrieg, da es offenbar zu einer Ann\u00e4herung zwischen Russland und Frankreich kam. Innenpolitisch geriet Bismarck angesichts der Doppelkrise unter Druck, da ihm Kritiker vorwarfen, seine Au\u00dfenpolitik sei \u00fcberholt. Von einigen Milit\u00e4rs, wie von General <a title=\"Alfred von Waldersee\" href=\"https:\/\/de.wikipedia.org\/wiki\/Alfred_von_Waldersee\">Alfred von Waldersee<\/a>, aber auch von Deutschkonservativen und selbst von Sozialdemokraten, wurde eine scharfe Gangart gegen\u00fcber Russland bis hin zu einem Pr\u00e4ventivkrieg gefordert. Bismarck versuchte die teilweise von ihm selbst ausgel\u00f6ste nationalistische Welle zu d\u00e4mpfen und die Krise diplomatisch beizulegen. Dies gelang mit M\u00fchen, die deutlich machten, dass sich der politische Spielraum Deutschlands seit der Reichsgr\u00fcndung erheblich reduziert hatte. Im Jahr 1887 gelang die Wiederherstellung des Dreibundes mit \u00d6sterreich-Ungarn und Italien. Durch verschiedene weitere Vertr\u00e4ge, wie dem Mittelmeerabkommen zwischen Italien und Gro\u00dfbritannien und dem <a title=\"Orientdreibund\" href=\"https:\/\/de.wikipedia.org\/wiki\/Orientdreibund\">Orientdreibund<\/a>, an denen Deutschland nicht beteiligt war, wurde es durch seine Verb\u00fcndeten doch Teil einer antirussischen Koalition.<\/p>\n<p style=\"text-align: justify;\">Noch im selben Jahr wurde anstelle des Dreikaiserabkommen am 18. Juni der <a title=\"R\u00fcckversicherungsvertrag\" href=\"https:\/\/de.wikipedia.org\/wiki\/R%C3%BCckversicherungsvertrag\">R\u00fcckversicherungsvertrag<\/a> mit Russland abgeschlossen. Beide Staaten verpflichteten sich bei einem unprovozierten Angriff seitens einer dritten Macht zu wohlwollender Neutralit\u00e4t. Dabei sah ein geheimes Zusatzprotokoll die deutsche Unterst\u00fctzung Russlands in dessen Balkan- und Bosporuspolitik vor. Damit ging Deutschland hier Verpflichtungen ein, die im Gegensatz zu den B\u00fcndnissen und Vertr\u00e4gen mit anderen Staaten standen. Wichtiger war Bismarck an dieser Stelle offenbar, ein m\u00f6gliches B\u00fcndnis zwischen Frankreich und Russland zu verhindern.<\/p>\n<p style=\"text-align: justify;\">Insgesamt war die Aufrechterhaltung des Gleichgewichts am Ende von Bismarcks Amtszeit immer schwieriger geworden. Hatte er zu Beginn noch die vorhandenen Gegens\u00e4tze zwischen den Gro\u00dfm\u00e4chten austarieren k\u00f6nnen, blieb ihm am Ende nur noch, die Spannungen zu sch\u00fcren, um dann zu versuchen, sie im Sinne des Reiches einzuhegen.<a href=\"https:\/\/de.wikipedia.org\/wiki\/Deutsches_Kaiserreich#cite_note-84\">[84]<\/a><\/p>\n<h2 style=\"text-align: justify;\"><span id=\"Dreikaiserjahr_1888\">Dreikaiserjahr 1888<\/span><\/h2>\n<div style=\"text-align: justify;\">\n<p><a href=\"https:\/\/de.wikipedia.org\/wiki\/Datei:FriedIII.jpg\"><img loading=\"lazy\" decoding=\"async\" src=\"https:\/\/upload.wikimedia.org\/wikipedia\/commons\/thumb\/d\/df\/FriedIII.jpg\/220px-FriedIII.jpg\" srcset=\"\/\/upload.wikimedia.org\/wikipedia\/commons\/d\/df\/FriedIII.jpg 1.5x\" alt=\"\" width=\"220\" height=\"291\" data-file-width=\"299\" data-file-height=\"396\" \/><\/a><\/p>\n<div>\n<div><\/div>\n<\/div>\n<\/div>\n<div style=\"text-align: justify;\">\n<div>\n<div>Friedrich III.<\/div>\n<\/div>\n<\/div>\n<p style=\"text-align: justify;\">Am 9. M\u00e4rz 1888 starb Kaiser <a title=\"Wilhelm I. (Deutsches Reich)\" href=\"https:\/\/de.wikipedia.org\/wiki\/Wilhelm_I._(Deutsches_Reich)\">Wilhelm I.<\/a> Drei Tage sp\u00e4ter wurde sein Sohn, der schwerkranke <a title=\"Friedrich III. (Deutsches Reich)\" href=\"https:\/\/de.wikipedia.org\/wiki\/Friedrich_III._(Deutsches_Reich)\">Friedrich III.<\/a>, zum neuen Kaiser proklamiert. Mit seiner Inthronisierung verbanden sich Hoffnungen auf eine Liberalisierung des Reiches und einen gr\u00f6\u00dferen Einfluss des Parlaments auf politische Entscheidungen. Man sagte ihm Sympathien f\u00fcr das parlamentarische System der britischen Monarchie nach.<\/p>\n<p style=\"text-align: justify;\">W\u00e4hrend des <a title=\"Berliner Antisemitismusstreit\" href=\"https:\/\/de.wikipedia.org\/wiki\/Berliner_Antisemitismusstreit\">Antisemitismusstreits<\/a> hatte er sich \u00f6ffentlich gegen die Judenfeinde gestellt. Besonders die Freisinnigen, vor allem <a title=\"Ludwig Bamberger\" href=\"https:\/\/de.wikipedia.org\/wiki\/Ludwig_Bamberger\">Bamberger<\/a>, <a title=\"Maximilian Franz August von Forckenbeck\" href=\"https:\/\/de.wikipedia.org\/wiki\/Maximilian_Franz_August_von_Forckenbeck\">Forckenbeck<\/a> und <a title=\"Franz August Schenk von Stauffenberg\" href=\"https:\/\/de.wikipedia.org\/wiki\/Franz_August_Schenk_von_Stauffenberg\">von Stauffenberg<\/a> standen dem Kaiser nahe. Aufgrund seiner Krankheit konnte er die Politik allerdings kaum beeinflussen. Lediglich die Entlassung des hochkonservativen preu\u00dfischen Innenministers <a title=\"Robert Viktor von Puttkamer\" href=\"https:\/\/de.wikipedia.org\/wiki\/Robert_Viktor_von_Puttkamer\">von Puttkamer<\/a> war ein Zeichen in die erwartete Richtung. Bereits 99 Tage nach seinem Amtsantritt, am 15. Juni 1888, starb Friedrich III. an Kehlkopfkrebs. Aufgrund der kurzen Amtszeit wird er auch als \u201e99-Tage-Kaiser\u201c bezeichnet. Zehn Tage nach seinem Tod wurde sein 29-j\u00e4hriger Sohn als Kaiser <a title=\"Wilhelm II. (Deutsches Reich)\" href=\"https:\/\/de.wikipedia.org\/wiki\/Wilhelm_II._(Deutsches_Reich)\">Wilhelm II.<\/a> inthronisiert. Wegen der Abfolge dreier Monarchen innerhalb eines Jahres wird das Jahr 1888 auch als <a title=\"Dreikaiserjahr\" href=\"https:\/\/de.wikipedia.org\/wiki\/Dreikaiserjahr\">Dreikaiserjahr<\/a> bezeichnet.<a href=\"https:\/\/de.wikipedia.org\/wiki\/Deutsches_Kaiserreich#cite_note-85\">[85]<\/a><\/p>\n<h2 style=\"text-align: justify;\"><span id=\"Wilhelminisches_Reich\">Wilhelminisches Reich<\/span><\/h2>\n<div style=\"text-align: justify;\" role=\"navigation\"><span title=\"siehe\" role=\"presentation\" aria-hidden=\"true\">\u2192 <\/span><em>Hauptartikel: <a title=\"Wilhelm II. (Deutsches Reich)\" href=\"https:\/\/de.wikipedia.org\/wiki\/Wilhelm_II._(Deutsches_Reich)\">Wilhelm II. (Deutsches Reich)<\/a><\/em><\/div>\n<p style=\"text-align: justify;\">Noch deutlicher als zur Zeit Bismarcks stand die Politik w\u00e4hrend der wilhelminischen \u00c4ra unter dem Druck, sich den Ver\u00e4nderungen in Wirtschaft und Gesellschaft anzupassen und Antworten auf die dringendsten sozialen und \u00f6konomischen Fragen der Zeit zu finden: so etwa in Bezug auf die Integration und Emanzipation der Arbeiter in <a title=\"Staat und Gesellschaft\" href=\"https:\/\/de.wikipedia.org\/wiki\/Staat_und_Gesellschaft\">Staat und Gesellschaft<\/a>, aber auch auf die negative wirtschaftliche Entwicklung in Handwerk und Landwirtschaft. Die \u00dcbernahme neuer staatlicher Aufgaben f\u00fchrte zu Finanzierungsproblemen und einer entsprechend hohen Belastung des Staatshaushalts. Nicht zuletzt ging es auch darum, die politischen Strukturen an die Bedingungen einer industriellen Gesellschaft und einer bislang nicht gekannten tiefgreifenden Politisierung der Bev\u00f6lkerung anzupassen.<a href=\"https:\/\/de.wikipedia.org\/wiki\/Deutsches_Kaiserreich#cite_note-86\">[86]<\/a><\/p>\n<h3 style=\"text-align: justify;\"><span id=\"Ende_der_.C3.84ra_Bismarck_1890\"> <\/span><span id=\"Ende_der_\u00c4ra_Bismarck_1890\">Ende der \u00c4ra Bismarck 1890<\/span><\/h3>\n<p style=\"text-align: justify;\">Bismarck blieb zun\u00e4chst unbeschadet im Amt. So versuchte er noch 1889 ein B\u00fcndnis mit Gro\u00dfbritannien einzugehen, scheiterte jedoch mit diesem Vorhaben. Ein Schlusspunkt unter die Sozialgesetzgebung war die am 23. Mai in Kraft getretene Alters- und Invalidenversicherung.<\/p>\n<div style=\"text-align: justify;\">\n<div>\n<p><a href=\"https:\/\/de.wikipedia.org\/wiki\/Datei:1890_Bismarcks_Ruecktritt.jpg\"><img loading=\"lazy\" decoding=\"async\" src=\"https:\/\/upload.wikimedia.org\/wikipedia\/commons\/thumb\/2\/25\/1890_Bismarcks_Ruecktritt.jpg\/220px-1890_Bismarcks_Ruecktritt.jpg\" srcset=\"\/\/upload.wikimedia.org\/wikipedia\/commons\/thumb\/2\/25\/1890_Bismarcks_Ruecktritt.jpg\/330px-1890_Bismarcks_Ruecktritt.jpg 1.5x, \/\/upload.wikimedia.org\/wikipedia\/commons\/thumb\/2\/25\/1890_Bismarcks_Ruecktritt.jpg\/440px-1890_Bismarcks_Ruecktritt.jpg 2x\" alt=\"\" width=\"220\" height=\"320\" data-file-width=\"540\" data-file-height=\"786\" \/><\/a><\/p>\n<div>\n<div><\/div>\n<\/div>\n<\/div>\n<\/div>\n<div style=\"text-align: justify;\">\n<div>\n<div>Die <em><a title=\"Punch (Zeitschrift)\" href=\"https:\/\/de.wikipedia.org\/wiki\/Punch_(Zeitschrift)\">Punch<\/a><\/em>-Karikatur <em>\u201e<a title=\"Der Lotse geht von Bord\" href=\"https:\/\/de.wikipedia.org\/wiki\/Der_Lotse_geht_von_Bord\">Dropping the Pilot<\/a>\u201c<\/em> (dt. meist <em>\u201eDer Lotse geht von Bord\u201c<\/em>) von Sir <a title=\"John Tenniel\" href=\"https:\/\/de.wikipedia.org\/wiki\/John_Tenniel\">John Tenniel<\/a> zur Entlassung Bismarcks 1890<\/div>\n<\/div>\n<\/div>\n<p style=\"text-align: justify;\">Zwischen Wilhelm II. und Bismarck kam es schon bald zu Konflikten. Neben dem Generationsunterschied spielte dabei Wilhelms Wunsch, selbst die Politik zu gestalten, eine wichtige Rolle. Dies schr\u00e4nkte Bismarcks Spielraum erheblich ein. Best\u00e4rkt wurde der Kaiser dabei von seinem engsten Umfeld, etwa von <a title=\"Philipp zu Eulenburg\" href=\"https:\/\/de.wikipedia.org\/wiki\/Philipp_zu_Eulenburg\">Philipp zu Eulenburg<\/a>. Auch in der \u00d6ffentlichkeit nahm die Kritik an der autorit\u00e4ren Kanzlerherrschaft \u2013 von einigen sogar als <a title=\"Kanzlerdiktatur\" href=\"https:\/\/de.wikipedia.org\/wiki\/Kanzlerdiktatur\">Kanzlerdiktatur<\/a> bezeichnet \u2013 sowie an der innenpolitischen Erstarrung zu. Nicht zuletzt waren Kaiser und Kanzler in der Arbeiterfrage uneins. W\u00e4hrend Bismarck an seinem Repressionskurs festhielt, sprach sich Wilhelm f\u00fcr ein Ende der Sozialistengesetze aus.<\/p>\n<p style=\"text-align: justify;\">Ein Zeichen f\u00fcr diese ver\u00e4nderte Haltung war w\u00e4hrend des gro\u00dfen <a title=\"Bergarbeiterstreik von 1889\" href=\"https:\/\/de.wikipedia.org\/wiki\/Bergarbeiterstreik_von_1889\">Bergarbeiterstreiks von 1889<\/a> der Empfang einer Delegation von streikenden Arbeitern. Dagegen legte Bismarck den Entwurf f\u00fcr ein nunmehr unbefristetes Sozialistengesetz vor. Die Mehrheit des Reichstages lehnte das Gesetz allerdings ab und das Kartell der Rechtsparteien brach auseinander. Diese mussten bei den <a title=\"Reichstagswahl 1890\" href=\"https:\/\/de.wikipedia.org\/wiki\/Reichstagswahl_1890\">Reichstagswahlen 1890<\/a> starke Verluste hinnehmen, w\u00e4hrend das Zentrum, die Linksliberalen und die Sozialdemokraten zulegen konnten. Damit war die parlamentarische Mehrheit f\u00fcr die Politik Bismarcks nicht mehr vorhanden. Die erneuten Drohungen mit einem Staatsstreich liefen ins Leere. In der Folge versch\u00e4rften sich die Konflikte zwischen Wilhelm II. und Bismarck noch einmal und der Kanzler geriet allm\u00e4hlich politisch ins Abseits. Bismarck wurde durch Wilhelm II. am 18. M\u00e4rz 1890 zum R\u00fccktritt von allen seinen \u00c4mtern gezwungen.<a href=\"https:\/\/de.wikipedia.org\/wiki\/Deutsches_Kaiserreich#cite_note-87\">[87]<\/a><\/p>\n<h3 style=\"text-align: justify;\"><span id=\".E2.80.9EDer_neue_Kurs.E2.80.9C_und_die_Amtszeit_von_Leo_von_Caprivi\"> <\/span><span id=\"\u201eDer_neue_Kurs\u201c_und_die_Amtszeit_von_Leo_von_Caprivi\">\u201eDer neue Kurs\u201c und die Amtszeit von Leo von Caprivi<\/span><\/h3>\n<p style=\"text-align: justify;\">Neuer Reichskanzler wurde <a title=\"Leo von Caprivi\" href=\"https:\/\/de.wikipedia.org\/wiki\/Leo_von_Caprivi\">Leo von Caprivi<\/a>. Anders als Bismarck, der innenpolitisch eine Politik der Konfrontation betrieben hatte, setzte der neue Kanzler auf eine ausgleichende und vers\u00f6hnlichere Politik. Vor allem sollten Reformen die sozialen Konflikte mildern und dem schleichenden Legitimit\u00e4tsverlust der letzten Bismarckjahre entgegenwirken. In der Au\u00dfenpolitik lehnte der Kaiser auf Anraten <a title=\"Friedrich August von Holstein\" href=\"https:\/\/de.wikipedia.org\/wiki\/Friedrich_August_von_Holstein\">Friedrich August von Holsteins<\/a> eine Verl\u00e4ngerung des R\u00fcckversicherungsvertrages mit Russland ab, was Russland zwang, sich mit Frankreich zu arrangieren.<\/p>\n<p style=\"text-align: justify;\">Seit 1890 begann \u2013 vor allem getragen vom preu\u00dfischen Handelsminister <a title=\"Hans Hermann von Berlepsch\" href=\"https:\/\/de.wikipedia.org\/wiki\/Hans_Hermann_von_Berlepsch\">Hans Hermann von Berlepsch<\/a> und seinem Mitarbeiter <a title=\"Theodor Lohmann\" href=\"https:\/\/de.wikipedia.org\/wiki\/Theodor_Lohmann\">Theodor Lohmann<\/a> \u2013 ein neuer Schub f\u00fcr die Sozialpolitik.<a href=\"https:\/\/de.wikipedia.org\/wiki\/Deutsches_Kaiserreich#cite_note-88\">[88]<\/a> Dabei setzte dieser vor allem auf den Ausbau des <a title=\"Arbeitsschutz\" href=\"https:\/\/de.wikipedia.org\/wiki\/Arbeitsschutz\">Arbeitsschutzes<\/a> und eine Reform des <a title=\"Arbeitsrecht (Deutschland)\" href=\"https:\/\/de.wikipedia.org\/wiki\/Arbeitsrecht_(Deutschland)\">Arbeitsrechts<\/a>. In den kaiserlichen <a title=\"Februarerlasse\" href=\"https:\/\/de.wikipedia.org\/wiki\/Februarerlasse\">Februarerlassen<\/a> von 1890 wurden diese Pl\u00e4ne zu einem offiziellen Programm der Regierung erhoben. Die Novelle der <a title=\"Gewerbeordnung (Deutschland)\" href=\"https:\/\/de.wikipedia.org\/wiki\/Gewerbeordnung_(Deutschland)\">Gewerbeordnung<\/a> setzte 1891 Teile davon tats\u00e4chlich um. Dazu geh\u00f6rte das Verbot der <a title=\"Sonntagsarbeit\" href=\"https:\/\/de.wikipedia.org\/wiki\/Sonntagsarbeit\">Sonntagsarbeit<\/a>, eine weitere Beschr\u00e4nkung der Fabrikarbeit f\u00fcr Frauen und Kinder oder Regelungen f\u00fcr die Arbeit in gesundheitsgef\u00e4hrdenden Betrieben. Die Verbesserung der <a title=\"Gewerbeaufsicht\" href=\"https:\/\/de.wikipedia.org\/wiki\/Gewerbeaufsicht\">Gewerbeaufsicht<\/a> sollte die Umsetzung der Ma\u00dfnahmen kontrollieren. Die Fortf\u00fchrung des Programms scheiterte einerseits an schlechteren wirtschaftlichen Rahmenbedingungen und andererseits am Widerstand der Industrie. Die geplante Neuregelung des Koalitionsrechts blieb daher aus. In der Handelspolitik schloss die Regierung Caprivi eine Reihe von Handelsvertr\u00e4gen, die nicht nur drohende Zollkriege verhinderten, sondern die Absatzm\u00f6glichkeiten f\u00fcr deutsche Produkte verbesserten. Dies war allerdings nur f\u00fcr den Preis von niedrigeren Agrarz\u00f6llen zu haben. Unter Caprivi verschob sich die Wirtschaftspolitik mithin von der Landwirtschaft hin zur exportorientierten Industrie. In Preu\u00dfen hatte Caprivi, der wie Bismarck auch preu\u00dfischer Ministerpr\u00e4sident war, nur teilweise Erfolge bei der Reform der Landgemeindeordnung, die schlie\u00dflich durch den Widerstand der Konservativen stark verw\u00e4ssert wurde. Ein Erfolg war allerdings die Finanzreform des preu\u00dfischen Finanzministers Miquel, die 1891 zur Erhebung einer zumindest schwach progressiven <a title=\"Einkommensteuer\" href=\"https:\/\/de.wikipedia.org\/wiki\/Einkommensteuer\">Einkommensteuer<\/a> f\u00fchrte. 1893 folgte eine <a title=\"Verm\u00f6gensteuer\" href=\"https:\/\/de.wikipedia.org\/wiki\/Verm%C3%B6gensteuer\">Verm\u00f6gensteuer<\/a>. Grund-, Geb\u00e4ude- und Gewerbesteuern waren seither Gemeindesteuern. Allerdings zeigten die Konzessionen an die Gro\u00dfgrundbesitzer auch die Grenzen der Reformf\u00e4higkeit. Kaum Erfolg hatten Bem\u00fchungen um eine Reform des <a title=\"Dreiklassenwahlrecht\" href=\"https:\/\/de.wikipedia.org\/wiki\/Dreiklassenwahlrecht\">Dreiklassenwahlrechts<\/a> in Preu\u00dfen.<\/p>\n<div style=\"text-align: justify;\">\n<div>\n<p><a href=\"https:\/\/de.wikipedia.org\/wiki\/Datei:Kaiserliche_Erlasse.jpg\"><img loading=\"lazy\" decoding=\"async\" src=\"https:\/\/upload.wikimedia.org\/wikipedia\/commons\/thumb\/8\/80\/Kaiserliche_Erlasse.jpg\/220px-Kaiserliche_Erlasse.jpg\" srcset=\"\/\/upload.wikimedia.org\/wikipedia\/commons\/thumb\/8\/80\/Kaiserliche_Erlasse.jpg\/330px-Kaiserliche_Erlasse.jpg 1.5x, \/\/upload.wikimedia.org\/wikipedia\/commons\/thumb\/8\/80\/Kaiserliche_Erlasse.jpg\/440px-Kaiserliche_Erlasse.jpg 2x\" alt=\"\" width=\"220\" height=\"273\" data-file-width=\"894\" data-file-height=\"1108\" \/><\/a><\/p>\n<div>\n<div><\/div>\n<\/div>\n<\/div>\n<\/div>\n<div style=\"text-align: justify;\">\n<div>\n<div>\u201eDie Februarerlasse\u201c. Idealisierte Darstellung <a title=\"Wilhelm II. (Deutsches Reich)\" href=\"https:\/\/de.wikipedia.org\/wiki\/Wilhelm_II._(Deutsches_Reich)\">Wilhelm II.<\/a> und des Anspruchs auf ein \u201esoziales Kaisertum\u201c (<a title=\"Bilderbogen\" href=\"https:\/\/de.wikipedia.org\/wiki\/Bilderbogen\">Neuruppiner Bilderbogen<\/a> von 1890)<\/div>\n<\/div>\n<\/div>\n<p style=\"text-align: justify;\">Insgesamt hatte die Politik Caprivis zwar Erfolge, die Reformen gingen aber nicht weit genug, um einen wirklichen Systemwechsel herbeizuf\u00fchren. Ein Problem war dabei auch der Reibungsverlust an der Staatsspitze. Vor allem das Auseinandertreten der Politik im Reich und in Preu\u00dfen war folgenreich. W\u00e4hrend der Kanzler sich im Reichstag gegen\u00fcber dem Zentrum und den Linksliberalen \u00f6ffnete, verfolgte Miquel als starker Mann in Preu\u00dfen eine Zusammenarbeit zwischen Konservativen und Nationalliberalen. Im Jahr 1892 musste Caprivi das Amt des Ministerpr\u00e4sidenten an Graf <a title=\"Botho zu Eulenburg\" href=\"https:\/\/de.wikipedia.org\/wiki\/Botho_zu_Eulenburg\">Botho zu Eulenburg<\/a> abgegeben. Dies schw\u00e4chte die Position des Reichskanzlers noch mehr, dem es ohnehin nicht gelang, im Reichstag eine dauerhafte Mehrheit hinter sich zu bringen. Vor allem eine neue Heeresvorlage, die einen starken R\u00fcstungsschub bedeutet h\u00e4tte, traf auf den Widerstand nicht nur der Sozialdemokraten und des Freisinns, sondern auch des Zentrums, das die Politik des Kanzlers bislang meist mitgetragen hatte. Dies f\u00fchrte 1893 zur Aufl\u00f6sung des Reichstags und zu <a title=\"Reichstagswahl 1893\" href=\"https:\/\/de.wikipedia.org\/wiki\/Reichstagswahl_1893\">Neuwahlen<\/a>. Die SPD gewann zwar dazu, aber die Linksliberalen, die sich \u00fcber die Milit\u00e4rvorlage in <a title=\"Freisinnige Vereinigung\" href=\"https:\/\/de.wikipedia.org\/wiki\/Freisinnige_Vereinigung\">Freisinnige Vereinigung<\/a> und <a title=\"Freisinnige Volkspartei\" href=\"https:\/\/de.wikipedia.org\/wiki\/Freisinnige_Volkspartei\">Freisinnige Volkspartei<\/a> aufspalteten, verloren ebenso wie das Zentrum Mandate.<\/p>\n<p style=\"text-align: justify;\">Dies erm\u00f6glichte zwar die Verabschiedung einer ver\u00e4nderten Fassung der Heeresvorlage, aber Caprivi hatte auch mit dem Widerstand der Konservativen zu rechnen, die sich vor allem gegen die Wende in der Zoll- und Handelspolitik wandten. Vor allem der neu gegr\u00fcndete <a title=\"Bund der Landwirte\" href=\"https:\/\/de.wikipedia.org\/wiki\/Bund_der_Landwirte\">Bund der Landwirte<\/a><a href=\"https:\/\/de.wikipedia.org\/wiki\/Deutsches_Kaiserreich#cite_note-89\">[89]<\/a> machte erfolgreich Stimmung gegen den Kanzler. In der konservativen Partei gab es zudem einen deutlichen Rechtsschwenk, als die Partei auf dem sogenannten Tivoliparteitag 1892 die alte F\u00fchrung st\u00fcrzte, ein antisemitisches Programm<a href=\"https:\/\/de.wikipedia.org\/wiki\/Deutsches_Kaiserreich#cite_note-90\">[90]<\/a> annahm und sich eng an den Bund der Landwirte anlehnte. Auf Widerstand stie\u00df Caprivi zunehmend auch bei Wilhelm II., der st\u00e4rker als seine Vorg\u00e4nger Einfluss auf die Politik aus\u00fcben und ein \u201epers\u00f6nliches Regiment\u201c errichten wollte. Auch wenn davon nur bedingt die Rede sein kann, hat der Kaiser doch erheblichen direkten und indirekten Einfluss ausge\u00fcbt. Vielfach zeigte sich dieser Einfluss in sprunghaften und planlosen Eingriffen in die Entscheidungsprozesse. Dies betraf weniger die Innen- als vielmehr die Flotten- und Au\u00dfenpolitik. Dennoch begann sich der Kaiser auch gegen den innenpolitischen \u201eNeuen Kurs\u201c zu wenden, da dieser nicht wie gehofft, die Legitimationsbasis erweitert, sondern sie mit der drohenden Abwendung der Konservativen sogar noch verringert hatte. Gegen den neuen Kurs wetterte zudem auch Bismarck, der immer noch Einfluss auf Teile der Presse hatte.<\/p>\n<p style=\"text-align: justify;\">Hatte der Kaiser zu Beginn seiner Herrschaft gegen\u00fcber den Sozialdemokraten noch ein gewisses Entgegenkommen gezeigt, \u00e4nderte sich dies in der Mitte der 1890er Jahre unter dem Druck der Industrie (hier angef\u00fchrt von <a title=\"Carl Ferdinand von Stumm-Halberg\" href=\"https:\/\/de.wikipedia.org\/wiki\/Carl_Ferdinand_von_Stumm-Halberg\">Carl Ferdinand von Stumm-Halberg<\/a>), Teilen der Landwirtschaft, des Hofstaates, des preu\u00dfischen Ministerpr\u00e4sidenten und Anderer. Diese forderten einen sch\u00e4rferen Kurs gegen\u00fcber den Sozialdemokraten. Es war die Rede von neuen Ausnahmegesetzen und erneut gab es Ger\u00fcchte \u00fcber Staatsstreichpl\u00e4ne. Als auch Wilhelm sich gegen Caprivi wandte, war dieser nicht mehr zu halten und wurde im Oktober 1894 wie auch der preu\u00dfische Ministerpr\u00e4sident Eulenburg entlassen.<a href=\"https:\/\/de.wikipedia.org\/wiki\/Deutsches_Kaiserreich#cite_note-91\">[91]<\/a><\/p>\n<h3 style=\"text-align: justify;\"><span id=\"Kanzler_des_.C3.9Cbergangs_und_.E2.80.9Epers.C3.B6nliches_Regiment.E2.80.9C\"> <\/span><span id=\"Kanzler_des_\u00dcbergangs_und_\u201epers\u00f6nliches_Regiment\u201c\">Kanzler des \u00dcbergangs und \u201epers\u00f6nliches Regiment\u201c<\/span><\/h3>\n<div style=\"text-align: justify;\">\n<p><a href=\"https:\/\/de.wikipedia.org\/wiki\/Datei:Franz_von_Lenbach_F%C3%BCrst_Hohenlohe-Schillingsf%C3%BCrst_1896.jpg\"><img loading=\"lazy\" decoding=\"async\" src=\"https:\/\/upload.wikimedia.org\/wikipedia\/commons\/thumb\/5\/5b\/Franz_von_Lenbach_F%C3%BCrst_Hohenlohe-Schillingsf%C3%BCrst_1896.jpg\/220px-Franz_von_Lenbach_F%C3%BCrst_Hohenlohe-Schillingsf%C3%BCrst_1896.jpg\" srcset=\"\/\/upload.wikimedia.org\/wikipedia\/commons\/thumb\/5\/5b\/Franz_von_Lenbach_F%C3%BCrst_Hohenlohe-Schillingsf%C3%BCrst_1896.jpg\/330px-Franz_von_Lenbach_F%C3%BCrst_Hohenlohe-Schillingsf%C3%BCrst_1896.jpg 1.5x, \/\/upload.wikimedia.org\/wikipedia\/commons\/thumb\/5\/5b\/Franz_von_Lenbach_F%C3%BCrst_Hohenlohe-Schillingsf%C3%BCrst_1896.jpg\/440px-Franz_von_Lenbach_F%C3%BCrst_Hohenlohe-Schillingsf%C3%BCrst_1896.jpg 2x\" alt=\"\" width=\"220\" height=\"271\" data-file-width=\"617\" data-file-height=\"761\" \/><\/a><\/p>\n<div>\n<div><\/div>\n<\/div>\n<\/div>\n<div style=\"text-align: justify;\">\n<div>\n<div>Chlodwig F\u00fcrst zu Hohenlohe-Schillingsf\u00fcrst (Portr\u00e4t von <a title=\"Franz von Lenbach\" href=\"https:\/\/de.wikipedia.org\/wiki\/Franz_von_Lenbach\">Franz von Lenbach<\/a>, 1896)<\/div>\n<\/div>\n<\/div>\n<p style=\"text-align: justify;\"><a title=\"Chlodwig zu Hohenlohe-Schillingsf\u00fcrst\" href=\"https:\/\/de.wikipedia.org\/wiki\/Chlodwig_zu_Hohenlohe-Schillingsf%C3%BCrst\">Chlodwig zu Hohenlohe-Schillingsf\u00fcrst<\/a> wurde am 29. Oktober 1894 Reichskanzler und preu\u00dfischer Ministerpr\u00e4sident. Bereits sein Alter von mehr als 75 Jahren l\u00e4sst ihn als eine personelle Zwischenl\u00f6sung erscheinen. Konflikten mit dem Kaiser versuchte Hohenlohe zwar m\u00f6glichst aus dem Weg zu gehen, dennoch war seine Amtszeit gepr\u00e4gt von teils latenten, teils manifesten Meinungsunterschieden zwischen Kaiser und Kanzler. Diese reichten bis hin zu einer lang dauernden Regierungskrise.<\/p>\n<p style=\"text-align: justify;\">Der neue Kanzler offenbarte durchweg eine Politik des Z\u00f6gerns, die angesichts des immer st\u00e4rker hervortretenden kaiserlichen Anspruchs auf ein \u201e<a title=\"Pers\u00f6nliches Regiment\" href=\"https:\/\/de.wikipedia.org\/wiki\/Pers%C3%B6nliches_Regiment\">pers\u00f6nliches Regiment<\/a>\u201c der Einsicht in seinen begrenzten Einfluss entsprach. Wilhelm \u00fcbte namentlich einen starken Einfluss auf Personalentscheidungen aus. Dabei wurden die Exponenten des \u201eNeuen Kurses\u201c entweder entlassen oder politisch kaltgestellt. Die Sozialpolitik begann ab 1893 zu stocken. Pers\u00f6nlich stand Hohenlohe neuen Ausnahmegesetzen gegen die Sozialdemokratie zwar eher skeptisch gegen\u00fcber, aber bezeichnend f\u00fcr seine Schw\u00e4che war, dass 1895 mit der <a title=\"Umsturzvorlage\" href=\"https:\/\/de.wikipedia.org\/wiki\/Umsturzvorlage\">Umsturzvorlage<\/a> und sp\u00e4ter der <a title=\"Zuchthausvorlage\" href=\"https:\/\/de.wikipedia.org\/wiki\/Zuchthausvorlage\">Zuchthausvorlage<\/a><a href=\"https:\/\/de.wikipedia.org\/wiki\/Deutsches_Kaiserreich#cite_note-92\">[92]<\/a> von 1899 \u2013 die letztere war dabei auch eine Reaktion auf den <a title=\"Hamburger Hafenarbeiterstreik 1896\/97\" href=\"https:\/\/de.wikipedia.org\/wiki\/Hamburger_Hafenarbeiterstreik_1896\/97\">Hamburger Hafenarbeiterstreik von 1896\/97<\/a> \u2013 im Reichstag solche Gesetze zur Abstimmung standen. Bezeichnend f\u00fcr die schwebende politische Lage war, dass beide keine Mehrheit fanden. Dasselbe Schicksal erlitt ein \u201ekleines Sozialistengesetz\u201c in Preu\u00dfen. Erfolg hatte freilich die <a title=\"Lex Arons\" href=\"https:\/\/de.wikipedia.org\/wiki\/Lex_Arons\">Lex Arons<\/a> 1898, das Sozialdemokraten vom Lehramt an Hochschulen ausschloss. In die Kanzlerzeit von Hohenlohe-Schillingsf\u00fcrst fiel 1896 nach langen Vorarbeiten die Verabschiedung des <a title=\"B\u00fcrgerliches Gesetzbuch\" href=\"https:\/\/de.wikipedia.org\/wiki\/B%C3%BCrgerliches_Gesetzbuch\">b\u00fcrgerlichen Gesetzbuches<\/a>. Dieses vereinheitlichte das bis dahin regional unterschiedliche b\u00fcrgerliche Recht. In Kraft trat das Gesetzbuch zum 1. Januar 1900. Es bildete den Abschluss des nach der Reichsgr\u00fcndung begonnenen rechtlichen Kodifizierungsprozesses.<a href=\"https:\/\/de.wikipedia.org\/wiki\/Deutsches_Kaiserreich#cite_note-93\">[93]<\/a><\/p>\n<h3 style=\"text-align: justify;\"><span id=\".C3.84ra_von_B.C3.BClow\"> <\/span><span id=\"\u00c4ra_von_B\u00fclow\">\u00c4ra von B\u00fclow<\/span><\/h3>\n<h4 style=\"text-align: justify;\"><span id=\"Sammlungspolitik\">Sammlungspolitik<\/span><\/h4>\n<p style=\"text-align: justify;\">Nicht zuletzt die Misserfolge bei der Durchsetzung neuer Ausnahmegesetze verst\u00e4rkten im Umfeld des Kaisers noch einmal Gedanken an einen antiparlamentarischen Staatsstreich. Im Jahr 1897 bildete Wilhelm II. die Regierung dann entscheidend um. Hohenlohe blieb zwar zun\u00e4chst im Amt, aber der eigentliche Schwerpunkt der Politik lag bei vier anderen Personen: Johannes Miquel als Vizepr\u00e4sident des preu\u00dfischen Staatsministeriums, <a title=\"Arthur von Posadowsky-Wehner\" href=\"https:\/\/de.wikipedia.org\/wiki\/Arthur_von_Posadowsky-Wehner\">Arthur von Posadowsky-Wehner<\/a> als Chef des Reichsamtes des Inneren, <a title=\"Alfred von Tirpitz\" href=\"https:\/\/de.wikipedia.org\/wiki\/Alfred_von_Tirpitz\">Alfred von Tirpitz<\/a> als Chef des Reichsmarineamtes sowie <a title=\"Bernhard von B\u00fclow\" href=\"https:\/\/de.wikipedia.org\/wiki\/Bernhard_von_B%C3%BClow\">Bernhard von B\u00fclow<\/a> als Au\u00dfenstaatssekret\u00e4r. Diese sollten nach Willen des Kaisers die Innenpolitik in konservative Bahnen lenken, den Aufbau einer starken Flotte forcieren und au\u00dfenpolitisch im Sinne einer Weltpolitik agieren. Mit diesem Wechsel lie\u00dfen die direkten Eingriffe des Kaisers in die Politik zun\u00e4chst nach, da die neue F\u00fchrung ohnehin weitgehend im Sinne Wilhelms handelte. Die Konflikte zwischen Regierung und Kaiser gingen nach 1900 mit dem Wechsel im Reichskanzleramt zu Bernhard von B\u00fclow weiter zur\u00fcck.<\/p>\n<p style=\"text-align: justify;\">Das Schlagwort der neuen F\u00fchrung am Ende des 19. Jahrhunderts war die <a title=\"Sammlungspolitik (Seite nicht vorhanden)\" href=\"https:\/\/de.wikipedia.org\/w\/index.php?title=Sammlungspolitik&amp;action=edit&amp;redlink=1\">Sammlungspolitik<\/a> der \u201estaatserhaltenden und produktiven Kr\u00e4fte\u201c gegen die Sozialdemokratie. Zollpolitik, Flottenbau, Weltpolitik und Kaisertum sollten gesellschaftlich integrierend wirken und Mittelstand und B\u00fcrgertum gegen die Sozialdemokratie einen. Diesem Ziel diente auch die Handwerkspolitik. Das Handwerksgesetz vom 26. Juli 1897 kam den W\u00fcnschen des alten Mittelstandes entgegen, etwa durch die Einf\u00fchrung von <a title=\"Handwerkskammer\" href=\"https:\/\/de.wikipedia.org\/wiki\/Handwerkskammer\">Handwerkskammern<\/a> und <a title=\"Innung\" href=\"https:\/\/de.wikipedia.org\/wiki\/Innung\">Innungen<\/a>. Zur Einbindung agrarischer und gewerblicher Interessen beteiligte die Regierung Vertreter von landwirtschaftlichen und industriellen Interessenorganisationen bei der Ausarbeitung neuer Zolltarife, deren Verabschiedung nach der Jahrhundertwende anstand. Zwar gelang es dabei, die Interessen der Landwirtschaft und der Schwerindustrie im Zeichen des Schutzzolls in eine gewisse \u00dcbereinstimmung zu bringen. Allerdings kritisierten die exportorientierte Leichtindustrie und insbesondere die expandierende chemische Industrie dies massiv und gr\u00fcndeten zur Durchsetzung ihrer antiprotektionistischen Ziele 1895 den <a title=\"Bund der Industriellen\" href=\"https:\/\/de.wikipedia.org\/wiki\/Bund_der_Industriellen\">Bund der Industriellen<\/a>. Der Schutzzoll erwies sich insgesamt als nicht tragf\u00e4hig f\u00fcr ein B\u00fcndnis von Landwirtschaft und Industrie. Auch in anderen Bereichen gab es unterschiedliche Interessen. Die m\u00f6gliche Erh\u00f6hung der Agrarz\u00f6lle f\u00fchrte au\u00dferdem zu Protesten der Linksliberalen und Sozialdemokraten, die einen Anstieg der Lebensmittelpreise bef\u00fcrchteten. Der geplante Bau des <a title=\"Mittellandkanal\" href=\"https:\/\/de.wikipedia.org\/wiki\/Mittellandkanal\">Mittellandkanals<\/a> wurde von den ostelbischen Gro\u00dfgrundbesitzern vehement abgelehnt. Zu einem Kompromiss in der Zollfrage kam es erst 1902 unter dem Kanzler von B\u00fclow. Wenn auch moderat, belastete dieser tats\u00e4chlich die Konsumenten und die Sozialdemokraten konnten den <a title=\"Reichstagswahl 1903\" href=\"https:\/\/de.wikipedia.org\/wiki\/Reichstagswahl_1903\">Reichstagswahlkampf von 1903<\/a> auch mit der Parole gegen den \u201eBrotwucher\u201c f\u00fchren.<a href=\"https:\/\/de.wikipedia.org\/wiki\/Deutsches_Kaiserreich#cite_note-94\">[94]<\/a><\/p>\n<h4 style=\"text-align: justify;\"><span id=\"Flottenpolitik\">Flottenpolitik<\/span><\/h4>\n<div style=\"text-align: justify;\">\n<p><a href=\"https:\/\/de.wikipedia.org\/wiki\/Datei:Alfred_von_Tirpitz.jpg\"><img loading=\"lazy\" decoding=\"async\" src=\"https:\/\/upload.wikimedia.org\/wikipedia\/commons\/thumb\/d\/d0\/Alfred_von_Tirpitz.jpg\/220px-Alfred_von_Tirpitz.jpg\" srcset=\"\/\/upload.wikimedia.org\/wikipedia\/commons\/thumb\/d\/d0\/Alfred_von_Tirpitz.jpg\/330px-Alfred_von_Tirpitz.jpg 1.5x, \/\/upload.wikimedia.org\/wikipedia\/commons\/d\/d0\/Alfred_von_Tirpitz.jpg 2x\" alt=\"\" width=\"220\" height=\"348\" data-file-width=\"358\" data-file-height=\"566\" \/><\/a><\/p>\n<div>\n<div><\/div>\n<\/div>\n<\/div>\n<div style=\"text-align: justify;\">\n<div>\n<div><a title=\"Gro\u00dfadmiral\" href=\"https:\/\/de.wikipedia.org\/wiki\/Gro%C3%9Fadmiral\">Gro\u00dfadmiral<\/a> Alfred von Tirpitz<\/div>\n<\/div>\n<\/div>\n<p style=\"text-align: justify;\">Der Flottenbau war ein pers\u00f6nliches Anliegen von Kaiser Wilhelm II., die Flotte sollte auch zum Ausgleich von Interessengegens\u00e4tzen in der Gesellschaft beitragen. Vor allem im B\u00fcrgertum und im Mittelstand traf der Flottenbau auf eine breite Resonanz, w\u00e4hrend im Reichstag zun\u00e4chst Vorbehalte vorhanden waren. Eine langfristige Festlegung der Baukosten h\u00e4tte die <a title=\"Budgetrecht\" href=\"https:\/\/de.wikipedia.org\/wiki\/Budgetrecht\">budgetrechtlichen<\/a> Kompetenzen des Parlaments erheblich geschw\u00e4cht. Au\u00dferdem w\u00e4re der Bau als Mittel f\u00fcr eine Weltpolitik mit negativen Folgen f\u00fcr die Beziehungen mit Gro\u00dfbritannien verbunden gewesen.<a href=\"https:\/\/de.wikipedia.org\/wiki\/Deutsches_Kaiserreich#cite_note-95\">[95]<\/a><\/p>\n<p style=\"text-align: justify;\">Von Wilhelm II. war eine m\u00e4chtige Flotte urspr\u00fcnglich zum Schutze des Handels und der K\u00fcsten gedacht. Eine weltweit operierende Einsatzflotte verlangte nach St\u00fctzpunkten in \u00dcbersee. Dies wurde zu einem wichtigen Motiv f\u00fcr <a title=\"Deutsche Kolonien\" href=\"https:\/\/de.wikipedia.org\/wiki\/Deutsche_Kolonien\">die Kolonialpolitik<\/a> insbesondere im <a title=\"Pazifischer Ozean\" href=\"https:\/\/de.wikipedia.org\/wiki\/Pazifischer_Ozean\">Pazifik<\/a>. Dieses Konzept <a title=\"Victoria-Louise-Klasse\" href=\"https:\/\/de.wikipedia.org\/wiki\/Victoria-Louise-Klasse\">einer Kreuzerflotte<\/a> wurde allerdings durch das Schlachtflottenkonzept verdr\u00e4ngt. Alfred Tirpitz wurde der Hauptf\u00fcrsprecher und Organisator dieser Flotte. Das Konzept zielte auf eine offensive Verteidigung der deutschen K\u00fcste und den Durchbruch einer feindlichen Blockadeflotte ab. Hinter der Schlachtflotte stand auch der Risikogedanke. Jeder potentielle Angreifer sollte mit starken Verlusten rechnen m\u00fcssen. Um als Abschreckungswaffe zu dienen, musste die Flotte eine betr\u00e4chtliche St\u00e4rke haben. Dieser Wandel der Flottendoktrin, der erkennbar auf eine Konfrontation in der Nordsee ausgelegt war, musste das Misstrauen insbesondere in England gegen\u00fcber dem deutschen Kaiserreich verst\u00e4rken.<\/p>\n<p style=\"text-align: justify;\">1896 wurde eine Vergr\u00f6\u00dferung der Flotte noch abgelehnt. Zwei Jahre sp\u00e4ter wurde allerdings ein <a title=\"Flottengesetze\" href=\"https:\/\/de.wikipedia.org\/wiki\/Flottengesetze\">erstes Flottengesetz<\/a> vom Reichstag gegen die Stimmen der Sozialdemokraten, der <a title=\"Freisinnige Volkspartei\" href=\"https:\/\/de.wikipedia.org\/wiki\/Freisinnige_Volkspartei\">Freisinnigen Volkspartei<\/a>, der nationalen Minderheiten sowie eines kleinen Teils des Zentrums angenommen. Im Jahr 1900 folgte eine erneute Erweiterung der Bauvorhaben, die bei Ausf\u00fchrung ein Verh\u00e4ltnis von 2:3 gegen\u00fcber der britischen Flotte bedeutet h\u00e4tte. Eine Folge der Baupolitik war ein <a title=\"Deutsch-Britisches Wettr\u00fcsten\" href=\"https:\/\/de.wikipedia.org\/wiki\/Deutsch-Britisches_Wettr%C3%BCsten\">Wettr\u00fcsten mit Gro\u00dfbritannien<\/a>.<\/p>\n<p style=\"text-align: justify;\">Die schlie\u00dfliche Zustimmung des Reichstags und der \u00d6ffentlichkeit zur Flottenpolitik war nicht zuletzt das Ergebnis einer modern anmutenden \u00d6ffentlichkeitsarbeit von <a title=\"Alfred von Tirpitz\" href=\"https:\/\/de.wikipedia.org\/wiki\/Alfred_von_Tirpitz\">Tirpitz<\/a>. Das Nachrichtenb\u00fcro des Reichsmarineamtes<a href=\"https:\/\/de.wikipedia.org\/wiki\/Deutsches_Kaiserreich#cite_note-96\">[96]<\/a> f\u00fchrte regelrechte Werbekampagnen f\u00fcr die Flotte durch. Dabei arbeitete es eng mit dem 1898 gegr\u00fcndeten Flottenverein zusammen. Diese Massenbewegung, die vom Wirtschaftsb\u00fcrgertum bis hin in kleinb\u00fcrgerliche Schichten reichte, hatte 1900 270.000 Mitglieder. Nimmt man korporative Mitglieder hinzu, waren es 1908 mehr als eine Million. Die Propaganda f\u00fcr die Flottenbegeisterung spielte eine wichtige Rolle, allerdings traf sie gerade im B\u00fcrgertum auf eine l\u00e4ngere Tradition des Marineenthusiasmus. Hinzu kam, dass der \u00fcbersteigerte Nationalismus in der Flotte ein Symbol f\u00fcr die Macht des Reiches sah. Daneben spielten auch wirtschaftliche Interessen der Industrie f\u00fcr den Flottenbau eine Rolle. Vorbehalte gegen die Flottenpolitik hatten allerdings die ostelbischen Rittergutsbesitzer, die darin eine moderne Konkurrenz zum Heer sahen. Beim zweiten Flottengesetz mussten die Konservativen denn auch mit zollpolitischen Zugest\u00e4ndnissen (\u201eB\u00fclow-Tarifen\u201c) gewonnen werden.<a href=\"https:\/\/de.wikipedia.org\/wiki\/Deutsches_Kaiserreich#cite_note-97\">[97]<\/a><\/p>\n<h4 style=\"text-align: justify;\"><span id=\"Der_Weg_zur_Weltpolitik\">Der Weg zur Weltpolitik<\/span><\/h4>\n<p style=\"text-align: justify;\">Nach den imperialistischen Ans\u00e4tzen der bismarckschen Politik in den 1880er Jahren wandelte sich der Charakter der Au\u00dfenpolitik seit den 1890er Jahren endg\u00fcltig. Dabei spielte der Imperialismus der europ\u00e4ischen Staaten eine betr\u00e4chtliche Rolle. Die Handlungsfelder erweiterten sich und die Zahl der m\u00f6glichen Konfliktpunkte nahm zu. Die Au\u00dfenpolitik blieb kein reiner <a title=\"Arkanbereich\" href=\"https:\/\/de.wikipedia.org\/wiki\/Arkanbereich\">Arkanbereich<\/a> der Regierung; vielmehr gewann die \u00f6ffentliche Meinung Einfluss, und auch in der Au\u00dfenpolitik spielten organisierte gesellschaftliche Gruppen eine Rolle. Dies galt nicht zuletzt f\u00fcr \u00f6konomische Interessen. Ebenso wichtig waren daneben auch strategische und r\u00fcstungspolitische Faktoren. Bei allen Widerspr\u00fcchen auch innerhalb der politischen F\u00fchrung zeichneten sich verschiedene Tendenzen ab. Das Reich versuchte zun\u00e4chst, durch ein klares Bekenntnis zu \u00d6sterreich-Ungarn und sp\u00e4ter auch zu Italien, seine Stellung in Mitteleuropa zu festigen. Dabei spielten Handelsvertr\u00e4ge eine wichtige Rolle auch wenn eine Zollunion mit dem <a title=\"Habsburger\" href=\"https:\/\/de.wikipedia.org\/wiki\/Habsburger\">Habsburger<\/a> Reich nicht zustande kam. Im Jahr 1891 wurde der Dreibund verl\u00e4ngert und inhaltlich ausgestaltet. Ein weiteres Ziel der Politik des neuen Kurses war der Versuch, mit Gro\u00dfbritannien zu einer Verst\u00e4ndigung zu kommen. Ein Mittel war dabei die Kolonialpolitik. In diesen Zusammenhang f\u00e4llt, noch teilweise von Bismarck vorbereitet, der Tausch von Anspr\u00fcchen an <a title=\"Sansibar\" href=\"https:\/\/de.wikipedia.org\/wiki\/Sansibar\">Sansibar<\/a> gegen die Insel <a title=\"Helgoland\" href=\"https:\/\/de.wikipedia.org\/wiki\/Helgoland\">Helgoland<\/a> im Jahr 1890 (<a title=\"Vertrag zwischen Deutschland und England \u00fcber die Kolonien und Helgoland\" href=\"https:\/\/de.wikipedia.org\/wiki\/Vertrag_zwischen_Deutschland_und_England_%C3%BCber_die_Kolonien_und_Helgoland\">\u201eHelgoland-Sansibar-Vertrag\u201c<\/a>).<a href=\"https:\/\/de.wikipedia.org\/wiki\/Deutsches_Kaiserreich#cite_note-98\">[98]<\/a> Dies f\u00fchrte in Deutschland zu teils heftigen Protesten, aus denen sp\u00e4ter der rechte <a title=\"Alldeutscher Verband\" href=\"https:\/\/de.wikipedia.org\/wiki\/Alldeutscher_Verband\">Alldeutsche Verband<\/a> hervorging. Ziel des Kolonialerwerbs der 1890er Jahre, der vor allem vom Reichsmarineamt betrieben wurde, war der Aufbau eines weltumspannenden Netzes von Flottenst\u00fctzpunkten.<\/p>\n<div style=\"text-align: justify;\">\n<div>\n<p><a href=\"https:\/\/de.wikipedia.org\/wiki\/Datei:Bundesarchiv_Bild_183-B0313-0014-067,_Bremerhaven,_Verabschiedung_Ostasientruppen.jpg\"><img loading=\"lazy\" decoding=\"async\" src=\"https:\/\/upload.wikimedia.org\/wikipedia\/commons\/thumb\/7\/72\/Bundesarchiv_Bild_183-B0313-0014-067%2C_Bremerhaven%2C_Verabschiedung_Ostasientruppen.jpg\/220px-Bundesarchiv_Bild_183-B0313-0014-067%2C_Bremerhaven%2C_Verabschiedung_Ostasientruppen.jpg\" srcset=\"\/\/upload.wikimedia.org\/wikipedia\/commons\/thumb\/7\/72\/Bundesarchiv_Bild_183-B0313-0014-067%2C_Bremerhaven%2C_Verabschiedung_Ostasientruppen.jpg\/330px-Bundesarchiv_Bild_183-B0313-0014-067%2C_Bremerhaven%2C_Verabschiedung_Ostasientruppen.jpg 1.5x, \/\/upload.wikimedia.org\/wikipedia\/commons\/thumb\/7\/72\/Bundesarchiv_Bild_183-B0313-0014-067%2C_Bremerhaven%2C_Verabschiedung_Ostasientruppen.jpg\/440px-Bundesarchiv_Bild_183-B0313-0014-067%2C_Bremerhaven%2C_Verabschiedung_Ostasientruppen.jpg 2x\" alt=\"\" width=\"220\" height=\"156\" data-file-width=\"800\" data-file-height=\"566\" \/><\/a><\/p>\n<div>\n<div><\/div>\n<\/div>\n<\/div>\n<\/div>\n<div style=\"text-align: justify;\">\n<div>\n<div>Verabschiedung des deutschen Ostasien-Expeditionskorps zur Niederschlagung des \u201eBoxeraufstands\u201c. \u2013 Kaiser Wilhelm II. bei seiner Ansprache (\u201eHunnenrede\u201c)<\/div>\n<\/div>\n<\/div>\n<p style=\"text-align: justify;\">Die guten Beziehungen zu Gro\u00dfbritannien erm\u00f6glichten es, die Bindungen an Russland aufzugeben. Der R\u00fcckversicherungsvertrag lief 1890 aus und wurde von deutscher Seite nicht verl\u00e4ngert.<a href=\"https:\/\/de.wikipedia.org\/wiki\/Deutsches_Kaiserreich#cite_note-99\">[99]<\/a> Eine Bindung an Russland h\u00e4tte nach Meinung der Reichsleitung der Bindung an \u00d6sterreich-Ungarn ebenso wie den Beziehungen mit Gro\u00dfbritannien geschadet. Russland r\u00fcckte daraufhin enger an Frankreich heran. Die <a title=\"Franz\u00f6sisch-Russische Allianz\" href=\"https:\/\/de.wikipedia.org\/wiki\/Franz%C3%B6sisch-Russische_Allianz\">Franz\u00f6sisch-Russische Allianz<\/a> (unterzeichnet 5. August 1892) kann als der Beginn einer Spaltung Europas in zwei gegnerische Bl\u00f6cke gesehen werden. Die Ann\u00e4herung an Gro\u00dfbritannien klappte nicht wie geplant, stattdessen nahmen die Interessengegens\u00e4tze in \u00dcbersee zu. Dies f\u00fchrte zum Versuch, bessere Beziehungen zu Russland aufzubauen. Insgesamt pendelte Deutschland zwischen England und Russland in den 1890er Jahren hin und her und wirkte auf keine der Seiten damit wirklich glaubw\u00fcrdig. Dieses Misstrauen verst\u00e4rkte sich noch, als Deutschland in der Orientpolitik letztlich gegen Russland begann, das Osmanische Reich zu st\u00fctzen. Im S\u00fcden Afrikas ergaben sich dagegen Interessengegens\u00e4tze mit Gro\u00dfbritannien.<\/p>\n<p style=\"text-align: justify;\">In den sp\u00e4ten 1890er Jahren begann die Au\u00dfenpolitik Deutschlands endg\u00fcltig den Rahmen der Kontinental- zu Gunsten der Weltpolitik, d.\u00a0h. des Imperialismus, zu verlassen.<a href=\"https:\/\/de.wikipedia.org\/wiki\/Deutsches_Kaiserreich#cite_note-100\">[100]<\/a> Von B\u00fclows Forderung nach einem <a title=\"Platz an der Sonne\" href=\"https:\/\/de.wikipedia.org\/wiki\/Platz_an_der_Sonne\">Platz an der Sonne<\/a> wurde zum gefl\u00fcgelten Wort.<a href=\"https:\/\/de.wikipedia.org\/wiki\/Deutsches_Kaiserreich#cite_note-101\">[101]<\/a> Weltpolitik war nicht nur der Versuch, Deutschland als Gro\u00dfmacht zu etablieren, sondern hatte auch eine innenpolitische Komponente. Sie diente dazu, innere Spannungen zu \u00fcberdecken und es gab auch wirtschaftliche Interessen etwa an Absatz- oder Rohstoffm\u00e4rkten. In der deutschen \u00d6ffentlichkeit, sieht man einmal von den Sozialdemokraten ab, stie\u00df das Konzept der Weltpolitik auf eine breite Zustimmung. Wie weit das imperialistische Gedankengut in das liberale B\u00fcrgertum reichte, zeigte das Beispiel von <a title=\"Max Weber\" href=\"https:\/\/de.wikipedia.org\/wiki\/Max_Weber\">Max Weber<\/a> und <a title=\"Friedrich Naumann\" href=\"https:\/\/de.wikipedia.org\/wiki\/Friedrich_Naumann\">Friedrich Naumann<\/a>. Diese versprachen sich davon Wohlstand und die Integration der Arbeiter. Auch von konservativer Seite wurde der Imperialismus als Mittel der nationalen Integration betrachtet. Bei den neuen Rechten waren die imperialistischen Expansionsforderungen mit der Kritik an den etablierten Honoratioren verbunden. Dagegen sah nur ein vergleichsweise kleiner Teil der Wirtschaft in der imperialistischen Expansion Vorteile, war diese doch vor allem auf den Export in die Industriestaaten ausgerichtet. Gekennzeichnet war die imperialistische Politik daneben von den oft kontraproduktiven Reden des Kaisers (wie etwa der <a title=\"Hunnenrede\" href=\"https:\/\/de.wikipedia.org\/wiki\/Hunnenrede\">Hunnenrede<\/a> von 1900)<a href=\"https:\/\/de.wikipedia.org\/wiki\/Deutsches_Kaiserreich#cite_note-102\">[102]<\/a>, von ihrer auf Zustimmung in Deutschland ausgerichteten Sprunghaftigkeit und von oft aufgebauten Drohkulissen. Angesichts einer dynamischen Wirtschaft, einer starken Armee und einer immer gr\u00f6\u00dferen Flotte musste dies auf die europ\u00e4ischen M\u00e4chte bedrohlich wirken.<\/p>\n<div style=\"text-align: justify;\">\n<div>\n<p><a href=\"https:\/\/de.wikipedia.org\/wiki\/Datei:Germans_to_the_front.jpg\"><img loading=\"lazy\" decoding=\"async\" src=\"https:\/\/upload.wikimedia.org\/wikipedia\/commons\/thumb\/6\/6b\/Germans_to_the_front.jpg\/220px-Germans_to_the_front.jpg\" srcset=\"\/\/upload.wikimedia.org\/wikipedia\/commons\/thumb\/6\/6b\/Germans_to_the_front.jpg\/330px-Germans_to_the_front.jpg 1.5x, \/\/upload.wikimedia.org\/wikipedia\/commons\/thumb\/6\/6b\/Germans_to_the_front.jpg\/440px-Germans_to_the_front.jpg 2x\" alt=\"\" width=\"220\" height=\"122\" data-file-width=\"1224\" data-file-height=\"676\" \/><\/a><\/p>\n<div>\n<div><\/div>\n<\/div>\n<\/div>\n<\/div>\n<div style=\"text-align: justify;\">\n<div>\n<div>\u201e<em>The Germans to the front\u2026<\/em>\u201c (idealisierende Darstellung der deutschen Rolle w\u00e4hrend des Boxeraufstandes auf einer zeitgen\u00f6ssischen Postkarte)<\/div>\n<\/div>\n<\/div>\n<p style=\"text-align: justify;\">Der weltpolitische Anspruch schlug sich im Erwerb von Kolonien nieder. Verglichen mit den hocht\u00f6nenden Anspr\u00fcchen war der tats\u00e4chliche Zuwachs begrenzt. Das Reich erwarb 1898 <a title=\"Kiautschou\" href=\"https:\/\/de.wikipedia.org\/wiki\/Kiautschou\">Kiautschou<\/a><a href=\"https:\/\/de.wikipedia.org\/wiki\/Deutsches_Kaiserreich#cite_note-103\">[103]<\/a> in China und 1899 verschiedene Inseln im Pazifik (<a title=\"Deutsch-Mikronesien\" href=\"https:\/\/de.wikipedia.org\/wiki\/Deutsch-Mikronesien\">Deutsch-Mikronesien<\/a>). Andere Kolonialisierungsversuche \u2013 wie <a title=\"Deutsche Kolonialbestrebungen in S\u00fcdostafrika\" href=\"https:\/\/de.wikipedia.org\/wiki\/Deutsche_Kolonialbestrebungen_in_S%C3%BCdostafrika\">in S\u00fcdostafrika<\/a> und <a title=\"Manila-Zwischenfall\" href=\"https:\/\/de.wikipedia.org\/wiki\/Manila-Zwischenfall\">auf den Philippinen<\/a> \u2013 erregten das Misstrauen Gro\u00dfbritanniens und der Vereinigten Staaten. In den Bereich des informellen Imperialismus fiel der Bau der <a title=\"Bagdadbahn\" href=\"https:\/\/de.wikipedia.org\/wiki\/Bagdadbahn\">Bagdadbahn<\/a> ab 1899.<\/p>\n<p style=\"text-align: justify;\">F\u00fcr die tats\u00e4chliche Politik spielte weiterhin die Lage in Europa die zentrale Rolle. Um die Jahrhundertwende stockte die deutsch-britische Ann\u00e4herung vor allem durch das antienglische Weltmachtkonzept und den Flottenbau. Es kam allerdings zu keiner ernsten Konfrontation, da Gro\u00dfbritannien mit anderen Staaten eine Vielzahl von Konflikten hatte und au\u00dfenpolitisch unter verschiedenen Partnern w\u00e4hlen konnte. Daher hielt man sich in London auch eine Ann\u00e4herung an Berlin offen. Vor\u00fcbergehend schien sich nach der gemeinsamen Niederschlagung des <a title=\"Boxeraufstand\" href=\"https:\/\/de.wikipedia.org\/wiki\/Boxeraufstand\">Boxeraufstandes<\/a> durch die europ\u00e4ischen M\u00e4chte, die <a title=\"Vereinigte Staaten\" href=\"https:\/\/de.wikipedia.org\/wiki\/Vereinigte_Staaten\">USA<\/a> und <a title=\"Japanisches Kaiserreich\" href=\"https:\/\/de.wikipedia.org\/wiki\/Japanisches_Kaiserreich\">Japan<\/a> eine Ann\u00e4herung an Gro\u00dfbritannien abzuzeichnen. Diese f\u00fcr Deutschland g\u00fcnstige Situation \u00e4nderte sich nach 1902. Vor allem die <a title=\"Entente cordiale\" href=\"https:\/\/de.wikipedia.org\/wiki\/Entente_cordiale\">Entente cordiale<\/a> von Gro\u00dfbritannien mit Frankreich von 1904 hatte hier eine erhebliche Bedeutung. Der Versuch Deutschlands, sich wieder an Russland anzun\u00e4hern, f\u00fchrte zwar 1904 zu einem Handelsvertrag, der Erfolg aber blieb letztlich aus. Deutschland scheute hier auch ein engeres B\u00fcndnis, um angesichts des <a title=\"Russisch-Japanischer Krieg\" href=\"https:\/\/de.wikipedia.org\/wiki\/Russisch-Japanischer_Krieg\">Russisch-Japanischen Krieges<\/a> nicht zum Handlanger der russischen Politik in Fernost zu werden. Im Westen versuchte das Deutsche Reich gegen Frankreich Erfolge zu erzielen. Es stellte sich etwa gegen die franz\u00f6sische Expansion in <a title=\"Marokko\" href=\"https:\/\/de.wikipedia.org\/wiki\/Marokko\">Marokko<\/a>. Kaiser Wilhelm II. landete 1905 demonstrativ in <a title=\"Tanger\" href=\"https:\/\/de.wikipedia.org\/wiki\/Tanger\">Tanger<\/a> und forderte eine internationale Konferenz. Diese fand auch in <a title=\"Algeciras\" href=\"https:\/\/de.wikipedia.org\/wiki\/Algeciras\">Algeciras<\/a> statt, f\u00fchrte aber dazu, dass das Misstrauen gegen\u00fcber Deutschland noch zunahm. Dieses als <a title=\"Erste Marokkokrise\" href=\"https:\/\/de.wikipedia.org\/wiki\/Erste_Marokkokrise\">Erste Marokkokrise<\/a> in die Geschichte eingegangene Ereignis festigte nicht nur die Zusammenarbeit von Frankreich und England, sondern f\u00fchrte auch zu einer britisch-russischen \u00dcbereinkunft \u00fcber ihre Interessen im Mittelmeerraum. Insgesamt hatte das weltpolitische Auftrumpfen Deutschlands zu einer au\u00dfenpolitischen Isolation gef\u00fchrt, trat Deutschland doch in direkte Konkurrenz mit England und Frankreich. Diese wurde durch die Flottenr\u00fcstung vor allem gegen\u00fcber Gro\u00dfbritannien noch verst\u00e4rkt. Die Lage war auch deshalb problematisch, weil 1902 zwar der Dreibund erneuert wurde, Italien aber kurze Zeit sp\u00e4ter mit Frankreich ein geheimes Neutralit\u00e4tsabkommen schloss. Damit war das B\u00fcndnis faktisch entwertet und Deutschland hatte mit \u00d6sterreich-Ungarn nur noch einen B\u00fcndnispartner.<a href=\"https:\/\/de.wikipedia.org\/wiki\/Deutsches_Kaiserreich#cite_note-104\">[104]<\/a><\/p>\n<h4 style=\"text-align: justify;\"><span id=\"Innenpolitik_nach_der_Jahrhundertwende\">Innenpolitik nach der Jahrhundertwende<\/span><\/h4>\n<div style=\"text-align: justify;\">\n<p><a href=\"https:\/\/de.wikipedia.org\/wiki\/Datei:Reichstagssitzung1905.jpg\"><img loading=\"lazy\" decoding=\"async\" src=\"https:\/\/upload.wikimedia.org\/wikipedia\/commons\/thumb\/e\/e7\/Reichstagssitzung1905.jpg\/220px-Reichstagssitzung1905.jpg\" srcset=\"\/\/upload.wikimedia.org\/wikipedia\/commons\/thumb\/e\/e7\/Reichstagssitzung1905.jpg\/330px-Reichstagssitzung1905.jpg 1.5x, \/\/upload.wikimedia.org\/wikipedia\/commons\/thumb\/e\/e7\/Reichstagssitzung1905.jpg\/440px-Reichstagssitzung1905.jpg 2x\" alt=\"\" width=\"220\" height=\"114\" data-file-width=\"1805\" data-file-height=\"936\" \/><\/a><\/p>\n<div>\n<div><\/div>\n<\/div>\n<\/div>\n<div style=\"text-align: justify;\">\n<div>\n<div>Reichstagssitzung 1905 (Gem\u00e4lde von <a title=\"Georg Waltenberger\" href=\"https:\/\/de.wikipedia.org\/wiki\/Georg_Waltenberger\">Georg Waltenberger<\/a>)<\/div>\n<\/div>\n<\/div>\n<p style=\"text-align: justify;\">Auch innenpolitisch zeigte sich bald, dass der Flottenbau und die Weltpolitik die Probleme nur kurzfristig \u00fcberdecken konnten, sie mittelfristig jedoch eher noch verst\u00e4rkten. Die innenpolitische Stabilisierung um die Jahrhundertwende gr\u00fcndete sich auf einen kurzlebigen politischen Konsens von Konservativen, Nationalliberalen und vor allem dem Zentrum. Die <a title=\"Reichstagswahl 1903\" href=\"https:\/\/de.wikipedia.org\/wiki\/Reichstagswahl_1903\">Reichstagswahlen von 1903<\/a> \u00e4nderten daran zun\u00e4chst kaum etwas. Die Linksliberalen hatten leichte Verluste hinzunehmen, Nationalliberale und Sozialdemokraten gewannen dazu. Die Sozialdemokraten stiegen im Reichstag zur zweitst\u00e4rksten Fraktion auf. Das Zentrum blieb st\u00e4rkste Kraft und konnte trotz Verlusten seine parlamentarische Schl\u00fcsselstellung behaupten. Die Partei blieb zun\u00e4chst die wichtigste St\u00fctze der Regierung. Auch wegen dieser Abh\u00e4ngigkeit kam die Reichsleitung dem Zentrum in einigen Punkten entgegen. Als eines der letzten Relikte der Kulturkampfzeit wurde das <a title=\"Jesuitenverbot\" href=\"https:\/\/de.wikipedia.org\/wiki\/Jesuitenverbot\">Jesuitenverbot<\/a> aufgehoben. Auch die Einf\u00fchrung von <a title=\"Abgeordnetenentsch\u00e4digung\" href=\"https:\/\/de.wikipedia.org\/wiki\/Abgeordnetenentsch%C3%A4digung\">Di\u00e4ten<\/a> f\u00fcr Mitglieder des Reichstages 1906 ging auf Forderungen des Zentrums zur\u00fcck. Au\u00dferdem bestimmte die Partei den innenpolitischen Kurs des Reiches ma\u00dfgeblich mit.<\/p>\n<p style=\"text-align: justify;\">Angesichts der guten Konjunkturlage wuchsen um die Jahrhundertwende die Mitgliederzahlen der <a title=\"Gewerkschaft\" href=\"https:\/\/de.wikipedia.org\/wiki\/Gewerkschaft\">Gewerkschaften<\/a> kr\u00e4ftig. Lagen sie 1900 noch bei 680.000, waren es 1906 bereits 1,6 Millionen. Gleichzeitig nahm auch die Zahl der Arbeitsk\u00e4mpfe zu. Gab es 1900 nur 806 registrierte <a title=\"Streik\" href=\"https:\/\/de.wikipedia.org\/wiki\/Streik\">Streiks<\/a>, waren es 1906 schon 3059. Auch vor diesem Hintergrund wurde die Sozialpolitik allm\u00e4hlich wieder aufgenommen. Nach dem endg\u00fcltigen Scheitern antisozialdemokratischer Repressionsgesetze hoffte die Regierung noch einmal, mit sozialpolitischen Ma\u00dfnahmen den Zulauf der Arbeiter zur SPD begrenzen zu k\u00f6nnen. Allerdings stand dahinter auch ein st\u00e4rkerer gesellschaftlicher Druck von Seiten der Sozialreformer. Ausdruck daf\u00fcr war etwa 1901 die Gr\u00fcndung der Gesellschaft f\u00fcr Soziale Reform. Die urspr\u00fcnglichen Reformabsichten der Reichsleitung waren allerdings begrenzt. So ging es darum, die Versicherungspflicht der Sozialversicherung auszudehnen (Erweiterung der Unfallversicherung 1900), Kinderarbeit in der Heimindustrie zu verbieten oder um die Einf\u00fchrung von Gewerbegerichten in gr\u00f6\u00dferen St\u00e4dten. Die Novelle des Berggesetzes war dagegen eine Reaktion auf den <a title=\"Bergarbeiterstreik von 1905\" href=\"https:\/\/de.wikipedia.org\/wiki\/Bergarbeiterstreik_von_1905\">Bergarbeiterstreik von 1905<\/a>. Sie sah unter anderem eine Arbeitszeit unter Tage von 8\u00bd Stunden und die Einf\u00fchrung von Arbeiteraussch\u00fcssen vor. Weitergehende Reformen blieben aus.<\/p>\n<p style=\"text-align: justify;\">Milit\u00e4rpolitisch wurde die Friedenspr\u00e4senzst\u00e4rke des Heeres um 10.000 Mann erh\u00f6ht. Au\u00dferdem sah eine neue Flottenvorlage von 1905 neben dem Bau einer Reihe von Kreuzern den \u00dcbergang zu den st\u00e4rkeren aber auch teureren Schlachtschiffen vom <a title=\"Dreadnought\" href=\"https:\/\/de.wikipedia.org\/wiki\/Dreadnought\">Dreadnoughttyp<\/a> vor. All dies verst\u00e4rkte die finanzpolitischen Probleme des Reiches erheblich. Trotz langwieriger Verhandlungen kam es nicht wie erhofft zu einer gro\u00dfen Steuerreform, lediglich eine kleine Reform wurde verabschiedet.<\/p>\n<p style=\"text-align: justify;\">Problematisch f\u00fcr von B\u00fclow wurde allm\u00e4hlich, dass er nach den verschiedenen au\u00dfenpolitischen Misserfolgen den R\u00fcckhalt des Kaisers verlor. Au\u00dferdem wuchs bei den Konservativen der Unmut \u00fcber das angeblich zu zaghafte Vorgehen gegen die Sozialdemokratie. Die Position des Zentrums als parlamentarischer St\u00fctze der Regierung wurde vor allem durch innerparteiliche Ver\u00e4nderungen problematisch. Innerhalb des Zentrums kam es, gest\u00fctzt auf die <a title=\"Christliche Gewerkschaften\" href=\"https:\/\/de.wikipedia.org\/wiki\/Christliche_Gewerkschaften\">christlichen Gewerkschaften<\/a> und den <a title=\"Volksverein f\u00fcr das katholische Deutschland\" href=\"https:\/\/de.wikipedia.org\/wiki\/Volksverein_f%C3%BCr_das_katholische_Deutschland\">Volksverein f\u00fcr das katholische Deutschland<\/a>, zum Aufstieg eines starken Arbeitnehmerfl\u00fcgels. Daneben gewann ein kleinst\u00e4dtisch-agrarischer Populismus an Anh\u00e4ngern. Beide zusammen bildeten \u2013 bei allen Gegens\u00e4tzen \u2013 im Zentrum eine \u201edemokratische\u201c Richtung, die, etwa repr\u00e4sentiert von <a title=\"Matthias Erzberger\" href=\"https:\/\/de.wikipedia.org\/wiki\/Matthias_Erzberger\">Matthias Erzberger<\/a>, eine Reform des Wahlrechts in Preu\u00dfen forderte, aber auch die Kolonialpolitik ablehnte. Die Ablehnung eines Nachtragshaushaltes f\u00fcr eine weitere Unterst\u00fctzung des Kolonialkrieges gegen die aufst\u00e4ndischen <a title=\"Aufstand der Herero und Nama\" href=\"https:\/\/de.wikipedia.org\/wiki\/Aufstand_der_Herero_und_Nama\">Herero<\/a> f\u00fchrte Ende 1906 zur Aufl\u00f6sung des Reichstages<a href=\"https:\/\/de.wikipedia.org\/wiki\/Deutsches_Kaiserreich#cite_note-105\">[105]<\/a> und zu Neuwahlen.<a href=\"https:\/\/de.wikipedia.org\/wiki\/Deutsches_Kaiserreich#cite_note-106\">[106]<\/a><\/p>\n<h4 style=\"text-align: justify;\"><span id=\"B\u00fclowblock\">B\u00fclowblock<\/span><\/h4>\n<p style=\"text-align: justify;\">Der Wahlkampf wurde hochemotional gef\u00fchrt und die Regierung<a href=\"https:\/\/de.wikipedia.org\/wiki\/Deutsches_Kaiserreich#cite_note-107\">[107]<\/a> und Organisationen wie der <a title=\"Reichsverband gegen die Sozialdemokratie\" href=\"https:\/\/de.wikipedia.org\/wiki\/Reichsverband_gegen_die_Sozialdemokratie\">Reichsverband gegen die Sozialdemokratie<\/a> warfen Zentrum und SPD nationale Unzuverl\u00e4ssigkeit vor. Gegen beide schlossen Konservative, Nationalliberale und Linksliberale Wahlabsprachen \u2013 dies war der sogenannte <a title=\"B\u00fclow-Block\" href=\"https:\/\/de.wikipedia.org\/wiki\/B%C3%BClow-Block\">B\u00fclow-Block<\/a>. Die Beteiligung der Linksliberalen war nur deshalb m\u00f6glich geworden, weil diese nach dem Tod von <a title=\"Eugen Richter\" href=\"https:\/\/de.wikipedia.org\/wiki\/Eugen_Richter\">Eugen Richter<\/a> ihre Vorbehalte gegen den Kolonialismus aufgegeben hatten. Die sogenannte \u201e<a title=\"Reichstagswahl 1907\" href=\"https:\/\/de.wikipedia.org\/wiki\/Reichstagswahl_1907\">Hottentottenwahl<\/a>\u201c (<a title=\"August Bebel\" href=\"https:\/\/de.wikipedia.org\/wiki\/August_Bebel\">August Bebel<\/a>) f\u00fchrten zu Gewinnen der Blockparteien, w\u00e4hrend die SPD fast die H\u00e4lfte ihrer Mandate verlor. Das Zentrum verlor trotz Mandatszuw\u00e4chsen seine Schl\u00fcsselposition, da die Liberalen und die Konservativen zusammen die Mehrheit hatten.<\/p>\n<table>\n<caption>Mandate im Deutschen Reichstag 1890\u20131912<a href=\"https:\/\/de.wikipedia.org\/wiki\/Deutsches_Kaiserreich#cite_note-108\">[108]<\/a><\/caption>\n<tbody>\n<tr>\n<th><\/th>\n<th><a title=\"Reichstagswahl 1890\" href=\"https:\/\/de.wikipedia.org\/wiki\/Reichstagswahl_1890\">1890<\/a><\/th>\n<th><a title=\"Reichstagswahl 1893\" href=\"https:\/\/de.wikipedia.org\/wiki\/Reichstagswahl_1893\">1893<\/a><\/th>\n<th><a title=\"Reichstagswahl 1898\" href=\"https:\/\/de.wikipedia.org\/wiki\/Reichstagswahl_1898\">1898<\/a><\/th>\n<th><a title=\"Reichstagswahl 1903\" href=\"https:\/\/de.wikipedia.org\/wiki\/Reichstagswahl_1903\">1903<\/a><\/th>\n<th><a title=\"Reichstagswahl 1907\" href=\"https:\/\/de.wikipedia.org\/wiki\/Reichstagswahl_1907\">1907<\/a><\/th>\n<th><a title=\"Reichstagswahl 1912\" href=\"https:\/\/de.wikipedia.org\/wiki\/Reichstagswahl_1912\">1912<\/a><\/th>\n<\/tr>\n<tr>\n<th>Konservative<\/th>\n<td align=\"right\">73<\/td>\n<td align=\"right\">72<\/td>\n<td align=\"right\">56<\/td>\n<td align=\"right\">54<\/td>\n<td align=\"right\">60<\/td>\n<td align=\"right\">43<\/td>\n<\/tr>\n<tr>\n<th>Freikonservative<\/th>\n<td align=\"right\">20<\/td>\n<td align=\"right\">28<\/td>\n<td align=\"right\">23<\/td>\n<td align=\"right\">21<\/td>\n<td align=\"right\">24<\/td>\n<td align=\"right\">14<\/td>\n<\/tr>\n<tr>\n<th>Nationalliberale<\/th>\n<td align=\"right\">42<\/td>\n<td align=\"right\">53<\/td>\n<td align=\"right\">46<\/td>\n<td align=\"right\">51<\/td>\n<td align=\"right\">54<\/td>\n<td align=\"right\">45<\/td>\n<\/tr>\n<tr>\n<th>Linksliberale<\/th>\n<td align=\"right\">66<\/td>\n<td align=\"right\">37<\/td>\n<td align=\"right\">41<\/td>\n<td align=\"right\">30<\/td>\n<td align=\"right\">42<\/td>\n<td align=\"right\">42<\/td>\n<\/tr>\n<tr>\n<th>Zentrum<\/th>\n<td align=\"right\">106<\/td>\n<td align=\"right\">96<\/td>\n<td align=\"right\">102<\/td>\n<td align=\"right\">100<\/td>\n<td align=\"right\">105<\/td>\n<td align=\"right\">91<\/td>\n<\/tr>\n<tr>\n<th>Sozialdemokraten<\/th>\n<td align=\"right\">35<\/td>\n<td align=\"right\">44<\/td>\n<td align=\"right\">56<\/td>\n<td align=\"right\">81<\/td>\n<td align=\"right\">43<\/td>\n<td align=\"right\">110<\/td>\n<\/tr>\n<tr>\n<th>Minderheiten<\/th>\n<td align=\"right\">38<\/td>\n<td align=\"right\">35<\/td>\n<td align=\"right\">34<\/td>\n<td align=\"right\">32<\/td>\n<td align=\"right\">29<\/td>\n<td align=\"right\">33<\/td>\n<\/tr>\n<tr>\n<th>Antisemiten<\/th>\n<td align=\"right\">5<\/td>\n<td align=\"right\">16<\/td>\n<td align=\"right\">13<\/td>\n<td align=\"right\">11<\/td>\n<td align=\"right\">22<\/td>\n<td align=\"right\">10<\/td>\n<\/tr>\n<tr>\n<th>Deutsche Volkspartei<\/th>\n<td align=\"right\">10<\/td>\n<td align=\"right\">11<\/td>\n<td align=\"right\">8<\/td>\n<td align=\"right\">6<\/td>\n<td align=\"right\">7<\/td>\n<td align=\"right\">&#8211;<\/td>\n<\/tr>\n<tr>\n<th>Sonstige<\/th>\n<td align=\"right\">2<\/td>\n<td align=\"right\">5<\/td>\n<td align=\"right\">18<\/td>\n<td align=\"right\">11<\/td>\n<td align=\"right\">11<\/td>\n<td align=\"right\">9<\/td>\n<\/tr>\n<\/tbody>\n<\/table>\n<p style=\"text-align: justify;\">Der B\u00fclowblock blieb nicht nur ein Wahlb\u00fcndnis, sondern von B\u00fclow verk\u00fcndete, sich in Zukunft auf diese Parteien st\u00fctzen zu wollen. Deutlich gemacht wurde der Politikwechsel durch die Ersetzung von Innenstaatssekret\u00e4r Posadowsky, der an einer Zusammenarbeit mit dem Zentrum festhalten wollte, durch <a title=\"Theobald von Bethmann Hollweg\" href=\"https:\/\/de.wikipedia.org\/wiki\/Theobald_von_Bethmann_Hollweg\">Theobald von Bethmann Hollweg<\/a>. In zahlreichen Politikfeldern gab es \u00dcbereinstimmungen, in anderen Bereichen waren Kompromisse m\u00f6glich, aber es gab innerhalb des B\u00fclowblocks auch kaum \u00fcberbr\u00fcckbare Gegens\u00e4tze. Es wurde eine Reform des Vereins- und Versammlungsrechts durchgef\u00fchrt, die zwar liberale Fortschritte brachte, aber auf Druck der Konservativen auch erhebliche Grenzen aufwies. So hatten Landarbeiter weiterhin kein Koalitionsrecht. Hinzu kam ein Sprachenparagraph, der die deutsche Sprache in \u00f6ffentlichen Versammlungen vorschrieb und damit ein Ausnahmegesetz gegen die franz\u00f6sisch sprechenden Lothringer und die Polen darstellte. Dies konnten die Linksliberalen nur schwer mittragen. Einige wie <a title=\"Theodor Barth (Politiker)\" href=\"https:\/\/de.wikipedia.org\/wiki\/Theodor_Barth_(Politiker)\">Theodor Barth<\/a> verweigerten die Zustimmung und traten aus der freisinnigen Vereinigung aus. Ebenso umstritten blieb das preu\u00dfische Wahlrecht. W\u00e4hrend die Deutschkonservativen auf der einen Seite das Dreiklassenwahlrecht verteidigten, verlangten die Linksliberalen auf der anderen Seite die Einf\u00fchrung des demokratischen Reichstagswahlrechts. Ein weiteres Konfliktfeld war die immer dr\u00e4ngender werdende Reichsfinanzreform. Diese Gegens\u00e4tze konnte B\u00fclow eine Zeit lang \u00fcberbr\u00fccken und moderieren, allerdings war er nun nicht nur von der Gunst des Kaisers, sondern auch von einer br\u00fcchigen Regierungsmehrheit abh\u00e4ngig.<\/p>\n<p style=\"text-align: justify;\">Noch erschwert wurde die innenpolitische Lage durch die <a title=\"Daily-Telegraph-Aff\u00e4re\" href=\"https:\/\/de.wikipedia.org\/wiki\/Daily-Telegraph-Aff%C3%A4re\">Daily-Telegraph-Aff\u00e4re<\/a>.<a href=\"https:\/\/de.wikipedia.org\/wiki\/Deutsches_Kaiserreich#cite_note-109\">[109]<\/a> Eine Sammlung von \u00c4u\u00dferungen Wilhelms II. w\u00e4hrend seines Englandbesuchs dokumentierte eine Reihe von taktlosen und politisch unklugen \u00c4u\u00dferungen des Kaisers. In der politischen und publizistischen \u00d6ffentlichkeit nahm daraufhin die Kritik am \u201epers\u00f6nlichen Regiment\u201c zu. Das Kaisertum verlor dabei einen Gro\u00dfteil seiner \u00dcberzeugungskraft. Einige Publizisten wie <a title=\"Maximilian Harden\" href=\"https:\/\/de.wikipedia.org\/wiki\/Maximilian_Harden\">Maximilian Harden<\/a> verlangten sogar den R\u00fccktritt des Kaisers, und selbst die Konservativen sahen sich gen\u00f6tigt, dem Kaiser k\u00fcnftig Zur\u00fcckhaltung zu empfehlen. Tats\u00e4chlich wurden die kaiserlichen Einmischungen von Wilhelm II. in die Tagespolitik seither seltener. Da auch der Kanzler den Kaiser kaum verteidigte, verlor B\u00fclow bei Wilhelm II. nunmehr v\u00f6llig die Unterst\u00fctzung.<\/p>\n<p style=\"text-align: justify;\">Zum Schicksal des B\u00fclowblocks wurde 1909 die Frage der Reichsfinanzreform. Die Lage der Reichsfinanzen war durch den Flottenbau und die Weltpolitik desolat. Die Ausgaben \u00fcberstiegen die Einnahmen und die Schulden des Staates stiegen an. Sie lagen bei 4,5 Milliarden Mark (1890 waren es erst 1,1 Milliarden gewesen) und das j\u00e4hrliche Defizit lag bei \u00fcber 500 Millionen Mark. Die Schwierigkeit einer Finanzreform hatte dabei nicht zuletzt auch allgemeinpolitische Hintergr\u00fcnde, ging es doch darum zu kl\u00e4ren, welche Bev\u00f6lkerungsgruppe die Lasten der Aufr\u00fcstung zu tragen hatte. W\u00e4hrend Verbrauchssteuern die Geringverdiener belastet h\u00e4tten, w\u00fcrden Besitzsteuern die Wohlhabenden betreffen. Die Regierung legte einen Gesetzentwurf vor, der sich bem\u00fchte, die Interessen der verschiedenen Blockparteien zu ber\u00fccksichtigen. Bald zeigte sich allerdings, dass in der Frage von Erbschaftssteuern keine Einigung zu erzielen war. Vor allem die Konservativen wollten eine Belastung des Grundbesitzes auf jeden Fall vermeiden, w\u00e4hrend die Liberalen in einer st\u00e4rkeren Besteuerung von Grund und Boden eine \u00fcberf\u00e4llige Notwendigkeit sahen. Nach langen internen Debatten entschied sich das Zentrum schlie\u00dflich daf\u00fcr, zusammen mit den Konservativen zu stimmen. Zwar sah das Gesetz letztlich etwas moderater aus, aber der Gro\u00dfgrundbesitz schaffte es noch einmal, seine Interessen durchzusetzen. Dagegen entstand eine breite Protestbewegung, die sich im <a title=\"Hansabund\" href=\"https:\/\/de.wikipedia.org\/wiki\/Hansabund\">Hansabund<\/a> sammelte. Politisch war der Block an der Finanzreform endg\u00fcltig zerbrochen. Dies f\u00fchrte im Juni 1909 schlie\u00dflich zur Entlassung von B\u00fclows.<a href=\"https:\/\/de.wikipedia.org\/wiki\/Deutsches_Kaiserreich#cite_note-110\">[110]<\/a><\/p>\n<h3 style=\"text-align: justify;\"><span id=\"Vorabend_des_Ersten_Weltkrieges\">Vorabend des Ersten Weltkrieges<\/span><\/h3>\n<h4 style=\"text-align: justify;\"><span id=\"Parteienkonstellation\">Parteienkonstellation<\/span><\/h4>\n<p style=\"text-align: justify;\">Innerhalb der konservativen Partei scheiterten die Versuche, die einseitige Konzentration auf die agrarischen Interessen durch die Schaffung einer konservativen Volkspartei zu \u00fcberwinden. Stattdessen herrschte immer st\u00e4rker eine Belagerungsmentalit\u00e4t vor und die Partei verteidigte noch z\u00e4her als zuvor ihre Positionen. Dies geschah zunehmend auch gegen die Regierung und teilweise in Zusammenarbeit mit der neuen Rechten. Trotz dieser Entwicklung arbeitete das Zentrum bis etwa 1912\/1913 mit den Konservativen zusammen, nicht zuletzt, um nicht wieder in die politische Isolation zu geraten. Das wurde erleichtert durch die Schw\u00e4chung des demokratischen Fl\u00fcgels innerhalb des Zentrums. Der Arbeiterfl\u00fcgel etwa wurde durch den sogenannten <a title=\"Gewerkschaftsstreit\" href=\"https:\/\/de.wikipedia.org\/wiki\/Gewerkschaftsstreit\">Gewerkschafts-<\/a> und <a title=\"Zentrumsstreit\" href=\"https:\/\/de.wikipedia.org\/wiki\/Zentrumsstreit\">Zentrumsstreit<\/a> geschw\u00e4cht. Insgesamt r\u00fcckte die Partei st\u00e4rker nach rechts. Umgekehrt f\u00fchrte das Scheitern des B\u00fclowblocks bei den Nationalliberalen zu einer scharfen Distanzierung gegen\u00fcber den Konservativen und zu einem gewissen Schwenk nach links. Dies geschah nicht ohne Spannungen, gab es doch weiterhin Anh\u00e4nger einer Zusammenarbeit mit den Konservativen. Die Fraktionsf\u00fchrung um <a title=\"Ernst Bassermann\" href=\"https:\/\/de.wikipedia.org\/wiki\/Ernst_Bassermann\">Ernst Bassermann<\/a> versuchte, die auseinanderstrebenden Kr\u00e4fte zusammenzuhalten, w\u00e4hrend der linke Fl\u00fcgel um <a title=\"Gustav Stresemann\" href=\"https:\/\/de.wikipedia.org\/wiki\/Gustav_Stresemann\">Gustav Stresemann<\/a> ein B\u00fcndnis mit den Linksliberalen anstrebte. Bei den Linksliberalen ihrerseits f\u00fchrten die Erfahrungen w\u00e4hrend des B\u00fclowblocks 1910 zum Zusammenschluss zur Fortschrittlichen Volkspartei. Diese Partei wandte sich nunmehr entschieden gegen die Rechte. Umstritten blieb freilich ein B\u00fcndnis mit der SPD, etwa nach dem Vorbild des Gro\u00dfblocks in Baden. Dabei spielte allerdings auch die Entwicklung der Sozialdemokraten eine Rolle. Es stellte sich angesichts der St\u00e4rke der Partei immer dringlicher die Frage, welche Richtung die SPD einschlagen w\u00fcrde. Die sogenannten \u201eZentristen\u201c verbanden eine <a title=\"Marxismus\" href=\"https:\/\/de.wikipedia.org\/wiki\/Marxismus\">marxistische<\/a> Ideologie mit praktischer Reformarbeit, setzten auf eine weitere organisatorische St\u00e4rkung und erwarteten den Zusammenbruch von Staat und Gesellschaft. Die Linke um <a title=\"Rosa Luxemburg\" href=\"https:\/\/de.wikipedia.org\/wiki\/Rosa_Luxemburg\">Rosa Luxemburg<\/a> pl\u00e4dierte dagegen f\u00fcr <a title=\"Massenstreikdebatte\" href=\"https:\/\/de.wikipedia.org\/wiki\/Massenstreikdebatte\">Massenstreiks<\/a>, wollte die Arbeiterschaft radikalisieren und die Revolution vorbereiten. Die Reformisten um <a title=\"Eduard Bernstein\" href=\"https:\/\/de.wikipedia.org\/wiki\/Eduard_Bernstein\">Eduard Bernstein<\/a> sprachen sich dagegen f\u00fcr Reformen und eine Zusammenarbeit mit den linken Liberalen aus, fanden f\u00fcr diesen Kurs innerhalb der Partei aber keine Mehrheit. Die Parteif\u00fchrung um August Bebel folgte mit Blick auf die Einheit der SPD weitgehend der zentristischen Linie.<a href=\"https:\/\/de.wikipedia.org\/wiki\/Deutsches_Kaiserreich#cite_note-111\">[111]<\/a><\/p>\n<h4 style=\"text-align: justify;\"><span id=\"Anf.C3.A4nge_der_Regierung_Bethmann_Hollweg\"> <\/span><span id=\"Anf\u00e4nge_der_Regierung_Bethmann_Hollweg\">Anf\u00e4nge der Regierung Bethmann Hollweg<\/span><\/h4>\n<div style=\"text-align: justify;\">\n<p><a href=\"https:\/\/de.wikipedia.org\/wiki\/Datei:Theobald_von_Bethmann-Hollweg_Portrait.jpg\"><img loading=\"lazy\" decoding=\"async\" src=\"https:\/\/upload.wikimedia.org\/wikipedia\/commons\/thumb\/f\/fe\/Theobald_von_Bethmann-Hollweg_Portrait.jpg\/220px-Theobald_von_Bethmann-Hollweg_Portrait.jpg\" srcset=\"\/\/upload.wikimedia.org\/wikipedia\/commons\/thumb\/f\/fe\/Theobald_von_Bethmann-Hollweg_Portrait.jpg\/330px-Theobald_von_Bethmann-Hollweg_Portrait.jpg 1.5x, \/\/upload.wikimedia.org\/wikipedia\/commons\/f\/fe\/Theobald_von_Bethmann-Hollweg_Portrait.jpg 2x\" alt=\"\" width=\"220\" height=\"328\" data-file-width=\"408\" data-file-height=\"608\" \/><\/a><\/p>\n<div>\n<div><\/div>\n<\/div>\n<\/div>\n<div style=\"text-align: justify;\">\n<div>\n<div>Reichskanzler Theobald von Bethmann Hollweg<\/div>\n<\/div>\n<\/div>\n<p style=\"text-align: justify;\">Nach dem Ende der Kanzlerschaft von B\u00fclows war der Versuch, das Kaiserreich durch imperialistische Expansion und moderate Reformen im Innern zu stabilisieren, weitgehend gescheitert. Der Bruch des B\u00fclow-Blockes hatte stattdessen das Gegen\u00fcber von l\u00e4ndlich-agrarischer und st\u00e4dtisch-industrieller Welt noch einmal versch\u00e4rft. Allerdings haben die Parteien und der Reichstag an Einfluss gewonnen, w\u00e4hrend der Kaiser und die Reichsleitung geschw\u00e4cht wurden. Der neue Reichskanzler hie\u00df <a title=\"Theobald von Bethmann Hollweg\" href=\"https:\/\/de.wikipedia.org\/wiki\/Theobald_von_Bethmann_Hollweg\">Bethmann Hollweg<\/a>, der zusammen mit <a title=\"Clemens von Delbr\u00fcck\" href=\"https:\/\/de.wikipedia.org\/wiki\/Clemens_von_Delbr%C3%BCck\">Clemens von Delbr\u00fcck<\/a> als Staatssekret\u00e4r des Inneren versuchte, die gest\u00e4rkte Position des Reichstages wieder zur\u00fcckzudr\u00e4ngen. Der neue Kanzler vermied es daher auch, sich auf Dauer an eine Parteienkoalition zu binden, und setzte stattdessen auf wechselnde Mehrheiten. Allerdings blieb die Regierung in der Praxis zun\u00e4chst auf die Unterst\u00fctzung des Zentrums und der Konservativen angewiesen. Durch die Abh\u00e4ngigkeit von den Konservativen blieben alle Reformans\u00e4tze halbherzig. Im Zweifel wurden Entscheidungen vertagt, da die innenpolitische Stabilisierung meist Vorrang vor der L\u00f6sung von Sachproblemen hatte. In der Finanzpolitik war dies insofern erfolgreich, weil sich die Regierung in einen strikten Sparkurs rettete. Um den Versuch von Reformen kam die Regierung angesichts des Ver\u00e4nderungsdrucks der b\u00fcrgerlichen und sozialdemokratischen Linken kaum herum, versuchte aber gleichzeitig Konservative, Zentrum und Nationalliberale n\u00e4her zusammenzubringen. Dies engte den Spielraum stark ein. Dies zeigte sich etwa angesichts des Reformversuchs des preu\u00dfischen Dreiklassenwahlrechts im Jahr 1910. Den Konservativen ging der Gesetzentwurf der Regierung zu weit, w\u00e4hrend die Liberalen ihn als nicht weitgehend genug ablehnten. Die Sozialdemokraten demonstrierten in Massenkundgebungen f\u00fcr ein demokratisches Wahlrecht, was allerdings dazu f\u00fchrte, dass der \u201eschwarz-blaue Block\u201c aus Zentrum und Konservativen allen Reformans\u00e4tzen in dieser Frage eine Absage erteilte. Ein ganz anderes Schicksal ereilte die Einf\u00fchrung einer Verfassung f\u00fcr das <a title=\"Reichsland Elsa\u00df-Lothringen\" href=\"https:\/\/de.wikipedia.org\/wiki\/Reichsland_Elsa%C3%9F-Lothringen\">Reichsland Elsa\u00df-Lothringen<\/a>. Anstatt den Regierungsantrag zu \u00fcbernehmen, \u00fcbernahmen im Reichstag Zentrum, SPD und Linksliberale die Initiative und gestalteten die Verfassung in entscheidenden Punkten um.<a href=\"https:\/\/de.wikipedia.org\/wiki\/Deutsches_Kaiserreich#cite_note-112\">[112]<\/a> Dagegen blieb die Wirtschaftspolitik weiterhin landwirtschaftsfreundlich ausgerichtet. In der Sozialpolitik allerdings gab es Bewegung. Dazu z\u00e4hlte etwa 1911 die <a title=\"Reichsversicherungsordnung\" href=\"https:\/\/de.wikipedia.org\/wiki\/Reichsversicherungsordnung\">Reichsversicherungsordnung<\/a>, die gewisserma\u00dfen den Aufbau der Sozialversicherung abschloss. In diesen Rahmen geh\u00f6rt auch die Einf\u00fchrung der Angestelltenversicherung. Diese neue Einrichtung hatte dabei die nicht unwillkommene Folge, dass die sozialen Unterschiede zwischen Angestellten und Arbeitern betont und institutionalisiert wurden.<a href=\"https:\/\/de.wikipedia.org\/wiki\/Deutsches_Kaiserreich#cite_note-113\">[113]<\/a><\/p>\n<h4 style=\"text-align: justify;\"><span id=\"Die_politische_Entwicklung_nach_der_Reichstagswahl_von_1912\">Die politische Entwicklung nach der Reichstagswahl von 1912<\/span><\/h4>\n<p style=\"text-align: justify;\">War das Regieren des Kaiserreichs bis zur <a title=\"Reichstagswahl 1912\" href=\"https:\/\/de.wikipedia.org\/wiki\/Reichstagswahl_1912\">Reichstagswahl 1912<\/a> bereits h\u00f6chst schwierig, verst\u00e4rkte sich dies anschlie\u00dfend noch einmal deutlich. Die Unzufriedenheit der W\u00e4hler mit der schwankenden Regierungspolitik f\u00fchrte letztlich zu erheblichen Verlusten der Konservativen, des Zentrums, aber auch der liberalen Parteien. Die klaren Gewinner waren die Sozialdemokraten, die erstmals zur st\u00e4rksten Fraktion wurden. Die Folge war freilich, dass der schwarz-blaue Block seine Mehrheit verloren hatte, ohne dass eine neue Mehrheit in Sicht gewesen w\u00e4re. Die Konservativen befanden sich nunmehr in der Defensive, und au\u00dferhalb des Parlaments gewann die neue Rechte um den Alldeutschen Verband oder den <a title=\"Deutscher Wehrverein\" href=\"https:\/\/de.wikipedia.org\/wiki\/Deutscher_Wehrverein\">Deutschen Wehrverein<\/a> Zulauf. Zusammen mit agrarischen und industriellen Interessenverb\u00e4nden entstand 1913 das <a title=\"Kartell der schaffenden St\u00e4nde\" href=\"https:\/\/de.wikipedia.org\/wiki\/Kartell_der_schaffenden_St%C3%A4nde\">Kartell der schaffenden St\u00e4nde<\/a> als eine Art rechter Dachorganisation. Die Rechte wandte sich dabei mehr oder weniger deutlich nicht nur gegen die Linke, sondern auch gegen die Regierung. Bei aller Zusammenarbeit verblieben im rechten Lager allerdings auch Unterschiede, etwa zwischen den Verteidigern l\u00e4ndlicher Interessen und v\u00f6lkischen Gruppen. Auf der anderen Seite zeichneten sich nach den Wahlen von 1912 auch Reformans\u00e4tze ab. So verlor im Zentrum der agrarische Fl\u00fcgel an Gewicht, w\u00e4hrend die B\u00fcrgerlichen an Einfluss gewannen. In der Folge l\u00f6ste sich die Partei von ihrer Bindung an die Konservativen und suchte die Zusammenarbeit mit den Nationalliberalen. Beide zusammen vertraten eine nationalistische und r\u00fcstungsfreundliche Politik, forderten aber auch eine st\u00e4rkere Demokratisierung des Reiches und mehr Rechte f\u00fcr das Parlament. Die Linksliberalen unterst\u00fctzten dies und versuchten Br\u00fccken zu den Sozialdemokraten zu schlagen. Allerdings gab es bei Zentrum und Nationalliberalen weiterhin gro\u00dfe Widerst\u00e4nde gegen eine Zusammenarbeit mit der SPD. Umgekehrt waren die Vorbehalte der Sozialdemokraten ebenfalls betr\u00e4chtlich.<\/p>\n<p style=\"text-align: justify;\">Vor dem Hintergrund der neuen Mehrheitsverh\u00e4ltnisse war die Lage der Regierung noch schwieriger geworden, als sie ohnehin schon war. Die vom Reichskanzler als \u201ePolitik der Diagonalen\u201c bezeichnete Vorgehensweise folgte keinem Konzept, sondern versuchte je nach Situation zu reagieren. Insgesamt herrschte seit 1912 eine Blockade der Innenpolitik vor. Besonders deutlich wurde dies in der Sozialpolitik. Der gro\u00dfe <a title=\"Bergarbeiterstreik von 1912\" href=\"https:\/\/de.wikipedia.org\/wiki\/Bergarbeiterstreik_von_1912\">Bergarbeiterstreik von 1912<\/a> war Ausdruck einer erneuten Zunahme von Arbeitsk\u00e4mpfen und f\u00fchrte zwar zu neuen antigewerkschaftlichen \u00dcberlegungen, nicht aber zu einer weiteren Ausgestaltung der Sozialpolitik. Kaum Probleme hatte die Regierung dagegen bei der Umsetzung der Flotten- und Wehrpolitik. So konnte 1912 sowohl eine Verst\u00e4rkung des Heeres wie eine Novellierung der Flottengesetze beschlossen werden. Am 30. Juni 1913<a href=\"https:\/\/de.wikipedia.org\/wiki\/Deutsches_Kaiserreich#cite_note-114\">[114]<\/a> stimmten die b\u00fcrgerlichen Parteien einer neuen Wehrvorlage zu, die angesichts der au\u00dfenpolitischen Spannungen die st\u00e4rkste Heeresvergr\u00f6\u00dferung des Kaiserreichs bedeutete. Bei der Finanzierung der neuen R\u00fcstungsausgaben folgte das Parlament nicht den Vorstellungen der Regierung, sondern beschloss mit dem sogenannten <a title=\"Wehrbeitrag\" href=\"https:\/\/de.wikipedia.org\/wiki\/Wehrbeitrag\">Wehrbeitrag<\/a> eine einmalige <a title=\"Verm\u00f6gensabgabe\" href=\"https:\/\/de.wikipedia.org\/wiki\/Verm%C3%B6gensabgabe\">Verm\u00f6gensabgabe<\/a> sowie eine progressive Verm\u00f6genssteuer. Dabei stimmten erstmals Zentrum, Liberale und Sozialdemokraten zusammen. Diese Zusammenarbeit funktionierte im beschr\u00e4nkten Umfang auch bei der Ausdehnung der Parlamentsrechte insgesamt. So wurden unter anderem Vertrauens- oder Misstrauensabstimmungen eingef\u00fchrt. Angewandt wurde dieses Instrument etwa im Zusammenhang der <a title=\"Zabern-Aff\u00e4re\" href=\"https:\/\/de.wikipedia.org\/wiki\/Zabern-Aff%C3%A4re\">Zabern-Aff\u00e4re<\/a><a href=\"https:\/\/de.wikipedia.org\/wiki\/Deutsches_Kaiserreich#cite_note-115\">[115]<\/a> 1913, als Kaiser, Regierung und milit\u00e4rische F\u00fchrung das unrechtm\u00e4\u00dfige Vorgehen von Soldaten gegen Zivilisten in Elsass-Lothringen deckten. Anschlie\u00dfend sprach der Reichstag gegen die Stimmen der Konservativen der Regierung das Misstrauen aus. Ob am Ende der Vorkriegszeit eine echte Chance f\u00fcr eine Parlamentarisierung bestand, ist umstritten. Allerdings trug die mangelnde Handlungsf\u00e4higkeit von Reichstag auf der einen Seite und Regierung auf der anderen Seite dazu bei, einen m\u00f6glichen Krieg auch als eine Art innenpolitischen Befreiungsschlag zu betrachten.<a href=\"https:\/\/de.wikipedia.org\/wiki\/Deutsches_Kaiserreich#cite_note-116\">[116]<\/a><\/p>\n<h4 style=\"text-align: justify;\"><span id=\"Au.C3.9Fenpolitik\"> <\/span><span id=\"Au\u00dfenpolitik\">Au\u00dfenpolitik<\/span><\/h4>\n<h5 style=\"text-align: justify;\"><span id=\"Folgen_der_Bosnienkrise\">Folgen der Bosnienkrise<\/span><\/h5>\n<div style=\"text-align: justify;\">\n<p><a href=\"https:\/\/de.wikipedia.org\/wiki\/Datei:Wilhelm_II._1905.jpeg\"><img loading=\"lazy\" decoding=\"async\" src=\"https:\/\/upload.wikimedia.org\/wikipedia\/commons\/thumb\/a\/ab\/Wilhelm_II._1905.jpeg\/170px-Wilhelm_II._1905.jpeg\" srcset=\"\/\/upload.wikimedia.org\/wikipedia\/commons\/thumb\/a\/ab\/Wilhelm_II._1905.jpeg\/255px-Wilhelm_II._1905.jpeg 1.5x, \/\/upload.wikimedia.org\/wikipedia\/commons\/a\/ab\/Wilhelm_II._1905.jpeg 2x\" alt=\"\" width=\"170\" height=\"447\" data-file-width=\"284\" data-file-height=\"747\" \/><\/a><\/p>\n<div>\n<div><\/div>\n<\/div>\n<\/div>\n<div style=\"text-align: justify;\">\n<div>\n<div>Wilhelm II. im Jahr 1905 (Bildpostkarte)<\/div>\n<\/div>\n<\/div>\n<p style=\"text-align: justify;\">In den letzten Jahren vor dem Ausbruch des <a title=\"Erster Weltkrieg\" href=\"https:\/\/de.wikipedia.org\/wiki\/Erster_Weltkrieg\">Ersten Weltkrieges<\/a> nahmen die internationalen Spannungen deutlich zu. Besonders konflikttr\u00e4chtig war dabei der Balkan. \u00d6sterreich-Ungarn annektierte 1908 die bereits 1878 besetzten osmanischen Provinzen Bosnien und Herzegowina. Dies l\u00f6ste heftige Proteste Serbiens unterst\u00fctzt von Russland aus. Deutschland stellte sich dabei eindeutig auf die Seite der Doppelmonarchie und \u00fcbte massiven diplomatischen Druck auf Russland aus. Die <a title=\"Bosnische Annexionskrise\" href=\"https:\/\/de.wikipedia.org\/wiki\/Bosnische_Annexionskrise\">Bosnienkrise<\/a> war zwar ein kurzfristiger Erfolg der <a title=\"Mittelm\u00e4chte\" href=\"https:\/\/de.wikipedia.org\/wiki\/Mittelm%C3%A4chte\">Mittelm\u00e4chte<\/a>, hatte aber f\u00fcr Deutschland langfristig negative Folgen. Zum einen wurde es noch st\u00e4rker als zuvor an \u00d6sterreich gebunden und zum anderen f\u00fchrte die diplomatische Niederlage zum Beginn einer massiven Aufr\u00fcstung.<\/p>\n<p style=\"text-align: justify;\">Auch von B\u00fclow, noch amtierender Kanzler, erkannte die Gefahr einer solchen Risikopolitik und steuerte nunmehr einen vorsichtigeren Kurs. Daran kn\u00fcpfte Bethmann Hollweg an, der die Au\u00dfenpolitik deutlicher von der Weltpolitik nach Europa zur\u00fcckverlagerte. Au\u00dferdem versuchte der neue Kanzler, durch eine gr\u00f6\u00dfere Berechenbarkeit das Vertrauen der \u00fcbrigen M\u00e4chte zur\u00fcckzugewinnen. Dabei setzte er auf einen Kurs der Entspannung gegen\u00fcber Russland und Frankreich und bessere Beziehungen zu England. Tats\u00e4chlich verbesserte sich das Verh\u00e4ltnis sowohl zu Russland wie auch Frankreich zeitweise. Mit Gro\u00dfbritannien hoffte das Reich zu einer Verst\u00e4ndigung in der Flottenfrage zu kommen und im Fall eines m\u00f6glichen Krieges die Zusicherung der britischen Neutralit\u00e4t zu erhalten. Dazu kam es nicht, weil einerseits Kaiser und \u00d6ffentlichkeit in Deutschland kaum zu Abstrichen bei der Flottenr\u00fcstung bereit waren und andererseits die Bereitschaft in Gro\u00dfbritannien begrenzt war, die guten Beziehungen zu Frankreich und Russland aufs Spiel zu setzen.<a href=\"https:\/\/de.wikipedia.org\/wiki\/Deutsches_Kaiserreich#cite_note-117\">[117]<\/a><\/p>\n<h5 style=\"text-align: justify;\"><span id=\"Panthersprung_nach_Agadir\">Panthersprung nach Agadir<\/span><\/h5>\n<p style=\"text-align: justify;\">Ein Gro\u00dfteil des gerade wieder gewonnenen Vertrauens verspielte Deutschland im Zusammenhang mit der <a title=\"Zweite Marokkokrise\" href=\"https:\/\/de.wikipedia.org\/wiki\/Zweite_Marokkokrise\">zweiten Marokkokrise<\/a> 1911, die vom Reich bewusst ausgel\u00f6st wurde. Ursache war das milit\u00e4rische Vordringen Frankreichs, das den internationalen Absprachen widersprach. Unter der Leitung des neuen Au\u00dfenstaatssekret\u00e4rs <a title=\"Alfred von Kiderlen-Waechter\" href=\"https:\/\/de.wikipedia.org\/wiki\/Alfred_von_Kiderlen-Waechter\">Alfred von Kiderlen-Waechter<\/a> setzte die Reichsleitung auf einen harten Kurs.<a href=\"https:\/\/de.wikipedia.org\/wiki\/Deutsches_Kaiserreich#cite_note-118\">[118]<\/a> Dabei spielten nun auch wieder weltpolitische Ambitionen eine Rolle. Das Reich war nur vordergr\u00fcndig an einer Unabh\u00e4ngigkeit Marokkos interessiert. Das eigentliche Ziel war es, f\u00fcr die Anerkennung der franz\u00f6sischen Vorherrschaft in Marokko im Gegenzug die Abtretung franz\u00f6sischer Besitzt\u00fcmer in <a title=\"Franz\u00f6sisch-\u00c4quatorialafrika\" href=\"https:\/\/de.wikipedia.org\/wiki\/Franz%C3%B6sisch-%C3%84quatorialafrika\">Franz\u00f6sisch-\u00c4quatorialafrika<\/a> zu erreichen. Am 1. Juli ankerte das auf der Heimreise aus Kamerun befindliche Kanonenboot <a title=\"SMS Panther (1901)\" href=\"https:\/\/de.wikipedia.org\/wiki\/SMS_Panther_(1901)\">SMS <em>Panther<\/em><\/a> vor dem weit s\u00fcdlich des franz\u00f6sischen Operationsgebietes liegenden <a title=\"Agadir\" href=\"https:\/\/de.wikipedia.org\/wiki\/Agadir\">Agadir<\/a>.<a href=\"https:\/\/de.wikipedia.org\/wiki\/Deutsches_Kaiserreich#cite_note-119\">[119]<\/a> Der Vorgang, in der zeitgen\u00f6ssischen Presse als \u201e<a title=\"Panthersprung nach Agadir\" href=\"https:\/\/de.wikipedia.org\/wiki\/Panthersprung_nach_Agadir\">Panthersprung nach Agadir<\/a>\u201c betitelt, erregte besonders in Gro\u00dfbritannien Aufsehen. Als Frankreich sich davon nicht beeindrucken lie\u00df und England sich auf die Seite Frankreichs stellte, sodass ein europ\u00e4ischer Krieg drohte, musste das Reich letztlich einlenken. Im <a title=\"Marokko-Kongo-Vertrag\" href=\"https:\/\/de.wikipedia.org\/wiki\/Marokko-Kongo-Vertrag\">Marokko-Kongo-Vertrag<\/a> akzeptierte Deutschland die franz\u00f6sische Vorherrschaft in Marokko und erhielt als Kompensation Teile Franz\u00f6sisch-\u00c4quatorialafrikas, die als \u201e<a title=\"Neukamerun\" href=\"https:\/\/de.wikipedia.org\/wiki\/Neukamerun\">Neukamerun<\/a>\u201c an die deutsche Kolonie Kamerun (\u201e<a title=\"Altkamerun\" href=\"https:\/\/de.wikipedia.org\/wiki\/Altkamerun\">Altkamerun<\/a>\u201c) angegliedert wurden. Kamerun bekam dadurch einen schmalen Zugang zum <a title=\"Kongo (Fluss)\" href=\"https:\/\/de.wikipedia.org\/wiki\/Kongo_(Fluss)\">Kongo<\/a>.<a href=\"https:\/\/de.wikipedia.org\/wiki\/Deutsches_Kaiserreich#cite_note-120\">[120]<\/a> Letztlich bedeutete der Ausgang der zweiten Marokkokrise aber eine diplomatische Niederlage f\u00fcr das Deutsche Reich. Die forsche \u201e<a title=\"Kanonenbootpolitik\" href=\"https:\/\/de.wikipedia.org\/wiki\/Kanonenbootpolitik\">Kanonenboot-Diplomatie<\/a>\u201c hatte nicht zum Erfolg gef\u00fchrt, Frankreich wurde das gegen\u00fcber den zentralafrikanischen Gebieten wirtschaftlich ungleich wertvollere Marokko zugesprochen. Auf der internationalen Konferenz waren die deutschen Forderungen allgemein auf Ablehnung gesto\u00dfen und nur noch von \u00d6sterreich-Ungarn unterst\u00fctzt worden, so dass die zunehmende Isolierung Deutschlands deutlich wurde.<\/p>\n<h5 style=\"text-align: justify;\"><span id=\"Balkankriege\">Balkankriege<\/span><\/h5>\n<p style=\"text-align: justify;\">In der \u00f6ffentlichen Meinung und auch im Reichstag blieb die Konfliktbereitschaft hoch, gleichzeitig wuchs von Seiten des Generalstabs die Kritik an der Regierung. Durch die Festigung der englisch-franz\u00f6sischen <a title=\"Triple Entente\" href=\"https:\/\/de.wikipedia.org\/wiki\/Triple_Entente\">Entente<\/a> waren die M\u00f6glichkeiten der deutschen Au\u00dfenpolitik allerdings begrenzt. Innerhalb der deutschen F\u00fchrung war man sich zudem \u00fcber den Kurs uneins. W\u00e4hrend Tirpitz in \u00dcbereinstimmung mit dem Kaiser eine weitere Vergr\u00f6\u00dferung der Flotte auf den Weg bringen wollte, versuchte Bethmann Hollweg dies zu verhindern, aus Sorge um die Beziehungen mit Gro\u00dfbritannien. Dies gelang nur bedingt und daher blieben Unterredungen mit dem <a title=\"Liste der britischen Kriegsminister\" href=\"https:\/\/de.wikipedia.org\/wiki\/Liste_der_britischen_Kriegsminister\">britischen Kriegsminister<\/a> <a title=\"Richard Burdon Haldane, 1. Viscount Haldane\" href=\"https:\/\/de.wikipedia.org\/wiki\/Richard_Burdon_Haldane,_1._Viscount_Haldane\">Richard Burdon Haldane, 1. Viscount Haldane<\/a>, Anfang 1912 in Berlin ergebnislos. In der Folge ging daher das Wettr\u00fcsten zwischen Gro\u00dfbritannien und Deutschland weiter, auch wenn beide Regierungen weiter im Gespr\u00e4ch blieben. Tats\u00e4chlich gab es Anzeichen f\u00fcr eine beginnende Verst\u00e4ndigung etwa in Kolonialfragen. Vor allem aber arbeiteten beide w\u00e4hrend der <a title=\"Balkankriege\" href=\"https:\/\/de.wikipedia.org\/wiki\/Balkankriege\">Balkankriege<\/a> eng zusammen. Bei diesen Kriegen der neuen Balkanstaaten gegen das osmanische Reich in den Jahren 1912 und 1913 brach auf dem Balkan das ohnehin labile Gleichgewicht endg\u00fcltig zusammen und f\u00fchrte zur Konfrontation von \u00d6sterreich-Ungarn und Russland. Damit drohte eine Konfrontation der Bl\u00f6cke. Verhindert wurde dies durch die ausgleichende Politik von Deutschland und Gro\u00dfbritannien.<\/p>\n<p style=\"text-align: justify;\">In der deutschen F\u00fchrung bestanden w\u00e4hrend der Balkankrise allerdings erhebliche Unstimmigkeiten und F\u00fchrungsprobleme. Im Dezember des Jahres 1912 berief Wilhelm II. den <a title=\"Kriegsrat vom 8. Dezember 1912\" href=\"https:\/\/de.wikipedia.org\/wiki\/Kriegsrat_vom_8._Dezember_1912\">Kriegsrat vom 8. Dezember 1912<\/a> mit hohen Milit\u00e4rs ein. Nicht geladen war die zivile Reichsleitung. Zwar fiel auf dieser Sitzung nicht, wie lange angenommen, eine Entscheidung, einen gro\u00dfen Krieg planm\u00e4\u00dfig anzusteuern. Gleichwohl wurde immer deutlicher, dass die Milit\u00e4rs<a href=\"https:\/\/de.wikipedia.org\/wiki\/Deutsches_Kaiserreich#cite_note-121\">[121]<\/a> einen europ\u00e4ischen Krieg f\u00fcr unvermeidlich hielten und \u00fcber einen Pr\u00e4ventivschlag nachdachten. Eine Folge der Besprechung war die Absicht, die Armee im gro\u00dfen Stil aufzur\u00fcsten, wie sie der Reichstag 1913 in einer Wehrvorlage beschloss.<a href=\"https:\/\/de.wikipedia.org\/wiki\/Deutsches_Kaiserreich#cite_note-122\">[122]<\/a><\/p>\n<h2 style=\"text-align: justify;\"><span id=\"Erster_Weltkrieg\">Erster Weltkrieg<\/span><\/h2>\n<div style=\"text-align: justify;\" role=\"navigation\"><span title=\"siehe\" role=\"presentation\" aria-hidden=\"true\">\u2192 <\/span><em>Hauptartikel: <a title=\"Erster Weltkrieg\" href=\"https:\/\/de.wikipedia.org\/wiki\/Erster_Weltkrieg\">Erster Weltkrieg<\/a><\/em><\/div>\n<h3 style=\"text-align: justify;\"><span id=\"Julikrise_1914\">Julikrise 1914<\/span><\/h3>\n<p style=\"text-align: justify;\">Der Mord am \u00f6sterreichischen Thronfolger <a title=\"Franz Ferdinand von \u00d6sterreich-Este\" href=\"https:\/\/de.wikipedia.org\/wiki\/Franz_Ferdinand_von_%C3%96sterreich-Este\">Franz Ferdinand<\/a> in <a title=\"Sarajevo\" href=\"https:\/\/de.wikipedia.org\/wiki\/Sarajevo\">Sarajevo<\/a> am 28. Juni 1914 durch den <a title=\"Serben\" href=\"https:\/\/de.wikipedia.org\/wiki\/Serben\">serbischen<\/a> <a title=\"Attent\u00e4ter\" href=\"https:\/\/de.wikipedia.org\/wiki\/Attent%C3%A4ter\">Attent\u00e4ter<\/a> <a title=\"Gavrilo Princip\" href=\"https:\/\/de.wikipedia.org\/wiki\/Gavrilo_Princip\">Gavrilo Princip<\/a> (<a title=\"Attentat von Sarajevo\" href=\"https:\/\/de.wikipedia.org\/wiki\/Attentat_von_Sarajevo\">Attentat von Sarajevo<\/a>) l\u00f6ste bei den M\u00e4chten eine hektische diplomatische Aktivit\u00e4t aus, die in einen europ\u00e4ischen Krieg m\u00fcndete. \u00dcber die Schuld am Krieg gab es bei den Kriegsparteien naturgem\u00e4\u00df unterschiedliche Ansichten, die nach 1918 zu einer Jahrzehnte andauernden <a title=\"Kriegsschulddebatte\" href=\"https:\/\/de.wikipedia.org\/wiki\/Kriegsschulddebatte\">Kriegsschulddebatte<\/a> f\u00fchrten.<\/p>\n<div style=\"text-align: justify;\">\n<div>\n<p><a href=\"https:\/\/de.wikipedia.org\/wiki\/Datei:Europe_1914.png\"><img loading=\"lazy\" decoding=\"async\" src=\"https:\/\/upload.wikimedia.org\/wikipedia\/commons\/thumb\/f\/f4\/Europe_1914.png\/220px-Europe_1914.png\" srcset=\"\/\/upload.wikimedia.org\/wikipedia\/commons\/thumb\/f\/f4\/Europe_1914.png\/330px-Europe_1914.png 1.5x, \/\/upload.wikimedia.org\/wikipedia\/commons\/thumb\/f\/f4\/Europe_1914.png\/440px-Europe_1914.png 2x\" alt=\"\" width=\"220\" height=\"158\" data-file-width=\"1194\" data-file-height=\"859\" \/><\/a><\/p>\n<div>\n<div><\/div>\n<\/div>\n<\/div>\n<\/div>\n<div style=\"text-align: justify;\">\n<div>\n<div>Entente und die Mittelm\u00e4chte 1916<\/div>\n<\/div>\n<\/div>\n<p style=\"text-align: justify;\">Unzweifelhaft ist, dass Deutschland w\u00e4hrend der zum Krieg f\u00fchrenden <a title=\"Julikrise\" href=\"https:\/\/de.wikipedia.org\/wiki\/Julikrise\">Julikrise<\/a> eine Schl\u00fcsselrolle spielte. Anders als noch bei den Balkankriegen von 1912 riet Deutschland \u00d6sterreich-Ungarn zu einem energischen Vorgehen gegen Serbien und sagte der Doppelmonarchie die bedingungslose Unterst\u00fctzung des Reiches zu. Bethmann Hollweg wusste, als er diesen \u201eBlankoscheck\u201c<a href=\"https:\/\/de.wikipedia.org\/wiki\/Deutsches_Kaiserreich#cite_note-123\">[123]<\/a> ausstellte, dass damit die Gefahr eines gro\u00dfen europ\u00e4ischen Krieges gegeben war. Hinter dieser Entscheidung stand vor allem die Sorge um ein in absehbarer Zeit milit\u00e4risch \u00fcberlegenes Russland und das Zusammenr\u00fccken von England und Frankreich. Daher band sich das Reich nunmehr noch fester als zuvor an den einzigen noch verbliebenen B\u00fcndnispartner. Hinzu kam angesichts der festgefahrenen innenpolitischen Situation auch der Wunsch, die Kritiker vor allem der Rechten mit au\u00dfenpolitischen Erfolgen zu bes\u00e4nftigen. Nicht zuletzt drang das Milit\u00e4r nunmehr vehement auf einen Pr\u00e4ventivkrieg gegen Russland.<a href=\"https:\/\/de.wikipedia.org\/wiki\/Deutsches_Kaiserreich#cite_note-124\">[124]<\/a><\/p>\n<p style=\"text-align: justify;\">Auch wenn der Kanzler diese Position nicht teilte, verringerte dieser Druck doch die Chancen f\u00fcr eine diplomatische L\u00f6sung. Die Reichsleitung entschied sich f\u00fcr einen Kurs des \u201ekalkulierten Risikos\u201c. Sie hoffte zwar, einen Krieg vermeiden zu k\u00f6nnen, konnte ihn aber auch nicht ausschlie\u00dfen. Letztlich gab Deutschland aber die Kontrolle aus der Hand, weil alles auf die Haltung Russlands ankam. Gegen Ende Juli geriet die Krise endg\u00fcltig au\u00dfer Kontrolle, als \u00d6sterreich-Ungarn Serbien den Krieg erkl\u00e4rte und Russland darauf mit einer Teilmobilmachung antwortete. Zwar gab es von deutscher Seite noch Versuche zu einer diplomatischen L\u00f6sung zu kommen, aber man stellte sich immer mehr auf einen Krieg ein. Dabei kam es aus innenpolitischen Gr\u00fcnden darauf an, Russland als Aggressor erscheinen zu lassen.<\/p>\n<p style=\"text-align: justify;\">Als Russland am 30. Juli schlie\u00dflich die Generalmobilmachung verk\u00fcndete, konnte Deutschland dies als entscheidenden Schritt hin zum Krieg pr\u00e4sentieren. Daraufhin erkl\u00e4rte Deutschland Russland am 1. August und Frankreich am 3. August den Krieg. Gem\u00e4\u00df dem <a title=\"Schlieffen-Plan\" href=\"https:\/\/de.wikipedia.org\/wiki\/Schlieffen-Plan\">Schlieffen-Plan<\/a> von 1905 marschierte die deutsche Armee im neutralen Belgien ein. Das Ziel war dabei, die Befestigungen an der deutsch-franz\u00f6sischen Grenze zu umgehen und durch einen schnellen Vormarsch die franz\u00f6sischen Armeen in einer <a title=\"Umfassungsschlacht\" href=\"https:\/\/de.wikipedia.org\/wiki\/Umfassungsschlacht\">Umfassungsschlacht<\/a> auszuschalten. Eine entscheidende Schw\u00e4che des Plans war, dass er die waffentechnische Entwicklung der Zeit und damit die M\u00f6glichkeit zur F\u00fchrung eines Bewegungskrieges \u00fcbersch\u00e4tzte. Schnelle motorisierte Verb\u00e4nde waren noch nicht vorhanden, die Verteidiger konnten den Angreifer in einem Stellungskrieg binden, der letztlich zu einem Abn\u00fctzungskrieg wurde. Auch wurde die Hoffnung, dass England die Verletzung der belgischen Neutralit\u00e4t hinnehmen w\u00fcrde, nicht erf\u00fcllt. Stattdessen f\u00fchrte der Einmarsch zum Kriegseintritt Gro\u00dfbritanniens und des gesamten <a title=\"Britisches Weltreich\" href=\"https:\/\/de.wikipedia.org\/wiki\/Britisches_Weltreich\">Empires<\/a> gegen die <a title=\"Mittelm\u00e4chte\" href=\"https:\/\/de.wikipedia.org\/wiki\/Mittelm%C3%A4chte\">Mittelm\u00e4chte<\/a>.<a href=\"https:\/\/de.wikipedia.org\/wiki\/Deutsches_Kaiserreich#cite_note-125\">[125]<\/a><\/p>\n<h3 style=\"text-align: justify;\"><span id=\"Kriegsverlauf\">Kriegsverlauf<\/span><\/h3>\n<p style=\"text-align: justify;\">Am 18. August begann die deutsche Gro\u00dfoffensive zur Umfassung der alliierten Armeen, dabei stie\u00df man sehr schnell nach <a title=\"Br\u00fcssel\" href=\"https:\/\/de.wikipedia.org\/wiki\/Br%C3%BCssel\">Br\u00fcssel<\/a> vor. Am 4. September gelang es den Deutschen, die <a title=\"Marne (Fluss)\" href=\"https:\/\/de.wikipedia.org\/wiki\/Marne_(Fluss)\">Marne<\/a> zu \u00fcberschreiten. Allerdings wurde der Vormarsch an der <a title=\"Westfront (Erster Weltkrieg)\" href=\"https:\/\/de.wikipedia.org\/wiki\/Westfront_(Erster_Weltkrieg)\">Westfront<\/a> durch eine alliierte Gegenoffensive (<a title=\"Schlacht an der Marne (1914)\" href=\"https:\/\/de.wikipedia.org\/wiki\/Schlacht_an_der_Marne_(1914)\">Marneschlacht<\/a>) aufgehalten. Nach der Niederlage an der Marne versuchte die deutsche F\u00fchrung, in <a title=\"Erste Flandernschlacht\" href=\"https:\/\/de.wikipedia.org\/wiki\/Erste_Flandernschlacht\">Flandern<\/a> eine Entscheidung zu erzwingen. Dort kam es zur nationalistisch verkl\u00e4rten Schlacht von <a title=\"Mythos von Langemarck\" href=\"https:\/\/de.wikipedia.org\/wiki\/Mythos_von_Langemarck\">Langemarck<\/a>. Daraufhin ging der <a title=\"Bewegungskrieg\" href=\"https:\/\/de.wikipedia.org\/wiki\/Bewegungskrieg\">Bewegungskrieg<\/a> in einen <a title=\"Stellungskrieg\" href=\"https:\/\/de.wikipedia.org\/wiki\/Stellungskrieg\">Stellungskrieg<\/a> \u00fcber. Das Scheitern des <a title=\"Schlieffen-Plan\" href=\"https:\/\/de.wikipedia.org\/wiki\/Schlieffen-Plan\">Schlieffen-Plans<\/a> hatte zur Folge, dass die Mittelm\u00e4chte im Westen, Osten und S\u00fcden einen Mehrfrontenkrieg f\u00fchren mussten. Im <a title=\"Ostfront (Erster Weltkrieg)\" href=\"https:\/\/de.wikipedia.org\/wiki\/Ostfront_(Erster_Weltkrieg)\">Osten<\/a> r\u00fcckte nach Kriegsbeginn die <a title=\"Kaiserlich Russische Armee\" href=\"https:\/\/de.wikipedia.org\/wiki\/Kaiserlich_Russische_Armee\">russische Armee<\/a> unerwartet fr\u00fch in <a title=\"Ostpreu\u00dfen\" href=\"https:\/\/de.wikipedia.org\/wiki\/Ostpreu%C3%9Fen\">Ostpreu\u00dfen<\/a> ein. Der Sieg bei <a title=\"Schlacht bei Tannenberg (1914)\" href=\"https:\/\/de.wikipedia.org\/wiki\/Schlacht_bei_Tannenberg_(1914)\">Tannenberg<\/a> Ende August 1914 und weiteren Schlachten stoppten den Vormarsch und begr\u00fcndeten den <a title=\"Politischer Mythos\" href=\"https:\/\/de.wikipedia.org\/wiki\/Politischer_Mythos\">politischen Mythos<\/a> der beiden Gener\u00e4le <a title=\"Paul von Hindenburg\" href=\"https:\/\/de.wikipedia.org\/wiki\/Paul_von_Hindenburg\">Paul von Hindenburg<\/a> und <a title=\"Erich Ludendorff\" href=\"https:\/\/de.wikipedia.org\/wiki\/Erich_Ludendorff\">Erich Ludendorff<\/a>. Vor allem die <a title=\"\u00d6sterreich-Ungarns Heer im Ersten Weltkrieg\" href=\"https:\/\/de.wikipedia.org\/wiki\/%C3%96sterreich-Ungarns_Heer_im_Ersten_Weltkrieg\">\u00f6sterreichisch-ungarische Armee<\/a> hatte gegen\u00fcber Serbien und Russland zu Beginn des Krieges einen schweren Stand. Die ersten Kriegsmonate hatten gezeigt, dass die Kr\u00e4fte nur ausreichten, um an einer Front auf einen entscheidenden Sieg hoffen zu k\u00f6nnen.<\/p>\n<p style=\"text-align: justify;\">Aus verschiedenen Gr\u00fcnden wurde 1915 die Ostfront wichtiger als die Westfront. Es gelang den deutschen Truppen, \u00d6sterreich-Ungarn vor dem drohenden Zusammenbruch zu retten und eine Landverbindung zum verb\u00fcndeten <a title=\"Osmanisches Reich\" href=\"https:\/\/de.wikipedia.org\/wiki\/Osmanisches_Reich\">Osmanischen Reich<\/a> aufzubauen. Die deutsche Offensive dr\u00e4ngte die russischen Truppen zur\u00fcck, Serbien wurde besiegt, nachdem <a title=\"Zarentum Bulgarien\" href=\"https:\/\/de.wikipedia.org\/wiki\/Zarentum_Bulgarien\">Bulgarien<\/a> sich den Mittelm\u00e4chten angeschlossen hatte und <a title=\"K\u00f6nigreich Rum\u00e4nien\" href=\"https:\/\/de.wikipedia.org\/wiki\/K%C3%B6nigreich_Rum%C3%A4nien\">Rum\u00e4nien<\/a> neutral blieb. Die Offensive wurde daraufhin abgebrochen. Im S\u00fcden entstand mit der italienischen Kriegserkl\u00e4rung am 23. Mai 1915 an \u00d6sterreich-Ungarn eine weitere Front. Deutschland unterst\u00fctzte seinen B\u00fcndnispartner auch dort mit Truppen.<\/p>\n<div style=\"text-align: justify;\">\n<div>\n<p><a href=\"https:\/\/de.wikipedia.org\/wiki\/Datei:Chateau_Wood_Ypres_1917.jpg\"><img loading=\"lazy\" decoding=\"async\" src=\"https:\/\/upload.wikimedia.org\/wikipedia\/commons\/thumb\/7\/79\/Chateau_Wood_Ypres_1917.jpg\/220px-Chateau_Wood_Ypres_1917.jpg\" srcset=\"\/\/upload.wikimedia.org\/wikipedia\/commons\/thumb\/7\/79\/Chateau_Wood_Ypres_1917.jpg\/330px-Chateau_Wood_Ypres_1917.jpg 1.5x, \/\/upload.wikimedia.org\/wikipedia\/commons\/thumb\/7\/79\/Chateau_Wood_Ypres_1917.jpg\/440px-Chateau_Wood_Ypres_1917.jpg 2x\" alt=\"\" width=\"220\" height=\"169\" data-file-width=\"1600\" data-file-height=\"1227\" \/><\/a><\/p>\n<div>\n<div><\/div>\n<\/div>\n<\/div>\n<\/div>\n<div style=\"text-align: justify;\">\n<div>\n<div>Australische Soldaten im Chateauwald bei <a title=\"Ypern\" href=\"https:\/\/de.wikipedia.org\/wiki\/Ypern\">Ypern<\/a> 1917<\/div>\n<\/div>\n<\/div>\n<p style=\"text-align: justify;\">Im Jahr 1916 trat die Westfront wieder in den Mittelpunkt der deutschen Kriegsanstrengungen. Angesichts der Sch\u00fctzengr\u00e4ben und Befestigungen gab es auf beiden Seiten zwei Handlungsoptionen. Die eine war der Durchbruch durch die feindlichen Linien und die zweite war ein \u201eAbnutzungskrieg.\u201c Im Fr\u00fchjahr 1915 hatten die Alliierten bereits mehrfach vergeblich versucht, die deutschen Stellungen zu durchbrechen. Der deutsche <a title=\"Schlacht um Verdun\" href=\"https:\/\/de.wikipedia.org\/wiki\/Schlacht_um_Verdun\">Angriff auf Verdun<\/a> seit dem 21. Februar 1916 setzte dagegen nicht mehr wirklich auf eine Durchbrechung der Linien. In einer riesigen <a title=\"Materialschlacht\" href=\"https:\/\/de.wikipedia.org\/wiki\/Materialschlacht\">Materialschlacht<\/a> mit einkalkulierten hohen Opferzahlen sollte die feindliche Armee vielmehr zerm\u00fcrbt werden. Die Schlacht kostete \u00fcber 600.000 Tote und Verwundete auf beiden Seiten. Ihr Ziel hatten die Deutschen nicht erreicht, vielmehr demoralisierte die Unmenschlichkeit der Schlacht auch die deutschen Soldaten. Die Alliierten setzten bei der Gegenoffensive an der <a title=\"Somme-Schlacht\" href=\"https:\/\/de.wikipedia.org\/wiki\/Somme-Schlacht\">Somme<\/a> seit dem 1. Juli 1916 nun ebenfalls auf eine Ermattungsstrategie. Nach ungeheuren Verlusten auf beiden Seiten wurde dieser Versuch Ende November 1916 abgebrochen.<\/p>\n<p style=\"text-align: justify;\">Auf dem H\u00f6hepunkt der K\u00e4mpfe an der Westfront wurde immer deutlicher, dass Deutschland einem Mehrfrontenkrieg kaum noch gewachsen war. Sowohl Italien als auch Russland gingen zur Offensive \u00fcber. Die <a title=\"Brussilow-Offensive\" href=\"https:\/\/de.wikipedia.org\/wiki\/Brussilow-Offensive\">Brussilow-Offensive<\/a> f\u00fchrt in <a title=\"Galizien\" href=\"https:\/\/de.wikipedia.org\/wiki\/Galizien\">Galizien<\/a> zum Zusammenbruch der \u00f6sterreichisch-ungarischen Armee. Die Folge war der \u00dcbergang Rum\u00e4niens in das Lager der Alliierten. Die Lage zwang die Deutschen, erneut starke Verb\u00e4nde in den Osten zu verlegen, um die Front zu stabilisieren. Im August 1916 wurde <a title=\"Erich von Falkenhayn\" href=\"https:\/\/de.wikipedia.org\/wiki\/Erich_von_Falkenhayn\">Erich von Falkenhayn<\/a> als Generalstabschef des deutschen Heeres von Generalfeldmarschall <a title=\"Paul von Hindenburg\" href=\"https:\/\/de.wikipedia.org\/wiki\/Paul_von_Hindenburg\">Paul von Hindenburg<\/a> abgel\u00f6st. Milit\u00e4risch begann sich die Kriegf\u00fchrung in den Jahren 1916\/17 zu radikalisieren. Bereits 1915 hatte das deutsche Reich den uneingeschr\u00e4nkten <a title=\"U-Boot-Krieg\" href=\"https:\/\/de.wikipedia.org\/wiki\/U-Boot-Krieg\">U-Boot-Krieg<\/a> proklamiert. Nach Protesten der USA wurde diese Form des <a title=\"Seekrieg im Ersten Weltkrieg\" href=\"https:\/\/de.wikipedia.org\/wiki\/Seekrieg_im_Ersten_Weltkrieg\">Seekriegs<\/a> wieder eingeschr\u00e4nkt. Im Januar 1917 wurde der unbeschr\u00e4nkte U-Boot-Krieg auf Druck der Heeresf\u00fchrung aber auch des Reichstages und der \u00f6ffentlichen Meinung gegen den Willen des Kanzlers wieder aufgenommen. Die Folge war am 6. April 1917 der Kriegseintritt der USA auf Seiten der Alliierten. Diese Entwicklung war im R\u00fcckblick kriegsentscheidend. Massiv konnten die Amerikaner allerdings erst ab dem Sp\u00e4tsommer 1918 auftreten. Im Westen begann im Fr\u00fchjahr 1917 eine franz\u00f6sische Offensive an der <a title=\"Schlacht an der Aisne (1917)\" href=\"https:\/\/de.wikipedia.org\/wiki\/Schlacht_an_der_Aisne_(1917)\">Aisne<\/a>, sowie britische Offensiven bei Arras und ab Ende Juli <a title=\"Dritte Flandernschlacht\" href=\"https:\/\/de.wikipedia.org\/wiki\/Dritte_Flandernschlacht\">in Flandern<\/a>. Die mit gewaltigem Aufwand gef\u00fchrten Angriffe auf die deutsche Westfront brachten den Entente-M\u00e4chten nur geringe Gebietsgewinne bei hohen Verlusten.<\/p>\n<p style=\"text-align: justify;\">Im Osten hatte sich 1917 die Lage durch die russische <a title=\"Oktoberrevolution\" href=\"https:\/\/de.wikipedia.org\/wiki\/Oktoberrevolution\">Oktoberrevolution<\/a>, die der <a title=\"Februarrevolution 1917\" href=\"https:\/\/de.wikipedia.org\/wiki\/Februarrevolution_1917\">Februarrevolution<\/a> mit dem Sturz des Zaren gefolgt war, zun\u00e4chst zu Gunsten der Mittelm\u00e4chte ver\u00e4ndert. Die <a title=\"Bolschewiki\" href=\"https:\/\/de.wikipedia.org\/wiki\/Bolschewiki\">neuen Machthaber<\/a> wollten den Frieden nach au\u00dfen, um ihre Herrschaft im Innern durchzusetzen. Mitte Dezember 1917 wurde ein Waffenstillstand geschlossen und anschlie\u00dfend \u00fcber einen Separatfrieden verhandelt. Die Hoffnung der Sowjetregierung auf einen milden Frieden erf\u00fcllte sich nicht, stattdessen setzte die deutsche Seite im <a title=\"Friedensvertrag von Brest-Litowsk\" href=\"https:\/\/de.wikipedia.org\/wiki\/Friedensvertrag_von_Brest-Litowsk\">Frieden von Brest-Litowsk<\/a> einen Diktatfrieden durch. Russland hatte Polen, <a title=\"Kurland\" href=\"https:\/\/de.wikipedia.org\/wiki\/Kurland\">Kurland<\/a>, <a title=\"Litauen\" href=\"https:\/\/de.wikipedia.org\/wiki\/Litauen\">Litauen<\/a>, gro\u00dfe Teile <a title=\"Georgien\" href=\"https:\/\/de.wikipedia.org\/wiki\/Georgien\">Georgiens<\/a> abzugeben, die Selbstst\u00e4ndigkeit der <a title=\"Ukraine\" href=\"https:\/\/de.wikipedia.org\/wiki\/Ukraine\">Ukraine<\/a> sowie <a title=\"Finnland\" href=\"https:\/\/de.wikipedia.org\/wiki\/Finnland\">Finnlands<\/a> zu garantieren und sich aus <a title=\"Estland\" href=\"https:\/\/de.wikipedia.org\/wiki\/Estland\">Estland<\/a> und <a title=\"Livland\" href=\"https:\/\/de.wikipedia.org\/wiki\/Livland\">Livland<\/a> zur\u00fcckzuziehen.<\/p>\n<p style=\"text-align: justify;\">Damit bot sich im Westen scheinbar noch einmal eine Chance auf eine siegreiche Offensive. Diese <a title=\"Deutsche Fr\u00fchjahrsoffensive 1918\" href=\"https:\/\/de.wikipedia.org\/wiki\/Deutsche_Fr%C3%BChjahrsoffensive_1918\">Fr\u00fchjahrsoffensive<\/a> begann im M\u00e4rz 1918, scheiterte aber rasch. Bereits den Gegenoffensiven der Kriegsgegner, jetzt auch mit Unterst\u00fctzung amerikanischer Truppen, war Deutschland nicht mehr gewachsen. Ab Sommer 1918 gerieten immer mehr deutsche Soldaten in alliierte Gefangenschaft.<a href=\"https:\/\/de.wikipedia.org\/wiki\/Deutsches_Kaiserreich#cite_note-126\">[126]<\/a><\/p>\n<h3 style=\"text-align: justify;\"><span id=\"Innere_Entwicklung_w.C3.A4hrend_des_Krieges\"> <\/span><span id=\"Innere_Entwicklung_w\u00e4hrend_des_Krieges\">Innere Entwicklung w\u00e4hrend des Krieges<\/span><\/h3>\n<h4 style=\"text-align: justify;\"><span id=\"Soziale_und_wirtschaftliche_Entwicklung\">Soziale und wirtschaftliche Entwicklung<\/span><\/h4>\n<p style=\"text-align: justify;\">Wirtschaftlich begann nach Kriegsbeginn die Umstellung der Produktion auf die Kriegswirtschaft. Nach einer kurzen Phase hoher Arbeitslosigkeit f\u00fchrte die hohe Zahl von Einberufungen bald zu einem Arbeitskr\u00e4ftemangel. Die Betriebe versuchten diesem durch den Einsatz von Kriegsgefangenen und durch eine vermehrte Einstellung von Frauen zu begegnen.<a href=\"https:\/\/de.wikipedia.org\/wiki\/Deutsches_Kaiserreich#cite_note-127\">[127]<\/a> Mit wachsender Kriegsdauer wirkten sich die fehlenden Nahrungsmittelimporte und die fehlenden landwirtschaftlichen Arbeitskr\u00e4fte negativ auf die Versorgungslage der Bev\u00f6lkerung aus. Die Folge waren betr\u00e4chtliche Preissteigerungen<a href=\"https:\/\/de.wikipedia.org\/wiki\/Deutsches_Kaiserreich#cite_note-128\">[128]<\/a> und Versorgungsm\u00e4ngel. Nur unzureichend gelang es, dem durch Bewirtschaftungsma\u00dfnahmen<a href=\"https:\/\/de.wikipedia.org\/wiki\/Deutsches_Kaiserreich#cite_note-129\">[129]<\/a> Herr zu werden.<a href=\"https:\/\/de.wikipedia.org\/wiki\/Deutsches_Kaiserreich#cite_note-130\">[130]<\/a><\/p>\n<h4 style=\"text-align: justify;\"><span id=\"Burgfriede_und_nationale_Begeisterung\">Burgfriede und nationale Begeisterung<\/span><\/h4>\n<p style=\"text-align: justify;\">Die innenpolitischen Probleme des Kaiserreichs r\u00fcckten mit der Mobilmachung in den Hintergrund. Das vom Kanzler f\u00fcr den Kaiser erdachte Schlagwort \u201eIch kenne keine Parteien mehr, ich kenne nur noch Deutsche\u201c fiel auch deshalb auf fruchtbaren Boden, weil kaum jemand in Deutschland Zweifel daran hatte, dass Russland der eigentliche Aggressor sei.<a href=\"https:\/\/de.wikipedia.org\/wiki\/Deutsches_Kaiserreich#cite_note-131\">[131]<\/a> Zwar gab es neben den vielfachen Berichten nationalen \u00dcberschwangs auch nachdenkliche Stimmen, aber letztlich verweigerten sich auch die Kritiker des Systems nur selten der nationalen Solidarit\u00e4t. Die Sozialdemokratie hatte noch w\u00e4hrend der Julikrise erfolgreich Massendemonstrationen gegen einen m\u00f6glichen bevorstehenden Krieg organisiert und die Zusammenarbeit mit anderen Parteien der <a title=\"Internationale\" href=\"https:\/\/de.wikipedia.org\/wiki\/Internationale\">Internationalen<\/a> gesucht, aber als das Vaterland gegen die \u201ezaristische Reaktion\u201c gesch\u00fctzt werden sollte, \u00e4nderte sich die Stimmung. Die entschiedenen Kriegsgegner und Klassenk\u00e4mpfer, wie <a title=\"Karl Liebknecht\" href=\"https:\/\/de.wikipedia.org\/wiki\/Karl_Liebknecht\">Karl Liebknecht<\/a> und Rosa Luxemburg waren isoliert, w\u00e4hrend Reformisten wie <a title=\"Eduard David\" href=\"https:\/\/de.wikipedia.org\/wiki\/Eduard_David\">Eduard David<\/a> oder <a title=\"Ludwig Frank (SPD)\" href=\"https:\/\/de.wikipedia.org\/wiki\/Ludwig_Frank_(SPD)\">Ludwig Frank<\/a> innerhalb k\u00fcrzester Zeit die Reichstagsfraktion dazu bringen konnten, nicht nur abzuwarten, sondern den n\u00f6tigen Kriegskrediten zuzustimmen.<a href=\"https:\/\/de.wikipedia.org\/wiki\/Deutsches_Kaiserreich#cite_note-132\">[132]<\/a> Der von der Regierung proklamierte <a title=\"Burgfriede\" href=\"https:\/\/de.wikipedia.org\/wiki\/Burgfriede\">Burgfriede<\/a>, also das Zur\u00fcckstellen innenpolitischer Auseinandersetzungen, war weitgehend gesellschaftlicher Konsens, zumal man allgemein erwartete, dass ein Krieg nur wenige Wochen dauern w\u00fcrde. Die <a title=\"Generalkommission der Gewerkschaften Deutschlands\" href=\"https:\/\/de.wikipedia.org\/wiki\/Generalkommission_der_Gewerkschaften_Deutschlands\">Generalkommission der freien Gewerkschaften<\/a> verzichtete f\u00fcr die Dauer des Krieges auf Arbeitsk\u00e4mpfe und der Reichstag beschloss, alle Wahlen bis nach Kriegsende zu verschieben.<a href=\"https:\/\/de.wikipedia.org\/wiki\/Deutsches_Kaiserreich#cite_note-133\">[133]<\/a><\/p>\n<p style=\"text-align: justify;\">Durch die Verh\u00e4ngung des Kriegsrechts ging die vollziehende Gewalt an die kommandierenden Gener\u00e4le der Milit\u00e4rbezirke \u00fcber. Diese unterstanden de jure zwar direkt dem Kaiser, dieser war aber nicht f\u00e4hig und in der Lage, die insgesamt 24 Milit\u00e4rbefehlshaber zu kontrollieren und zu koordinieren. Wilhelm II., der sich nach Kriegsbeginn meist im <a title=\"Gro\u00dfes Hauptquartier\" href=\"https:\/\/de.wikipedia.org\/wiki\/Gro%C3%9Fes_Hauptquartier\">Gro\u00dfen Hauptquartier<\/a> aufhielt, war mit der Situation v\u00f6llig \u00fcberfordert, spielte kaum noch eine politische Rolle und verlor an Autorit\u00e4t. Stattdessen entwickelten sich der Chef des Generalstabs und der Generalquartiermeister als sein Stellvertreter zu eigenst\u00e4ndigen, auch innenpolitisch wichtigen Machtzentren.<\/p>\n<p style=\"text-align: justify;\">Die anf\u00e4nglichen milit\u00e4rischen Erfolge und sp\u00e4ter die besch\u00f6nigende Zensur der Presse f\u00fchrten in den ultranationalistischen Kreisen aber auch im breiten B\u00fcrgertum zu hochgespannten Siegeserwartungen. Dies f\u00fchrte zu teils extremen <a title=\"Kriegsziele im Ersten Weltkrieg\" href=\"https:\/\/de.wikipedia.org\/wiki\/Kriegsziele_im_Ersten_Weltkrieg#Deutsches_Reich\">Kriegszielvorstellungen<\/a>. <a title=\"Matthias Erzberger\" href=\"https:\/\/de.wikipedia.org\/wiki\/Matthias_Erzberger\">Matthias Erzberger<\/a> machte mit einer Denkschrift vom 2. September 1914 den Anfang. Er forderte <a title=\"Annexion\" href=\"https:\/\/de.wikipedia.org\/wiki\/Annexion\">Annexionen<\/a> im Westen und im Osten, die dauerhafte Beherrschung Belgiens und die Schaffung von deutschfreundlichen <a title=\"Satellitenstaat\" href=\"https:\/\/de.wikipedia.org\/wiki\/Satellitenstaat\">Satellitenstaaten<\/a> auf dem Gebiet Russlands. Auch das <a title=\"Septemberprogramm\" href=\"https:\/\/de.wikipedia.org\/wiki\/Septemberprogramm\">Septemberprogramm<\/a> des Reichskanzlers sah Gebietsabtretungen im Westen, die Schaffung eines von Deutschland beherrschten mitteleurop\u00e4ischen Wirtschaftsraums sowie eines gro\u00dfen mittelafrikanischen Kolonialreiches vor. Noch weiter ging eine Denkschrift der gro\u00dfen wirtschaftlichen Verb\u00e4nde aus dem Jahr 1915. Diese sah noch weitere Erwerbungen und eine Entrechtung der jeweiligen Bev\u00f6lkerung vor. In ihrer Mehrheit blieb die Arbeiterbewegung bei ihren anf\u00e4nglichen defensiven Kriegszielen. Stattdessen hoffte sie auf innenpolitische Reformen, namentlich auf die soziale und politische Gleichberechtigung, das uneingeschr\u00e4nkte Koalitionsrecht sowie eine Demokratisierung und Parlamentarisierung des politischen Systems. Vor dem Hintergrund dieser unterschiedlichen Erwartungen war Bethmann Hollweg trotz Burgfriedens zum Lavieren gezwungen. Dies lie\u00df sowohl auf der Rechten wie auf der Linken den Zweifel an der Aufrichtigkeit des Kanzlers wachsen.<\/p>\n<p style=\"text-align: justify;\">In der SPD trat die Kritik bereits Anfang Dezember 1914 offen zu Tage, als Karl Liebknecht im Reichstag zun\u00e4chst als einziger Abgeordneter gegen weitere Kriegskredite stimmte. Ihm schloss sich im M\u00e4rz 1915 <a title=\"Otto R\u00fchle (Politiker, 1874)\" href=\"https:\/\/de.wikipedia.org\/wiki\/Otto_R%C3%BChle_(Politiker,_1874)\">Otto R\u00fchle<\/a> an. Daraus entwickelte sich allm\u00e4hlich eine (innerparteiliche) Opposition, die ein Jahr sp\u00e4ter bereits 20 Abgeordnete umfasste. Liebknecht und R\u00fchle verlie\u00dfen die Fraktion und am 24. M\u00e4rz 1916 wurden auch die \u00fcbrigen Abweichler ausgeschlossen. Diese bildeten von nun an die sogenannte \u201e<a title=\"Sozialdemokratische Arbeitsgemeinschaft\" href=\"https:\/\/de.wikipedia.org\/wiki\/Sozialdemokratische_Arbeitsgemeinschaft\">Sozialdemokratische Arbeitsgemeinschaft<\/a>\u201c, die zun\u00e4chst noch eine innerparteiliche Opposition blieb.<a href=\"https:\/\/de.wikipedia.org\/wiki\/Deutsches_Kaiserreich#cite_note-134\">[134]<\/a><\/p>\n<h4 style=\"text-align: justify;\"><span id=\"Die_neue_Oberste_Heeresleitung_und_das_Hilfsdienstgesetz\">Die neue Oberste Heeresleitung und das Hilfsdienstgesetz<\/span><\/h4>\n<div style=\"text-align: justify;\">\n<p><a href=\"https:\/\/de.wikipedia.org\/wiki\/Datei:Hindenburg-ludendorff.jpg\"><img loading=\"lazy\" decoding=\"async\" src=\"https:\/\/upload.wikimedia.org\/wikipedia\/commons\/thumb\/c\/c0\/Hindenburg-ludendorff.jpg\/220px-Hindenburg-ludendorff.jpg\" srcset=\"\/\/upload.wikimedia.org\/wikipedia\/commons\/thumb\/c\/c0\/Hindenburg-ludendorff.jpg\/330px-Hindenburg-ludendorff.jpg 1.5x, \/\/upload.wikimedia.org\/wikipedia\/commons\/thumb\/c\/c0\/Hindenburg-ludendorff.jpg\/440px-Hindenburg-ludendorff.jpg 2x\" alt=\"\" width=\"220\" height=\"154\" data-file-width=\"637\" data-file-height=\"446\" \/><\/a><\/p>\n<div>\n<div><\/div>\n<\/div>\n<\/div>\n<div style=\"text-align: justify;\">\n<div>\n<div>Die <a title=\"Oberste Heeresleitung\" href=\"https:\/\/de.wikipedia.org\/wiki\/Oberste_Heeresleitung\">3. Oberste Heeresleitung<\/a> unter Paul von Hindenburg und Erich Ludendorff<\/div>\n<\/div>\n<\/div>\n<p style=\"text-align: justify;\">Bedrohlicher als die inneren Auseinandersetzungen in der SPD war die Kritik von Rechts, gest\u00fctzt von der Schwerindustrie, an der Haltung des Reichskanzlers. Diese forderten seit 1915 vehement die Ausweitung des U-Boot-Krieges gegen die englische Handelsblockade. Der Kanzler hoffte durch die Abl\u00f6sung des wenig erfolgreichen Generalstabschefs von Falkenhayn durch Hindenburg und dessen Generalstabschef Ludendorff von deren Popularit\u00e4t zu profitieren. Allerdings war bald klar, dass die neue milit\u00e4rische F\u00fchrung den relativ vorsichtigen Kurs des Kanzlers nicht unterst\u00fctzte. Stattdessen pl\u00e4dierte sie f\u00fcr die Wiederaufnahme des unbeschr\u00e4nkten U-Boot-Krieges und sprach sich f\u00fcr territoriale Annexionen aus. Auch im Parlament verlor Reichskanzler Bethmann Hollweg zunehmend an R\u00fcckhalt. Zwar stellte sich die Mehrheit hinter die <a title=\"Oberste Heeresleitung\" href=\"https:\/\/de.wikipedia.org\/wiki\/Oberste_Heeresleitung\">Oberste Heeresleitung<\/a> (OHL), ohne dass damit eine Vorentscheidung \u00fcber eine verkappte Milit\u00e4rdiktatur gefallen w\u00e4re. Gleichzeitig n\u00e4mlich beschloss eine Mehrheit von den Nationalliberalen bis zu den Sozialdemokraten, dass der Haushaltsausschuss auch bei Vertagung des Parlaments das Recht haben w\u00fcrde, \u00fcber die Au\u00dfenpolitik und den Krieg zu beraten. Mit einer kaiserlichen Verordnung vom 4. November 1916 wurde der Ausschuss zum Hauptausschuss aufgewertet und tagte seither fast permanent. Die von der OHL geforderte Mobilisierung aller verf\u00fcgbaren Arbeitskr\u00e4fte<a href=\"https:\/\/de.wikipedia.org\/wiki\/Deutsches_Kaiserreich#cite_note-135\">[135]<\/a> f\u00fcr die kriegswichtige Produktion in Form des sogenannten <a title=\"Hilfsdienstgesetz\" href=\"https:\/\/de.wikipedia.org\/wiki\/Hilfsdienstgesetz\">Hilfsdienstgesetzes<\/a><a href=\"https:\/\/de.wikipedia.org\/wiki\/Deutsches_Kaiserreich#cite_note-136\">[136]<\/a> sollte zudem in Abstimmung mit dem Parlament und den Verb\u00e4nden erfolgen. W\u00e4hrend der OHL eine Militarisierung der gesamten Bev\u00f6lkerung vorschwebte, hatte die zivile Reichsleitung eine Beschr\u00e4nkung auf eine allgemeine Arbeitspflicht erreicht. Das Parlament setzte zudem noch die Einrichtung von Arbeiteraussch\u00fcssen in den betroffenen Betrieben durch. Au\u00dferdem wurden von Arbeitgebern und Arbeitnehmern parit\u00e4tisch besetzte Einigungs\u00e4mter eingesetzt.<a href=\"https:\/\/de.wikipedia.org\/wiki\/Deutsches_Kaiserreich#cite_note-137\">[137]<\/a><\/p>\n<h4 style=\"text-align: justify;\"><span id=\"Friedensresolution_und_innenpolitische_Radikalisierung\">Friedensresolution und innenpolitische Radikalisierung<\/span><\/h4>\n<p style=\"text-align: justify;\">Dennoch war die Macht der OHL betr\u00e4chtlich. Ihr gelang es, gegen die zivile Reichsleitung den unbeschr\u00e4nkten U-Boot-Krieg durchzusetzen.<a href=\"https:\/\/de.wikipedia.org\/wiki\/Deutsches_Kaiserreich#cite_note-138\">[138]<\/a> Inzwischen hatten die Blockade, die Umstellung auf kriegswichtige Produktion, Transportschwierigkeiten und andere Gr\u00fcnde zu einer seit der fr\u00fchindustriellen Zeit unbekannten sozialen Not bis hin zu akutem Nahrungsmangel (\u201e<a title=\"Steckr\u00fcbenwinter\" href=\"https:\/\/de.wikipedia.org\/wiki\/Steckr%C3%BCbenwinter\">Steckr\u00fcbenwinter<\/a>\u201c 1916\/1917) und Hungerunruhen gef\u00fchrt.<a href=\"https:\/\/de.wikipedia.org\/wiki\/Deutsches_Kaiserreich#cite_note-139\">[139]<\/a> Auch dadurch stieg der politische Druck an. Die Linksliberalen ergriffen im M\u00e4rz 1917 die Gelegenheit, um auf eine Parlamentarisierung des Reiches zu dr\u00e4ngen. Dem schlossen sich Stresemann f\u00fcr die Nationalliberalen, <a title=\"Philipp Scheidemann\" href=\"https:\/\/de.wikipedia.org\/wiki\/Philipp_Scheidemann\">Philipp Scheidemann<\/a> im Namen der SPD und auch das Zentrum an. Bethmann Hollweg versuchte, sich der neuen Lage anzupassen. Allerdings folgte ihm der Kaiser in seiner \u201eOsterbotschaft\u201c<a href=\"https:\/\/de.wikipedia.org\/wiki\/Deutsches_Kaiserreich#cite_note-140\">[140]<\/a> vom 7. April 1917 nur teilweise. Unter der kriegsm\u00fcden Arbeiterbev\u00f6lkerung begannen Massenstreiks und die soeben neu gegr\u00fcndete <a title=\"Unabh\u00e4ngige Sozialdemokratische Partei Deutschlands\" href=\"https:\/\/de.wikipedia.org\/wiki\/Unabh%C3%A4ngige_Sozialdemokratische_Partei_Deutschlands\">USPD<\/a><a href=\"https:\/\/de.wikipedia.org\/wiki\/Deutsches_Kaiserreich#cite_note-141\">[141]<\/a>, hervorgegangen aus der sozialdemokratischen Arbeitsgemeinschaft, fand gro\u00dfen Zuspruch. Auch die nunmehrige Mehrheitssozialdemokratie (MSPD) verlangte ein deutlicheres Entgegenkommen. Als die Regierung ablehnend reagierte, ergriff Erzberger vom Zentrum die Initiative zu einer <a title=\"Friedensresolution\" href=\"https:\/\/de.wikipedia.org\/wiki\/Friedensresolution\">Friedensresolution<\/a> des Reichstages, die in Beratungen zwischen Vertretern der Links- und Nationalliberalen, des Zentrums und der SPD entstand. Aus diesen Treffen ging der <a title=\"Interfraktioneller Ausschuss\" href=\"https:\/\/de.wikipedia.org\/wiki\/Interfraktioneller_Ausschuss\">interfraktionelle Ausschuss<\/a> von Linksliberalen, SPD und Zentrum hervor. Wegen der vermittelnden Haltung des Kanzlers begann auch die OHL sich gegen Bethmann Hollweg zu wenden und beim Kaiser auf dessen Entlassung zu dr\u00e4ngen.<a href=\"https:\/\/de.wikipedia.org\/wiki\/Deutsches_Kaiserreich#cite_note-142\">[142]<\/a> Als sich im Zusammenhang mit der Friedensresolution die Parteien von den Konservativen bis zu den Sozialdemokraten aus unterschiedlichen Gr\u00fcnden gegen den Kanzler aussprachen, war die Position Bethmann Hollwegs nicht mehr zu halten.<a href=\"https:\/\/de.wikipedia.org\/wiki\/Deutsches_Kaiserreich#cite_note-143\">[143]<\/a><\/p>\n<p style=\"text-align: justify;\">Nachfolger wurde \u00fcberraschend <a title=\"Georg Michaelis\" href=\"https:\/\/de.wikipedia.org\/wiki\/Georg_Michaelis\">Georg Michaelis<\/a>. Dieser erwies sich als kaum in der Lage, den diktatorischen Bestrebungen der OHL entgegenzutreten. Da sich die Milit\u00e4rs dagegen aussprachen, hatte etwa die Friedensresolution des Reichstages ebenso wenig praktische Bedeutung wie die Friedensinitiative des Papstes von 1917. Die Initiative des Reichstages, die sich f\u00fcr einen Verst\u00e4ndigungsfrieden ohne Annexionen aussprach, f\u00fchrte allerdings dazu, dass sich auf der politischen Rechten eine neue Sammlungsbewegung bildete. Die <a title=\"Deutsche Vaterlandspartei\" href=\"https:\/\/de.wikipedia.org\/wiki\/Deutsche_Vaterlandspartei\">Deutsche Vaterlandspartei<\/a><a href=\"https:\/\/de.wikipedia.org\/wiki\/Deutsches_Kaiserreich#cite_note-144\">[144]<\/a>, ma\u00dfgeblich von <a title=\"Wolfgang Kapp\" href=\"https:\/\/de.wikipedia.org\/wiki\/Wolfgang_Kapp\">Wolfgang Kapp<\/a> gegr\u00fcndet, hatte 1918 etwa 300.000 Mitglieder und agitierte f\u00fcr einen siegreichen \u201eHindenburgfrieden\u201c mit zahlreichen Annexionen. Auch die Unterst\u00fctzung der Beh\u00f6rden f\u00fcr die Vaterlandspartei kostete den Reichskanzler das Vertrauen des Parlaments. Sein Nachfolger wurde der ehemalige bayerische Ministerpr\u00e4sident <a title=\"Georg von Hertling\" href=\"https:\/\/de.wikipedia.org\/wiki\/Georg_von_Hertling\">Georg von Hertling<\/a>. Dieser musste auf Druck der Parteien den Fortschrittsliberalen <a title=\"Friedrich von Payer\" href=\"https:\/\/de.wikipedia.org\/wiki\/Friedrich_von_Payer\">Friedrich von Payer<\/a> zum Vizekanzler machen und sich auf ein Programm des Parlaments verpflichten lassen. Hertling blieb allerdings Gegner einer Parlamentarisierung des Reiches und ging Konfrontationen mit der OHL aus dem Weg. Diese setzte nach der Oktoberrevolution im Osten die milit\u00e4rische Besetzung weiterer Gebiete durch. Damit hintertrieb die milit\u00e4rische F\u00fchrung auch jede M\u00f6glichkeit, mit den Gegnern im Westen zu einem Verst\u00e4ndigungsfrieden zu kommen.<a href=\"https:\/\/de.wikipedia.org\/wiki\/Deutsches_Kaiserreich#cite_note-145\">[145]<\/a><\/p>\n<h4 style=\"text-align: justify;\"><span id=\"Oktoberreformen_und_Ende_der_Monarchie_1918\">Oktoberreformen und Ende der Monarchie 1918<\/span><\/h4>\n<div style=\"text-align: justify;\" role=\"navigation\"><span title=\"siehe\" role=\"presentation\" aria-hidden=\"true\">\u2192 <\/span><em>Hauptartikel: <a title=\"Novemberrevolution\" href=\"https:\/\/de.wikipedia.org\/wiki\/Novemberrevolution\">Novemberrevolution<\/a><\/em><\/div>\n<div style=\"text-align: justify;\">\n<div>\n<p><a href=\"https:\/\/de.wikipedia.org\/wiki\/Datei:Ausrufung_Republik_Scheidemann.jpg\"><img loading=\"lazy\" decoding=\"async\" src=\"https:\/\/upload.wikimedia.org\/wikipedia\/commons\/thumb\/7\/7b\/Ausrufung_Republik_Scheidemann.jpg\/220px-Ausrufung_Republik_Scheidemann.jpg\" srcset=\"\/\/upload.wikimedia.org\/wikipedia\/commons\/thumb\/7\/7b\/Ausrufung_Republik_Scheidemann.jpg\/330px-Ausrufung_Republik_Scheidemann.jpg 1.5x, \/\/upload.wikimedia.org\/wikipedia\/commons\/thumb\/7\/7b\/Ausrufung_Republik_Scheidemann.jpg\/440px-Ausrufung_Republik_Scheidemann.jpg 2x\" alt=\"\" width=\"220\" height=\"277\" data-file-width=\"996\" data-file-height=\"1252\" \/><\/a><\/p>\n<div>\n<div><\/div>\n<\/div>\n<\/div>\n<\/div>\n<div style=\"text-align: justify;\">\n<div>\n<div>\u201e<em>Der Kaiser hat abgedankt. [\u2026] Das alte und morsche, die Monarchie ist zusammengebrochen. Es lebe das Neue. Es lebe die deutsche Republik!<\/em>\u201c<a href=\"https:\/\/de.wikipedia.org\/wiki\/Deutsches_Kaiserreich#cite_note-146\">[146]<\/a> Der SPD-Politiker Philipp Scheidemann ruft auf dem Westbalkon des <a title=\"Reichstagsgeb\u00e4ude\" href=\"https:\/\/de.wikipedia.org\/wiki\/Reichstagsgeb%C3%A4ude\">Reichstages<\/a> (zweites Fenster n\u00f6rdlich des Portikus) am 9. November 1918 die Republik aus.<\/div>\n<\/div>\n<\/div>\n<div style=\"text-align: justify;\">\n<div>\n<p><a href=\"https:\/\/de.wikipedia.org\/wiki\/Datei:Bundesarchiv_Bild_183-R12318,_Eysden,_Kaiser_Wilhelm_II._auf_Weg_ins_Exil.jpg\"><img loading=\"lazy\" decoding=\"async\" src=\"https:\/\/upload.wikimedia.org\/wikipedia\/commons\/thumb\/4\/4d\/Bundesarchiv_Bild_183-R12318%2C_Eysden%2C_Kaiser_Wilhelm_II._auf_Weg_ins_Exil.jpg\/220px-Bundesarchiv_Bild_183-R12318%2C_Eysden%2C_Kaiser_Wilhelm_II._auf_Weg_ins_Exil.jpg\" srcset=\"\/\/upload.wikimedia.org\/wikipedia\/commons\/thumb\/4\/4d\/Bundesarchiv_Bild_183-R12318%2C_Eysden%2C_Kaiser_Wilhelm_II._auf_Weg_ins_Exil.jpg\/330px-Bundesarchiv_Bild_183-R12318%2C_Eysden%2C_Kaiser_Wilhelm_II._auf_Weg_ins_Exil.jpg 1.5x, \/\/upload.wikimedia.org\/wikipedia\/commons\/thumb\/4\/4d\/Bundesarchiv_Bild_183-R12318%2C_Eysden%2C_Kaiser_Wilhelm_II._auf_Weg_ins_Exil.jpg\/440px-Bundesarchiv_Bild_183-R12318%2C_Eysden%2C_Kaiser_Wilhelm_II._auf_Weg_ins_Exil.jpg 2x\" alt=\"\" width=\"220\" height=\"155\" data-file-width=\"787\" data-file-height=\"553\" \/><\/a><\/p>\n<div>\n<div><\/div>\n<\/div>\n<\/div>\n<\/div>\n<div style=\"text-align: justify;\">\n<div>\n<div>Flucht Wilhelms II. am 10. November 1918: Der vormalige Kaiser (Bildmitte bzw. vierter von links) auf dem Bahnsteig des belgisch-niederl\u00e4ndischen Grenz\u00fcbergangs Eysden kurz vor seiner Abreise ins niederl\u00e4ndische Exil<\/div>\n<\/div>\n<\/div>\n<p style=\"text-align: justify;\">Immerhin blieb das B\u00fcndnis aus MSPD, Linksliberalen und Zentrum als Gegenpol zur OHL erhalten. Allerdings gab es zwischen den Parteien erhebliche Konflikte. Als Ende Januar 1918 Hunderttausende von Arbeitern gegen die Unterbrechung der Verhandlungen in Brest-Litowsk streikten,<a href=\"https:\/\/de.wikipedia.org\/wiki\/Deutsches_Kaiserreich#cite_note-147\">[147]<\/a> traten f\u00fchrende Sozialdemokraten wie Scheidemann, Friedrich Ebert und <a title=\"Otto Braun\" href=\"https:\/\/de.wikipedia.org\/wiki\/Otto_Braun\">Otto Braun<\/a> in die Streikleitung ein. Dies rief unter den b\u00fcrgerlichen Parteien erhebliche Kritik hervor. Als nach dem Durchbruch der Alliierten bei Amiens am 8. August 1918 immer deutlicher wurde, dass der Krieg verloren sein w\u00fcrde, hat die Parlamentsmehrheit letztlich auch mit Zustimmung des Zentrums Hertling gest\u00fcrzt und forderte die endg\u00fcltige Parlamentarisierung des Reiches.<a href=\"https:\/\/de.wikipedia.org\/wiki\/Deutsches_Kaiserreich#cite_note-148\">[148]<\/a> Parallel sahen auch Teile der Regierung und schlie\u00dflich auch Hertling selbst die Notwendigkeit von Konzessionen, um einer Revolution zuvorzukommen. Bereits am 14. August 1918 hatte die OHL die milit\u00e4rische Lage als aussichtslos eingestuft und forderte am 29. September die Ausarbeitung eines Waffenstillstandsangebots.<a href=\"https:\/\/de.wikipedia.org\/wiki\/Deutsches_Kaiserreich#cite_note-149\">[149]<\/a> Dies sollte durch eine parlamentarische Regierung geschehen, um so die Verantwortung f\u00fcr die Niederlage den Parteien zuweisen zu k\u00f6nnen. Der Kaiser konnte angesichts dieses Drucks von allen Seiten nur noch zustimmen. Gebildet wurde daraufhin eine Koalition aus MSPD, Fortschrittlicher Volkspartei und Zentrum und dem Prinzen <a title=\"Max von Baden\" href=\"https:\/\/de.wikipedia.org\/wiki\/Max_von_Baden\">Max von Baden<\/a> als Reichskanzler. Noch vor der offiziellen Ernennung setzte die OHL durch, dass die neue Regierung unmittelbar nach Amtsantritt bei Pr\u00e4sident <a title=\"Woodrow Wilson\" href=\"https:\/\/de.wikipedia.org\/wiki\/Woodrow_Wilson\">Woodrow Wilson<\/a> um einen Waffenstillstand nachsuchen sollte, um so die vor dem Zusammenbruch stehende Armee noch retten zu k\u00f6nnen. Als die OHL Ende Oktober einen R\u00fcckzieher machte, entlie\u00df Kaiser Wilhelm II. Ludendorff, w\u00e4hrend Hindenburg im Amt blieb. Am 26. Oktober 1918 hat der Reichstag die Parlamentarisierung des Reiches auch offiziell durch Gesetze (<a title=\"Oktoberreform\" href=\"https:\/\/de.wikipedia.org\/wiki\/Oktoberreform\">Oktoberreform<\/a>) vollzogen. Bereits am 15. Oktober hatte das preu\u00dfische Abgeordnetenhaus das Ende des Dreiklassenwahlrechts beschlossen.<a href=\"https:\/\/de.wikipedia.org\/wiki\/Deutsches_Kaiserreich#cite_note-150\">[150]<\/a><\/p>\n<p style=\"text-align: justify;\">Die Reformen kamen freilich zu sp\u00e4t, um das Kaiserreich noch retten zu k\u00f6nnen. Der <a title=\"Flottenbefehl vom 24. Oktober 1918\" href=\"https:\/\/de.wikipedia.org\/wiki\/Flottenbefehl_vom_24._Oktober_1918\">Flottenbefehl vom 24. Oktober 1918<\/a> zum Auslaufen der <a title=\"Marine\" href=\"https:\/\/de.wikipedia.org\/wiki\/Marine\">Flotte<\/a> gegen die \u00fcberlegene <a title=\"Royal Navy\" href=\"https:\/\/de.wikipedia.org\/wiki\/Royal_Navy\">Royal Navy<\/a> l\u00f6ste einen <a title=\"Kieler Matrosenaufstand\" href=\"https:\/\/de.wikipedia.org\/wiki\/Kieler_Matrosenaufstand\">Matrosenaufstand<\/a> aus, der sich innerhalb weniger Tage zur Revolution, der <a title=\"Novemberrevolution\" href=\"https:\/\/de.wikipedia.org\/wiki\/Novemberrevolution\">Novemberrevolution<\/a> entwickelte. In zahlreichen deutschen St\u00e4dten wurden <a title=\"Arbeiter- und Soldatenrat\" href=\"https:\/\/de.wikipedia.org\/wiki\/Arbeiter-_und_Soldatenrat\">Arbeiter- und Soldatenr\u00e4te<\/a> gegr\u00fcndet. <a title=\"Kurt Eisner\" href=\"https:\/\/de.wikipedia.org\/wiki\/Kurt_Eisner\">Kurt Eisner<\/a> rief in <a title=\"M\u00fcnchen\" href=\"https:\/\/de.wikipedia.org\/wiki\/M%C3%BCnchen\">M\u00fcnchen<\/a> den <a title=\"Geschichte Bayerns\" href=\"https:\/\/de.wikipedia.org\/wiki\/Geschichte_Bayerns\">Freistaat Bayern<\/a> aus. Die Revolution erfasste am 9. November auch <a title=\"Berlin\" href=\"https:\/\/de.wikipedia.org\/wiki\/Berlin\">Berlin<\/a>, wo Reichskanzler Max von Baden aus Sorge vor einem radikalen politischen Umsturz eigenm\u00e4chtig die Abdankung des Kaisers bekannt gab und die Reichskanzlerschaft auf den Vorsitzenden der <a title=\"Sozialdemokratische Partei Deutschlands\" href=\"https:\/\/de.wikipedia.org\/wiki\/Sozialdemokratische_Partei_Deutschlands\">SPD<\/a>, <a title=\"Friedrich Ebert\" href=\"https:\/\/de.wikipedia.org\/wiki\/Friedrich_Ebert\">Friedrich Ebert<\/a>, \u00fcbertrug. Am Nachmittag desselben Tages rief <a title=\"Philipp Scheidemann\" href=\"https:\/\/de.wikipedia.org\/wiki\/Philipp_Scheidemann\">Philipp Scheidemann<\/a> die Deutsche Republik aus. <a title=\"Karl Liebknecht\" href=\"https:\/\/de.wikipedia.org\/wiki\/Karl_Liebknecht\">Karl Liebknecht<\/a> vom <a title=\"Spartakusbund\" href=\"https:\/\/de.wikipedia.org\/wiki\/Spartakusbund\">Spartakusbund<\/a> proklamierte die Freie Sozialistische Republik Deutschland. Der Kaiser wurde von Vertrauten zur Abdankung gedr\u00e4ngt, um die Situation zu entsch\u00e4rfen und eventuell die Monarchie zu retten. Wilhelm II. z\u00f6gerte diesen Schritt jedoch hinaus. Am 10. November begab er sich ins <a title=\"Niederlande\" href=\"https:\/\/de.wikipedia.org\/wiki\/Niederlande\">niederl\u00e4ndische<\/a> Exil. Die meisten anderen deutschen F\u00fcrsten dankten freiwillig ab. Der letzte monarchische Teilstaat war dabei das F\u00fcrstentum <a title=\"Schwarzburg-Sondershausen\" href=\"https:\/\/de.wikipedia.org\/wiki\/Schwarzburg-Sondershausen\">Schwarzburg-Sondershausen<\/a> mit der Residenzstadt <a title=\"Sondershausen\" href=\"https:\/\/de.wikipedia.org\/wiki\/Sondershausen\">Sondershausen<\/a>, dessen F\u00fcrst <a title=\"G\u00fcnther Victor (Schwarzburg-Rudolstadt)\" href=\"https:\/\/de.wikipedia.org\/wiki\/G%C3%BCnther_Victor_(Schwarzburg-Rudolstadt)\">G\u00fcnther Victor<\/a> am 25. November 1918 abdankte. Die formelle Abdankungserkl\u00e4rung des vormaligen Kaisers Wilhelm II. erfolgte am 28. November 1918 knapp drei Wochen nach deren Verk\u00fcndung durch Philipp Scheidemann.<\/p>\n<h2 style=\"text-align: justify;\"><span id=\"Das_Kaiserreich_in_der_Historiografie\">Das Kaiserreich in der Historiografie<\/span><\/h2>\n<p style=\"text-align: justify;\">Die Geschichte des Kaiserreichs wurde seit ihrem Beginn nicht zuletzt vor dem Hintergrund der jeweiligen politischen Situation immer wieder unterschiedlich interpretiert. Nach der Gr\u00fcndung des neuen Reiches dominierte zun\u00e4chst eine preu\u00dfisch-kleindeutsche Interpretationslinie. Der Basler Historiker <a title=\"Jacob Burckhardt\" href=\"https:\/\/de.wikipedia.org\/wiki\/Jacob_Burckhardt\">Jacob Burckhardt<\/a> bef\u00fcrchtete schon 1871, dass nun \u201edie ganze Weltgeschichte von Adam an siegesdeutsch angestrichen und auf 1870 bis 1871 orientiert sein wird.\u201c<a href=\"https:\/\/de.wikipedia.org\/wiki\/Deutsches_Kaiserreich#cite_note-151\">[151]<\/a> Daneben haben die einflussreichen Historiker <a title=\"Heinrich von Sybel\" href=\"https:\/\/de.wikipedia.org\/wiki\/Heinrich_von_Sybel\">Heinrich von Sybel<\/a> und <a title=\"Heinrich von Treitschke\" href=\"https:\/\/de.wikipedia.org\/wiki\/Heinrich_von_Treitschke\">Heinrich von Treitschke<\/a> die bisherige deutsche Geschichte auf die Reichseinigung zulaufen lassen und dabei die Rolle Preu\u00dfens betont. Im Gegensatz etwa zu <a title=\"Johann Gustav Droysen\" href=\"https:\/\/de.wikipedia.org\/wiki\/Johann_Gustav_Droysen\">Johann Gustav Droysen<\/a> traten bei diesen nationalliberalen Interpreten die liberaldemokratischen Hoffnungen zur\u00fcck. Stattdessen wurde die Macht des Nationalstaates und der Genius von Bismarck hervorgehoben. Diese Interpretation blieb im Kern auch w\u00e4hrend des wilhelminischen Reiches f\u00fchrend.<a href=\"https:\/\/de.wikipedia.org\/wiki\/Deutsches_Kaiserreich#cite_note-152\">[152]<\/a><\/p>\n<div style=\"text-align: justify;\">\n<div>\n<p><a href=\"https:\/\/de.wikipedia.org\/wiki\/Datei:Heinrich_von_Sybel.jpg\"><img loading=\"lazy\" decoding=\"async\" src=\"https:\/\/upload.wikimedia.org\/wikipedia\/commons\/thumb\/1\/17\/Heinrich_von_Sybel.jpg\/220px-Heinrich_von_Sybel.jpg\" srcset=\"\/\/upload.wikimedia.org\/wikipedia\/commons\/1\/17\/Heinrich_von_Sybel.jpg 1.5x\" alt=\"\" width=\"220\" height=\"222\" data-file-width=\"270\" data-file-height=\"273\" \/><\/a><\/p>\n<div>\n<div><\/div>\n<\/div>\n<\/div>\n<\/div>\n<div style=\"text-align: justify;\">\n<div>\n<div>Heinrich von Sybel<\/div>\n<\/div>\n<\/div>\n<p style=\"text-align: justify;\">Vor allem w\u00e4hrend des Ersten Weltkrieges wurde von Historikern die Existenz eines <a title=\"Deutscher Sonderweg\" href=\"https:\/\/de.wikipedia.org\/wiki\/Deutscher_Sonderweg\">deutschen Sonderweges<\/a> behauptet, indem das Kaiserreich als bessere Alternative sowohl zu Demokratie und Kapitalismus des Westens, als auch zur autokratischen Herrschaft des Zaren beschrieben wurde. Negativ gewendet, etwa mit Hinweisen auf den deutschen <a title=\"Militarismus\" href=\"https:\/\/de.wikipedia.org\/wiki\/Militarismus\">Militarismus<\/a> und \u00fcbersteigerten <a title=\"Nationalismus\" href=\"https:\/\/de.wikipedia.org\/wiki\/Nationalismus\">Nationalismus<\/a>, wurde die Sonderwegsthese bei den Alliierten aufgenommen.<a href=\"https:\/\/de.wikipedia.org\/wiki\/Deutsches_Kaiserreich#cite_note-153\">[153]<\/a><\/p>\n<p style=\"text-align: justify;\">Erst in der <a title=\"Weimarer Republik\" href=\"https:\/\/de.wikipedia.org\/wiki\/Weimarer_Republik\">Weimarer Republik<\/a> konnte das Kaiserreich als eine abgeschlossene Zeitepoche betrachtet werden. Dennoch blieb bis weit in die 1980er Jahre kennzeichnend, dass die Geschichte des Kaiserreichs kontrovers vor dem Hintergrund der jeweiligen Zeit diskutiert wurde. Dabei gab es Schwerpunkte der Debatten. In den 1920er Jahren stand die <a title=\"Kriegsschuldfrage\" href=\"https:\/\/de.wikipedia.org\/wiki\/Kriegsschuldfrage\">Kriegsschuldfrage<\/a> im Zentrum.<a href=\"https:\/\/de.wikipedia.org\/wiki\/Deutsches_Kaiserreich#cite_note-154\">[154]<\/a> Neben einer dominanten Richtung, die sich gegen eine Kriegsschuld Deutschlands aussprach und das Kaiserreich weiterhin positiv bewertete, gab es eine Minderheit, die sich wie <a title=\"Johannes Ziekursch\" href=\"https:\/\/de.wikipedia.org\/wiki\/Johannes_Ziekursch\">Johannes Ziekursch<\/a> oder <a title=\"Eckart Kehr\" href=\"https:\/\/de.wikipedia.org\/wiki\/Eckart_Kehr\">Eckart Kehr<\/a> kritisch mit dem Kaiserreich auseinandersetzte.<a href=\"https:\/\/de.wikipedia.org\/wiki\/Deutsches_Kaiserreich#cite_note-155\">[155]<\/a> W\u00e4hrend des Dritten Reiches gab es einerseits eine eher traditionelle nationalkonservative Deutung der Zeit seit 1871. Daneben gab es andererseits von der vom Regime gef\u00f6rderten <a title=\"Volkstumsgeschichte (Seite nicht vorhanden)\" href=\"https:\/\/de.wikipedia.org\/w\/index.php?title=Volkstumsgeschichte&amp;action=edit&amp;redlink=1\">Volkstumsgeschichte<\/a> Kritik am \u201eunvollendeten Reich.\u201c Eine vermittelnde Interpretation von <a title=\"Erich Marcks (Historiker)\" href=\"https:\/\/de.wikipedia.org\/wiki\/Erich_Marcks_(Historiker)\">Erich Marcks<\/a> deutete die bismarcksche Reichsgr\u00fcndung als eine erste Stufe der Nationalstaatsbildung, die <a title=\"Adolf Hitler\" href=\"https:\/\/de.wikipedia.org\/wiki\/Adolf_Hitler\">Adolf Hitler<\/a> vollendet habe.<a href=\"https:\/\/de.wikipedia.org\/wiki\/Deutsches_Kaiserreich#cite_note-156\">[156]<\/a><\/p>\n<p style=\"text-align: justify;\">Nach dem <a title=\"Zweiter Weltkrieg\" href=\"https:\/\/de.wikipedia.org\/wiki\/Zweiter_Weltkrieg\">Zweiten Weltkrieg<\/a> wurde eine Kontinuit\u00e4tslinie von Bismarck \u00fcber Wilhelm II. bis hin zu Hitler diskutiert. Allerdings dominierte dabei zun\u00e4chst noch eine eher konservative Sichtweise. <a title=\"Theodor Schieder\" href=\"https:\/\/de.wikipedia.org\/wiki\/Theodor_Schieder\">Theodor Schieder<\/a> r\u00e4umte vorsichtig gewisse Defizite des Staates ein, als er davon sprach, dass das Kaiserreich als Nationalstaat, als Verfassungsstaat und als Kulturstaat unvollendet gewesen w\u00e4re. Auch <a title=\"Gerhard Ritter\" href=\"https:\/\/de.wikipedia.org\/wiki\/Gerhard_Ritter\">Gerhard Ritter<\/a> erkannte einige Strukturprobleme, etwa bei der Einhegung des Militarismus, blieb insgesamt allerdings doch einer eher konservativen Traditionslinie verpflichtet. Nicht zuletzt versuchten die Darstellungen der Nachkriegszeit Deutschland in einen gesamteurop\u00e4ischen Kontext einzubetten und die Sonderwegsthese so zu verwerfen. Ebenso wurde nach dem Krieg auch diskutiert, inwieweit die kleindeutsche L\u00f6sung von 1866 unausweichlich gewesen sei.<a href=\"https:\/\/de.wikipedia.org\/wiki\/Deutsches_Kaiserreich#cite_note-157\">[157]<\/a><\/p>\n<p style=\"text-align: justify;\">Das Kaiserreich erlebte seine Hochkonjunktur als Forschungsgegenstand ab den 1960er Jahren, als mit der <a title=\"Fischer-Kontroverse\" href=\"https:\/\/de.wikipedia.org\/wiki\/Fischer-Kontroverse\">Fischer-Kontroverse<\/a> wieder die Kriegsschulddebatte in den Vordergrund r\u00fcckte. Dabei standen nicht nur die handelnden Personen, sondern \u2013 ankn\u00fcpfend an die geschichtswissenschaftlichen Vorl\u00e4ufer aus den 1920er Jahren \u2013 auch strukturelle Defizite des Reiches im Mittelpunkt. Diese Debatte ging in den 1970er und fr\u00fchen 1980er Jahren in die von der <a title=\"Bielefelder Schule\" href=\"https:\/\/de.wikipedia.org\/wiki\/Bielefelder_Schule\">Bielefelder Schule<\/a> wieder aufgegriffene (negative) Sonderwegsthese \u00fcber. Nicht zuletzt durch die kompakte Kaiserreichstudie von <a title=\"Hans-Ulrich Wehler\" href=\"https:\/\/de.wikipedia.org\/wiki\/Hans-Ulrich_Wehler\">Hans-Ulrich Wehler<\/a> (1973) kamen in den 1970er Jahren weitere Fragestellungen etwa \u00fcber die <a title=\"Innere Reichsgr\u00fcndung\" href=\"https:\/\/de.wikipedia.org\/wiki\/Innere_Reichsgr%C3%BCndung\">Innere Reichsgr\u00fcndung<\/a>, die Kolonialpolitik Bismarcks und schlie\u00dflich nach der Modernit\u00e4t des Wilhelminischen Reiches hinzu. F\u00fcr den Aufschwung spielte nicht zuletzt ein Generationswechsel in der Geschichtswissenschaft eine Rolle. Autoren wie Wehler, <a title=\"Wolfgang J. Mommsen\" href=\"https:\/\/de.wikipedia.org\/wiki\/Wolfgang_J._Mommsen\">Wolfgang J. Mommsen<\/a>, <a title=\"Gerhard A. Ritter\" href=\"https:\/\/de.wikipedia.org\/wiki\/Gerhard_A._Ritter\">Gerhard A. Ritter<\/a>, <a title=\"Heinrich August Winkler\" href=\"https:\/\/de.wikipedia.org\/wiki\/Heinrich_August_Winkler\">Heinrich August Winkler<\/a> oder <a title=\"J\u00fcrgen Kocka\" href=\"https:\/\/de.wikipedia.org\/wiki\/J%C3%BCrgen_Kocka\">J\u00fcrgen Kocka<\/a> hatten eine ganz andere, westlich gepr\u00e4gte, intellektuelle Sozialisation hinter sich als ihre Vorg\u00e4nger.<a href=\"https:\/\/de.wikipedia.org\/wiki\/Deutsches_Kaiserreich#cite_note-158\">[158]<\/a><\/p>\n<p style=\"text-align: justify;\">In den 1980er Jahren lie\u00df die Konjunktur der Kaiserreichforschung deutlich nach. Lag der Anteil der Artikel zum Deutschen Kaiserreich in der <a title=\"Historische Zeitschrift\" href=\"https:\/\/de.wikipedia.org\/wiki\/Historische_Zeitschrift\">Historischen Zeitschrift<\/a> von 1966\u20131977 bei 27\u00a0% fiel er zwischen 1986 und 1990 auf unter 10\u00a0% ab. In der Zeitschrift <a title=\"Geschichte und Gesellschaft\" href=\"https:\/\/de.wikipedia.org\/wiki\/Geschichte_und_Gesellschaft\">Geschichte und Gesellschaft<\/a> machte der Anteil zwischen 1975 und 1979 noch ein Drittel aus, zwischen 1995 und 1999 waren es nur noch ein Viertel.<a href=\"https:\/\/de.wikipedia.org\/wiki\/Deutsches_Kaiserreich#cite_note-159\">[159]<\/a> Auch die <a title=\"Deutsche Wiedervereinigung\" href=\"https:\/\/de.wikipedia.org\/wiki\/Deutsche_Wiedervereinigung\">deutsche Wiedervereinigung<\/a> rief kein verst\u00e4rktes Interesse am Thema hervor. Wichtiger f\u00fcr das gesellschaftliche Selbstverst\u00e4ndnis wurden die Debatten \u00fcber die NS-Zeit und die Entwicklung nach dem Zweiten Weltkrieg. Mittlerweile ist das Kaiserreich ein \u201enormaler\u201c Forschungsbereich neben zahlreichen anderen, der anders als in den 1960\u20131980er Jahren nicht mehr f\u00fcr breite fachwissenschaftliche oder gar gesellschaftliche Kontroversen sorgt. Dabei haben sich allerdings die methodischen Zugriffsweisen und behandelten Sachthemen ausgeweitet. In den 1990er Jahren kam es etwa zu einem neuen Interesse an politikgeschichtlichen und kulturgeschichtlichen Fragestellungen. Immer wichtiger wurden auch vergleichende Forschungen etwa zu Adel und B\u00fcrgertum, aber auch die Nationalismusforschung wurde verst\u00e4rkt. Dabei kam es teilweise etwa in der B\u00fcrgertumsforschung zu Relativierungen fr\u00fcherer Auffassungen. Immer wichtiger wurden auch die regionalen Unterschiede im Kaiserreich und die Erforschung der \u201esozialmoralischen Milieus\u201c. Insgesamt spielt das Kaiserreich, anders als in den 1970er Jahren, als Vorgeschichte des Dritten Reichs eine geringere Rolle, wichtiger wurde das Kaiserreich als ein Beispiel f\u00fcr den gesellschaftlichen, politischen, wirtschaftlichen und kulturellen Wandel vor dem Hintergrund von Industrialisierung und Demokratisierung. An die Stelle der Sonderweg-Thesen trat tendenziell die deutende Einbettung in den gesamteurop\u00e4ischen Kontext.<a href=\"https:\/\/de.wikipedia.org\/wiki\/Deutsches_Kaiserreich#cite_note-160\">[160]<\/a><\/p>\n<h2 style=\"text-align: justify;\"><span id=\"Siehe_auch\">Siehe auch<\/span><\/h2>\n<ul style=\"text-align: justify;\">\n<li><a title=\"Geschichte Deutschlands\" href=\"https:\/\/de.wikipedia.org\/wiki\/Geschichte_Deutschlands\">Geschichte Deutschlands<\/a><\/li>\n<li><a title=\"Geschichte der Parteien in Deutschland\" href=\"https:\/\/de.wikipedia.org\/wiki\/Geschichte_der_Parteien_in_Deutschland\">Geschichte der Parteien in Deutschland<\/a><\/li>\n<li><a title=\"Titulatur und Wappen der Deutschen Kaiser nach 1873\" href=\"https:\/\/de.wikipedia.org\/wiki\/Titulatur_und_Wappen_der_Deutschen_Kaiser_nach_1873\">Titulatur und Wappen der Deutschen Kaiser nach 1873<\/a><\/li>\n<li><a title=\"Liste der Flaggen des Deutschen Kaiserreichs\" href=\"https:\/\/de.wikipedia.org\/wiki\/Liste_der_Flaggen_des_Deutschen_Kaiserreichs\">Liste der Flaggen des Deutschen Kaiserreichs<\/a><\/li>\n<\/ul>\n<h2 style=\"text-align: justify;\"><span id=\"Literatur\">Literatur<\/span><\/h2>\n<p style=\"text-align: justify;\"><strong>\u00dcberblicksdarstellungen<\/strong><\/p>\n<ul style=\"text-align: justify;\">\n<li>Margaret Anderson, Sibylle Hirschfeld (\u00dcbers.): <em>Lehrjahre der Demokratie \u2013 Wahlen und politische Kultur im Deutschen Kaiserreich<\/em>. Steiner, Stuttgart 2009 <a href=\"https:\/\/de.wikipedia.org\/wiki\/Spezial:ISBN-Suche\/9783515090315\">ISBN 978-3-515-09031-5<\/a>.<\/li>\n<li><a title=\"Volker Berghahn\" href=\"https:\/\/de.wikipedia.org\/wiki\/Volker_Berghahn\">Volker Berghahn<\/a>: <em>Das Kaiserreich 1871\u20131914. Industriegesellschaft, b\u00fcrgerliche Kultur und autorit\u00e4rer Staat<\/em> (=\u00a0Gebhardt. Handbuch der deutschen Geschichte; Bd. 16), 10., v\u00f6llig neu bearb. Aufl., Klett-Cotta, Stuttgart 2003, <a href=\"https:\/\/de.wikipedia.org\/wiki\/Spezial:ISBN-Suche\/9783608600162\">ISBN 978-3-608-60016-2<\/a> (<a href=\"http:\/\/www.sehepunkte.de\/2004\/05\/5078.html\" rel=\"nofollow\">Rezension<\/a>).<\/li>\n<li>Gerd Fesser: <em>Die Kaiserzeit. Deutschland 1871\u20131918.<\/em> Hrsg. von der Landeszentrale f\u00fcr politische Bildung Th\u00fcringen. Erfurt 2000, <a href=\"https:\/\/de.wikipedia.org\/wiki\/Spezial:ISBN-Suche\/3931426394\">ISBN 3-931426-39-4<\/a> (<a href=\"https:\/\/web.archive.org\/web\/20121108172543\/http:\/\/www.thueringen.de\/imperia\/md\/content\/text\/lzt\/16.pdf\" rel=\"nofollow\">PDF, 296 kB<\/a> (<a title=\"Web-Archivierung\" href=\"https:\/\/de.wikipedia.org\/wiki\/Web-Archivierung#Begriffsbestimmung\">Memento<\/a> vom 8. November 2012 im <em><a title=\"Internet Archive\" href=\"https:\/\/de.wikipedia.org\/wiki\/Internet_Archive\">Internet Archive<\/a><\/em>)).<\/li>\n<li><a title=\"Ewald Frie\" href=\"https:\/\/de.wikipedia.org\/wiki\/Ewald_Frie\">Ewald Frie<\/a>: <em>Das Deutsche Kaiserreich<\/em> (=\u00a0Kontroversen um die Geschichte). Wissenschaftliche Buchgesellschaft, Darmstadt 2004, <a href=\"https:\/\/de.wikipedia.org\/wiki\/Spezial:ISBN-Suche\/3534147251\">ISBN 3-534-14725-1<\/a>.<\/li>\n<li><a title=\"Carola Groppe\" href=\"https:\/\/de.wikipedia.org\/wiki\/Carola_Groppe\">Carola Groppe<\/a>: Im deutschen Kaiserreich: Eine Bildungsgeschichte des B\u00fcrgertums 1871\u20131918. K\u00f6ln u. a.: B\u00f6hlau, 2018.<\/li>\n<li><a title=\"Klaus Hildebrand\" href=\"https:\/\/de.wikipedia.org\/wiki\/Klaus_Hildebrand\">Klaus Hildebrand<\/a>: <em>Das vergangene Reich. Deutsche Au\u00dfenpolitik von Bismarck bis Hitler.<\/em> Deutsche Verlags-Anstalt, Stuttgart 1996, <a href=\"https:\/\/de.wikipedia.org\/wiki\/Spezial:ISBN-Suche\/354826557X\">ISBN 3-548-26557-X<\/a>.<\/li>\n<li>Klaus Hildebrand (Hrsg.): <em>Das Deutsche Reich im Urteil der Gro\u00dfen M\u00e4chte und europ\u00e4ischen Nachbarn (1871\u20131945)<\/em> (= Schriften des <a title=\"Historisches Kolleg\" href=\"https:\/\/de.wikipedia.org\/wiki\/Historisches_Kolleg\">Historischen Kollegs<\/a>. Kolloquien 33). M\u00fcnchen 1995, <a href=\"https:\/\/de.wikipedia.org\/wiki\/Spezial:ISBN-Suche\/9783486560848\">ISBN 978-3-486-56084-8<\/a> (<a href=\"http:\/\/www.historischeskolleg.de\/fileadmin\/pdf\/kolloquien_pdf\/Kolloquien33.pdf\" rel=\"nofollow\">Digitalisat<\/a>).<\/li>\n<li>Heinrich Hirschfelder, Wilhelm Nutzinger: <em>Das Kaiserreich 1871\u20131918<\/em>. 2. Auflage, Bamberg 1999, <a href=\"https:\/\/de.wikipedia.org\/wiki\/Spezial:ISBN-Suche\/3766146327\">ISBN 3-7661-4632-7<\/a>.<\/li>\n<li>Gerd Hohorst, J\u00fcrgen Kocka, <a title=\"Gerhard Ritter\" href=\"https:\/\/de.wikipedia.org\/wiki\/Gerhard_Ritter\">Gerhard Ritter<\/a>: <em>Sozialgeschichtliches Arbeitsbuch Bd. 2: Materialien zur Statistik des Kaiserreichs 1870\u20131914<\/em>. M\u00fcnchen 1978, <a href=\"https:\/\/de.wikipedia.org\/wiki\/Spezial:ISBN-Suche\/3406054064\">ISBN 3-406-05406-4<\/a>.<\/li>\n<li><a title=\"Matthew Jefferies (Seite nicht vorhanden)\" href=\"https:\/\/de.wikipedia.org\/w\/index.php?title=Matthew_Jefferies&amp;action=edit&amp;redlink=1\">Matthew Jefferies<\/a>: <em>Imperial Culture in Germany, 1871\u20131918<\/em>. Palgrave Macmillan, Basingstoke [u.\u00a0a.] 2003, <a href=\"https:\/\/de.wikipedia.org\/wiki\/Spezial:ISBN-Suche\/1403904219\">ISBN 1-4039-0421-9<\/a>.<\/li>\n<li><a title=\"Wilfried Loth\" href=\"https:\/\/de.wikipedia.org\/wiki\/Wilfried_Loth\">Wilfried Loth<\/a>: <em>Das Kaiserreich. Obrigkeitsstaat und politische Mobilisierung<\/em>. dtv, M\u00fcnchen 1996, <a href=\"https:\/\/de.wikipedia.org\/wiki\/Spezial:ISBN-Suche\/3423045051\">ISBN 3-423-04505-1<\/a>.<\/li>\n<li>Martina G. L\u00fcke: <em>Zwischen Tradition und Aufbruch. Deutschunterricht und Lesebuch im Deutschen Kaiserreich.<\/em> Lang, Frankfurt am Main 2007, <a href=\"https:\/\/de.wikipedia.org\/wiki\/Spezial:ISBN-Suche\/9783631564080\">ISBN 978-3-631-56408-0<\/a>.<\/li>\n<li>Sven Oliver M\u00fcller, Cornelius Torp (Hrsg.): <em>Das deutsche Kaiserreich in der Kontroverse<\/em>. Vandenhoeck &amp; Ruprecht, G\u00f6ttingen 2009, <a href=\"https:\/\/de.wikipedia.org\/wiki\/Spezial:ISBN-Suche\/9783525367520\">ISBN 978-3-525-36752-0<\/a>.<\/li>\n<li><a title=\"Thomas Nipperdey\" href=\"https:\/\/de.wikipedia.org\/wiki\/Thomas_Nipperdey\">Thomas Nipperdey<\/a>: <em>Deutsche Geschichte 1866\u20131918. Arbeitswelt und B\u00fcrgergeist<\/em>. Beck, M\u00fcnchen 1990, <a href=\"https:\/\/de.wikipedia.org\/wiki\/Spezial:ISBN-Suche\/3406344534\">ISBN 3-406-34453-4<\/a>.<\/li>\n<li>Thomas Nipperdey: <em>Deutsche Geschichte 1866\u20131918. Machtstaat vor der Demokratie<\/em>. C.H. Beck, M\u00fcnchen 1992, <a href=\"https:\/\/de.wikipedia.org\/wiki\/Spezial:ISBN-Suche\/3406348017\">ISBN 3-406-34801-7<\/a>.<\/li>\n<li><a title=\"Christoph Nonn\" href=\"https:\/\/de.wikipedia.org\/wiki\/Christoph_Nonn\">Christoph Nonn<\/a>: <em>Das deutsche Kaiserreich. Von der Gr\u00fcndung bis zum Untergang.<\/em> C.H. Beck, M\u00fcnchen 2017, <a href=\"https:\/\/de.wikipedia.org\/wiki\/Spezial:ISBN-Suche\/9783406708022\">ISBN 978-3-406-70802-2<\/a>.<\/li>\n<li><a title=\"Otto Pflanze\" href=\"https:\/\/de.wikipedia.org\/wiki\/Otto_Pflanze\">Otto Pflanze<\/a> (Hrsg.): <em>Innenpolitische Probleme des Bismarck-Reiches<\/em> (=\u00a0<em>Schriften des Historischen Kollegs.<\/em> Kolloquien. Bd. 2). Oldenbourg, M\u00fcnchen 1983, <a href=\"https:\/\/de.wikipedia.org\/wiki\/Spezial:ISBN-Suche\/3486514814\">ISBN 3-486-51481-4<\/a> (<a href=\"http:\/\/www.historischeskolleg.de\/fileadmin\/pdf\/kolloquien_pdf\/Kolloquien02.pdf\" rel=\"nofollow\">Digitalisat<\/a>).<\/li>\n<li>Otto Pflanze: <em>Bismarcks Herrschaftstechnik als Problem der gegenw\u00e4rtigen Historiographie<\/em> (= Schriften des Historischen Kollegs. Vortr\u00e4ge 2). M\u00fcnchen 1982 (<a href=\"http:\/\/www.historischeskolleg.de\/fileadmin\/pdf\/vortraege_pdf\/Vortraege02_pflanze.pdf\" rel=\"nofollow\">Digitalisat<\/a>).<\/li>\n<li><a title=\"Hedwig Richter\" href=\"https:\/\/de.wikipedia.org\/wiki\/Hedwig_Richter\">Hedwig Richter<\/a>: <a href=\"http:\/\/www.dhm.de\/lemo\/kapitel\/kaiserreich\/innenpolitik\/die-reformzeit-um-1900.html\" rel=\"nofollow\">Die Reformzeit um 1900<\/a>, in: LeMO, hg. vom Deutschen Historischen Museum Berlin, 2019.<\/li>\n<li><a title=\"Michael St\u00fcrmer\" href=\"https:\/\/de.wikipedia.org\/wiki\/Michael_St%C3%BCrmer\">Michael St\u00fcrmer<\/a>: <em>Das ruhelose Reich. Deutschland 1866\u20131918<\/em>. Berlin 1983, <a href=\"https:\/\/de.wikipedia.org\/wiki\/Spezial:ISBN-Suche\/3442755263\">ISBN 3-442-75526-3<\/a>.<\/li>\n<li><a title=\"Hans-Peter Ullmann\" href=\"https:\/\/de.wikipedia.org\/wiki\/Hans-Peter_Ullmann\">Hans-Peter Ullmann<\/a>: <em>Das Deutsche Kaiserreich 1871\u20131918<\/em>. Suhrkamp, Frankfurt am Main 1995, <a href=\"https:\/\/de.wikipedia.org\/wiki\/Spezial:ISBN-Suche\/3518115464\">ISBN 3-518-11546-4<\/a>.<\/li>\n<li><a title=\"Volker Ullrich (Historiker)\" href=\"https:\/\/de.wikipedia.org\/wiki\/Volker_Ullrich_(Historiker)\">Volker Ullrich<\/a>: <em>Die nerv\u00f6se Gro\u00dfmacht. Aufstieg und Untergang des deutschen Kaiserreichs 1871\u20131918<\/em>. 5. Aufl., Fischer, Frankfurt am Main 2004, <a href=\"https:\/\/de.wikipedia.org\/wiki\/Spezial:ISBN-Suche\/3596116945\">ISBN 3-596-11694-5<\/a>.<\/li>\n<li>Volker Ullrich: <em>Deutsches Kaiserreich<\/em>. Fischer Kompakt. Frankfurt am Main 2006, <a href=\"https:\/\/de.wikipedia.org\/wiki\/Spezial:ISBN-Suche\/3596153646\">ISBN 3-596-15364-6<\/a>.<\/li>\n<li><a title=\"Hans-Ulrich Wehler\" href=\"https:\/\/de.wikipedia.org\/wiki\/Hans-Ulrich_Wehler\">Hans-Ulrich Wehler<\/a>: <em>Das deutsche Kaiserreich 1871\u20131918<\/em>. 7. Auflage, Vandenhoeck &amp; Ruprecht, G\u00f6ttingen 1994, <a href=\"https:\/\/de.wikipedia.org\/wiki\/Spezial:ISBN-Suche\/3525335423\">ISBN 3-525-33542-3<\/a>.<\/li>\n<li>Hans-Ulrich Wehler: <em>Deutsche Gesellschaftsgeschichte. Bd. 3: Von der deutschen Doppelrevolution bis zum Beginn des Ersten Weltkrieges. 1849\u20131914<\/em>. Beck, M\u00fcnchen 1995, <a href=\"https:\/\/de.wikipedia.org\/wiki\/Spezial:ISBN-Suche\/3406324908\">ISBN 3-406-32490-8<\/a>.<\/li>\n<li><a title=\"Heinrich August Winkler\" href=\"https:\/\/de.wikipedia.org\/wiki\/Heinrich_August_Winkler\">Heinrich August Winkler<\/a>: <em>Der lange Weg nach Westen. Deutsche Geschichte 1806\u20131933<\/em>. Bd. 1, <a title=\"Bundeszentrale f\u00fcr politische Bildung\" href=\"https:\/\/de.wikipedia.org\/wiki\/Bundeszentrale_f%C3%BCr_politische_Bildung\">Bundeszentrale f\u00fcr politische Bildung<\/a>, Bonn 2002, <a href=\"https:\/\/de.wikipedia.org\/wiki\/Spezial:ISBN-Suche\/3893314636\">ISBN 3-89331-463-6<\/a>.<\/li>\n<\/ul>\n<p style=\"text-align: justify;\"><strong>\u00c4ra Bismarck<\/strong><\/p>\n<ul style=\"text-align: justify;\">\n<li><a title=\"Wolfgang J. Mommsen\" href=\"https:\/\/de.wikipedia.org\/wiki\/Wolfgang_J._Mommsen\">Wolfgang J. Mommsen<\/a>: <em>Das Ringen um den nationalen Staat. Die Gr\u00fcndung und der innere Ausbau des Deutschen Reiches unter Otto von Bismarck, 1850 bis 1890<\/em>. Propyl\u00e4en-Verlag, Berlin 1993 (=\u00a0Propyl\u00e4en Geschichte Deutschlands 7\/1), <a href=\"https:\/\/de.wikipedia.org\/wiki\/Spezial:ISBN-Suche\/3549058179\">ISBN 3-549-05817-9<\/a>.<\/li>\n<\/ul>\n<p style=\"text-align: justify;\"><strong>Wilhelminische Epoche<\/strong><\/p>\n<ul style=\"text-align: justify;\">\n<li><a title=\"Frank-Lothar Kroll\" href=\"https:\/\/de.wikipedia.org\/wiki\/Frank-Lothar_Kroll\">Frank-Lothar Kroll<\/a>: <em>Geburt der Moderne. Politik, Gesellschaft und Kultur vor dem Ersten Weltkrieg<\/em> (=\u00a0Deutsche Geschichte im 20. Jahrhundert, Bd. 1). be.bra Verlag, Berlin 2013, <a href=\"https:\/\/de.wikipedia.org\/wiki\/Spezial:ISBN-Suche\/9783898094016\">ISBN 978-3-89809-401-6<\/a>.<\/li>\n<li>Wolfgang J. Mommsen: <em>B\u00fcrgerstolz und Weltmachtstreben. Deutschland unter Wilhelm II. 1890 bis 1918<\/em>. Berlin 1995 (=\u00a0Propyl\u00e4en Geschichte Deutschlands 7\/2), <a href=\"https:\/\/de.wikipedia.org\/wiki\/Spezial:ISBN-Suche\/3549058209\">ISBN 3-549-05820-9<\/a>.<\/li>\n<li>Wolfgang J. Mommsen: <em>Die Herausforderung der b\u00fcrgerlichen Kultur durch die k\u00fcnstlerische Avantgarde. Zum Verh\u00e4ltnis von Kultur und Politik im Wilhelminischen Deutschland (= Schriften des Historischen Kollegs. Vortr\u00e4ge 41).<\/em> M\u00fcnchen 1994 (<a href=\"http:\/\/www.historischeskolleg.de\/fileadmin\/pdf\/vortraege_pdf\/Vortraege41_mommsen.pdf\" rel=\"nofollow\">Digitalisat<\/a>).<\/li>\n<li><a title=\"Thomas Nipperdey\" href=\"https:\/\/de.wikipedia.org\/wiki\/Thomas_Nipperdey\">Thomas Nipperdey<\/a><em>: Religion und Gesellschaft: Deutschland um 1900<\/em> (= Schriften des Historischen Kollegs. Dokumentationen 5). M\u00fcnchen 1988 (<a href=\"http:\/\/www.historischeskolleg.de\/fileadmin\/pdf\/dokumentationen_allgemein_pdf\/dok05_nipperdey.pdf\" rel=\"nofollow\">Digitalisat<\/a>).<\/li>\n<li><a title=\"Uwe Puschner\" href=\"https:\/\/de.wikipedia.org\/wiki\/Uwe_Puschner\">Uwe Puschner<\/a>, Christina Stange-Fayos, Katja Wimmer (Hrsg.): <em>Laboratorium der Moderne. Ideenzirkulation im Wilhelminischen Reich<\/em> (=\u00a0Zivilisationen &amp; Geschichte, Bd. 31), Peter Lang Verlag, Frankfurt a.\u00a0M. [u.\u00a0a.] 2015, <a href=\"https:\/\/de.wikipedia.org\/wiki\/Spezial:ISBN-Suche\/9783631650462\">ISBN 978-3-631-65046-2<\/a>.<\/li>\n<li><a title=\"John C. G. R\u00f6hl\" href=\"https:\/\/de.wikipedia.org\/wiki\/John_C._G._R%C3%B6hl\">John C. G. R\u00f6hl<\/a>: <a href=\"https:\/\/books.google.de\/books?id=TTAp496-bdYC\" rel=\"nofollow\"><em>Kaiser, Hof und Staat. Wilhelm II. und die deutsche Politik<\/em><\/a> in der Google-Buchsuche. C.H. Beck, M\u00fcnchen 1988 (TB 2002), <a href=\"https:\/\/de.wikipedia.org\/wiki\/Spezial:ISBN-Suche\/9783406494055\">ISBN 978-3-406-49405-5<\/a>.<\/li>\n<li>John C. G. R\u00f6hl: <em>Wilhelm II.<\/em>, C.H. Beck, M\u00fcnchen 1993\u20132008:\n<ul>\n<li>Band 1: <a href=\"https:\/\/books.google.de\/books?id=2x83xteRVecC\" rel=\"nofollow\"><em>Die Jugend des Kaisers, 1859\u20131888<\/em><\/a> in der Google-Buchsuche. M\u00fcnchen 1993, \u00b22001, <a href=\"https:\/\/de.wikipedia.org\/wiki\/Spezial:ISBN-Suche\/3406376681\">ISBN 3-406-37668-1<\/a>.<\/li>\n<li>Band 2: <a href=\"https:\/\/books.google.de\/books?id=7bddrVAMJa4C\" rel=\"nofollow\"><em>Der Aufbau der Pers\u00f6nlichen Monarchie, 1888\u20131900<\/em><\/a> in der Google-Buchsuche. M\u00fcnchen 2001, <a href=\"https:\/\/de.wikipedia.org\/wiki\/Spezial:ISBN-Suche\/3406482295\">ISBN 3-406-48229-5<\/a>.<\/li>\n<li>Band 3: <em>Der Weg in den Abgrund, 1900\u20131941<\/em>. M\u00fcnchen 2008, <a href=\"https:\/\/de.wikipedia.org\/wiki\/Spezial:ISBN-Suche\/9783406577796\">ISBN 978-3-406-57779-6<\/a>. (<a href=\"http:\/\/hsozkult.geschichte.hu-berlin.de\/rezensionen\/2009-1-118\" rel=\"nofollow\">Rezension von Lothar Machtan, Institut f\u00fcr Geschichtswissenschaft, Universit\u00e4t Bremen<\/a> auf <a title=\"H-Soz-u-Kult\" href=\"https:\/\/de.wikipedia.org\/wiki\/H-Soz-u-Kult\">H-Soz-u-Kult<\/a>)<\/li>\n<\/ul>\n<\/li>\n<\/ul>\n<p style=\"text-align: justify;\"><strong>Kaiserreich und Erster Weltkrieg<\/strong><\/p>\n<ul style=\"text-align: justify;\">\n<li><a title=\"Fritz Fischer (Historiker)\" href=\"https:\/\/de.wikipedia.org\/wiki\/Fritz_Fischer_(Historiker)\">Fritz Fischer<\/a>: <em>Griff nach der Weltmacht. Die Kriegszielpolitik des kaiserlichen Deutschland 1914\/18<\/em> (1961), Droste 2000 (Nachdruck der Sonderausgabe 1967), <a href=\"https:\/\/de.wikipedia.org\/wiki\/Spezial:ISBN-Suche\/3770009029\">ISBN 3-7700-0902-9<\/a>.<\/li>\n<li><a title=\"J\u00fcrgen Kocka\" href=\"https:\/\/de.wikipedia.org\/wiki\/J%C3%BCrgen_Kocka\">J\u00fcrgen Kocka<\/a>: <em>Klassengesellschaft im Krieg. Deutsche Sozialgeschichte 1914\u20131918.<\/em> Vandenhoeck und Ruprecht, G\u00f6ttingen 1978, <a href=\"https:\/\/de.wikipedia.org\/wiki\/Spezial:ISBN-Suche\/3525359845\">ISBN 3-525-35984-5<\/a>.<\/li>\n<li>Gunther Mai: <em>Das Ende des Kaiserreichs: Politik und Kriegf\u00fchrung im Ersten Weltkrieg<\/em>. Deutscher Taschenbuch-Verlag, M\u00fcnchen 1993, <a href=\"https:\/\/de.wikipedia.org\/wiki\/Spezial:ISBN-Suche\/3423045108\">ISBN 3-423-04510-8<\/a>.<\/li>\n<\/ul>\n<h2 style=\"text-align: justify;\"><span id=\"Weblinks\">Weblinks<\/span><\/h2>\n<div style=\"text-align: justify;\">\n<div role=\"presentation\" aria-hidden=\"true\"><img loading=\"lazy\" decoding=\"async\" title=\"Commons\" src=\"https:\/\/upload.wikimedia.org\/wikipedia\/commons\/thumb\/4\/4a\/Commons-logo.svg\/12px-Commons-logo.svg.png\" srcset=\"\/\/upload.wikimedia.org\/wikipedia\/commons\/thumb\/4\/4a\/Commons-logo.svg\/18px-Commons-logo.svg.png 1.5x, \/\/upload.wikimedia.org\/wikipedia\/commons\/thumb\/4\/4a\/Commons-logo.svg\/24px-Commons-logo.svg.png 2x\" alt=\"\" width=\"12\" height=\"16\" data-file-width=\"1024\" data-file-height=\"1376\" \/><\/div>\n<p><strong><a href=\"https:\/\/commons.wikimedia.org\/wiki\/Category:German_Empire?uselang=de\"><span lang=\"en\">Commons<\/span>: Deutsches Kaiserreich<\/a><\/strong>\u00a0\u2013 Sammlung von Bildern, Videos und Audiodateien<\/p>\n<\/div>\n<div style=\"text-align: justify;\">\n<div role=\"presentation\" aria-hidden=\"true\"><img loading=\"lazy\" decoding=\"async\" title=\"Wikisource\" src=\"https:\/\/upload.wikimedia.org\/wikipedia\/commons\/thumb\/4\/4c\/Wikisource-logo.svg\/15px-Wikisource-logo.svg.png\" srcset=\"\/\/upload.wikimedia.org\/wikipedia\/commons\/thumb\/4\/4c\/Wikisource-logo.svg\/23px-Wikisource-logo.svg.png 1.5x, \/\/upload.wikimedia.org\/wikipedia\/commons\/thumb\/4\/4c\/Wikisource-logo.svg\/30px-Wikisource-logo.svg.png 2x\" alt=\"\" width=\"15\" height=\"16\" data-file-width=\"410\" data-file-height=\"430\" \/><\/div>\n<p><strong><a title=\"s:Rechtswissenschaft\" href=\"https:\/\/de.wikisource.org\/wiki\/Rechtswissenschaft#Norddeutscher_Bund_und_Deutsches_Reich\">Wikisource: Historische Rechtstexte zum Deutschen Kaiserreich<\/a><\/strong>\u00a0\u2013 Quellen und Volltexte<\/p>\n<\/div>\n<ul>\n<li style=\"text-align: justify;\"><a href=\"http:\/\/www.dhm.de\/lemo\/html\/kaiserreich\/\" rel=\"nofollow\">Das Kaiserreich<\/a> Umfangreiche Seite des <a title=\"Deutsches Historisches Museum\" href=\"https:\/\/de.wikipedia.org\/wiki\/Deutsches_Historisches_Museum\">Deutschen Historischen Museums<\/a><\/li>\n<li style=\"text-align: justify;\"><a href=\"http:\/\/www.verfassungen.ch\/de\/de67-18\/verfassung71.htm\" rel=\"nofollow\"><em>Gesetz betreffend die Verfassung des Deutschen Reiches<\/em> vom 16. April 1871, einschlie\u00dflich aller sp\u00e4terer \u00c4nderungen<\/a><\/li>\n<li style=\"text-align: justify;\"><a href=\"http:\/\/www.documentarchiv.de\/ksr.html\" rel=\"nofollow\">documentArchiv.de \u2013 Dokumente zum Deutschen Kaiserreich, u.\u00a0a. Sammlung erlassener Rechtsnormen im Zeitraum von 1870\/71 bis 1918<\/a><\/li>\n<li style=\"text-align: justify;\"><a href=\"http:\/\/www.gemeindeverzeichnis.de\/gem1900\/gem1900.htm?gem1900_2.htm\" rel=\"nofollow\">Gemeindeverzeichnis des Deutschen Reichs um 1900\/1910<\/a><\/li>\n<li style=\"text-align: justify;\"><a href=\"http:\/\/www.reichstagsprotokolle.de\/rtbiauf.html\" rel=\"nofollow\">Reichstagsprotokolle 1867\u20131895<\/a><\/li>\n<li style=\"text-align: justify;\">Deutsche Geschichte in Bildern und Dokumenten. <a href=\"http:\/\/germanhistorydocs.ghi-dc.org\/section.cfm?section_id=10\" rel=\"nofollow\">1866\u20131890<\/a>, <a href=\"http:\/\/germanhistorydocs.ghi-dc.org\/section.cfm?section_id=11\" rel=\"nofollow\">1890\u20131918<\/a> (englisch)<\/li>\n<li style=\"text-align: justify;\"><a href=\"http:\/\/www.hgis-germany.de\/\" rel=\"nofollow\">HGIS-Germany<\/a> \u2013 historisch-geographisches Informationssystem der deutschen Staatenwelt seit 1815 (konkret: 1820\u20131914)<\/li>\n<li style=\"text-align: justify;\"><a href=\"http:\/\/www.wahlen-in-deutschland.de\/krtw.htm\" rel=\"nofollow\">\u00dcberblicksseite zu den Reichstagswahlergebnissen zwischen 1867 und 1918 (Tabellen bez\u00fcglich Parteien, Stimmenanteilen, Mandaten etc.)<\/a><\/li>\n<li style=\"text-align: justify;\"><a href=\"https:\/\/web.archive.org\/web\/20170928051656\/http:\/\/www.bundesarchiv.de:80\/oeffentlichkeitsarbeit\/bilder_dokumente\/01107\/index.html.de\" rel=\"nofollow\">Bundesarchiv: Die Reichskanzler des Deutschen Reiches 1871 bis 1918<\/a> (Archivlink)<\/li>\n<li style=\"text-align: justify;\"><a href=\"http:\/\/www.zeno.org\/Meyers-1905\/A\/Deutschland\" rel=\"nofollow\"><em>Deutschland<\/em>.<\/a> In: <em><a title=\"Meyers Konversations-Lexikon\" href=\"https:\/\/de.wikipedia.org\/wiki\/Meyers_Konversations-Lexikon\">Meyers Gro\u00dfes Konversations-Lexikon<\/a><\/em>. 6.\u00a0Auflage. Band\u00a04, Bibliographisches Institut, Leipzig\/Wien 1906, S.\u00a0<a href=\"http:\/\/www.zeno.org\/Meyers-1905\/K\/meyers-1905-004-0761\" rel=\"nofollow\">761\u2013837<\/a>.<\/li>\n<\/ul>\n","protected":false},"excerpt":{"rendered":"<p>Deutsches Reich Deutsches Kaiserreich 1871\u20131918 Flagge Wappen \u2190 Navigation \u00a0\u2192 Verfassung Verfassung des Deutschen Reichs vom 16. April 1871 Amtssprache Deutsch Hauptstadt Berlin Staatsform f\u00f6derale Erbmonarchie bis 1918 Regierungssystem \u2013&#8230;<\/p>\n","protected":false},"author":1,"featured_media":88,"parent":0,"menu_order":0,"comment_status":"closed","ping_status":"closed","template":"","meta":{"footnotes":""},"class_list":["post-17","page","type-page","status-publish","has-post-thumbnail","hentry","entry"],"yoast_head":"<!-- This site is optimized with the Yoast SEO plugin v27.1.1 - https:\/\/yoast.com\/product\/yoast-seo-wordpress\/ -->\n<title>Deutsches Kaiserreich - Deutsches Reich - Ewiger Bund 1871-1918 ab 2008 bis heute - Amtswegweiser Deutschlands<\/title>\n<meta name=\"robots\" content=\"index, follow, max-snippet:-1, max-image-preview:large, max-video-preview:-1\" \/>\n<link rel=\"canonical\" href=\"https:\/\/www.reichsamt.info\/amtswegweiser\/deutsches-kaiserreich-deutsches-reich-ewiger-bund-1871-1918-ab-2008-bis-heute\/\" \/>\n<meta property=\"og:locale\" content=\"de_DE\" \/>\n<meta property=\"og:type\" content=\"article\" \/>\n<meta property=\"og:title\" content=\"Deutsches Kaiserreich - Deutsches Reich - Ewiger Bund 1871-1918 ab 2008 bis heute - Amtswegweiser Deutschlands\" \/>\n<meta property=\"og:description\" content=\"Deutsches Reich Deutsches Kaiserreich 1871\u20131918 Flagge Wappen \u2190 Navigation \u00a0\u2192 Verfassung Verfassung des Deutschen Reichs vom 16. April 1871 Amtssprache Deutsch Hauptstadt Berlin Staatsform f\u00f6derale Erbmonarchie bis 1918 Regierungssystem \u2013&#8230;\" \/>\n<meta property=\"og:url\" content=\"https:\/\/www.reichsamt.info\/amtswegweiser\/deutsches-kaiserreich-deutsches-reich-ewiger-bund-1871-1918-ab-2008-bis-heute\/\" \/>\n<meta property=\"og:site_name\" content=\"Amtswegweiser Deutschlands\" \/>\n<meta property=\"article:modified_time\" content=\"2022-06-29T15:37:51+00:00\" \/>\n<meta property=\"og:image\" content=\"https:\/\/www.reichsamt.info\/amtswegweiser\/wp-content\/uploads\/2022\/06\/1920px-Deutsches_Reich_1871-1918-de.svg_.png\" \/>\n\t<meta property=\"og:image:width\" content=\"1920\" \/>\n\t<meta property=\"og:image:height\" content=\"1775\" \/>\n\t<meta property=\"og:image:type\" content=\"image\/png\" \/>\n<meta name=\"twitter:card\" content=\"summary_large_image\" \/>\n<meta name=\"twitter:label1\" content=\"Gesch\u00e4tzte Lesezeit\" \/>\n\t<meta name=\"twitter:data1\" content=\"168\u00a0Minuten\" \/>\n<script type=\"application\/ld+json\" class=\"yoast-schema-graph\">{\"@context\":\"https:\/\/schema.org\",\"@graph\":[{\"@type\":\"WebPage\",\"@id\":\"https:\/\/www.reichsamt.info\/amtswegweiser\/deutsches-kaiserreich-deutsches-reich-ewiger-bund-1871-1918-ab-2008-bis-heute\/\",\"url\":\"https:\/\/www.reichsamt.info\/amtswegweiser\/deutsches-kaiserreich-deutsches-reich-ewiger-bund-1871-1918-ab-2008-bis-heute\/\",\"name\":\"Deutsches Kaiserreich - Deutsches Reich - Ewiger Bund 1871-1918 ab 2008 bis heute - Amtswegweiser Deutschlands\",\"isPartOf\":{\"@id\":\"https:\/\/www.reichsamt.info\/amtswegweiser\/#website\"},\"primaryImageOfPage\":{\"@id\":\"https:\/\/www.reichsamt.info\/amtswegweiser\/deutsches-kaiserreich-deutsches-reich-ewiger-bund-1871-1918-ab-2008-bis-heute\/#primaryimage\"},\"image\":{\"@id\":\"https:\/\/www.reichsamt.info\/amtswegweiser\/deutsches-kaiserreich-deutsches-reich-ewiger-bund-1871-1918-ab-2008-bis-heute\/#primaryimage\"},\"thumbnailUrl\":\"https:\/\/www.reichsamt.info\/amtswegweiser\/wp-content\/uploads\/2022\/06\/1920px-Deutsches_Reich_1871-1918-de.svg_.png\",\"datePublished\":\"2022-06-26T13:36:04+00:00\",\"dateModified\":\"2022-06-29T15:37:51+00:00\",\"breadcrumb\":{\"@id\":\"https:\/\/www.reichsamt.info\/amtswegweiser\/deutsches-kaiserreich-deutsches-reich-ewiger-bund-1871-1918-ab-2008-bis-heute\/#breadcrumb\"},\"inLanguage\":\"de\",\"potentialAction\":[{\"@type\":\"ReadAction\",\"target\":[\"https:\/\/www.reichsamt.info\/amtswegweiser\/deutsches-kaiserreich-deutsches-reich-ewiger-bund-1871-1918-ab-2008-bis-heute\/\"]}]},{\"@type\":\"ImageObject\",\"inLanguage\":\"de\",\"@id\":\"https:\/\/www.reichsamt.info\/amtswegweiser\/deutsches-kaiserreich-deutsches-reich-ewiger-bund-1871-1918-ab-2008-bis-heute\/#primaryimage\",\"url\":\"https:\/\/www.reichsamt.info\/amtswegweiser\/wp-content\/uploads\/2022\/06\/1920px-Deutsches_Reich_1871-1918-de.svg_.png\",\"contentUrl\":\"https:\/\/www.reichsamt.info\/amtswegweiser\/wp-content\/uploads\/2022\/06\/1920px-Deutsches_Reich_1871-1918-de.svg_.png\",\"width\":1920,\"height\":1775},{\"@type\":\"BreadcrumbList\",\"@id\":\"https:\/\/www.reichsamt.info\/amtswegweiser\/deutsches-kaiserreich-deutsches-reich-ewiger-bund-1871-1918-ab-2008-bis-heute\/#breadcrumb\",\"itemListElement\":[{\"@type\":\"ListItem\",\"position\":1,\"name\":\"Startseite\",\"item\":\"https:\/\/www.reichsamt.info\/amtswegweiser\/\"},{\"@type\":\"ListItem\",\"position\":2,\"name\":\"Deutsches Kaiserreich &#8211; Deutsches Reich &#8211; Ewiger Bund 1871-1918 ab 2008 bis heute\"}]},{\"@type\":\"WebSite\",\"@id\":\"https:\/\/www.reichsamt.info\/amtswegweiser\/#website\",\"url\":\"https:\/\/www.reichsamt.info\/amtswegweiser\/\",\"name\":\"Amtswegweiser Deutschlands\",\"description\":\"Institutionelle Reichsorgane des Deutschen Reiches\",\"potentialAction\":[{\"@type\":\"SearchAction\",\"target\":{\"@type\":\"EntryPoint\",\"urlTemplate\":\"https:\/\/www.reichsamt.info\/amtswegweiser\/?s={search_term_string}\"},\"query-input\":{\"@type\":\"PropertyValueSpecification\",\"valueRequired\":true,\"valueName\":\"search_term_string\"}}],\"inLanguage\":\"de\"}]}<\/script>\n<!-- \/ Yoast SEO plugin. -->","yoast_head_json":{"title":"Deutsches Kaiserreich - Deutsches Reich - Ewiger Bund 1871-1918 ab 2008 bis heute - Amtswegweiser Deutschlands","robots":{"index":"index","follow":"follow","max-snippet":"max-snippet:-1","max-image-preview":"max-image-preview:large","max-video-preview":"max-video-preview:-1"},"canonical":"https:\/\/www.reichsamt.info\/amtswegweiser\/deutsches-kaiserreich-deutsches-reich-ewiger-bund-1871-1918-ab-2008-bis-heute\/","og_locale":"de_DE","og_type":"article","og_title":"Deutsches Kaiserreich - Deutsches Reich - Ewiger Bund 1871-1918 ab 2008 bis heute - Amtswegweiser Deutschlands","og_description":"Deutsches Reich Deutsches Kaiserreich 1871\u20131918 Flagge Wappen \u2190 Navigation \u00a0\u2192 Verfassung Verfassung des Deutschen Reichs vom 16. April 1871 Amtssprache Deutsch Hauptstadt Berlin Staatsform f\u00f6derale Erbmonarchie bis 1918 Regierungssystem \u2013&#8230;","og_url":"https:\/\/www.reichsamt.info\/amtswegweiser\/deutsches-kaiserreich-deutsches-reich-ewiger-bund-1871-1918-ab-2008-bis-heute\/","og_site_name":"Amtswegweiser Deutschlands","article_modified_time":"2022-06-29T15:37:51+00:00","og_image":[{"width":1920,"height":1775,"url":"https:\/\/www.reichsamt.info\/amtswegweiser\/wp-content\/uploads\/2022\/06\/1920px-Deutsches_Reich_1871-1918-de.svg_.png","type":"image\/png"}],"twitter_card":"summary_large_image","twitter_misc":{"Gesch\u00e4tzte Lesezeit":"168\u00a0Minuten"},"schema":{"@context":"https:\/\/schema.org","@graph":[{"@type":"WebPage","@id":"https:\/\/www.reichsamt.info\/amtswegweiser\/deutsches-kaiserreich-deutsches-reich-ewiger-bund-1871-1918-ab-2008-bis-heute\/","url":"https:\/\/www.reichsamt.info\/amtswegweiser\/deutsches-kaiserreich-deutsches-reich-ewiger-bund-1871-1918-ab-2008-bis-heute\/","name":"Deutsches Kaiserreich - Deutsches Reich - Ewiger Bund 1871-1918 ab 2008 bis heute - Amtswegweiser Deutschlands","isPartOf":{"@id":"https:\/\/www.reichsamt.info\/amtswegweiser\/#website"},"primaryImageOfPage":{"@id":"https:\/\/www.reichsamt.info\/amtswegweiser\/deutsches-kaiserreich-deutsches-reich-ewiger-bund-1871-1918-ab-2008-bis-heute\/#primaryimage"},"image":{"@id":"https:\/\/www.reichsamt.info\/amtswegweiser\/deutsches-kaiserreich-deutsches-reich-ewiger-bund-1871-1918-ab-2008-bis-heute\/#primaryimage"},"thumbnailUrl":"https:\/\/www.reichsamt.info\/amtswegweiser\/wp-content\/uploads\/2022\/06\/1920px-Deutsches_Reich_1871-1918-de.svg_.png","datePublished":"2022-06-26T13:36:04+00:00","dateModified":"2022-06-29T15:37:51+00:00","breadcrumb":{"@id":"https:\/\/www.reichsamt.info\/amtswegweiser\/deutsches-kaiserreich-deutsches-reich-ewiger-bund-1871-1918-ab-2008-bis-heute\/#breadcrumb"},"inLanguage":"de","potentialAction":[{"@type":"ReadAction","target":["https:\/\/www.reichsamt.info\/amtswegweiser\/deutsches-kaiserreich-deutsches-reich-ewiger-bund-1871-1918-ab-2008-bis-heute\/"]}]},{"@type":"ImageObject","inLanguage":"de","@id":"https:\/\/www.reichsamt.info\/amtswegweiser\/deutsches-kaiserreich-deutsches-reich-ewiger-bund-1871-1918-ab-2008-bis-heute\/#primaryimage","url":"https:\/\/www.reichsamt.info\/amtswegweiser\/wp-content\/uploads\/2022\/06\/1920px-Deutsches_Reich_1871-1918-de.svg_.png","contentUrl":"https:\/\/www.reichsamt.info\/amtswegweiser\/wp-content\/uploads\/2022\/06\/1920px-Deutsches_Reich_1871-1918-de.svg_.png","width":1920,"height":1775},{"@type":"BreadcrumbList","@id":"https:\/\/www.reichsamt.info\/amtswegweiser\/deutsches-kaiserreich-deutsches-reich-ewiger-bund-1871-1918-ab-2008-bis-heute\/#breadcrumb","itemListElement":[{"@type":"ListItem","position":1,"name":"Startseite","item":"https:\/\/www.reichsamt.info\/amtswegweiser\/"},{"@type":"ListItem","position":2,"name":"Deutsches Kaiserreich &#8211; Deutsches Reich &#8211; Ewiger Bund 1871-1918 ab 2008 bis heute"}]},{"@type":"WebSite","@id":"https:\/\/www.reichsamt.info\/amtswegweiser\/#website","url":"https:\/\/www.reichsamt.info\/amtswegweiser\/","name":"Amtswegweiser Deutschlands","description":"Institutionelle Reichsorgane des Deutschen Reiches","potentialAction":[{"@type":"SearchAction","target":{"@type":"EntryPoint","urlTemplate":"https:\/\/www.reichsamt.info\/amtswegweiser\/?s={search_term_string}"},"query-input":{"@type":"PropertyValueSpecification","valueRequired":true,"valueName":"search_term_string"}}],"inLanguage":"de"}]}},"_links":{"self":[{"href":"https:\/\/www.reichsamt.info\/amtswegweiser\/wp-json\/wp\/v2\/pages\/17","targetHints":{"allow":["GET"]}}],"collection":[{"href":"https:\/\/www.reichsamt.info\/amtswegweiser\/wp-json\/wp\/v2\/pages"}],"about":[{"href":"https:\/\/www.reichsamt.info\/amtswegweiser\/wp-json\/wp\/v2\/types\/page"}],"author":[{"embeddable":true,"href":"https:\/\/www.reichsamt.info\/amtswegweiser\/wp-json\/wp\/v2\/users\/1"}],"replies":[{"embeddable":true,"href":"https:\/\/www.reichsamt.info\/amtswegweiser\/wp-json\/wp\/v2\/comments?post=17"}],"version-history":[{"count":1,"href":"https:\/\/www.reichsamt.info\/amtswegweiser\/wp-json\/wp\/v2\/pages\/17\/revisions"}],"predecessor-version":[{"id":194,"href":"https:\/\/www.reichsamt.info\/amtswegweiser\/wp-json\/wp\/v2\/pages\/17\/revisions\/194"}],"wp:featuredmedia":[{"embeddable":true,"href":"https:\/\/www.reichsamt.info\/amtswegweiser\/wp-json\/wp\/v2\/media\/88"}],"wp:attachment":[{"href":"https:\/\/www.reichsamt.info\/amtswegweiser\/wp-json\/wp\/v2\/media?parent=17"}],"curies":[{"name":"wp","href":"https:\/\/api.w.org\/{rel}","templated":true}]}}